{"id":37566,"date":"2021-06-02T08:25:19","date_gmt":"2021-06-02T06:25:19","guid":{"rendered":"https:\/\/www.civiluavsinitiative.com\/?page_id=37566"},"modified":"2022-12-27T11:07:18","modified_gmt":"2022-12-27T10:07:18","slug":"estrategia-2021-2025","status":"publish","type":"page","link":"https:\/\/www.civiluavsinitiative.com\/gl\/estrategia-2021-2025\/","title":{"rendered":"Estratexia 2021-2025"},"content":{"rendered":"<p>[et_pb_section fb_built=&#8221;1&#8243; _builder_version=&#8221;4.16&#8243; custom_margin=&#8221;0px||0px||false|false&#8221; custom_padding=&#8221;0px||65px||false|false&#8221; custom_css_main_element=&#8221;padding-top: 0px !important;&#8221; global_colors_info=&#8221;{}&#8221;][et_pb_row column_structure=&#8221;1_2,1_2&#8243; make_equal=&#8221;on&#8221; _builder_version=&#8221;4.16&#8243; custom_padding=&#8221;45px||45px||false|false&#8221; global_colors_info=&#8221;{}&#8221;][et_pb_column type=&#8221;1_2&#8243; _builder_version=&#8221;4.16&#8243; global_colors_info=&#8221;{}&#8221;][et_pb_text _builder_version=&#8221;4.16&#8243; text_font=&#8221;Lubalin Bold|700|||||||&#8221; text_text_color=&#8221;#009ee0&#8243; text_font_size=&#8221;2rem&#8221; text_letter_spacing=&#8221;1.68px&#8221; text_line_height=&#8221;1.1em&#8221; custom_margin=&#8221;||50px||false|false&#8221; global_colors_info=&#8221;{}&#8221;]<\/p>\n<h1 class=\"inherit\">Estratexia 2021-2025<\/h1>\n<p>[\/et_pb_text][et_pb_text _builder_version=&#8221;4.16&#8243; text_font=&#8221;Gotham Narrow Boook||||||||&#8221; text_text_color=&#8221;#504f51&#8243; text_font_size=&#8221;0.94rem&#8221; text_line_height=&#8221;1.6em&#8221; global_colors_info=&#8221;{}&#8221;]<\/p>\n<h3 style=\"font-family: 'gotham medium',sans-serif; font-size: 18px; line-height: 30px; font-weight: 500;\">A planificaci\u00f3n estrat\u00e9xica da Civil UAVs Initiative 2021-2025 da continuidade \u00e1 iniciativa impulsada en 2015 pola Xunta de Galicia para promover o desenvolvemento tecnol\u00f3xico de veh\u00edculos e sistemas non tripulados.<\/h3>\n<p>[\/et_pb_text][et_pb_text _builder_version=&#8221;4.16&#8243; global_colors_info=&#8221;{}&#8221;]<\/p>\n<p>Para o per\u00edodo 2021-2025 xa se comprometeron 84 mill\u00f3ns de euros, <strong>aspirando a mobilizar un investimento de m\u00e1is de 540 mill\u00f3ns de euros<\/strong>, mediante a colaboraci\u00f3n p\u00fablico-privada (fondos europeos e financiamento privado) para impulsar unha iniciativa estrat\u00e9xica e tractora de interese rexional que constit\u00fae un instrumento clave de transformaci\u00f3n econ\u00f3mica e creaci\u00f3n de emprego altamente cualificado.<\/p>\n<p>[\/et_pb_text][et_pb_text _builder_version=&#8221;4.16&#8243; global_colors_info=&#8221;{}&#8221;]<\/p>\n<p>Este investimento estrut\u00farase en torno a sete programas: I+D, Soluci\u00f3ns, Investigaci\u00f3n Cient\u00edfica, Infraestruturas, Competitividade, Talento e Vocaci\u00f3ns cient\u00edfico-tecnol\u00f3xicas, que se desenvolver\u00e1n a trav\u00e9s de 30 actuaci\u00f3ns espec\u00edficas, que van desde:<\/p>\n<p>[\/et_pb_text][\/et_pb_column][et_pb_column type=&#8221;1_2&#8243; _builder_version=&#8221;4.16&#8243; custom_padding=&#8221;70px|||70px|false|false&#8221; custom_padding_tablet=&#8221;0px|||0px|false|false&#8221; custom_padding_phone=&#8221;&#8221; custom_padding_last_edited=&#8221;on|tablet&#8221; global_colors_info=&#8221;{}&#8221;][et_pb_image align=&#8221;center&#8221; disabled_on=&#8221;off|off|off&#8221; admin_label=&#8221;Imagen&#8221; _builder_version=&#8221;4.16&#8243; background_image=&#8221;https:\/\/www.civiluavsinitiative.com\/wp-content\/uploads\/2021\/06\/img2.jpg&#8221; background_position=&#8221;bottom_right&#8221; custom_margin=&#8221;||0px||false|false&#8221; custom_padding=&#8221;440px||0px||false|false&#8221; global_colors_info=&#8221;{}&#8221;][\/et_pb_image][\/et_pb_column][\/et_pb_row][et_pb_row column_structure=&#8221;1_2,1_2&#8243; _builder_version=&#8221;4.16&#8243; custom_padding=&#8221;30px||30px||false|false&#8221; global_colors_info=&#8221;{}&#8221;][et_pb_column type=&#8221;1_2&#8243; _builder_version=&#8221;4.16&#8243; global_colors_info=&#8221;{}&#8221;][et_pb_blurb image=&#8221;https:\/\/www.civiluavsinitiative.com\/wp-content\/uploads\/2019\/11\/objeto-inteligente-vectorial-1-copia-11.png&#8221; icon_placement=&#8221;left&#8221; content_max_width=&#8221;650px&#8221; _builder_version=&#8221;4.16&#8243; body_font=&#8221;||||||||&#8221; body_text_color=&#8221;#504f51&#8243; body_font_size=&#8221;0.94rem&#8221; body_line_height=&#8221;1.67em&#8221; global_colors_info=&#8221;{}&#8221;]<\/p>\n<p>O financiamento de grandes programas de I+D para a busca de novas tecnolox\u00edas disruptivas.<\/p>\n<p>[\/et_pb_blurb][et_pb_blurb image=&#8221;https:\/\/www.civiluavsinitiative.com\/wp-content\/uploads\/2019\/11\/objeto-inteligente-vectorial-1-copia-11.png&#8221; icon_placement=&#8221;left&#8221; content_max_width=&#8221;650px&#8221; _builder_version=&#8221;4.16&#8243; body_font=&#8221;||||||||&#8221; body_text_color=&#8221;#504f51&#8243; body_font_size=&#8221;0.94rem&#8221; body_line_height=&#8221;1.67em&#8221; global_colors_info=&#8221;{}&#8221;]<\/p>\n<p>A compra de soluci\u00f3ns baseadas nestas tecnolox\u00edas para incorporar aos servizos da Xunta de Galicia.<\/p>\n<p>[\/et_pb_blurb][et_pb_blurb image=&#8221;https:\/\/www.civiluavsinitiative.com\/wp-content\/uploads\/2019\/11\/objeto-inteligente-vectorial-1-copia-11.png&#8221; icon_placement=&#8221;left&#8221; content_max_width=&#8221;650px&#8221; _builder_version=&#8221;4.16&#8243; body_font=&#8221;||||||||&#8221; body_text_color=&#8221;#504f51&#8243; body_font_size=&#8221;0.94rem&#8221; body_line_height=&#8221;1.67em&#8221; global_colors_info=&#8221;{}&#8221;]<\/p>\n<p>O impulso do Centro de Investigaci\u00f3n Aeroportada de Rozas como infraestrutura de ensaios de referencia europea.<\/p>\n<p>[\/et_pb_blurb][\/et_pb_column][et_pb_column type=&#8221;1_2&#8243; _builder_version=&#8221;4.16&#8243; global_colors_info=&#8221;{}&#8221;][et_pb_blurb image=&#8221;https:\/\/www.civiluavsinitiative.com\/wp-content\/uploads\/2019\/11\/objeto-inteligente-vectorial-1-copia-11.png&#8221; icon_placement=&#8221;left&#8221; content_max_width=&#8221;650px&#8221; _builder_version=&#8221;4.16&#8243; body_font=&#8221;||||||||&#8221; body_text_color=&#8221;#504f51&#8243; body_font_size=&#8221;0.94rem&#8221; body_line_height=&#8221;1.67em&#8221; global_colors_info=&#8221;{}&#8221;]<\/p>\n<p>O apoio \u00e1s empresas galegas coa apertura de novos mercados.<\/p>\n<p>[\/et_pb_blurb][et_pb_blurb image=&#8221;https:\/\/www.civiluavsinitiative.com\/wp-content\/uploads\/2019\/11\/objeto-inteligente-vectorial-1-copia-11.png&#8221; icon_placement=&#8221;left&#8221; content_max_width=&#8221;650px&#8221; _builder_version=&#8221;4.16&#8243; body_font=&#8221;||||||||&#8221; body_text_color=&#8221;#504f51&#8243; body_font_size=&#8221;0.94rem&#8221; body_line_height=&#8221;1.67em&#8221; global_colors_info=&#8221;{}&#8221;]<\/p>\n<p>A realizaci\u00f3n de actividades con escolares para promover vocaci\u00f3ns cient\u00edfico-tecnol\u00f3xicas e seguir apostando polo talento.<\/p>\n<p>[\/et_pb_blurb][\/et_pb_column][\/et_pb_row][et_pb_row _builder_version=&#8221;4.16&#8243; custom_padding=&#8221;25px||25px||false|false&#8221; global_colors_info=&#8221;{}&#8221;][et_pb_column type=&#8221;4_4&#8243; _builder_version=&#8221;4.16&#8243; global_colors_info=&#8221;{}&#8221;][et_pb_text _builder_version=&#8221;4.16&#8243; global_colors_info=&#8221;{}&#8221;]<\/p>\n<p>A nova estratexia da Civil UAVs Initiative buscar\u00e1, ademais, dar resposta aos novos retos do sector dos veh\u00edculos non tripulados nos eidos p\u00fablico e privado, como <strong>a<\/strong> <strong>atenci\u00f3n \u00e1 dependencia, a xesti\u00f3n de emerxencias, a modernizaci\u00f3n da agricultura, a seguridade tur\u00edstica, a xesti\u00f3n sustentable dos recursos forestais, da biodiversidade ou da auga, a mobilidade ou as enerx\u00edas renovables<\/strong>. Ali\u00f1ada co contexto das pol\u00edticas europeas, <strong>os retos verdes protagonizar\u00e1n a Civil UAVs Initiative<\/strong>.\u00a0<\/p>\n<p>[\/et_pb_text][\/et_pb_column][\/et_pb_row][et_pb_row _builder_version=&#8221;4.16&#8243; custom_margin=&#8221;0px||||false|false&#8221; custom_padding=&#8221;0px||0px||false|false&#8221; global_colors_info=&#8221;{}&#8221;][et_pb_column type=&#8221;4_4&#8243; _builder_version=&#8221;4.16&#8243; global_colors_info=&#8221;{}&#8221;][et_pb_text admin_label=&#8221;Texto&#8221; _builder_version=&#8221;4.16&#8243; text_font=&#8221;Lubalin Bold|700|||||||&#8221; text_text_color=&#8221;#009ee0&#8243; text_font_size=&#8221;2rem&#8221; text_letter_spacing=&#8221;1.68px&#8221; text_line_height=&#8221;1.1em&#8221; text_orientation=&#8221;center&#8221; custom_margin=&#8221;||0.8rem||false|false&#8221; global_colors_info=&#8221;{}&#8221;]<\/p>\n<p>Obxectivos<\/p>\n<p>[\/et_pb_text][\/et_pb_column][\/et_pb_row][\/et_pb_section][et_pb_section fb_built=&#8221;1&#8243; disabled_on=&#8221;off|off|off&#8221; _builder_version=&#8221;4.16&#8243; custom_margin=&#8221;0px||||false|false&#8221; custom_padding=&#8221;0px||||false|false&#8221; global_colors_info=&#8221;{}&#8221;][et_pb_row column_structure=&#8221;1_6,1_6,1_6,1_6,1_6,1_6&#8243; module_id=&#8221;dvCifras&#8221; _builder_version=&#8221;4.16&#8243; global_colors_info=&#8221;{}&#8221;][et_pb_column type=&#8221;1_6&#8243; _builder_version=&#8221;4.16&#8243; global_colors_info=&#8221;{}&#8221;][et_pb_text _builder_version=&#8221;4.16&#8243; background_enable_image=&#8221;off&#8221; background_size=&#8221;contain&#8221; global_colors_info=&#8221;{}&#8221;]<\/p>\n<div class=\"selectorNum\">\n<h3>7<\/h3>\n<p>Programas<\/p>\n<\/div>\n<p>[\/et_pb_text][\/et_pb_column][et_pb_column type=&#8221;1_6&#8243; _builder_version=&#8221;4.16&#8243; global_colors_info=&#8221;{}&#8221;][et_pb_text admin_label=&#8221;Texto&#8221; _builder_version=&#8221;4.16&#8243; background_enable_image=&#8221;off&#8221; background_size=&#8221;contain&#8221; global_colors_info=&#8221;{}&#8221;]<\/p>\n<div class=\"selectorNum\">\n<h3>30<\/h3>\n<p>Actuaci\u00f3ns<\/p>\n<\/div>\n<p>[\/et_pb_text][\/et_pb_column][et_pb_column type=&#8221;1_6&#8243; _builder_version=&#8221;4.16&#8243; global_colors_info=&#8221;{}&#8221;][et_pb_text admin_label=&#8221;Texto&#8221; _builder_version=&#8221;4.16&#8243; background_enable_image=&#8221;off&#8221; background_size=&#8221;contain&#8221; global_colors_info=&#8221;{}&#8221;]<\/p>\n<div class=\"selectorNum\">\n<h3>+540<\/h3>\n<p>M\u20ac de<br \/>investimento<\/p>\n<\/div>\n<p>[\/et_pb_text][\/et_pb_column][et_pb_column type=&#8221;1_6&#8243; _builder_version=&#8221;4.16&#8243; global_colors_info=&#8221;{}&#8221;][et_pb_text admin_label=&#8221;Texto&#8221; _builder_version=&#8221;4.16&#8243; background_enable_image=&#8221;off&#8221; background_size=&#8221;contain&#8221; global_colors_info=&#8221;{}&#8221;]<\/p>\n<div class=\"selectorNum\">\n<h3>4-8<\/h3>\n<p>Empresas<br \/>tractoras<\/p>\n<\/div>\n<p>[\/et_pb_text][\/et_pb_column][et_pb_column type=&#8221;1_6&#8243; _builder_version=&#8221;4.16&#8243; global_colors_info=&#8221;{}&#8221;][et_pb_text admin_label=&#8221;Texto&#8221; _builder_version=&#8221;4.16&#8243; background_enable_image=&#8221;off&#8221; background_size=&#8221;contain&#8221; global_colors_info=&#8221;{}&#8221;]<\/p>\n<div class=\"selectorNum\">\n<h3>20<\/h3>\n<p>Soluci\u00f3ns<br \/>tecnol\u00f3xicas<\/p>\n<\/div>\n<p>[\/et_pb_text][\/et_pb_column][et_pb_column type=&#8221;1_6&#8243; _builder_version=&#8221;4.16&#8243; global_colors_info=&#8221;{}&#8221;][et_pb_text admin_label=&#8221;Texto&#8221; _builder_version=&#8221;4.16&#8243; background_enable_image=&#8221;off&#8221; background_size=&#8221;contain&#8221; global_colors_info=&#8221;{}&#8221;]<\/p>\n<div class=\"selectorNum\">\n<h3>24<\/h3>\n<p>Novas<br \/>empresas<\/p>\n<\/div>\n<p>[\/et_pb_text][\/et_pb_column][\/et_pb_row][\/et_pb_section][et_pb_section fb_built=&#8221;1&#8243; disabled_on=&#8221;on|on|on&#8221; _builder_version=&#8221;4.16&#8243; background_color=&#8221;#009ee0&#8243; disabled=&#8221;on&#8221; global_colors_info=&#8221;{}&#8221;][et_pb_row _builder_version=&#8221;4.16&#8243; max_width=&#8221;1100px&#8221; global_colors_info=&#8221;{}&#8221;][et_pb_column type=&#8221;4_4&#8243; _builder_version=&#8221;4.16&#8243; border_width_all=&#8221;10px&#8221; border_color_all=&#8221;#ffffff&#8221; global_colors_info=&#8221;{}&#8221;][et_pb_code admin_label=&#8221;Video&#8221; _builder_version=&#8221;4.16&#8243; module_alignment=&#8221;center&#8221; global_colors_info=&#8221;{}&#8221;]<iframe loading=\"lazy\" width=\"560\" height=\"315\" src=\"https:\/\/www.youtube.com\/embed\/t_jfNHjYCpQ\" frameborder=\"0\" allow=\"accelerometer; autoplay; encrypted-media; gyroscope; picture-in-picture\" allowfullscreen><\/iframe>[\/et_pb_code][\/et_pb_column][\/et_pb_row][\/et_pb_section][et_pb_section fb_built=&#8221;1&#8243; module_id=&#8221;dvDestacados&#8221; _builder_version=&#8221;4.16&#8243; background_color=&#8221;#f0f0f1&#8243; custom_padding=&#8221;25px||50px||false|false&#8221; global_colors_info=&#8221;{}&#8221;][et_pb_row column_structure=&#8221;1_3,1_3,1_3&#8243; _builder_version=&#8221;4.16&#8243; global_colors_info=&#8221;{}&#8221;][et_pb_column type=&#8221;1_3&#8243; _builder_version=&#8221;4.16&#8243; global_colors_info=&#8221;{}&#8221;][et_pb_image src=&#8221;https:\/\/www.civiluavsinitiative.com\/wp-content\/uploads\/2021\/05\/objetivos02.png&#8221; align=&#8221;center&#8221; admin_label=&#8221;Imagen&#8221; _builder_version=&#8221;4.16&#8243; global_colors_info=&#8221;{}&#8221;][\/et_pb_image][et_pb_text admin_label=&#8221;Texto&#8221; _builder_version=&#8221;4.16&#8243; global_colors_info=&#8221;{}&#8221;]<\/p>\n<p>Desenvolver o polo de Rozas como epicentro da I+D+i aeroespacial en Galicia e posicionar Galicia como un actor global no sector<\/p>\n<p>[\/et_pb_text][\/et_pb_column][et_pb_column type=&#8221;1_3&#8243; _builder_version=&#8221;4.16&#8243; global_colors_info=&#8221;{}&#8221;][et_pb_image src=&#8221;https:\/\/www.civiluavsinitiative.com\/wp-content\/uploads\/2021\/05\/objetivos01.png&#8221; align=&#8221;center&#8221; admin_label=&#8221;Imagen&#8221; _builder_version=&#8221;4.16&#8243; global_colors_info=&#8221;{}&#8221;][\/et_pb_image][et_pb_text admin_label=&#8221;Texto&#8221; _builder_version=&#8221;4.16&#8243; global_colors_info=&#8221;{}&#8221;]<\/p>\n<p>Mellorar a eficiencia dos servizos p\u00fablicos mediante o uso de aeronaves non tripuladas<\/p>\n<p>[\/et_pb_text][\/et_pb_column][et_pb_column type=&#8221;1_3&#8243; _builder_version=&#8221;4.16&#8243; global_colors_info=&#8221;{}&#8221;][et_pb_image src=&#8221;https:\/\/www.civiluavsinitiative.com\/wp-content\/uploads\/2021\/05\/objetivos00.png&#8221; align=&#8221;center&#8221; admin_label=&#8221;Imagen&#8221; _builder_version=&#8221;4.16&#8243; global_colors_info=&#8221;{}&#8221;][\/et_pb_image][et_pb_text admin_label=&#8221;Texto&#8221; _builder_version=&#8221;4.16&#8243; global_colors_info=&#8221;{}&#8221;]<\/p>\n<p>Xerar capacidades e co\u00f1ecemento cient\u00edfico b\u00e1sico en Galicia<\/p>\n<p>[\/et_pb_text][\/et_pb_column][\/et_pb_row][et_pb_row column_structure=&#8221;1_3,1_3,1_3&#8243; _builder_version=&#8221;4.16&#8243; global_colors_info=&#8221;{}&#8221;][et_pb_column type=&#8221;1_3&#8243; _builder_version=&#8221;4.16&#8243; global_colors_info=&#8221;{}&#8221;][et_pb_image src=&#8221;https:\/\/www.civiluavsinitiative.com\/wp-content\/uploads\/2020\/01\/Selecci\u00f3n_090.png&#8221; align=&#8221;center&#8221; admin_label=&#8221;Imagen&#8221; _builder_version=&#8221;4.16&#8243; global_colors_info=&#8221;{}&#8221;][\/et_pb_image][et_pb_text admin_label=&#8221;Texto&#8221; _builder_version=&#8221;4.16&#8243; global_colors_info=&#8221;{}&#8221;]<\/p>\n<p>Internacionalizaci\u00f3n dos produtos e servizos desenvolvidos polas empresas galegas do sector aeroespacial, apoiando a s\u00faa chegada a novos mercados<\/p>\n<p>[\/et_pb_text][\/et_pb_column][et_pb_column type=&#8221;1_3&#8243; _builder_version=&#8221;4.16&#8243; global_colors_info=&#8221;{}&#8221;][et_pb_image src=&#8221;https:\/\/www.civiluavsinitiative.com\/wp-content\/uploads\/2020\/01\/Selecci\u00f3n_092.png&#8221; align=&#8221;center&#8221; admin_label=&#8221;Imagen&#8221; _builder_version=&#8221;4.16&#8243; global_colors_info=&#8221;{}&#8221;][\/et_pb_image][et_pb_text admin_label=&#8221;Texto&#8221; _builder_version=&#8221;4.16&#8243; global_colors_info=&#8221;{}&#8221;]<\/p>\n<p>Creaci\u00f3n de emprego de calidade e desenvolvemento do talento galego<\/p>\n<p>[\/et_pb_text][\/et_pb_column][et_pb_column type=&#8221;1_3&#8243; _builder_version=&#8221;4.16&#8243; global_colors_info=&#8221;{}&#8221;][\/et_pb_column][\/et_pb_row][\/et_pb_section][et_pb_section fb_built=&#8221;1&#8243; module_class=&#8221;cta_azul&#8221; _builder_version=&#8221;4.16&#8243; background_color=&#8221;#0092d9&#8243; custom_padding=&#8221;3px||0px|||&#8221; global_colors_info=&#8221;{}&#8221;][et_pb_row _builder_version=&#8221;4.16&#8243; min_height=&#8221;9px&#8221; custom_margin=&#8221;||||false|false&#8221; custom_padding=&#8221;||||false|false&#8221; global_colors_info=&#8221;{}&#8221;][et_pb_column type=&#8221;4_4&#8243; _builder_version=&#8221;4.16&#8243; global_colors_info=&#8221;{}&#8221;][et_pb_text _builder_version=&#8221;4.19.4&#8243; text_font=&#8221;gotham medium||||||||&#8221; text_text_color=&#8221;rgba(255,255,255,0.7)&#8221; text_orientation=&#8221;right&#8221; custom_margin=&#8221;||1px|||&#8221; hover_enabled=&#8221;0&#8243; global_colors_info=&#8221;{}&#8221; sticky_enabled=&#8221;0&#8243;]<\/p>\n<div class=\"lkDescarga\">\n<p>Planificaci\u00f3n estrat\u00e9xica Civil UAVs Initiative 2021-2025 (resumo executivo)<\/p>\n<p><a target=\"_blank\" href=\"https:\/\/www.civiluavsinitiative.com\/wp-content\/uploads\/2021\/06\/Resumen-ejecutivo_PE_CUI.pdf\" rel=\"attachment wp-att-37755 noopener\">Descargar<\/a><\/p>\n<\/div>\n<p>&nbsp;<\/p>\n<p>XORNADA DE PRESENTACI\u00d3N DA CIVIL UAVS INITIATIVE 2021-2025 E DA LICITACI\u00d3N PARA A SELECCI\u00d3N DE SOCIOS ESTRAT\u00c9XICOS E TECNOL\u00d3XICOS (27 de xullo)<\/p>\n<p>Presentaci\u00f3n da planificaci\u00f3n estrat\u00e9xica. Patricia Argerey Vilar, directora da Axencia Galega de Innovaci\u00f3n<\/p>\n<p><a target=\"_blank\" href=\"https:\/\/www.civiluavsinitiative.com\/wp-content\/uploads\/2021\/07\/Patricia_Argerey.pdf\" rel=\"attachment wp-att-37886 noopener\">Descargar<\/a><\/p>\n<p>Novas oportunidades de investimento para o sector aeroespacial de Galicia. A senda dun pacto de Estado pola Industria. Jaime de R\u00e1bago Mar\u00edn, decano do Colegio Nacional de Ingenieros del ICAI e Presidente do Comit\u00e9 de Industrializaci\u00f3n do Instituto de la Ingenier\u00eda de Espa\u00f1a<\/p>\n<p><a target=\"_blank\" href=\"https:\/\/www.civiluavsinitiative.com\/wp-content\/uploads\/2021\/07\/Jaime_de_Rabago.pdf\" rel=\"attachment wp-att-37889 noopener\">Descargar<\/a><\/p>\n<p>Presentaci\u00f3n da licitaci\u00f3n para a selecci\u00f3n de socios estrat\u00e9xicos e tecnol\u00f3xicos para o per\u00edodo 2021-2025. Luisa Boquete, directora da \u00c1rea de Programas de Innovaci\u00f3n da Axencia Galega de Innovaci\u00f3n<\/p>\n<p><a target=\"_blank\" href=\"https:\/\/www.civiluavsinitiative.com\/wp-content\/uploads\/2021\/07\/Luisa_Boquete.pdf\" rel=\"attachment wp-att-37892 noopener\">Descargar<\/a><\/p>\n<p>Presentaci\u00f3n da licitaci\u00f3n para a selecci\u00f3n de socios estrat\u00e9xicos e tecnol\u00f3xicos para o per\u00edodo 2021-2025. Beatriz Allegue, Xefa de Gabinete de Desenvolvemento Lexislativo &#8211; Asesor\u00eda Xur\u00eddixa Xeral da Xunta de Galicia<\/p>\n<p><a target=\"_blank\" href=\"https:\/\/www.civiluavsinitiative.com\/wp-content\/uploads\/2021\/07\/Beatriz_Allegue.pdf\" rel=\"attachment wp-att-37895 noopener\">Descargar<\/a><\/p>\n<p>&nbsp;<\/p>\n<p>[\/et_pb_text][\/et_pb_column][\/et_pb_row][\/et_pb_section]<\/p>\n","protected":false},"excerpt":{"rendered":"<p>Estratexia 2021-2025A planificaci\u00f3n estrat\u00e9xica da Civil UAVs Initiative 2021-2025 da continuidade \u00e1 iniciativa impulsada en 2015 pola Xunta de Galicia para promover o desenvolvemento tecnol\u00f3xico de veh\u00edculos e sistemas non tripulados.Para o per\u00edodo 2021-2025 xa se comprometeron 84 mill\u00f3ns de euros, aspirando a mobilizar un investimento de m\u00e1is de 540 mill\u00f3ns de euros, mediante a [&hellip;]<\/p>\n","protected":false},"author":3,"featured_media":0,"parent":0,"menu_order":0,"comment_status":"closed","ping_status":"closed","template":"","meta":{"_et_pb_use_builder":"on","_et_pb_old_content":"","_et_gb_content_width":""},"acf":[],"yoast_head":"<!-- This site is optimized with the Yoast SEO plugin v20.9 - https:\/\/yoast.com\/wordpress\/plugins\/seo\/ -->\n<title>Civil UAVs Initiative<\/title>\n<meta name=\"description\" content=\"Civil UAVs Initiative, favorece y fomenta el emprendimiento innovador, con el fin de atraer y retener en Galicia talento en el sector aeroespacial.\" \/>\n<meta name=\"robots\" content=\"index, follow, max-snippet:-1, max-image-preview:large, max-video-preview:-1\" \/>\n<link rel=\"canonical\" href=\"https:\/\/www.civiluavsinitiative.com\/estrategia-2021-2025-es\/\" \/>\n<meta property=\"og:locale\" content=\"gl_ES\" \/>\n<meta property=\"og:type\" content=\"article\" \/>\n<meta property=\"og:title\" content=\"Civil UAVs Initiative\" \/>\n<meta property=\"og:description\" content=\"Civil UAVs Initiative, favorece y fomenta el emprendimiento innovador, con el fin de atraer y retener en Galicia talento en el sector aeroespacial.\" \/>\n<meta property=\"og:url\" content=\"https:\/\/www.civiluavsinitiative.com\/estrategia-2021-2025-es\/\" \/>\n<meta property=\"og:site_name\" content=\"Civil UAVs Initiative\" \/>\n<meta property=\"article:modified_time\" content=\"2022-12-27T10:07:18+00:00\" \/>\n<meta name=\"twitter:card\" content=\"summary_large_image\" \/>\n<meta name=\"twitter:label1\" content=\"Tempo de lectura\" \/>\n\t<meta name=\"twitter:data1\" content=\"5 minutos\" \/>\n<script type=\"application\/ld+json\" class=\"yoast-schema-graph\">{\"@context\":\"https:\/\/schema.org\",\"@graph\":[{\"@type\":\"WebPage\",\"@id\":\"https:\/\/www.civiluavsinitiative.com\/estrategia-2021-2025-es\/\",\"url\":\"https:\/\/www.civiluavsinitiative.com\/estrategia-2021-2025-es\/\",\"name\":\"Civil UAVs Initiative\",\"isPartOf\":{\"@id\":\"https:\/\/www.civiluavsinitiative.com\/#website\"},\"datePublished\":\"2021-06-02T06:25:19+00:00\",\"dateModified\":\"2022-12-27T10:07:18+00:00\",\"description\":\"Civil UAVs Initiative, favorece y fomenta el emprendimiento innovador, con el fin de atraer y retener en Galicia talento en el sector aeroespacial.\",\"breadcrumb\":{\"@id\":\"https:\/\/www.civiluavsinitiative.com\/estrategia-2021-2025-es\/#breadcrumb\"},\"inLanguage\":\"gl-ES\",\"potentialAction\":[{\"@type\":\"ReadAction\",\"target\":[\"https:\/\/www.civiluavsinitiative.com\/estrategia-2021-2025-es\/\"]}]},{\"@type\":\"BreadcrumbList\",\"@id\":\"https:\/\/www.civiluavsinitiative.com\/estrategia-2021-2025-es\/#breadcrumb\",\"itemListElement\":[{\"@type\":\"ListItem\",\"position\":1,\"name\":\"Home\",\"item\":\"https:\/\/www.civiluavsinitiative.com\/gl\/\"},{\"@type\":\"ListItem\",\"position\":2,\"name\":\"Estratexia 2021-2025\"}]},{\"@type\":\"WebSite\",\"@id\":\"https:\/\/www.civiluavsinitiative.com\/#website\",\"url\":\"https:\/\/www.civiluavsinitiative.com\/\",\"name\":\"Civil UAVs Initiative\",\"description\":\"Civil UAVs Initiative, favorece y fomenta el emprendimiento innovador, con el fin de atraer y retener en Galicia talento en el sector aeroespacial.\",\"potentialAction\":[{\"@type\":\"SearchAction\",\"target\":{\"@type\":\"EntryPoint\",\"urlTemplate\":\"https:\/\/www.civiluavsinitiative.com\/?s={search_term_string}\"},\"query-input\":\"required name=search_term_string\"}],\"inLanguage\":\"gl-ES\"}]}<\/script>\n<!-- \/ Yoast SEO plugin. -->","yoast_head_json":{"title":"Civil UAVs Initiative","description":"Civil UAVs Initiative, favorece y fomenta el emprendimiento innovador, con el fin de atraer y retener en Galicia talento en el sector aeroespacial.","robots":{"index":"index","follow":"follow","max-snippet":"max-snippet:-1","max-image-preview":"max-image-preview:large","max-video-preview":"max-video-preview:-1"},"canonical":"https:\/\/www.civiluavsinitiative.com\/estrategia-2021-2025-es\/","og_locale":"gl_ES","og_type":"article","og_title":"Civil UAVs Initiative","og_description":"Civil UAVs Initiative, favorece y fomenta el emprendimiento innovador, con el fin de atraer y retener en Galicia talento en el sector aeroespacial.","og_url":"https:\/\/www.civiluavsinitiative.com\/estrategia-2021-2025-es\/","og_site_name":"Civil UAVs Initiative","article_modified_time":"2022-12-27T10:07:18+00:00","twitter_card":"summary_large_image","twitter_misc":{"Tempo de lectura":"5 minutos"},"schema":{"@context":"https:\/\/schema.org","@graph":[{"@type":"WebPage","@id":"https:\/\/www.civiluavsinitiative.com\/estrategia-2021-2025-es\/","url":"https:\/\/www.civiluavsinitiative.com\/estrategia-2021-2025-es\/","name":"Civil UAVs Initiative","isPartOf":{"@id":"https:\/\/www.civiluavsinitiative.com\/#website"},"datePublished":"2021-06-02T06:25:19+00:00","dateModified":"2022-12-27T10:07:18+00:00","description":"Civil UAVs Initiative, favorece y fomenta el emprendimiento innovador, con el fin de atraer y retener en Galicia talento en el sector aeroespacial.","breadcrumb":{"@id":"https:\/\/www.civiluavsinitiative.com\/estrategia-2021-2025-es\/#breadcrumb"},"inLanguage":"gl-ES","potentialAction":[{"@type":"ReadAction","target":["https:\/\/www.civiluavsinitiative.com\/estrategia-2021-2025-es\/"]}]},{"@type":"BreadcrumbList","@id":"https:\/\/www.civiluavsinitiative.com\/estrategia-2021-2025-es\/#breadcrumb","itemListElement":[{"@type":"ListItem","position":1,"name":"Home","item":"https:\/\/www.civiluavsinitiative.com\/gl\/"},{"@type":"ListItem","position":2,"name":"Estratexia 2021-2025"}]},{"@type":"WebSite","@id":"https:\/\/www.civiluavsinitiative.com\/#website","url":"https:\/\/www.civiluavsinitiative.com\/","name":"Civil UAVs Initiative","description":"Civil UAVs Initiative, favorece y fomenta el emprendimiento innovador, con el fin de atraer y retener en Galicia talento en el sector aeroespacial.","potentialAction":[{"@type":"SearchAction","target":{"@type":"EntryPoint","urlTemplate":"https:\/\/www.civiluavsinitiative.com\/?s={search_term_string}"},"query-input":"required name=search_term_string"}],"inLanguage":"gl-ES"}]}},"_links":{"self":[{"href":"https:\/\/www.civiluavsinitiative.com\/gl\/wp-json\/wp\/v2\/pages\/37566"}],"collection":[{"href":"https:\/\/www.civiluavsinitiative.com\/gl\/wp-json\/wp\/v2\/pages"}],"about":[{"href":"https:\/\/www.civiluavsinitiative.com\/gl\/wp-json\/wp\/v2\/types\/page"}],"author":[{"embeddable":true,"href":"https:\/\/www.civiluavsinitiative.com\/gl\/wp-json\/wp\/v2\/users\/3"}],"replies":[{"embeddable":true,"href":"https:\/\/www.civiluavsinitiative.com\/gl\/wp-json\/wp\/v2\/comments?post=37566"}],"version-history":[{"count":14,"href":"https:\/\/www.civiluavsinitiative.com\/gl\/wp-json\/wp\/v2\/pages\/37566\/revisions"}],"predecessor-version":[{"id":40625,"href":"https:\/\/www.civiluavsinitiative.com\/gl\/wp-json\/wp\/v2\/pages\/37566\/revisions\/40625"}],"wp:attachment":[{"href":"https:\/\/www.civiluavsinitiative.com\/gl\/wp-json\/wp\/v2\/media?parent=37566"}],"curies":[{"name":"wp","href":"https:\/\/api.w.org\/{rel}","templated":true}]}}