{"id":35354,"date":"2020-11-30T13:10:27","date_gmt":"2020-11-30T12:10:27","guid":{"rendered":"https:\/\/www.civiluavsinitiative.com\/?page_id=35354"},"modified":"2021-10-18T09:58:22","modified_gmt":"2021-10-18T07:58:22","slug":"programa-soluciones","status":"publish","type":"page","link":"https:\/\/www.civiluavsinitiative.com\/gl\/programas\/programa-soluciones\/","title":{"rendered":"Programa de Soluci\u00f3ns"},"content":{"rendered":"<p>[et_pb_section fb_built=&#8221;1&#8243; _builder_version=&#8221;3.29.3&#8243; custom_margin=&#8221;0px|0px|0px|0px|false|false&#8221; custom_padding=&#8221;0px|0px|0px|0px|false|false&#8221; fb_built=&#8221;1&#8243; _i=&#8221;0&#8243; _address=&#8221;0&#8243; top_divider_height__hover_enabled=&#8221;off|desktop&#8221;][et_pb_row column_structure=&#8221;1_2,1_2&#8243; make_equal=&#8221;on&#8221; module_class=&#8221;z-index-0&#8243; _builder_version=&#8221;3.29.3&#8243; min_height=&#8221;359px&#8221; custom_margin=&#8221;-80px|auto|-1px|auto|false|false&#8221; custom_padding=&#8221;1px||1px||false|false&#8221; _i=&#8221;0&#8243; _address=&#8221;0.0&#8243;][et_pb_column type=&#8221;1_2&#8243; _builder_version=&#8221;3.29.3&#8243; _i=&#8221;0&#8243; _address=&#8221;0.0.0&#8243;][et_pb_image src=&#8221;https:\/\/www.civiluavsinitiative.com\/wp-content\/uploads\/2019\/11\/img-intro.jpg&#8221; alt=&#8221;El Programa de Soluciones de la Civil UAVs Initiative&#8221; module_class=&#8221;w-100-mob w-img-100-mob&#8221; _builder_version=&#8221;3.29.3&#8243; _i=&#8221;0&#8243; _address=&#8221;0.0.0.0&#8243;][\/et_pb_image][\/et_pb_column][et_pb_column type=&#8221;1_2&#8243; module_class=&#8221;ds-vertical-align&#8221; _builder_version=&#8221;3.29.3&#8243; _i=&#8221;1&#8243; _address=&#8221;0.0.1&#8243;][et_pb_text _builder_version=&#8221;3.29.3&#8243; text_font=&#8221;lubalin bold||||||||&#8221; text_text_color=&#8221;#5ea6e1&#8243; text_font_size=&#8221;22px&#8221; text_letter_spacing=&#8221;1.13px&#8221; text_line_height=&#8221;33.5px&#8221; _i=&#8221;0&#8243; _address=&#8221;0.0.1.0&#8243;]<\/p>\n<h1 class=\"inherit\">Programa de Soluci\u00f3ns<\/h1>\n<p>[\/et_pb_text][et_pb_text _builder_version=&#8221;3.29.3&#8243; text_font=&#8221;||||||||&#8221; text_font_size=&#8221;18px&#8221; text_line_height=&#8221;27px&#8221; custom_padding=&#8221;|1px||||&#8221; _i=&#8221;1&#8243; _address=&#8221;0.0.1.1&#8243;]<\/p>\n<p>O programa de soluci\u00f3ns da Civil UAVs Initiative incl\u00fae diferentes proxectos que, mediante o uso de veh\u00edculos non tripulados, dan resposta a unha serie de retos tecnol\u00f3xicos identificados dende a Xunta de Galicia co obxectivo de mellorar a prestaci\u00f3n dos servizos p\u00fablicos e a calidade de vida dos cidad\u00e1ns.<\/p>\n<p>Integra dez licitaci\u00f3ns de Compra P\u00fablica de Tecnolox\u00eda Innovadora (CPTI) para desenvolver, nun prazo de dous anos, produtos e servizos que xa contan con certo grao de madurez tecnol\u00f3xica.<\/p>\n<p>[\/et_pb_text][\/et_pb_column][\/et_pb_row][et_pb_row _builder_version=&#8221;3.29.3&#8243; custom_margin=&#8221;||||false|false&#8221; custom_padding=&#8221;||||false|false&#8221; hover_enabled=&#8221;0&#8243; _i=&#8221;1&#8243; _address=&#8221;0.1&#8243;][et_pb_column type=&#8221;4_4&#8243; _builder_version=&#8221;3.29.3&#8243; _i=&#8221;0&#8243; _address=&#8221;0.1.0&#8243;][et_pb_text admin_label=&#8221;Text&#8221; _builder_version=&#8221;3.29.3&#8243; text_font_size=&#8221;18px&#8221; text_line_height=&#8221;27px&#8221; _i=&#8221;0&#8243; _address=&#8221;0.1.0.0&#8243;]<\/p>\n<p>O programa de soluci\u00f3ns conta coa siguiente financiaci\u00f3n: <strong>Fondo Europeo de Desenvolvemento Rexional<\/strong>, Programa Operativo Plurirrexional de Espa\u00f1a 2014-2020 (POPE). Unha maneira de facer Europa.<\/p>\n<ul>\n<li><strong>Eixo Prioritario\/Obxectivo Tem\u00e1tico 01:<\/strong> Potenciar a investigaci\u00f3n, o desenvolvemento tecnol\u00f3xico e a innovaci\u00f3n.<\/li>\n<li><strong>Obxectivo Espec\u00edfico 1.2.1:<\/strong> Impulso e promoci\u00f3n de actividades de I+i lideradas polas empresas, apoio \u00e1 creaci\u00f3n e consolidaci\u00f3n de empresas innovadoras e apoio \u00e1 Compra P\u00fablica de Innovaci\u00f3n (CPI).<\/li>\n<li><strong>Actuaci\u00f3n:<\/strong> Li\u00f1a de Fomento da Innovaci\u00f3n desde a Demanda para a Compra P\u00fablica de Innovaci\u00f3n (FID). Convenio de colaboraci\u00f3n entre o Ministerio de Econom\u00eda y Competitividad, a Axencia Galega de Innovaci\u00f3n e a Axencia para a Modernizaci\u00f3n Tecnol\u00f3gica de Galicia para o proxecto \u201cCivil UAVs Initiative\u201d (18\/07\/2016)\n<ul>\n<li><strong>Obxecto do convenio:<\/strong> o obxecto do presente convenio \u00e9 establecer a colaboraci\u00f3n entre as partes para contribu\u00edr \u00e1 mellora dos servizos p\u00fablicos, a trav\u00e9s do fomento da innovaci\u00f3n empresarial, mediante a selecci\u00f3n do proxecto \u201cCivil UAVs Initiative\u201d para o seu cofinanciamento polo FEDER 2014-2020.<\/li>\n<li><strong>Importe total:<\/strong> o importe total do proxecto \u201cCivil UAVs Initiative\u201d ascende a 24.000.000 \u20ac. De dito importe, fin\u00e1nciase con fondos FEDER 2014-2020 un 80% (19.200.000 \u20ac) e o 20% restante (4.800.000 \u20ac) \u00e9 a aportaci\u00f3n nacional a trav\u00e9s da Xunta de Galicia.<\/li>\n<\/ul>\n<\/li>\n<\/ul>\n<p><strong>Licitaci\u00f3ns de CPI que se desenvolven no marco do convenio:<\/strong><\/p>\n<p>[\/et_pb_text][\/et_pb_column][\/et_pb_row][\/et_pb_section][et_pb_section fb_built=&#8221;1&#8243; _builder_version=&#8221;3.29.3&#8243; background_color=&#8221;#589bdb&#8221; custom_margin=&#8221;0px|0px|0px|0px|false|false&#8221; custom_padding=&#8221;0px|0px|0px|0px|false|false&#8221; fb_built=&#8221;1&#8243; _i=&#8221;1&#8243; _address=&#8221;1&#8243; top_divider_height__hover_enabled=&#8221;off|desktop&#8221;][et_pb_row column_structure=&#8221;1_2,1_2&#8243; make_equal=&#8221;on&#8221; _builder_version=&#8221;3.29.3&#8243; min_height=&#8221;359px&#8221; custom_margin=&#8221;1px|auto|-1px|auto||&#8221; custom_padding=&#8221;53px||50px|||&#8221; _i=&#8221;0&#8243; _address=&#8221;1.0&#8243;][et_pb_column type=&#8221;1_2&#8243; _builder_version=&#8221;3.29.3&#8243; _i=&#8221;0&#8243; _address=&#8221;1.0.0&#8243;][et_pb_text _builder_version=&#8221;3.29.3&#8243; text_font=&#8221;lubalin bold||||||||&#8221; text_text_color=&#8221;#ffffff&#8221; text_font_size=&#8221;47px&#8221; background_image=&#8221;https:\/\/www.civiluavsinitiative.com\/wp-content\/uploads\/2019\/11\/objeto-inteligente-vectorial-1-copia-18-1.png&#8221; background_size=&#8221;initial&#8221; background_position=&#8221;top_left&#8221; min_height=&#8221;166px&#8221; custom_margin=&#8221;||6px|-53px|false|false&#8221; custom_padding=&#8221;80px||0px|85px|false|false&#8221; z_index=&#8221;2&#8243; _i=&#8221;0&#8243; _address=&#8221;1.0.0.0&#8243;]<\/p>\n<div class=\"numero_transparente\">1<\/div>\n<p>[\/et_pb_text][et_pb_image src=&#8221;https:\/\/www.civiluavsinitiative.com\/wp-content\/uploads\/2019\/11\/i-stock-670075718.jpg&#8221; alt=&#8221;Gestor de conjunto de datos georreferenciados obtenidos por UAVs. (TIERRA-1) &#8221; show_bottom_space=&#8221;off&#8221; module_class=&#8221;w-100-mob w-img-100-mob&#8221; _builder_version=&#8221;3.29.3&#8243; custom_margin=&#8221;-121px||||false|false&#8221; _i=&#8221;1&#8243; _address=&#8221;1.0.0.1&#8243;][\/et_pb_image][\/et_pb_column][et_pb_column type=&#8221;1_2&#8243; module_class=&#8221;ds-vertical-align&#8221; _builder_version=&#8221;3.29.3&#8243; _i=&#8221;1&#8243; _address=&#8221;1.0.1&#8243;][et_pb_text content_last_edited=&#8221;on|tablet&#8221; _builder_version=&#8221;3.29.3&#8243; text_font=&#8221;gotham bold||||||||&#8221; text_text_color=&#8221;#ffffff&#8221; text_font_size=&#8221;18px&#8221; text_line_height=&#8221;23px&#8221; custom_margin=&#8221;60px||19px|0px|false|false&#8221; custom_margin_tablet=&#8221;30px|||0px|false|false&#8221; custom_margin_last_edited=&#8221;on|desktop&#8221; custom_padding=&#8221;|0px||0px|false|false&#8221; _i=&#8221;0&#8243; _address=&#8221;1.0.1.0&#8243;]<\/p>\n<p><strong>Xestor de conxunto de datos xeorreferenciados obtidos por UAV\u00a0 (TERRA-1)<\/strong><\/p>\n<p>[\/et_pb_text][et_pb_text _builder_version=&#8221;3.29.3&#8243; text_font=&#8221;gotham narrow book||||||||&#8221; text_text_color=&#8221;#e1e1e1&#8243; text_font_size=&#8221;18px&#8221; text_line_height=&#8221;28px&#8221; custom_margin=&#8221;|||0px|false|false&#8221; custom_margin_tablet=&#8221;|||0px|false|false&#8221; custom_margin_last_edited=&#8221;on|tablet&#8221; custom_padding=&#8221;|0px||1px|false|false&#8221; _i=&#8221;1&#8243; _address=&#8221;1.0.1.1&#8243;]<\/p>\n<p>O obxecto deste proxecto \u00e9 o desenvolvemento dunha plataforma que permita a integraci\u00f3n de todos os datos xeorreferenciados capturados, tanto os obtidos a partir de sensores transportados por UAV como os provenientes doutras fontes, co fin de que sexan accesibles de forma sinxela polos distintos usuarios de aplicaci\u00f3ns de produci\u00f3n de informaci\u00f3n xeogr\u00e1fica.<\/p>\n<p>[\/et_pb_text][\/et_pb_column][\/et_pb_row][et_pb_row column_structure=&#8221;1_3,1_3,1_3&#8243; module_class=&#8221;gen_bloques_blancos_fin&#8221; _builder_version=&#8221;3.29.3&#8243; custom_padding=&#8221;0px||60px||false|false&#8221; _i=&#8221;1&#8243; _address=&#8221;1.1&#8243;][et_pb_column type=&#8221;1_3&#8243; _builder_version=&#8221;3.29.3&#8243; _i=&#8221;0&#8243; _address=&#8221;1.1.0&#8243;][et_pb_text _builder_version=&#8221;3.29.3&#8243; text_font=&#8221;gotham narrow bold||||||||&#8221; text_font_size=&#8221;14px&#8221; background_color=&#8221;#ffffff&#8221; custom_padding=&#8221;40px|40px|40px|40px|false|false&#8221; _i=&#8221;0&#8243; _address=&#8221;1.1.0.0&#8243;]<\/p>\n<p>Xesti\u00f3n dun gran volume de informaci\u00f3n xeorreferenciada (Geo Big Data) con diferentes formatos, caracter\u00edsticas e datas.<\/p>\n<p>[\/et_pb_text][\/et_pb_column][et_pb_column type=&#8221;1_3&#8243; _builder_version=&#8221;3.29.3&#8243; _i=&#8221;1&#8243; _address=&#8221;1.1.1&#8243;][et_pb_text _builder_version=&#8221;3.29.3&#8243; text_font=&#8221;gotham narrow bold||||||||&#8221; text_font_size=&#8221;14px&#8221; background_color=&#8221;#ffffff&#8221; custom_margin=&#8221;||||false|false&#8221; custom_padding=&#8221;40px|40px|86px|40px|false|false&#8221; _i=&#8221;0&#8243; _address=&#8221;1.1.1.0&#8243;]<\/p>\n<p>Xesti\u00f3n de informaci\u00f3n do voo, condici\u00f3ns atmosf\u00e9ricas, horario de execuci\u00f3n dos traballos, planificaci\u00f3n da misi\u00f3n, etc.<\/p>\n<p>[\/et_pb_text][\/et_pb_column][et_pb_column type=&#8221;1_3&#8243; _builder_version=&#8221;3.29.3&#8243; _i=&#8221;2&#8243; _address=&#8221;1.1.2&#8243;][et_pb_text _builder_version=&#8221;3.29.3&#8243; text_font=&#8221;gotham narrow bold||||||||&#8221; text_font_size=&#8221;14px&#8221; background_color=&#8221;#ffffff&#8221; min_height=&#8221;206px&#8221; custom_margin=&#8221;||||false|false&#8221; custom_padding=&#8221;40px|40px|86px|40px|false|false&#8221; _i=&#8221;0&#8243; _address=&#8221;1.1.2.0&#8243;]<\/p>\n<p>Dese\u00f1o de metadatos e normalizaci\u00f3n dos procedementos para a execuci\u00f3n dos voos, xesti\u00f3n da informaci\u00f3n de calibraci\u00f3n dos sensores UAV.<\/p>\n<p>[\/et_pb_text][\/et_pb_column][\/et_pb_row][\/et_pb_section][et_pb_section fb_built=&#8221;1&#8243; _builder_version=&#8221;3.29.3&#8243; background_color=&#8221;#4377ac&#8221; custom_margin=&#8221;||-1px|||&#8221; custom_margin_last_edited=&#8221;on|tablet&#8221; custom_padding=&#8221;70px||70px||false|false&#8221; fb_built=&#8221;1&#8243; _i=&#8221;2&#8243; _address=&#8221;2&#8243;][et_pb_row _builder_version=&#8221;3.29.3&#8243; custom_padding=&#8221;1px||0px|||&#8221; _i=&#8221;0&#8243; _address=&#8221;2.0&#8243;][et_pb_column type=&#8221;4_4&#8243; _builder_version=&#8221;3.29.3&#8243; _i=&#8221;0&#8243; _address=&#8221;2.0.0&#8243;][et_pb_text _builder_version=&#8221;3.29.3&#8243; text_font=&#8221;gotham narrow bold||||||||&#8221; text_text_color=&#8221;#ffffff&#8221; text_font_size=&#8221;18px&#8221; text_line_height=&#8221;28px&#8221; text_orientation=&#8221;center&#8221; custom_padding=&#8221;||59px|||&#8221; _i=&#8221;0&#8243; _address=&#8221;2.0.0.0&#8243;][\/et_pb_text][\/et_pb_column][\/et_pb_row][et_pb_row column_structure=&#8221;1_2,1_2&#8243; module_class=&#8221;imblo_darkblue&#8221; _builder_version=&#8221;3.29.3&#8243; min_height=&#8221;253px&#8221; custom_padding=&#8221;1px|||||&#8221; _i=&#8221;1&#8243; _address=&#8221;2.1&#8243;][et_pb_column type=&#8221;1_2&#8243; _builder_version=&#8221;3.29.3&#8243; _i=&#8221;0&#8243; _address=&#8221;2.1.0&#8243;][et_pb_blurb image=&#8221;https:\/\/www.civiluavsinitiative.com\/wp-content\/uploads\/2019\/11\/objeto-inteligente-vectorial-1-copia-18-1.png&#8221; icon_placement=&#8221;left&#8221; content_max_width=&#8221;740px&#8221; _builder_version=&#8221;3.29.3&#8243; body_font=&#8221;gotham narrow book||||||||&#8221; body_text_align=&#8221;left&#8221; body_line_height=&#8221;25px&#8221; background_layout=&#8221;dark&#8221; custom_padding=&#8221;0px|20px|0px||false|false&#8221; _i=&#8221;0&#8243; _address=&#8221;2.1.0.0&#8243;]Adjudicatario del contrato:<\/p>\n<p>U.T.E. Ingenier\u00eda Insitu S.L. \u2013 Cartogalicia S.L. &#8211; Soluciones y proyectos de informaci\u00f3n S.L. (Sixtema).<br \/>\n[\/et_pb_blurb][et_pb_blurb image=&#8221;https:\/\/www.civiluavsinitiative.com\/wp-content\/uploads\/2019\/11\/objeto-inteligente-vectorial-1-copia-18-1.png&#8221; icon_placement=&#8221;left&#8221; content_max_width=&#8221;100%&#8221; _builder_version=&#8221;3.29.3&#8243; body_font=&#8221;gotham narrow book||||||||&#8221; background_layout=&#8221;dark&#8221; _i=&#8221;1&#8243; _address=&#8221;2.1.0.1&#8243;]Organismo responsable:<\/p>\n<p>Instituto de Estudios del Territorio (IET)<br \/>\n[\/et_pb_blurb][\/et_pb_column][et_pb_column type=&#8221;1_2&#8243; _builder_version=&#8221;3.29.3&#8243; _i=&#8221;1&#8243; _address=&#8221;2.1.1&#8243;][et_pb_blurb image=&#8221;https:\/\/www.civiluavsinitiative.com\/wp-content\/uploads\/2019\/11\/objeto-inteligente-vectorial-1-copia-18-1.png&#8221; icon_placement=&#8221;left&#8221; content_max_width=&#8221;100%&#8221; _builder_version=&#8221;3.29.3&#8243; body_font=&#8221;gotham narrow book||||||||&#8221; background_layout=&#8221;dark&#8221; custom_padding=&#8221;|20px|||false|false&#8221; _i=&#8221;0&#8243; _address=&#8221;2.1.1.0&#8243;]<\/p>\n<p>Importe de adxudicaci\u00f3n:<\/p>\n<p>418.455 \u20ac.<\/p>\n<p>[\/et_pb_blurb][et_pb_blurb image=&#8221;https:\/\/www.civiluavsinitiative.com\/wp-content\/uploads\/2019\/11\/objeto-inteligente-vectorial-1-copia-18-1.png&#8221; icon_placement=&#8221;left&#8221; content_max_width=&#8221;100%&#8221; _builder_version=&#8221;3.29.3&#8243; body_font=&#8221;gotham narrow book||||||||&#8221; background_layout=&#8221;dark&#8221; custom_padding=&#8221;29px|20px|||false|false&#8221; custom_padding_tablet=&#8221;0px||||false|false&#8221; custom_padding_last_edited=&#8221;on|desktop&#8221; _i=&#8221;1&#8243; _address=&#8221;2.1.1.1&#8243;]<\/p>\n<p>Conseller\u00eda:<\/p>\n<p>Conseller\u00eda de Medio Ambiente, Territorio e Vivienda.<\/p>\n<p>[\/et_pb_blurb][\/et_pb_column][\/et_pb_row][et_pb_row _builder_version=&#8221;3.29.3&#8243; custom_padding=&#8221;||0px|||&#8221; _i=&#8221;2&#8243; _address=&#8221;2.2&#8243;][et_pb_column type=&#8221;4_4&#8243; _builder_version=&#8221;3.29.3&#8243; _i=&#8221;0&#8243; _address=&#8221;2.2.0&#8243;][et_pb_text _builder_version=&#8221;3.29.3&#8243; text_font=&#8221;gotham bold||||||||&#8221; text_text_color=&#8221;#ffffff&#8221; text_font_size=&#8221;16px&#8221; header_text_color=&#8221;#ffffff&#8221; text_orientation=&#8221;center&#8221; _i=&#8221;0&#8243; _address=&#8221;2.2.0.0&#8243;]<\/p>\n<p><a id=\"muestra_mas_blanco\" href=\"https:\/\/www.contratosdegalicia.gal\/licitacion?OP=50&amp;N=279165&amp;lang=gl\" target=\"_blank\" rel=\"noopener noreferrer\">M\u00e1is informaci\u00f3n<\/a><\/p>\n<p>[\/et_pb_text][\/et_pb_column][\/et_pb_row][\/et_pb_section][et_pb_section fb_built=&#8221;1&#8243; _builder_version=&#8221;3.29.3&#8243; custom_padding=&#8221;70px||53px||false|false&#8221; fb_built=&#8221;1&#8243; _i=&#8221;3&#8243; _address=&#8221;3&#8243;][et_pb_row column_structure=&#8221;1_2,1_2&#8243; make_equal=&#8221;on&#8221; _builder_version=&#8221;3.29.3&#8243; min_height=&#8221;359px&#8221; custom_margin=&#8221;1px|auto|-1px|auto||&#8221; custom_padding=&#8221;0px||0px|||&#8221; _i=&#8221;0&#8243; _address=&#8221;3.0&#8243;][et_pb_column type=&#8221;1_2&#8243; _builder_version=&#8221;3.29.3&#8243; _i=&#8221;0&#8243; _address=&#8221;3.0.0&#8243;][et_pb_text _builder_version=&#8221;3.29.3&#8243; text_font=&#8221;lubalin bold||||||||&#8221; text_text_color=&#8221;#ffffff&#8221; text_font_size=&#8221;47px&#8221; background_image=&#8221;https:\/\/www.civiluavsinitiative.com\/wp-content\/uploads\/2019\/11\/objeto-inteligente-vectorial-1-copia-19.png&#8221; background_size=&#8221;initial&#8221; background_position=&#8221;top_left&#8221; min_height=&#8221;166px&#8221; custom_margin=&#8221;||6px|-53px|false|false&#8221; custom_padding=&#8221;80px||0px|85px|false|false&#8221; z_index=&#8221;2&#8243; _i=&#8221;0&#8243; _address=&#8221;3.0.0.0&#8243;]<\/p>\n<div class=\"numero_transparente_blue\">2<\/div>\n<p>[\/et_pb_text][et_pb_image src=&#8221;https:\/\/www.civiluavsinitiative.com\/wp-content\/uploads\/2019\/11\/stock-snap-wgv-7-y-34-ylq.jpg&#8221; alt=&#8221;Adquisici\u00f3n, mantenimiento y automatizaci\u00f3n de bases topogr\u00e1ficas y cartogr\u00e1ficas mediante medios a\u00e9reos no tripulados. (TIERRA-2) &#8221; show_bottom_space=&#8221;off&#8221; module_class=&#8221;w-100-mob w-img-100-mob&#8221; _builder_version=&#8221;3.29.3&#8243; custom_margin=&#8221;-121px||||false|false&#8221; _i=&#8221;1&#8243; _address=&#8221;3.0.0.1&#8243;][\/et_pb_image][\/et_pb_column][et_pb_column type=&#8221;1_2&#8243; _builder_version=&#8221;3.29.3&#8243; _i=&#8221;1&#8243; _address=&#8221;3.0.1&#8243;][et_pb_text _builder_version=&#8221;3.29.3&#8243; text_font=&#8221;gotham bold||||||||&#8221; text_text_color=&#8221;#504f51&#8243; text_font_size=&#8221;18px&#8221; text_line_height=&#8221;23px&#8221; custom_margin=&#8221;70px||19px|0px|false|false&#8221; custom_margin_tablet=&#8221;0px||||false|false&#8221; custom_margin_last_edited=&#8221;on|tablet&#8221; custom_padding=&#8221;|0px||0px|false|false&#8221; _i=&#8221;0&#8243; _address=&#8221;3.0.1.0&#8243;]<\/p>\n<p><strong>Adquisici\u00f3n, mantemento e automatizaci\u00f3n de bases topogr\u00e1ficas e cartogr\u00e1ficas mediante medios a\u00e9reos non tripulados (TERRA-2)<\/strong><\/p>\n<p>[\/et_pb_text][et_pb_text _builder_version=&#8221;3.29.3&#8243; text_font=&#8221;gotham narrow book||||||||&#8221; text_text_color=&#8221;#504f51&#8243; text_font_size=&#8221;18px&#8221; text_line_height=&#8221;28px&#8221; custom_margin=&#8221;|||0px|false|false&#8221; custom_margin_last_edited=&#8221;on|tablet&#8221; custom_padding=&#8221;|0px||1px|false|false&#8221; _i=&#8221;1&#8243; _address=&#8221;3.0.1.1&#8243;]<\/p>\n<p>Tr\u00e1tase dunha soluci\u00f3n tecnol\u00f3xica capaz de elaborar e manter actualizados os planos e mapas de Galicia a partir de capturas de datos realizadas mediante veh\u00edculos non tripulados e outros veh\u00edculos a\u00e9reos n\u00e1uticos e terrestres.<\/p>\n<p>A soluci\u00f3n desenvolvida incluir\u00e1 funcionalidades melloradas ou novas sobre os sistemas empregados actualmente que permitan, entre outras cousas, a xeneralizaci\u00f3n cartogr\u00e1fica, a transformaci\u00f3n de formatos, a conversi\u00f3n a modelos de datos, a edici\u00f3n de nubes de puntos LIDAR, a obtenci\u00f3n de modelos dixitais do terreo e almacenamento en bases de datos.<\/p>\n<p>[\/et_pb_text][\/et_pb_column][\/et_pb_row][\/et_pb_section][et_pb_section fb_built=&#8221;1&#8243; _builder_version=&#8221;3.29.3&#8243; background_color=&#8221;#e1e1e1&#8243; custom_margin=&#8221;100px||-1px|||&#8221; custom_padding=&#8221;100px||70px|||&#8221; fb_built=&#8221;1&#8243; _i=&#8221;4&#8243; _address=&#8221;4&#8243;][et_pb_row _builder_version=&#8221;3.29.3&#8243; custom_padding=&#8221;1px||0px|||&#8221; _i=&#8221;0&#8243; _address=&#8221;4.0&#8243;][et_pb_column type=&#8221;4_4&#8243; _builder_version=&#8221;3.29.3&#8243; _i=&#8221;0&#8243; _address=&#8221;4.0.0&#8243;][et_pb_text _builder_version=&#8221;3.29.3&#8243; text_font=&#8221;gotham narrow bold||||||||&#8221; text_text_color=&#8221;#504f51&#8243; text_font_size=&#8221;18px&#8221; text_line_height=&#8221;28px&#8221; text_orientation=&#8221;center&#8221; custom_padding=&#8221;||59px|||&#8221; _i=&#8221;0&#8243; _address=&#8221;4.0.0.0&#8243;][\/et_pb_text][\/et_pb_column][\/et_pb_row][et_pb_row column_structure=&#8221;1_2,1_2&#8243; module_class=&#8221;imblo_darkblue&#8221; _builder_version=&#8221;3.29.3&#8243; min_height=&#8221;253px&#8221; custom_padding=&#8221;1px||0px|||&#8221; _i=&#8221;1&#8243; _address=&#8221;4.1&#8243;][et_pb_column type=&#8221;1_2&#8243; _builder_version=&#8221;3.29.3&#8243; _i=&#8221;0&#8243; _address=&#8221;4.1.0&#8243;][et_pb_blurb image=&#8221;https:\/\/www.civiluavsinitiative.com\/wp-content\/uploads\/2019\/11\/objeto-inteligente-vectorial-1-copia-16.png&#8221; icon_placement=&#8221;left&#8221; content_max_width=&#8221;740px&#8221; _builder_version=&#8221;3.29.3&#8243; body_font=&#8221;gotham narrow book||||||||&#8221; body_text_align=&#8221;left&#8221; body_text_color=&#8221;#504f51&#8243; body_line_height=&#8221;25px&#8221; background_layout=&#8221;dark&#8221; custom_padding=&#8221;0px|20px|0px||false|false&#8221; _i=&#8221;0&#8243; _address=&#8221;4.1.0.0&#8243;]<\/p>\n<p>Adjudicatario do contrato:<\/p>\n<p>U.T.E. Ceres Gesti\u00f3n Sectorial, Services Research &amp; Maping Consulting e Eptisa Tecnolog\u00eda de la informaci\u00f3n.<\/p>\n<p>[\/et_pb_blurb][et_pb_blurb image=&#8221;https:\/\/www.civiluavsinitiative.com\/wp-content\/uploads\/2019\/11\/objeto-inteligente-vectorial-1-copia-16.png&#8221; icon_placement=&#8221;left&#8221; content_max_width=&#8221;740px&#8221; _builder_version=&#8221;3.29.3&#8243; body_font=&#8221;gotham narrow book||||||||&#8221; body_text_align=&#8221;left&#8221; body_text_color=&#8221;#504f51&#8243; body_line_height=&#8221;25px&#8221; background_layout=&#8221;dark&#8221; custom_padding=&#8221;0px|20px|0px||false|false&#8221; _i=&#8221;1&#8243; _address=&#8221;4.1.0.1&#8243;]Organismo responsable:<\/p>\n<p>Instituto de Estudios del Territorio (IET)<br \/>\n[\/et_pb_blurb][\/et_pb_column][et_pb_column type=&#8221;1_2&#8243; _builder_version=&#8221;3.29.3&#8243; _i=&#8221;1&#8243; _address=&#8221;4.1.1&#8243;][et_pb_blurb image=&#8221;https:\/\/www.civiluavsinitiative.com\/wp-content\/uploads\/2019\/11\/objeto-inteligente-vectorial-1-copia-16.png&#8221; icon_placement=&#8221;left&#8221; content_max_width=&#8221;740px&#8221; _builder_version=&#8221;3.29.3&#8243; body_font=&#8221;gotham narrow book||||||||&#8221; body_text_align=&#8221;left&#8221; body_text_color=&#8221;#504f51&#8243; body_line_height=&#8221;25px&#8221; background_layout=&#8221;dark&#8221; custom_padding=&#8221;0px|20px|0px||false|false&#8221; _i=&#8221;0&#8243; _address=&#8221;4.1.1.0&#8243;]<\/p>\n<p>Importe de adxudicaci\u00f3n:<\/p>\n<p>1.397.997 \u20ac<\/p>\n<p>[\/et_pb_blurb][et_pb_blurb image=&#8221;https:\/\/www.civiluavsinitiative.com\/wp-content\/uploads\/2019\/11\/objeto-inteligente-vectorial-1-copia-16.png&#8221; icon_placement=&#8221;left&#8221; content_max_width=&#8221;740px&#8221; _builder_version=&#8221;3.29.3&#8243; body_font=&#8221;gotham narrow book||||||||&#8221; body_text_align=&#8221;left&#8221; body_text_color=&#8221;#504f51&#8243; body_line_height=&#8221;25px&#8221; background_layout=&#8221;dark&#8221; custom_padding=&#8221;25px|20px|0px||false|false&#8221; custom_padding_tablet=&#8221;0px||||false|false&#8221; custom_padding_last_edited=&#8221;on|desktop&#8221; _i=&#8221;1&#8243; _address=&#8221;4.1.1.1&#8243;]Conseller\u00eda:<\/p>\n<p>Conseller\u00eda de Medio Ambiente, Territorio y Vivienda.<br \/>\n[\/et_pb_blurb][\/et_pb_column][\/et_pb_row][et_pb_row _builder_version=&#8221;3.29.3&#8243; custom_padding=&#8221;||0px|||&#8221; _i=&#8221;2&#8243; _address=&#8221;4.2&#8243;][et_pb_column type=&#8221;4_4&#8243; _builder_version=&#8221;3.29.3&#8243; _i=&#8221;0&#8243; _address=&#8221;4.2.0&#8243;][et_pb_text _builder_version=&#8221;3.29.3&#8243; text_font=&#8221;|700|||||||&#8221; text_text_color=&#8221;#589bdb&#8221; text_font_size=&#8221;16px&#8221; header_text_color=&#8221;#ffffff&#8221; text_orientation=&#8221;center&#8221; _i=&#8221;0&#8243; _address=&#8221;4.2.0.0&#8243;]<a id=\"muestra_mas\" href=\"https:\/\/www.contratosdegalicia.gal\/licitacion?OP=50&amp;N=194680&amp;lang=gl\" target=\"_blank\" rel=\"noopener noreferrer\">M\u00e1s informaci\u00f3n<\/a><br \/>\n[\/et_pb_text][\/et_pb_column][\/et_pb_row][\/et_pb_section][et_pb_section fb_built=&#8221;1&#8243; _builder_version=&#8221;3.29.3&#8243; background_color=&#8221;#589bdb&#8221; min_height=&#8221;521px&#8221; custom_margin=&#8221;0px|0px|0px|0px|false|false&#8221; custom_padding=&#8221;0px|0px|100px|0px|false|false&#8221; fb_built=&#8221;1&#8243; _i=&#8221;5&#8243; _address=&#8221;5&#8243; top_divider_height__hover_enabled=&#8221;off|desktop&#8221;][et_pb_row column_structure=&#8221;1_2,1_2&#8243; make_equal=&#8221;on&#8221; _builder_version=&#8221;3.29.3&#8243; min_height=&#8221;359px&#8221; custom_margin=&#8221;1px|auto|-1px|auto||&#8221; custom_padding=&#8221;53px||50px|||&#8221; _i=&#8221;0&#8243; _address=&#8221;5.0&#8243;][et_pb_column type=&#8221;1_2&#8243; _builder_version=&#8221;3.29.3&#8243; _i=&#8221;0&#8243; _address=&#8221;5.0.0&#8243;][et_pb_text _builder_version=&#8221;3.29.3&#8243; text_font=&#8221;lubalin bold||||||||&#8221; text_text_color=&#8221;#ffffff&#8221; text_font_size=&#8221;47px&#8221; background_image=&#8221;https:\/\/www.civiluavsinitiative.com\/wp-content\/uploads\/2019\/11\/objeto-inteligente-vectorial-1-copia-18-1.png&#8221; background_size=&#8221;initial&#8221; background_position=&#8221;top_left&#8221; min_height=&#8221;166px&#8221; custom_margin=&#8221;||6px|-53px|false|false&#8221; custom_padding=&#8221;80px||0px|85px|false|false&#8221; z_index=&#8221;2&#8243; _i=&#8221;0&#8243; _address=&#8221;5.0.0.0&#8243;]<\/p>\n<div class=\"numero_transparente\">3<\/div>\n<p>[\/et_pb_text][et_pb_image src=&#8221;https:\/\/www.civiluavsinitiative.com\/wp-content\/uploads\/2019\/11\/imagenes-cui-12-11-01-1.jpg&#8221; alt=&#8221;Seguimiento de las din\u00e1micas de ocupaci\u00f3n del suelo y ayuda a la planificaci\u00f3n territorial mediante el uso de veh\u00edculos a\u00e9reos no tripulados. (TIERRA-3)&#8221; show_bottom_space=&#8221;off&#8221; module_class=&#8221;w-100-mob w-img-100-mob&#8221; _builder_version=&#8221;3.29.3&#8243; custom_margin=&#8221;-121px||2px||false|false&#8221; custom_padding=&#8221;4px|||||&#8221; _i=&#8221;1&#8243; _address=&#8221;5.0.0.1&#8243;][\/et_pb_image][\/et_pb_column][et_pb_column type=&#8221;1_2&#8243; module_class=&#8221;ds-vertical-align&#8221; _builder_version=&#8221;3.29.3&#8243; _i=&#8221;1&#8243; _address=&#8221;5.0.1&#8243;][et_pb_text _builder_version=&#8221;3.29.3&#8243; text_font=&#8221;gotham bold||||||||&#8221; text_text_color=&#8221;#ffffff&#8221; text_font_size=&#8221;18px&#8221; text_line_height=&#8221;23px&#8221; custom_margin=&#8221;10px||19px|0px|false|false&#8221; custom_margin_last_edited=&#8221;on|tablet&#8221; custom_padding=&#8221;|0px||0px|false|false&#8221; _i=&#8221;0&#8243; _address=&#8221;5.0.1.0&#8243;]<\/p>\n<p><strong>Seguimento das din\u00e1micas de ocupaci\u00f3n do solo e axuda \u00e1 planificaci\u00f3n territorial mediante o uso de veh\u00edculos a\u00e9reos non tripulados (TERRA-3)<\/strong><\/p>\n<p>[\/et_pb_text][et_pb_text _builder_version=&#8221;3.29.3&#8243; text_font=&#8221;gotham narrow book||||||||&#8221; text_text_color=&#8221;#e1e1e1&#8243; text_font_size=&#8221;18px&#8221; text_line_height=&#8221;28px&#8221; custom_margin=&#8221;|||0px|false|false&#8221; custom_margin_last_edited=&#8221;on|tablet&#8221; custom_padding=&#8221;|3.4%||1px|false|false&#8221; _i=&#8221;1&#8243; _address=&#8221;5.0.1.1&#8243;]<\/p>\n<p>O obxecto deste proxecto \u00e9 o dese\u00f1o e desenvolvemento dunha soluci\u00f3n que permita a elaboraci\u00f3n de informaci\u00f3n sobre coberturas e usos do solo, as\u00ed como un conxunto de ferramentas de apoio \u00e1 planificaci\u00f3n territorial a partir dos datos capturados polos sensores aerotransportados en UAV.\u00a0\u00a0<\/p>\n<p>Esta aplicaci\u00f3n debe poder integrar diferentes tipos de fontes de datos e procesalos para compo\u00f1er bases de datos de ocupaci\u00f3n do solo, \u00e9 dicir, debe prover os t\u00e9cnicos que elaboran a cartograf\u00eda dun conxunto de aplicaci\u00f3ns que permita automatizar a captura de datos e a an\u00e1lise da informaci\u00f3n.<\/p>\n<p>[\/et_pb_text][\/et_pb_column][\/et_pb_row][\/et_pb_section][et_pb_section fb_built=&#8221;1&#8243; _builder_version=&#8221;3.29.3&#8243; background_color=&#8221;#4377ac&#8221; custom_margin=&#8221;||-1px|||&#8221; custom_margin_last_edited=&#8221;on|tablet&#8221; custom_padding=&#8221;70px||70px||false|false&#8221; fb_built=&#8221;1&#8243; _i=&#8221;6&#8243; _address=&#8221;6&#8243;][et_pb_row _builder_version=&#8221;3.29.3&#8243; custom_padding=&#8221;1px||0px|||&#8221; _i=&#8221;0&#8243; _address=&#8221;6.0&#8243;][et_pb_column type=&#8221;4_4&#8243; _builder_version=&#8221;3.29.3&#8243; _i=&#8221;0&#8243; _address=&#8221;6.0.0&#8243;][et_pb_text _builder_version=&#8221;3.29.3&#8243; text_font=&#8221;gotham narrow bold||||||||&#8221; text_text_color=&#8221;#ffffff&#8221; text_font_size=&#8221;18px&#8221; text_line_height=&#8221;28px&#8221; text_orientation=&#8221;center&#8221; custom_padding=&#8221;||59px|||&#8221; _i=&#8221;0&#8243; _address=&#8221;6.0.0.0&#8243;][\/et_pb_text][\/et_pb_column][\/et_pb_row][et_pb_row column_structure=&#8221;1_2,1_2&#8243; module_class=&#8221;imblo_darkblue&#8221; _builder_version=&#8221;3.29.3&#8243; min_height=&#8221;253px&#8221; custom_padding=&#8221;1px||0px|||&#8221; _i=&#8221;1&#8243; _address=&#8221;6.1&#8243;][et_pb_column type=&#8221;1_2&#8243; _builder_version=&#8221;3.29.3&#8243; _i=&#8221;0&#8243; _address=&#8221;6.1.0&#8243;][et_pb_blurb image=&#8221;https:\/\/www.civiluavsinitiative.com\/wp-content\/uploads\/2019\/11\/objeto-inteligente-vectorial-1-copia-18-1.png&#8221; icon_placement=&#8221;left&#8221; content_max_width=&#8221;740px&#8221; _builder_version=&#8221;3.29.3&#8243; body_font=&#8221;gotham narrow book||||||||&#8221; body_text_align=&#8221;left&#8221; body_line_height=&#8221;25px&#8221; background_layout=&#8221;dark&#8221; custom_padding=&#8221;0px|20px|0px||false|false&#8221; _i=&#8221;0&#8243; _address=&#8221;6.1.0.0&#8243;]<\/p>\n<p>Adxudicatario del contrato:<\/p>\n<p>U.T.E. Aeromedia, Altia Consultores e Centro de Observaci\u00f3n y Teledetecci\u00f3n Espacial (Cotesa).<\/p>\n<p>[\/et_pb_blurb][et_pb_blurb image=&#8221;https:\/\/www.civiluavsinitiative.com\/wp-content\/uploads\/2019\/11\/objeto-inteligente-vectorial-1-copia-18-1.png&#8221; icon_placement=&#8221;left&#8221; content_max_width=&#8221;100%&#8221; _builder_version=&#8221;3.29.3&#8243; body_font=&#8221;gotham narrow book||||||||&#8221; background_layout=&#8221;dark&#8221; custom_padding=&#8221;|20px|||false|false&#8221; _i=&#8221;1&#8243; _address=&#8221;6.1.0.1&#8243;]Subcontratas:<\/p>\n<p>Universidad de Santiago de Compostela (Citius) y Universidad de A Coru\u00f1a (Citic)<br \/>\n[\/et_pb_blurb][et_pb_blurb image=&#8221;https:\/\/www.civiluavsinitiative.com\/wp-content\/uploads\/2019\/11\/objeto-inteligente-vectorial-1-copia-18-1.png&#8221; icon_placement=&#8221;left&#8221; content_max_width=&#8221;100%&#8221; _builder_version=&#8221;3.29.3&#8243; body_font=&#8221;gotham narrow book||||||||&#8221; background_layout=&#8221;dark&#8221; _i=&#8221;2&#8243; _address=&#8221;6.1.0.2&#8243;]Conseller\u00eda:<\/p>\n<p>Conseller\u00eda de Medio Ambiente, Territorio y Vivienda.<br \/>\n[\/et_pb_blurb][\/et_pb_column][et_pb_column type=&#8221;1_2&#8243; _builder_version=&#8221;3.29.3&#8243; _i=&#8221;1&#8243; _address=&#8221;6.1.1&#8243;][et_pb_blurb image=&#8221;https:\/\/www.civiluavsinitiative.com\/wp-content\/uploads\/2019\/11\/objeto-inteligente-vectorial-1-copia-18-1.png&#8221; icon_placement=&#8221;left&#8221; content_max_width=&#8221;100%&#8221; _builder_version=&#8221;3.29.3&#8243; body_font=&#8221;gotham narrow book||||||||&#8221; background_layout=&#8221;dark&#8221; custom_padding=&#8221;|20px|||false|false&#8221; _i=&#8221;0&#8243; _address=&#8221;6.1.1.0&#8243;]<\/p>\n<p>Importe de adxudicaci\u00f3n:<\/p>\n<p>1.245.945 \u20ac<\/p>\n<p>[\/et_pb_blurb][et_pb_blurb image=&#8221;https:\/\/www.civiluavsinitiative.com\/wp-content\/uploads\/2019\/11\/objeto-inteligente-vectorial-1-copia-18-1.png&#8221; icon_placement=&#8221;left&#8221; content_max_width=&#8221;100%&#8221; _builder_version=&#8221;3.29.3&#8243; body_font=&#8221;gotham narrow book||||||||&#8221; background_layout=&#8221;dark&#8221; custom_padding=&#8221;4px|20px|||false|false&#8221; custom_padding_tablet=&#8221;0px||||false|false&#8221; custom_padding_last_edited=&#8221;on|desktop&#8221; _i=&#8221;1&#8243; _address=&#8221;6.1.1.1&#8243;]Organismo responsable:<\/p>\n<p>Instituto de Estudios del Territorio (IET).<br \/>\n[\/et_pb_blurb][\/et_pb_column][\/et_pb_row][et_pb_row _builder_version=&#8221;3.29.3&#8243; custom_padding=&#8221;||0px|||&#8221; _i=&#8221;2&#8243; _address=&#8221;6.2&#8243;][et_pb_column type=&#8221;4_4&#8243; _builder_version=&#8221;3.29.3&#8243; _i=&#8221;0&#8243; _address=&#8221;6.2.0&#8243;][et_pb_text _builder_version=&#8221;3.29.3&#8243; text_font=&#8221;gotham bold||||||||&#8221; text_text_color=&#8221;#ffffff&#8221; text_font_size=&#8221;16px&#8221; header_text_color=&#8221;#ffffff&#8221; text_orientation=&#8221;center&#8221; _i=&#8221;0&#8243; _address=&#8221;6.2.0.0&#8243;]<\/p>\n<p><a id=\"muestra_mas_blanco\" href=\"https:\/\/www.contratosdegalicia.gal\/licitacion?OP=50&amp;N=194681&amp;lang=gl\" target=\"_blank\" rel=\"noopener noreferrer\">M\u00e1is informaci\u00f3n<\/a><\/p>\n<p>[\/et_pb_text][\/et_pb_column][\/et_pb_row][\/et_pb_section][et_pb_section fb_built=&#8221;1&#8243; _builder_version=&#8221;3.29.3&#8243; custom_padding=&#8221;0px|||||&#8221; fb_built=&#8221;1&#8243; _i=&#8221;7&#8243; _address=&#8221;7&#8243;][et_pb_row column_structure=&#8221;1_2,1_2&#8243; make_equal=&#8221;on&#8221; _builder_version=&#8221;3.29.3&#8243; min_height=&#8221;359px&#8221; custom_margin=&#8221;1px|auto|-1px|auto||&#8221; custom_padding=&#8221;53px||50px|||&#8221; _i=&#8221;0&#8243; _address=&#8221;7.0&#8243;][et_pb_column type=&#8221;1_2&#8243; _builder_version=&#8221;3.29.3&#8243; _i=&#8221;0&#8243; _address=&#8221;7.0.0&#8243;][et_pb_text _builder_version=&#8221;3.29.3&#8243; text_font=&#8221;lubalin bold||||||||&#8221; text_text_color=&#8221;#ffffff&#8221; text_font_size=&#8221;47px&#8221; background_image=&#8221;https:\/\/www.civiluavsinitiative.com\/wp-content\/uploads\/2019\/11\/objeto-inteligente-vectorial-1-copia-19.png&#8221; background_size=&#8221;initial&#8221; background_position=&#8221;top_left&#8221; min_height=&#8221;166px&#8221; custom_margin=&#8221;||6px|-53px|false|false&#8221; custom_padding=&#8221;80px||0px|85px|false|false&#8221; z_index=&#8221;2&#8243; _i=&#8221;0&#8243; _address=&#8221;7.0.0.0&#8243;]<\/p>\n<div class=\"numero_transparente\">4<\/div>\n<p>[\/et_pb_text][et_pb_image src=&#8221;https:\/\/www.civiluavsinitiative.com\/wp-content\/uploads\/2019\/11\/imagenes-cui-12-18-44.jpg&#8221; alt=&#8221;Proyecto Tierra-4: Aplicativos de informaci\u00f3n geogr\u00e1fica para la gesti\u00f3n y control forestal (TIERRA-4).&#8221; show_bottom_space=&#8221;off&#8221; module_class=&#8221;w-100-mob w-img-100-mob&#8221; _builder_version=&#8221;3.29.3&#8243; custom_margin=&#8221;-121px||||false|false&#8221; _i=&#8221;1&#8243; _address=&#8221;7.0.0.1&#8243;][\/et_pb_image][\/et_pb_column][et_pb_column type=&#8221;1_2&#8243; module_class=&#8221;ds-vertical-align&#8221; _builder_version=&#8221;3.29.3&#8243; _i=&#8221;1&#8243; _address=&#8221;7.0.1&#8243;][et_pb_text _builder_version=&#8221;3.29.3&#8243; text_font=&#8221;gotham bold||||||||&#8221; text_text_color=&#8221;#504f51&#8243; text_font_size=&#8221;18px&#8221; text_line_height=&#8221;23px&#8221; custom_margin=&#8221;20px||19px|0px|false|false&#8221; custom_margin_last_edited=&#8221;on|tablet&#8221; custom_padding=&#8221;|0px||0px|false|false&#8221; _i=&#8221;0&#8243; _address=&#8221;7.0.1.0&#8243;]<\/p>\n<p><strong>Soluci\u00f3ns para a xesti\u00f3n e control forestal mediante o uso de UAV\u00a0 (TERRA-4)<\/strong><\/p>\n<p>[\/et_pb_text][et_pb_text _builder_version=&#8221;3.29.3&#8243; text_font=&#8221;gotham narrow book||||||||&#8221; text_text_color=&#8221;#504f51&#8243; text_font_size=&#8221;18px&#8221; text_line_height=&#8221;28px&#8221; custom_margin=&#8221;|||0px|false|false&#8221; custom_margin_last_edited=&#8221;on|tablet&#8221; custom_padding=&#8221;|0px||1px|false|false&#8221; _i=&#8221;1&#8243; _address=&#8221;7.0.1.1&#8243;]<\/p>\n<p>O dese\u00f1o, desenvolvemento e posta en marcha dunha soluci\u00f3n para a xeraci\u00f3n de informaci\u00f3n xeorreferenciada sobre a masa forestal, a situaci\u00f3n fitosanitaria dos bosques e o uso e caracter\u00edsticas do solo forestal a partir de datos capturados por sensores aerotransportados en UAV as\u00ed como por outros veh\u00edculos, a\u00e9reos e terrestres, \u00e9 o obxecto deste proxecto.<\/p>\n<p>[\/et_pb_text][\/et_pb_column][\/et_pb_row][et_pb_row column_structure=&#8221;1_3,1_3,1_3&#8243; make_equal=&#8221;on&#8221; module_class=&#8221;gen_bloques_blancos_ini&#8221; _builder_version=&#8221;3.29.3&#8243; custom_padding=&#8221;0px||0px|||&#8221; _i=&#8221;1&#8243; _address=&#8221;7.1&#8243;][et_pb_column type=&#8221;1_3&#8243; _builder_version=&#8221;3.29.3&#8243; _i=&#8221;0&#8243; _address=&#8221;7.1.0&#8243;][et_pb_text _builder_version=&#8221;3.29.3&#8243; text_font=&#8221;gotham narrow bold||||||||&#8221; text_font_size=&#8221;14px&#8221; background_color=&#8221;#e1e1e1&#8243; custom_padding=&#8221;40px|59px|40px|59px|false|true&#8221; _i=&#8221;0&#8243; _address=&#8221;7.1.0.0&#8243;]<\/p>\n<p>Captura e tratamento (transformaci\u00f3n, edici\u00f3n, an\u00e1lise) de datos para o inventario forestal de montes por especie.<\/p>\n<p>[\/et_pb_text][\/et_pb_column][et_pb_column type=&#8221;1_3&#8243; _builder_version=&#8221;3.29.3&#8243; _i=&#8221;1&#8243; _address=&#8221;7.1.1&#8243;][et_pb_text _builder_version=&#8221;3.29.3&#8243; text_font=&#8221;gotham narrow bold||||||||&#8221; text_font_size=&#8221;14px&#8221; background_color=&#8221;#e1e1e1&#8243; custom_padding=&#8221;40px|58px|40px|58px|false|true&#8221; _i=&#8221;0&#8243; _address=&#8221;7.1.1.0&#8243;]<\/p>\n<p>Inspecci\u00f3n e control dende o aire das franxas de seguridade antiincendios, en particular nas zonas de seguridade ao redor dos n\u00facleos urbanos.<\/p>\n<p>[\/et_pb_text][\/et_pb_column][et_pb_column type=&#8221;1_3&#8243; _builder_version=&#8221;3.29.3&#8243; _i=&#8221;2&#8243; _address=&#8221;7.1.2&#8243;][et_pb_text _builder_version=&#8221;3.29.3&#8243; text_font=&#8221;gotham narrow bold||||||||&#8221; text_font_size=&#8221;14px&#8221; background_color=&#8221;#e1e1e1&#8243; custom_padding=&#8221;40px|60px|20px|60px|false|true&#8221; _i=&#8221;0&#8243; _address=&#8221;7.1.2.0&#8243;]<\/p>\n<p>Co\u00f1ecer a situaci\u00f3n fitosanitaria dos bosques galegos e poder actuar mediante o uso de UAV sobre as tres pragas que m\u00e1is preocupan o sector forestal galego: procesionaria, nematodo do pi\u00f1eiro e defoliador do eucalipto.<\/p>\n<p>[\/et_pb_text][\/et_pb_column][\/et_pb_row][\/et_pb_section][et_pb_section fb_built=&#8221;1&#8243; _builder_version=&#8221;3.29.3&#8243; background_color=&#8221;#e1e1e1&#8243; custom_margin=&#8221;1px||100px|||&#8221; custom_padding=&#8221;100px||0px|||&#8221; fb_built=&#8221;1&#8243; _i=&#8221;8&#8243; _address=&#8221;8&#8243;][et_pb_row _builder_version=&#8221;3.29.3&#8243; custom_padding=&#8221;1px||0px|||&#8221; _i=&#8221;0&#8243; _address=&#8221;8.0&#8243;][et_pb_column type=&#8221;4_4&#8243; _builder_version=&#8221;3.29.3&#8243; _i=&#8221;0&#8243; _address=&#8221;8.0.0&#8243;][et_pb_text _builder_version=&#8221;3.29.3&#8243; text_font=&#8221;gotham narrow bold||||||||&#8221; text_text_color=&#8221;#504f51&#8243; text_font_size=&#8221;18px&#8221; text_line_height=&#8221;28px&#8221; text_orientation=&#8221;center&#8221; custom_padding=&#8221;||59px|||&#8221; _i=&#8221;0&#8243; _address=&#8221;8.0.0.0&#8243;][\/et_pb_text][\/et_pb_column][\/et_pb_row][et_pb_row column_structure=&#8221;1_2,1_2&#8243; module_class=&#8221;imblo_darkblue&#8221; _builder_version=&#8221;3.29.3&#8243; min_height=&#8221;253px&#8221; custom_padding=&#8221;0px||0px||false|false&#8221; _i=&#8221;1&#8243; _address=&#8221;8.1&#8243;][et_pb_column type=&#8221;1_2&#8243; _builder_version=&#8221;3.29.3&#8243; _i=&#8221;0&#8243; _address=&#8221;8.1.0&#8243;][et_pb_blurb image=&#8221;https:\/\/www.civiluavsinitiative.com\/wp-content\/uploads\/2019\/11\/objeto-inteligente-vectorial-1-copia-16.png&#8221; icon_placement=&#8221;left&#8221; content_max_width=&#8221;740px&#8221; _builder_version=&#8221;3.29.3&#8243; body_font=&#8221;gotham narrow book||||||||&#8221; body_text_align=&#8221;left&#8221; body_text_color=&#8221;#504f51&#8243; body_line_height=&#8221;25px&#8221; background_layout=&#8221;dark&#8221; custom_padding=&#8221;0px|20px|0px||false|false&#8221; _i=&#8221;0&#8243; _address=&#8221;8.1.0.0&#8243;]<\/p>\n<p>Adxudicatario do contrato:<\/p>\n<p>U.T.E. Centro Tecnol\u00f3gico, Forestal e da Madeira (CETEMAS), Centro de Observaci\u00f3n y Teledetecci\u00f3n Espacial (COTESA), 3edata e Universidade de Santiago de Compostela -Multiespectral.<\/p>\n<p>[\/et_pb_blurb][et_pb_blurb image=&#8221;https:\/\/www.civiluavsinitiative.com\/wp-content\/uploads\/2019\/11\/objeto-inteligente-vectorial-1-copia-16.png&#8221; icon_placement=&#8221;left&#8221; content_max_width=&#8221;740px&#8221; _builder_version=&#8221;3.29.3&#8243; body_font=&#8221;gotham narrow book||||||||&#8221; body_text_align=&#8221;left&#8221; body_text_color=&#8221;#504f51&#8243; body_line_height=&#8221;25px&#8221; background_layout=&#8221;dark&#8221; custom_padding=&#8221;0px|20px|0px||false|false&#8221; _i=&#8221;1&#8243; _address=&#8221;8.1.0.1&#8243;]<\/p>\n<p>Organismo responsable:<\/p>\n<p>Direcci\u00f3n General de Defensa del Monte e Direcci\u00f3n General de Planificaci\u00f3n y Ordenaci\u00f3n Forestal.<\/p>\n<p>[\/et_pb_blurb][\/et_pb_column][et_pb_column type=&#8221;1_2&#8243; _builder_version=&#8221;3.29.3&#8243; _i=&#8221;1&#8243; _address=&#8221;8.1.1&#8243;][et_pb_blurb image=&#8221;https:\/\/www.civiluavsinitiative.com\/wp-content\/uploads\/2019\/11\/objeto-inteligente-vectorial-1-copia-16.png&#8221; icon_placement=&#8221;left&#8221; content_max_width=&#8221;740px&#8221; _builder_version=&#8221;3.29.3&#8243; body_font=&#8221;gotham narrow book||||||||&#8221; body_text_align=&#8221;left&#8221; body_text_color=&#8221;#504f51&#8243; body_line_height=&#8221;25px&#8221; background_layout=&#8221;dark&#8221; custom_padding=&#8221;0px|20px|0px||false|false&#8221; _i=&#8221;0&#8243; _address=&#8221;8.1.1.0&#8243;]<\/p>\n<p>Importe de adxudicaci\u00f3n:<\/p>\n<p>1.092.095 \u20ac<\/p>\n<p>[\/et_pb_blurb][et_pb_blurb image=&#8221;https:\/\/www.civiluavsinitiative.com\/wp-content\/uploads\/2019\/11\/objeto-inteligente-vectorial-1-copia-16.png&#8221; icon_placement=&#8221;left&#8221; content_max_width=&#8221;740px&#8221; _builder_version=&#8221;3.29.3&#8243; body_font=&#8221;gotham narrow book||||||||&#8221; body_text_align=&#8221;left&#8221; body_text_color=&#8221;#504f51&#8243; body_line_height=&#8221;25px&#8221; background_layout=&#8221;dark&#8221; custom_padding=&#8221;50px|20px|0px||false|false&#8221; custom_padding_tablet=&#8221;0px||||false|false&#8221; custom_padding_last_edited=&#8221;on|desktop&#8221; _i=&#8221;1&#8243; _address=&#8221;8.1.1.1&#8243;]Conseller\u00eda:<\/p>\n<p>Conseller\u00eda del Medio Rural.<br \/>\n[\/et_pb_blurb][\/et_pb_column][\/et_pb_row][et_pb_row _builder_version=&#8221;3.29.3&#8243; custom_padding=&#8221;||0px|||&#8221; _i=&#8221;2&#8243; _address=&#8221;8.2&#8243;][et_pb_column type=&#8221;4_4&#8243; _builder_version=&#8221;3.29.3&#8243; _i=&#8221;0&#8243; _address=&#8221;8.2.0&#8243;][et_pb_text _builder_version=&#8221;3.29.3&#8243; text_font=&#8221;|700|||||||&#8221; text_text_color=&#8221;#ffffff&#8221; text_font_size=&#8221;16px&#8221; header_font=&#8221;|600|||||||&#8221; header_text_color=&#8221;#ffffff&#8221; text_orientation=&#8221;center&#8221; _i=&#8221;0&#8243; _address=&#8221;8.2.0.0&#8243;]<\/p>\n<p><a id=\"muestra_mas\" href=\"https:\/\/www.contratosdegalicia.gal\/licitacion?OP=50&amp;N=279165&amp;lang=gl\" target=\"_blank\" rel=\"noopener noreferrer\">M\u00e1is informaci\u00f3n<\/a><\/p>\n<p>[\/et_pb_text][\/et_pb_column][\/et_pb_row][et_pb_row _builder_version=&#8221;3.29.3&#8243; custom_padding=&#8221;||0px|||&#8221; _i=&#8221;3&#8243; _address=&#8221;8.3&#8243;][et_pb_column type=&#8221;4_4&#8243; _builder_version=&#8221;3.29.3&#8243; _i=&#8221;0&#8243; _address=&#8221;8.3.0&#8243;][\/et_pb_column][\/et_pb_row][\/et_pb_section][et_pb_section fb_built=&#8221;1&#8243; _builder_version=&#8221;3.29.3&#8243; custom_padding=&#8221;0px|||||&#8221; fb_built=&#8221;1&#8243; _i=&#8221;9&#8243; _address=&#8221;9&#8243;][et_pb_row column_structure=&#8221;1_2,1_2&#8243; make_equal=&#8221;on&#8221; _builder_version=&#8221;3.29.3&#8243; min_height=&#8221;359px&#8221; custom_margin=&#8221;1px|auto|-1px|auto||&#8221; custom_padding=&#8221;53px||50px|||&#8221; _i=&#8221;0&#8243; _address=&#8221;9.0&#8243;][et_pb_column type=&#8221;1_2&#8243; _builder_version=&#8221;3.29.3&#8243; _i=&#8221;0&#8243; _address=&#8221;9.0.0&#8243;][et_pb_text _builder_version=&#8221;3.29.3&#8243; text_font=&#8221;lubalin bold||||||||&#8221; text_text_color=&#8221;#ffffff&#8221; text_font_size=&#8221;47px&#8221; background_image=&#8221;https:\/\/www.civiluavsinitiative.com\/wp-content\/uploads\/2019\/11\/objeto-inteligente-vectorial-1-copia-19.png&#8221; background_size=&#8221;initial&#8221; background_position=&#8221;top_left&#8221; min_height=&#8221;166px&#8221; custom_margin=&#8221;||6px|-53px|false|false&#8221; custom_padding=&#8221;80px||0px|85px|false|false&#8221; z_index=&#8221;2&#8243; _i=&#8221;0&#8243; _address=&#8221;9.0.0.0&#8243;]<\/p>\n<div class=\"numero_transparente\">5<\/div>\n<p>[\/et_pb_text][et_pb_image src=&#8221;https:\/\/www.civiluavsinitiative.com\/wp-content\/uploads\/2019\/11\/imagenes-cui-12-18-06.jpg&#8221; alt=&#8221;Refuerzo de la seguridad mar\u00edtima de la flota pesquera gallega y de las actividades de seguimiento de su actividad mediante el uso de veh\u00edculos a\u00e9reos y marinos no tripulados. (MAR-1).&#8221; show_bottom_space=&#8221;off&#8221; module_class=&#8221;w-100-mob w-img-100-mob&#8221; _builder_version=&#8221;3.29.3&#8243; custom_margin=&#8221;-121px||||false|false&#8221; _i=&#8221;1&#8243; _address=&#8221;9.0.0.1&#8243;][\/et_pb_image][\/et_pb_column][et_pb_column type=&#8221;1_2&#8243; module_class=&#8221;ds-vertical-align&#8221; _builder_version=&#8221;3.29.3&#8243; _i=&#8221;1&#8243; _address=&#8221;9.0.1&#8243;][et_pb_text _builder_version=&#8221;3.29.3&#8243; text_font=&#8221;gotham bold||||||||&#8221; text_text_color=&#8221;#504f51&#8243; text_font_size=&#8221;18px&#8221; text_line_height=&#8221;23px&#8221; custom_margin=&#8221;20px||19px|0px|false|false&#8221; custom_margin_tablet=&#8221;|||0px|false|false&#8221; custom_margin_last_edited=&#8221;on|tablet&#8221; custom_padding=&#8221;|0px||0px|false|false&#8221; _i=&#8221;0&#8243; _address=&#8221;9.0.1.0&#8243;]<\/p>\n<p><strong>Reforzo da seguridade mar\u00edtima da frota pesqueira galega e das actividades de seguimento da s\u00faa actividade mediante o uso de veh\u00edculos a\u00e9reos e mari\u00f1os non tripulados (MAR-1)<\/strong><\/p>\n<p>[\/et_pb_text][et_pb_text _builder_version=&#8221;3.29.3&#8243; text_font=&#8221;gotham narrow book||||||||&#8221; text_text_color=&#8221;#504f51&#8243; text_font_size=&#8221;18px&#8221; text_line_height=&#8221;28px&#8221; custom_margin=&#8221;|||0px|false|false&#8221; custom_margin_tablet=&#8221;|||0px|false|false&#8221; custom_margin_last_edited=&#8221;on|tablet&#8221; custom_padding=&#8221;|0px||1px|false|false&#8221; _i=&#8221;1&#8243; _address=&#8221;9.0.1.1&#8243;]<\/p>\n<p>O obxecto deste proxecto \u00e9 o dese\u00f1o, desenvolvemento e posta en operaci\u00f3n dunha soluci\u00f3n que permita dotar os organismos da Administraci\u00f3n galega dun servizo mellorado que dea resposta, de maneira conxunta, \u00e1s necesidades de seguridade da frota e control da actividade pesqueira de Galicia. \u00a0<\/p>\n<p>[\/et_pb_text][\/et_pb_column][\/et_pb_row][et_pb_row column_structure=&#8221;1_3,1_3,1_3&#8243; make_equal=&#8221;on&#8221; module_class=&#8221;gen_bloques_blancos_ini&#8221; _builder_version=&#8221;3.29.3&#8243; custom_padding=&#8221;0px||0px|||&#8221; _i=&#8221;1&#8243; _address=&#8221;9.1&#8243;][et_pb_column type=&#8221;1_3&#8243; _builder_version=&#8221;3.29.3&#8243; _i=&#8221;0&#8243; _address=&#8221;9.1.0&#8243;][et_pb_text _builder_version=&#8221;3.29.3&#8243; text_font=&#8221;gotham narrow bold||||||||&#8221; text_font_size=&#8221;14px&#8221; background_color=&#8221;#e1e1e1&#8243; custom_padding=&#8221;40px|40px|40px|40px|false|false&#8221; _i=&#8221;0&#8243; _address=&#8221;9.1.0.0&#8243;]<\/p>\n<p>Mellora da seguridade da frota mediante un sistema de monitoraxe continua.<\/p>\n<p>[\/et_pb_text][et_pb_text _builder_version=&#8221;3.29.3&#8243; text_font=&#8221;gotham narrow bold||||||||&#8221; text_font_size=&#8221;14px&#8221; background_color=&#8221;#e1e1e1&#8243; custom_padding=&#8221;40px|40px|40px|40px|false|false&#8221; _i=&#8221;1&#8243; _address=&#8221;9.1.0.1&#8243;]<\/p>\n<p>Un sistema de apoio \u00e1 toma de decisi\u00f3ns.\u00a0<\/p>\n<p>[\/et_pb_text][\/et_pb_column][et_pb_column type=&#8221;1_3&#8243; _builder_version=&#8221;3.29.3&#8243; _i=&#8221;1&#8243; _address=&#8221;9.1.1&#8243;][et_pb_text _builder_version=&#8221;3.29.3&#8243; text_font=&#8221;gotham narrow bold||||||||&#8221; text_font_size=&#8221;14px&#8221; background_color=&#8221;#e1e1e1&#8243; custom_padding=&#8221;40px|40px|40px|40px|false|false&#8221; _i=&#8221;0&#8243; _address=&#8221;9.1.1.0&#8243;]<\/p>\n<p>Unha plataforma de integraci\u00f3n e rexistro da informaci\u00f3n achegada polo equipo a bordo.\u00a0<\/p>\n<p>[\/et_pb_text][et_pb_text _builder_version=&#8221;3.29.3&#8243; text_font=&#8221;gotham narrow bold||||||||&#8221; text_font_size=&#8221;14px&#8221; background_color=&#8221;#e1e1e1&#8243; custom_padding=&#8221;40px|40px|40px|40px|false|false&#8221; _i=&#8221;1&#8243; _address=&#8221;9.1.1.1&#8243;]<\/p>\n<p>Un sistema de UAV e\/ou USV concibido como unha despregadura de veh\u00edculos de alerta temper\u00e1.\u00a0<\/p>\n<p>[\/et_pb_text][\/et_pb_column][et_pb_column type=&#8221;1_3&#8243; _builder_version=&#8221;3.29.3&#8243; _i=&#8221;2&#8243; _address=&#8221;9.1.2&#8243;][et_pb_text _builder_version=&#8221;3.29.3&#8243; text_font=&#8221;gotham narrow bold||||||||&#8221; text_font_size=&#8221;14px&#8221; background_color=&#8221;#e1e1e1&#8243; custom_padding=&#8221;40px|27px|40px|40px|false|false&#8221; _i=&#8221;0&#8243; _address=&#8221;9.1.2.0&#8243;]<\/p>\n<p>Un sistema de procesado e xeraci\u00f3n de alertas.\u00a0<\/p>\n<p>[\/et_pb_text][\/et_pb_column][\/et_pb_row][et_pb_row _builder_version=&#8221;3.29.3&#8243; custom_padding=&#8221;||0px|||&#8221; _i=&#8221;2&#8243; _address=&#8221;9.2&#8243;][et_pb_column type=&#8221;4_4&#8243; _builder_version=&#8221;3.29.3&#8243; _i=&#8221;0&#8243; _address=&#8221;9.2.0&#8243;][\/et_pb_column][\/et_pb_row][\/et_pb_section][et_pb_section fb_built=&#8221;1&#8243; _builder_version=&#8221;3.29.3&#8243; background_color=&#8221;#e1e1e1&#8243; custom_margin=&#8221;-2px||-2px||true|&#8221; custom_margin_last_edited=&#8221;on|tablet&#8221; custom_padding=&#8221;70px||70px||false|false&#8221; fb_built=&#8221;1&#8243; _i=&#8221;10&#8243; _address=&#8221;10&#8243;][et_pb_row _builder_version=&#8221;3.29.3&#8243; custom_padding=&#8221;1px||0px|||&#8221; _i=&#8221;0&#8243; _address=&#8221;10.0&#8243;][et_pb_column type=&#8221;4_4&#8243; _builder_version=&#8221;3.29.3&#8243; _i=&#8221;0&#8243; _address=&#8221;10.0.0&#8243;][et_pb_text _builder_version=&#8221;3.29.3&#8243; text_font=&#8221;gotham narrow bold||||||||&#8221; text_text_color=&#8221;#504f51&#8243; text_font_size=&#8221;18px&#8221; text_line_height=&#8221;28px&#8221; text_orientation=&#8221;center&#8221; custom_padding=&#8221;||59px|||&#8221; _i=&#8221;0&#8243; _address=&#8221;10.0.0.0&#8243;][\/et_pb_text][\/et_pb_column][\/et_pb_row][et_pb_row column_structure=&#8221;1_2,1_2&#8243; module_class=&#8221;imblo_darkblue&#8221; _builder_version=&#8221;3.29.3&#8243; min_height=&#8221;253px&#8221; custom_padding=&#8221;0px||0px||false|false&#8221; _i=&#8221;1&#8243; _address=&#8221;10.1&#8243;][et_pb_column type=&#8221;1_2&#8243; _builder_version=&#8221;3.29.3&#8243; _i=&#8221;0&#8243; _address=&#8221;10.1.0&#8243;][et_pb_blurb image=&#8221;https:\/\/www.civiluavsinitiative.com\/wp-content\/uploads\/2019\/11\/objeto-inteligente-vectorial-1-copia-16.png&#8221; icon_placement=&#8221;left&#8221; content_max_width=&#8221;740px&#8221; _builder_version=&#8221;3.29.3&#8243; body_font=&#8221;gotham narrow book||||||||&#8221; body_text_align=&#8221;left&#8221; body_text_color=&#8221;#504f51&#8243; body_line_height=&#8221;25px&#8221; background_layout=&#8221;dark&#8221; custom_padding=&#8221;0px|20px|0px||false|false&#8221; _i=&#8221;0&#8243; _address=&#8221;10.1.0.0&#8243;]<\/p>\n<p>Adxudicatario do contrato:<\/p>\n<p>U.T.E. Imatia Innovaci\u00f3n, Cartogalicia e Industrias Ferri.<\/p>\n<p>[\/et_pb_blurb][et_pb_blurb image=&#8221;https:\/\/www.civiluavsinitiative.com\/wp-content\/uploads\/2019\/11\/objeto-inteligente-vectorial-1-copia-16.png&#8221; icon_placement=&#8221;left&#8221; content_max_width=&#8221;740px&#8221; _builder_version=&#8221;3.29.3&#8243; body_font=&#8221;gotham narrow book||||||||&#8221; body_text_align=&#8221;left&#8221; body_text_color=&#8221;#504f51&#8243; body_line_height=&#8221;25px&#8221; background_layout=&#8221;dark&#8221; custom_padding=&#8221;0px|20px|0px||false|false&#8221; _i=&#8221;1&#8243; _address=&#8221;10.1.0.1&#8243;]<\/p>\n<p>Subcontratas:<\/p>\n<p>Scio Soft, Fundaci\u00f3n Instituto Tecnol\u00f3gico de Galicia (ITG) Fiber Laminates e Arteixo Telecom.<\/p>\n<p>[\/et_pb_blurb][et_pb_blurb image=&#8221;https:\/\/www.civiluavsinitiative.com\/wp-content\/uploads\/2019\/11\/objeto-inteligente-vectorial-1-copia-16.png&#8221; icon_placement=&#8221;left&#8221; content_max_width=&#8221;740px&#8221; _builder_version=&#8221;3.29.3&#8243; body_font=&#8221;gotham narrow book||||||||&#8221; body_text_align=&#8221;left&#8221; body_text_color=&#8221;#504f51&#8243; body_line_height=&#8221;25px&#8221; background_layout=&#8221;dark&#8221; custom_padding=&#8221;0px|20px|0px||false|false&#8221; _i=&#8221;2&#8243; _address=&#8221;10.1.0.2&#8243;]Conseller\u00eda:<\/p>\n<p>Conseller\u00eda del Mar.<br \/>\n[\/et_pb_blurb][\/et_pb_column][et_pb_column type=&#8221;1_2&#8243; _builder_version=&#8221;3.29.3&#8243; _i=&#8221;1&#8243; _address=&#8221;10.1.1&#8243;][et_pb_blurb image=&#8221;https:\/\/www.civiluavsinitiative.com\/wp-content\/uploads\/2019\/11\/objeto-inteligente-vectorial-1-copia-16.png&#8221; icon_placement=&#8221;left&#8221; content_max_width=&#8221;740px&#8221; _builder_version=&#8221;3.29.3&#8243; body_font=&#8221;gotham narrow book||||||||&#8221; body_text_align=&#8221;left&#8221; body_text_color=&#8221;#504f51&#8243; body_line_height=&#8221;25px&#8221; background_layout=&#8221;dark&#8221; custom_padding=&#8221;0px|20px|0px||false|false&#8221; _i=&#8221;0&#8243; _address=&#8221;10.1.1.0&#8243;]<\/p>\n<p>Importe de adxudicaci\u00f3n:<\/p>\n<p>1.486.337 \u20ac<\/p>\n<p>[\/et_pb_blurb][et_pb_blurb image=&#8221;https:\/\/www.civiluavsinitiative.com\/wp-content\/uploads\/2019\/11\/objeto-inteligente-vectorial-1-copia-16.png&#8221; icon_placement=&#8221;left&#8221; content_max_width=&#8221;740px&#8221; _builder_version=&#8221;3.29.3&#8243; body_font=&#8221;gotham narrow book||||||||&#8221; body_text_align=&#8221;left&#8221; body_text_color=&#8221;#504f51&#8243; body_line_height=&#8221;25px&#8221; background_layout=&#8221;dark&#8221; custom_padding=&#8221;0px|20px|0px||false|false&#8221; _i=&#8221;1&#8243; _address=&#8221;10.1.1.1&#8243;]<\/p>\n<p>Organismos responsables:<\/p>\n<p>Direcci\u00f3n Xeral de Pesca, Acuicultura e Innovaci\u00f3n Tecnol\u00f3xica, Centro Tecnol\u00f3xico do Mar (CETMAR) e Subdirecci\u00f3n Xeral de Gardacostas de Galicia.<\/p>\n<p>Conseller\u00eda: Conseller\u00eda do Mar.<\/p>\n<p>[\/et_pb_blurb][\/et_pb_column][\/et_pb_row][et_pb_row _builder_version=&#8221;3.29.3&#8243; custom_padding=&#8221;||0px|||&#8221; _i=&#8221;2&#8243; _address=&#8221;10.2&#8243;][et_pb_column type=&#8221;4_4&#8243; _builder_version=&#8221;3.29.3&#8243; _i=&#8221;0&#8243; _address=&#8221;10.2.0&#8243;][et_pb_text _builder_version=&#8221;3.29.3&#8243; text_font=&#8221;|700|||||||&#8221; text_text_color=&#8221;#589bdb&#8221; text_font_size=&#8221;16px&#8221; text_orientation=&#8221;center&#8221; _i=&#8221;0&#8243; _address=&#8221;10.2.0.0&#8243;]<\/p>\n<p><a id=\"muestra_mas\" href=\"https:\/\/www.contratosdegalicia.gal\/licitacion?OP=50&amp;N=194434&amp;lang=gl\" target=\"_blank\" rel=\"noopener noreferrer\">M\u00e1is informaci\u00f3n<\/a><\/p>\n<p>[\/et_pb_text][\/et_pb_column][\/et_pb_row][\/et_pb_section][et_pb_section fb_built=&#8221;1&#8243; _builder_version=&#8221;3.29.3&#8243; background_color=&#8221;#589bdb&#8221; custom_margin=&#8221;0px|0px|0px|0px|false|false&#8221; custom_padding=&#8221;0px|0px|100px|0px|false|false&#8221; fb_built=&#8221;1&#8243; _i=&#8221;11&#8243; _address=&#8221;11&#8243; top_divider_height__hover_enabled=&#8221;off|desktop&#8221;][et_pb_row column_structure=&#8221;1_2,1_2&#8243; make_equal=&#8221;on&#8221; _builder_version=&#8221;3.29.3&#8243; min_height=&#8221;359px&#8221; custom_margin=&#8221;1px|auto|-1px|auto||&#8221; custom_padding=&#8221;53px||50px|||&#8221; _i=&#8221;0&#8243; _address=&#8221;11.0&#8243;][et_pb_column type=&#8221;1_2&#8243; _builder_version=&#8221;3.29.3&#8243; _i=&#8221;0&#8243; _address=&#8221;11.0.0&#8243;][et_pb_text _builder_version=&#8221;3.29.3&#8243; text_font=&#8221;lubalin bold||||||||&#8221; text_text_color=&#8221;#ffffff&#8221; text_font_size=&#8221;47px&#8221; background_image=&#8221;https:\/\/www.civiluavsinitiative.com\/wp-content\/uploads\/2019\/11\/objeto-inteligente-vectorial-1-copia-18-1.png&#8221; background_size=&#8221;initial&#8221; background_position=&#8221;top_left&#8221; min_height=&#8221;166px&#8221; custom_margin=&#8221;||6px|-53px|false|false&#8221; custom_padding=&#8221;80px||0px|85px|false|false&#8221; z_index=&#8221;2&#8243; _i=&#8221;0&#8243; _address=&#8221;11.0.0.0&#8243;]<\/p>\n<div class=\"numero_transparente\">6<\/div>\n<p>[\/et_pb_text][et_pb_image src=&#8221;https:\/\/www.civiluavsinitiative.com\/wp-content\/uploads\/2019\/11\/imagenes-cui-12-08-54.jpg&#8221; alt=&#8221;Automatizaci\u00f3n de muestreos oceanogr\u00e1ficos mediante veh\u00edculos no tripulados. (MAR-2).&#8221; show_bottom_space=&#8221;off&#8221; module_class=&#8221;w-100-mob w-img-100-mob&#8221; _builder_version=&#8221;3.29.3&#8243; custom_margin=&#8221;-121px||||false|false&#8221; _i=&#8221;1&#8243; _address=&#8221;11.0.0.1&#8243;][\/et_pb_image][\/et_pb_column][et_pb_column type=&#8221;1_2&#8243; module_class=&#8221;ds-vertical-align&#8221; _builder_version=&#8221;3.29.3&#8243; _i=&#8221;1&#8243; _address=&#8221;11.0.1&#8243;][et_pb_text _builder_version=&#8221;3.29.3&#8243; text_font=&#8221;gotham bold||||||||&#8221; text_text_color=&#8221;#ffffff&#8221; text_font_size=&#8221;18px&#8221; text_line_height=&#8221;23px&#8221; custom_margin=&#8221;30px||19px|0px|false|false&#8221; custom_margin_tablet=&#8221;0px||||false|false&#8221; custom_margin_last_edited=&#8221;on|tablet&#8221; custom_padding=&#8221;|0px||0px|false|false&#8221; _i=&#8221;0&#8243; _address=&#8221;11.0.1.0&#8243;]<\/p>\n<p><strong>Servizo de automatizaci\u00f3n de mostraxes oceanogr\u00e1ficas mediante veh\u00edculos non tripulados (MAR-2)<\/strong><\/p>\n<p>[\/et_pb_text][et_pb_text _builder_version=&#8221;3.29.3&#8243; text_font=&#8221;gotham narrow book||||||||&#8221; text_text_color=&#8221;#e1e1e1&#8243; text_font_size=&#8221;18px&#8221; text_line_height=&#8221;28px&#8221; custom_margin=&#8221;|||0px|false|false&#8221; custom_margin_last_edited=&#8221;on|tablet&#8221; custom_padding=&#8221;|0px||1px|false|false&#8221; _i=&#8221;1&#8243; _address=&#8221;11.0.1.1&#8243;]<\/p>\n<p>O dese\u00f1o, desenvolvemento e posta en marcha dunha soluci\u00f3n tecnol\u00f3xica que permita dotar os organismos da Administraci\u00f3n galega responsables do control das distintas masas de auga dun servizo mellorado de mostraxe e recollida de datos baseado nas novas tecnolox\u00edas e no uso de veh\u00edculos aut\u00f3nomos a\u00e9reos e acu\u00e1ticos \u00e9 o obxectivo deste proxecto.<\/p>\n<p>A monitoraxe e control permanente das condici\u00f3ns e calidade das augas \u00e9 de especial relevancia e afecta a contornos econ\u00f3micos fundamentais para a econom\u00eda galega: pesca, marisqueo e acuicultura, sa\u00fade p\u00fablica e turismo (calidade das augas para o ba\u00f1o, xesti\u00f3n da proliferaci\u00f3n de cianobacterias nos encoros), medio ambiente (verteduras), entre outros; sendo especialmente necesario para as augas mar\u00edtimas, debido \u00e1 important\u00edsima actividade socioecon\u00f3mica que implica na nosa comunidade.<\/p>\n<p>Este proxecto conta coa implicaci\u00f3n de catro departamentos da Xunta de Galicia e constit\u00fae un exemplo de coordinaci\u00f3n interdepartamental en beneficio da cidadan\u00eda.<\/p>\n<p>[\/et_pb_text][\/et_pb_column][\/et_pb_row][et_pb_row column_structure=&#8221;1_3,1_3,1_3&#8243; module_class=&#8221;gen_bloques_blancos_fin&#8221; _builder_version=&#8221;3.29.3&#8243; custom_padding=&#8221;0px||0px|||&#8221; _i=&#8221;1&#8243; _address=&#8221;11.1&#8243;][et_pb_column type=&#8221;1_3&#8243; _builder_version=&#8221;3.29.3&#8243; _i=&#8221;0&#8243; _address=&#8221;11.1.0&#8243;][et_pb_text _builder_version=&#8221;3.29.3&#8243; text_font=&#8221;gotham narrow bold||||||||&#8221; text_font_size=&#8221;14px&#8221; background_color=&#8221;#ffffff&#8221; custom_padding=&#8221;40px|40px|40px|40px|false|false&#8221; _i=&#8221;0&#8243; _address=&#8221;11.1.0.0&#8243;]<\/p>\n<p><strong>M\u00e1is econ\u00f3mico<\/strong> (permitir\u00e1 un abaratamento significativo dos custos dos actuais programas de control e monitoraxe da calidade das augas).<\/p>\n<p>[\/et_pb_text][\/et_pb_column][et_pb_column type=&#8221;1_3&#8243; _builder_version=&#8221;3.29.3&#8243; _i=&#8221;1&#8243; _address=&#8221;11.1.1&#8243;][et_pb_text _builder_version=&#8221;3.29.3&#8243; text_font=&#8221;gotham narrow bold||||||||&#8221; text_font_size=&#8221;14px&#8221; background_color=&#8221;#ffffff&#8221; custom_padding=&#8221;40px|40px|40px|40px|false|false&#8221; _i=&#8221;0&#8243; _address=&#8221;11.1.1.0&#8243;]<\/p>\n<p><strong>M\u00e1is intensivo<\/strong> (posibilita unha maior periodicidade na recollida de datos).<\/p>\n<p>[\/et_pb_text][\/et_pb_column][et_pb_column type=&#8221;1_3&#8243; _builder_version=&#8221;3.29.3&#8243; _i=&#8221;2&#8243; _address=&#8221;11.1.2&#8243;][et_pb_text _builder_version=&#8221;3.29.3&#8243; text_font=&#8221;gotham narrow bold||||||||&#8221; text_font_size=&#8221;14px&#8221; background_color=&#8221;#ffffff&#8221; custom_padding=&#8221;40px|40px|40px|40px|false|false&#8221; _i=&#8221;0&#8243; _address=&#8221;11.1.2.0&#8243;]<\/p>\n<p><strong>M\u00e1is eficaz<\/strong> (capacidade para operar en condici\u00f3ns meteorol\u00f3xicas adversas).<\/p>\n<p>[\/et_pb_text][\/et_pb_column][\/et_pb_row][\/et_pb_section][et_pb_section fb_built=&#8221;1&#8243; _builder_version=&#8221;3.29.3&#8243; background_color=&#8221;#4377ac&#8221; custom_margin=&#8221;||-1px|||&#8221; custom_margin_last_edited=&#8221;on|tablet&#8221; custom_padding=&#8221;70px||70px||false|false&#8221; fb_built=&#8221;1&#8243; _i=&#8221;12&#8243; _address=&#8221;12&#8243;][et_pb_row _builder_version=&#8221;3.29.3&#8243; custom_padding=&#8221;1px||0px|||&#8221; _i=&#8221;0&#8243; _address=&#8221;12.0&#8243;][et_pb_column type=&#8221;4_4&#8243; _builder_version=&#8221;3.29.3&#8243; _i=&#8221;0&#8243; _address=&#8221;12.0.0&#8243;][et_pb_text _builder_version=&#8221;3.29.3&#8243; text_font=&#8221;gotham narrow bold||||||||&#8221; text_text_color=&#8221;#ffffff&#8221; text_font_size=&#8221;18px&#8221; text_line_height=&#8221;28px&#8221; text_orientation=&#8221;center&#8221; custom_padding=&#8221;||59px|||&#8221; _i=&#8221;0&#8243; _address=&#8221;12.0.0.0&#8243;][\/et_pb_text][\/et_pb_column][\/et_pb_row][et_pb_row column_structure=&#8221;1_2,1_2&#8243; module_class=&#8221;imblo_darkblue&#8221; _builder_version=&#8221;3.29.3&#8243; min_height=&#8221;253px&#8221; custom_padding=&#8221;1px||0px|||&#8221; _i=&#8221;1&#8243; _address=&#8221;12.1&#8243;][et_pb_column type=&#8221;1_2&#8243; _builder_version=&#8221;3.29.3&#8243; _i=&#8221;0&#8243; _address=&#8221;12.1.0&#8243;][et_pb_blurb image=&#8221;https:\/\/www.civiluavsinitiative.com\/wp-content\/uploads\/2019\/11\/objeto-inteligente-vectorial-1-copia-18-1.png&#8221; icon_placement=&#8221;left&#8221; content_max_width=&#8221;740px&#8221; _builder_version=&#8221;3.29.3&#8243; body_font=&#8221;gotham narrow book||||||||&#8221; body_text_align=&#8221;left&#8221; body_line_height=&#8221;25px&#8221; background_layout=&#8221;dark&#8221; custom_padding=&#8221;0px|20px|0px||false|false&#8221; _i=&#8221;0&#8243; _address=&#8221;12.1.0.0&#8243;]<\/p>\n<p><span style=\"font-weight: 400;\">Adxudicatario do contrato:<\/span><\/p>\n<p><span style=\"font-weight: 400;\">U.T.E. Indra, Adantia e Sixtema, Soluciones y Proyectos de Informaci\u00f3n.<\/span><\/p>\n<p>[\/et_pb_blurb][et_pb_blurb image=&#8221;https:\/\/www.civiluavsinitiative.com\/wp-content\/uploads\/2019\/11\/objeto-inteligente-vectorial-1-copia-18-1.png&#8221; icon_placement=&#8221;left&#8221; content_max_width=&#8221;100%&#8221; _builder_version=&#8221;3.29.3&#8243; body_font=&#8221;gotham narrow book||||||||&#8221; background_layout=&#8221;dark&#8221; custom_padding=&#8221;|20px|||false|false&#8221; _i=&#8221;1&#8243; _address=&#8221;12.1.0.1&#8243;]<\/p>\n<p><span style=\"font-weight: 400;\">Subcontratas:<\/span><\/p>\n<p><span style=\"font-weight: 400;\">Investigaci\u00f3n y Proyectos Medio Ambiente (IPROMA), Seadrone e Aimen Centro Tecnol\u00f3xico.<\/span><\/p>\n<p>[\/et_pb_blurb][et_pb_blurb image=&#8221;https:\/\/www.civiluavsinitiative.com\/wp-content\/uploads\/2019\/11\/objeto-inteligente-vectorial-1-copia-18-1.png&#8221; icon_placement=&#8221;left&#8221; content_max_width=&#8221;100%&#8221; _builder_version=&#8221;3.29.3&#8243; body_font=&#8221;gotham narrow book||||||||&#8221; background_layout=&#8221;dark&#8221; _i=&#8221;2&#8243; _address=&#8221;12.1.0.2&#8243;]<\/p>\n<p><span style=\"font-weight: 400;\">Conseller\u00edas:<\/span><\/p>\n<p><span style=\"font-weight: 400;\">Conseller\u00eda de Medio Ambiente, Territorio e Vivenda, Conseller\u00eda de Infraestructuras e Mobilidade e Conseller\u00eda do Mar.<\/span><\/p>\n<p>&nbsp;<\/p>\n<p>[\/et_pb_blurb][\/et_pb_column][et_pb_column type=&#8221;1_2&#8243; _builder_version=&#8221;3.29.3&#8243; _i=&#8221;1&#8243; _address=&#8221;12.1.1&#8243;][et_pb_blurb image=&#8221;https:\/\/www.civiluavsinitiative.com\/wp-content\/uploads\/2019\/11\/objeto-inteligente-vectorial-1-copia-18-1.png&#8221; icon_placement=&#8221;left&#8221; content_max_width=&#8221;100%&#8221; _builder_version=&#8221;3.29.3&#8243; body_font=&#8221;gotham narrow book||||||||&#8221; background_layout=&#8221;dark&#8221; custom_padding=&#8221;|20px|||false|false&#8221; _i=&#8221;0&#8243; _address=&#8221;12.1.1.0&#8243;]<\/p>\n<p><span style=\"font-weight: 400;\">Importe de adxudicaci\u00f3n:<\/span><\/p>\n<p><span style=\"font-weight: 400;\">2.450.000 \u20ac<\/span><\/p>\n<p>[\/et_pb_blurb][et_pb_blurb image=&#8221;https:\/\/www.civiluavsinitiative.com\/wp-content\/uploads\/2019\/11\/objeto-inteligente-vectorial-1-copia-18-1.png&#8221; icon_placement=&#8221;left&#8221; content_max_width=&#8221;100%&#8221; _builder_version=&#8221;3.29.3&#8243; body_font=&#8221;gotham narrow book||||||||&#8221; background_layout=&#8221;dark&#8221; custom_padding=&#8221;|20px|||false|false&#8221; _i=&#8221;1&#8243; _address=&#8221;12.1.1.1&#8243;]<\/p>\n<p><span style=\"font-weight: 400;\">Organismos responsables:<\/span><\/p>\n<p><span style=\"font-weight: 400;\">Instituto Tecnol\u00f3gico para el Control del Medio Marino (INTECMAR),\u00a0 Augas de Galicia e a Direcci\u00f3n Xeral de Calidade Ambiental e Cambio Clim\u00e1tico.<\/span><\/p>\n<p>[\/et_pb_blurb][\/et_pb_column][\/et_pb_row][et_pb_row _builder_version=&#8221;3.29.3&#8243; custom_padding=&#8221;||0px|||&#8221; _i=&#8221;2&#8243; _address=&#8221;12.2&#8243;][et_pb_column type=&#8221;4_4&#8243; _builder_version=&#8221;3.29.3&#8243; _i=&#8221;0&#8243; _address=&#8221;12.2.0&#8243;][et_pb_text _builder_version=&#8221;3.29.3&#8243; text_font=&#8221;gotham bold||||||||&#8221; text_text_color=&#8221;#ffffff&#8221; text_font_size=&#8221;16px&#8221; header_text_color=&#8221;#ffffff&#8221; text_orientation=&#8221;center&#8221; _i=&#8221;0&#8243; _address=&#8221;12.2.0.0&#8243;]<\/p>\n<p><a id=\"muestra_mas_blanco\" href=\"https:\/\/www.contratosdegalicia.gal\/licitacion?OP=50&amp;N=194435&amp;lang=gl\" target=\"_blank\" rel=\"noopener noreferrer\">M\u00e1is informaci\u00f3n<\/a><\/p>\n<p>[\/et_pb_text][\/et_pb_column][\/et_pb_row][\/et_pb_section][et_pb_section fb_built=&#8221;1&#8243; _builder_version=&#8221;3.29.3&#8243; background_color=&#8221;#589bdb&#8221; custom_margin=&#8221;0px|0px|0px|0px|false|false&#8221; custom_padding=&#8221;0px|0px|100px|0px|false|false&#8221; fb_built=&#8221;1&#8243; _i=&#8221;13&#8243; _address=&#8221;13&#8243; top_divider_height__hover_enabled=&#8221;off|desktop&#8221;][et_pb_row column_structure=&#8221;1_2,1_2&#8243; make_equal=&#8221;on&#8221; _builder_version=&#8221;3.29.3&#8243; min_height=&#8221;359px&#8221; custom_margin=&#8221;1px|auto|-1px|auto||&#8221; custom_padding=&#8221;53px||50px|||&#8221; _i=&#8221;0&#8243; _address=&#8221;13.0&#8243;][et_pb_column type=&#8221;1_2&#8243; _builder_version=&#8221;3.29.3&#8243; _i=&#8221;0&#8243; _address=&#8221;13.0.0&#8243;][et_pb_text _builder_version=&#8221;3.29.3&#8243; text_font=&#8221;lubalin bold||||||||&#8221; text_text_color=&#8221;#ffffff&#8221; text_font_size=&#8221;47px&#8221; background_image=&#8221;https:\/\/www.civiluavsinitiative.com\/wp-content\/uploads\/2019\/11\/objeto-inteligente-vectorial-1-copia-18-1.png&#8221; background_size=&#8221;initial&#8221; background_position=&#8221;top_left&#8221; min_height=&#8221;166px&#8221; custom_margin=&#8221;||6px|-53px|false|false&#8221; custom_padding=&#8221;80px||0px|85px|false|false&#8221; z_index=&#8221;2&#8243; _i=&#8221;0&#8243; _address=&#8221;13.0.0.0&#8243;]<\/p>\n<div class=\"numero_transparente\">7<\/div>\n<p>[\/et_pb_text][et_pb_image src=&#8221;https:\/\/www.civiluavsinitiative.com\/wp-content\/uploads\/2020\/03\/jakobsweg-747482_1280.jpg&#8221; alt=&#8221;Otras licitaciones (AMTEGA)&#8221; show_bottom_space=&#8221;off&#8221; module_class=&#8221;w-100-mob w-img-100-mob&#8221; _builder_version=&#8221;3.29.3&#8243; custom_margin=&#8221;-121px||||false|false&#8221; _i=&#8221;1&#8243; _address=&#8221;13.0.0.1&#8243;][\/et_pb_image][\/et_pb_column][et_pb_column type=&#8221;1_2&#8243; module_class=&#8221;ds-vertical-align&#8221; _builder_version=&#8221;3.29.3&#8243; _i=&#8221;1&#8243; _address=&#8221;13.0.1&#8243;][et_pb_text _builder_version=&#8221;3.29.3&#8243; text_font=&#8221;gotham bold||||||||&#8221; text_text_color=&#8221;#ffffff&#8221; text_font_size=&#8221;18px&#8221; text_line_height=&#8221;23px&#8221; custom_margin=&#8221;20px||19px|0px|false|false&#8221; custom_margin_last_edited=&#8221;on|tablet&#8221; custom_padding=&#8221;|0px||0px|false|false&#8221; _i=&#8221;0&#8243; _address=&#8221;13.0.1.0&#8243;]<\/p>\n<p><strong>Servizo de cardioprotecci\u00f3n nun tramo do Cami\u00f1o de Santiago mediante veh\u00edculos a\u00e9reos non tripulados interconectados co 061<\/strong><\/p>\n<p>[\/et_pb_text][et_pb_text _builder_version=&#8221;3.29.3&#8243; text_font=&#8221;gotham narrow book||||||||&#8221; text_text_color=&#8221;#e1e1e1&#8243; text_font_size=&#8221;18px&#8221; text_line_height=&#8221;28px&#8221; custom_margin=&#8221;|||0px|false|false&#8221; custom_margin_last_edited=&#8221;on|tablet&#8221; custom_padding=&#8221;|0px||1px|false|false&#8221; _i=&#8221;1&#8243; _address=&#8221;13.0.1.1&#8243;]<\/p>\n<p>Este proxecto contempla a creaci\u00f3n dun servizo integral de cardioprotecci\u00f3n nun tramo do Cami\u00f1o de Santiago mediante veh\u00edculos a\u00e9reos non tripulados (UAV) interconectados co 061.<\/p>\n<p>A necesidade desta soluci\u00f3n deriva da responsabilidade encomendada aos servizos sanitarios da Xunta de Galicia de asistir calquera tipo de emerxencia sanitaria que suceda na comunidade. O emprego de veh\u00edculos non tripulados permitir\u00e1 unha resposta r\u00e1pida, en lugares de dif\u00edcil acceso, ante unha patolox\u00eda tempo-dependente de car\u00e1cter moi frecuente, como \u00e9 o caso dunha parada cardiorrespiratoria (PCR).<\/p>\n<p>Esta iniciativa converte a Galicia en pioneira a nivel nacional e europeo, cun sistema que permitir\u00e1 mellorar os tempos de asistencia aos peregrinos que sufran unha parada cardiorrespiratoria.<\/p>\n<p>[\/et_pb_text][\/et_pb_column][\/et_pb_row][et_pb_row column_structure=&#8221;1_3,1_3,1_3&#8243; module_class=&#8221;gen_bloques_blancos_fin&#8221; _builder_version=&#8221;3.29.3&#8243; custom_padding=&#8221;0px||0px|||&#8221; _i=&#8221;1&#8243; _address=&#8221;13.1&#8243;][et_pb_column type=&#8221;1_3&#8243; _builder_version=&#8221;3.29.3&#8243; _i=&#8221;0&#8243; _address=&#8221;13.1.0&#8243;][et_pb_text _builder_version=&#8221;3.29.3&#8243; text_font=&#8221;gotham narrow bold||||||||&#8221; text_font_size=&#8221;14px&#8221; background_color=&#8221;#ffffff&#8221; custom_padding=&#8221;40px|40px|40px|40px|false|false&#8221; _i=&#8221;0&#8243; _address=&#8221;13.1.0.0&#8243;]<\/p>\n<p>Desenvolverase un sistema integrado coa Central do 061 que, en chamadas ao servizo con sospeitas de parada cardiorrespiratoria, facilitar\u00e1 asistencia sanitaria urxente mediante o env\u00edo precoz dun electrocardi\u00f3grafo e un desfibrilador utilizando UAV.<\/p>\n<p>&nbsp;<\/p>\n<p>[\/et_pb_text][\/et_pb_column][et_pb_column type=&#8221;1_3&#8243; _builder_version=&#8221;3.29.3&#8243; _i=&#8221;1&#8243; _address=&#8221;13.1.1&#8243;][et_pb_text _builder_version=&#8221;3.29.3&#8243; text_font=&#8221;gotham narrow bold||||||||&#8221; text_font_size=&#8221;14px&#8221; background_color=&#8221;#ffffff&#8221; custom_padding=&#8221;40px|40px|71px|40px|false|false&#8221; _i=&#8221;0&#8243; _address=&#8221;13.1.1.0&#8243;]<\/p>\n<p>Os desfibriladores son de uso f\u00e1cil e a persoa que acompa\u00f1e o paciente ser\u00e1 guiada en todo momento por un m\u00e9dico ou ATS-auxiliar de enfermar\u00eda dende a Central de Coordinaci\u00f3n do 061.<\/p>\n<p>[\/et_pb_text][\/et_pb_column][et_pb_column type=&#8221;1_3&#8243; _builder_version=&#8221;3.29.3&#8243; _i=&#8221;2&#8243; _address=&#8221;13.1.2&#8243;][et_pb_text _builder_version=&#8221;3.29.3&#8243; text_font=&#8221;gotham narrow bold||||||||&#8221; text_font_size=&#8221;14px&#8221; background_color=&#8221;#ffffff&#8221; custom_padding=&#8221;40px|40px|47px|40px|false|false&#8221; _i=&#8221;0&#8243; _address=&#8221;13.1.2.0&#8243;]<\/p>\n<p>Esta asistencia inicial complementarase coa intervenci\u00f3n protocolizada habitual neste tipo de patolox\u00edas.<\/p>\n<p>&nbsp;<\/p>\n<p>[\/et_pb_text][\/et_pb_column][\/et_pb_row][\/et_pb_section][et_pb_section fb_built=&#8221;1&#8243; _builder_version=&#8221;3.29.3&#8243; background_color=&#8221;#e1e1e1&#8243; fb_built=&#8221;1&#8243; _i=&#8221;14&#8243; _address=&#8221;14&#8243;][et_pb_row _builder_version=&#8221;3.29.3&#8243; custom_padding=&#8221;1px||0px|||&#8221; _i=&#8221;0&#8243; _address=&#8221;14.0&#8243;][et_pb_column type=&#8221;4_4&#8243; _builder_version=&#8221;3.29.3&#8243; _i=&#8221;0&#8243; _address=&#8221;14.0.0&#8243;][et_pb_text _builder_version=&#8221;3.29.3&#8243; text_font=&#8221;gotham narrow bold||||||||&#8221; text_text_color=&#8221;#504f51&#8243; text_font_size=&#8221;18px&#8221; text_line_height=&#8221;28px&#8221; text_orientation=&#8221;center&#8221; custom_padding=&#8221;||59px|||&#8221; _i=&#8221;0&#8243; _address=&#8221;14.0.0.0&#8243;][\/et_pb_text][\/et_pb_column][\/et_pb_row][et_pb_row column_structure=&#8221;1_2,1_2&#8243; module_class=&#8221;imblo_darkblue&#8221; _builder_version=&#8221;3.29.3&#8243; background_color=&#8221;#e1e1e1&#8243; min_height=&#8221;253px&#8221; custom_padding=&#8221;0px||0px||false|false&#8221; _i=&#8221;1&#8243; _address=&#8221;14.1&#8243;][et_pb_column type=&#8221;1_2&#8243; _builder_version=&#8221;3.29.3&#8243; _i=&#8221;0&#8243; _address=&#8221;14.1.0&#8243;][et_pb_blurb image=&#8221;https:\/\/www.civiluavsinitiative.com\/wp-content\/uploads\/2019\/11\/objeto-inteligente-vectorial-1-copia-16.png&#8221; icon_placement=&#8221;left&#8221; content_max_width=&#8221;740px&#8221; _builder_version=&#8221;3.29.3&#8243; body_font=&#8221;gotham narrow book||||||||&#8221; body_text_align=&#8221;left&#8221; body_text_color=&#8221;#504f51&#8243; body_line_height=&#8221;25px&#8221; background_layout=&#8221;dark&#8221; custom_padding=&#8221;0px|20px|0px||false|false&#8221; _i=&#8221;0&#8243; _address=&#8221;14.1.0.0&#8243;]<\/p>\n<p>Adxudicatario do contrato:<\/p>\n<p>Babcock Mission Critical Services Fleet Management.<\/p>\n<p>[\/et_pb_blurb][et_pb_blurb image=&#8221;https:\/\/www.civiluavsinitiative.com\/wp-content\/uploads\/2019\/11\/objeto-inteligente-vectorial-1-copia-16.png&#8221; icon_placement=&#8221;left&#8221; content_max_width=&#8221;740px&#8221; _builder_version=&#8221;3.29.3&#8243; body_font=&#8221;gotham narrow book||||||||&#8221; body_text_align=&#8221;left&#8221; body_text_color=&#8221;#504f51&#8243; body_line_height=&#8221;25px&#8221; background_layout=&#8221;dark&#8221; custom_padding=&#8221;0px|20px|0px||false|false&#8221; _i=&#8221;1&#8243; _address=&#8221;14.1.0.1&#8243;]<\/p>\n<p>Subcontratas:<\/p>\n<p><span style=\"font-weight: 400;\">Universidade de Santiago de Compostela (Citius), Coremain, Fundaci\u00f3n Centro Tecnol\u00f3xico de Telecomunicaci\u00f3ns de Galicia (Gradiant), Innovatec, Soldatec e Veoline.<\/span><\/p>\n<p>&nbsp;<\/p>\n<p>[\/et_pb_blurb][et_pb_blurb image=&#8221;https:\/\/www.civiluavsinitiative.com\/wp-content\/uploads\/2019\/11\/objeto-inteligente-vectorial-1-copia-16.png&#8221; icon_placement=&#8221;left&#8221; content_max_width=&#8221;740px&#8221; _builder_version=&#8221;3.29.3&#8243; body_font=&#8221;gotham narrow book||||||||&#8221; body_text_align=&#8221;left&#8221; body_text_color=&#8221;#504f51&#8243; body_line_height=&#8221;25px&#8221; background_layout=&#8221;dark&#8221; custom_padding=&#8221;0px|20px|0px||false|false&#8221; _i=&#8221;2&#8243; _address=&#8221;14.1.0.2&#8243;]<\/p>\n<p><span style=\"font-weight: 400;\">Conseller\u00edas:<\/span><\/p>\n<p><span style=\"font-weight: 400;\">Conseller\u00eda de Sanidade e Conseller\u00eda de Cultura e Turismo.<\/span><\/p>\n<p>[\/et_pb_blurb][\/et_pb_column][et_pb_column type=&#8221;1_2&#8243; _builder_version=&#8221;3.29.3&#8243; _i=&#8221;1&#8243; _address=&#8221;14.1.1&#8243;][et_pb_blurb image=&#8221;https:\/\/www.civiluavsinitiative.com\/wp-content\/uploads\/2019\/11\/objeto-inteligente-vectorial-1-copia-16.png&#8221; icon_placement=&#8221;left&#8221; content_max_width=&#8221;740px&#8221; _builder_version=&#8221;3.29.3&#8243; body_font=&#8221;gotham narrow book||||||||&#8221; body_text_align=&#8221;left&#8221; body_text_color=&#8221;#504f51&#8243; body_line_height=&#8221;25px&#8221; background_layout=&#8221;dark&#8221; custom_padding=&#8221;0px|20px|0px||false|false&#8221; _i=&#8221;0&#8243; _address=&#8221;14.1.1.0&#8243;]<\/p>\n<p>Importe de adxudicaci\u00f3n:<\/p>\n<p>922.155,52 \u20ac<\/p>\n<p>[\/et_pb_blurb][et_pb_blurb image=&#8221;https:\/\/www.civiluavsinitiative.com\/wp-content\/uploads\/2019\/11\/objeto-inteligente-vectorial-1-copia-16.png&#8221; icon_placement=&#8221;left&#8221; content_max_width=&#8221;740px&#8221; _builder_version=&#8221;3.29.3&#8243; body_font=&#8221;gotham narrow book||||||||&#8221; body_text_align=&#8221;left&#8221; body_text_color=&#8221;#504f51&#8243; body_line_height=&#8221;25px&#8221; background_layout=&#8221;dark&#8221; custom_padding=&#8221;0px|20px|0px||false|false&#8221; _i=&#8221;1&#8243; _address=&#8221;14.1.1.1&#8243;]<\/p>\n<p><span style=\"font-weight: 400;\">Organismos responsables:<\/span><\/p>\n<p><span style=\"font-weight: 400;\">Direcci\u00f3n de Asistencia Sanitaria do Servizo Galego de Sa\u00fade (SERGAS) e 061 Galicia.<\/span><\/p>\n<p>[\/et_pb_blurb][\/et_pb_column][\/et_pb_row][et_pb_row _builder_version=&#8221;3.29.3&#8243; custom_padding=&#8221;||0px|||&#8221; _i=&#8221;2&#8243; _address=&#8221;14.2&#8243;][et_pb_column type=&#8221;4_4&#8243; _builder_version=&#8221;3.29.3&#8243; _i=&#8221;0&#8243; _address=&#8221;14.2.0&#8243;][et_pb_text _builder_version=&#8221;3.29.3&#8243; text_font=&#8221;|700|||||||&#8221; text_text_color=&#8221;#ffffff&#8221; text_font_size=&#8221;16px&#8221; header_text_color=&#8221;#ffffff&#8221; text_orientation=&#8221;center&#8221; _i=&#8221;0&#8243; _address=&#8221;14.2.0.0&#8243;]<\/p>\n<p><a id=\"muestra_mas\" href=\"https:\/\/www.contratosdegalicia.gal\/licitacion?OP=50&amp;N=585954&amp;lang=gl\" target=\"_blank\" rel=\"noopener noreferrer\">M\u00e1is informaci\u00f3n<\/a><\/p>\n<p>[\/et_pb_text][\/et_pb_column][\/et_pb_row][\/et_pb_section][et_pb_section fb_built=&#8221;1&#8243; _builder_version=&#8221;3.29.3&#8243; background_color=&#8221;#589bdb&#8221; custom_margin=&#8221;0px|0px|0px|0px|false|false&#8221; custom_padding=&#8221;0px|0px|100px|0px|false|false&#8221; fb_built=&#8221;1&#8243; _i=&#8221;15&#8243; _address=&#8221;15&#8243; top_divider_height__hover_enabled=&#8221;off|desktop&#8221;][et_pb_row column_structure=&#8221;1_2,1_2&#8243; make_equal=&#8221;on&#8221; _builder_version=&#8221;3.29.3&#8243; min_height=&#8221;359px&#8221; custom_margin=&#8221;1px|auto|-1px|auto||&#8221; custom_padding=&#8221;53px||50px|||&#8221; _i=&#8221;0&#8243; _address=&#8221;15.0&#8243;][et_pb_column type=&#8221;1_2&#8243; _builder_version=&#8221;3.29.3&#8243; _i=&#8221;0&#8243; _address=&#8221;15.0.0&#8243;][et_pb_text _builder_version=&#8221;3.29.3&#8243; text_font=&#8221;lubalin bold||||||||&#8221; text_text_color=&#8221;#ffffff&#8221; text_font_size=&#8221;47px&#8221; background_image=&#8221;https:\/\/www.civiluavsinitiative.com\/wp-content\/uploads\/2019\/11\/objeto-inteligente-vectorial-1-copia-18-1.png&#8221; background_size=&#8221;initial&#8221; background_position=&#8221;top_left&#8221; min_height=&#8221;166px&#8221; custom_margin=&#8221;||6px|-53px|false|false&#8221; custom_padding=&#8221;80px||0px|85px|false|false&#8221; z_index=&#8221;2&#8243; _i=&#8221;0&#8243; _address=&#8221;15.0.0.0&#8243;]<\/p>\n<div class=\"numero_transparente\">8<\/div>\n<p>[\/et_pb_text][et_pb_image src=&#8221;https:\/\/www.civiluavsinitiative.com\/wp-content\/uploads\/2020\/06\/Noticia4.jpg&#8221; alt=&#8221;Otras licitaciones (AMTEGA)&#8221; show_bottom_space=&#8221;off&#8221; module_class=&#8221;w-100-mob w-img-100-mob&#8221; _builder_version=&#8221;3.29.3&#8243; custom_margin=&#8221;-121px||||false|false&#8221; _i=&#8221;1&#8243; _address=&#8221;15.0.0.1&#8243;][\/et_pb_image][\/et_pb_column][et_pb_column type=&#8221;1_2&#8243; module_class=&#8221;ds-vertical-align&#8221; _builder_version=&#8221;3.29.3&#8243; _i=&#8221;1&#8243; _address=&#8221;15.0.1&#8243;][et_pb_text _builder_version=&#8221;3.29.3&#8243; text_font=&#8221;gotham bold||||||||&#8221; text_text_color=&#8221;#ffffff&#8221; text_font_size=&#8221;18px&#8221; text_line_height=&#8221;23px&#8221; custom_margin=&#8221;20px||19px|0px|false|false&#8221; custom_margin_last_edited=&#8221;on|tablet&#8221; custom_padding=&#8221;|0px||0px|false|false&#8221; _i=&#8221;0&#8243; _address=&#8221;15.0.1.0&#8243;]<\/p>\n<p>Servizo de desenvolvemento e fase demostraci\u00f3n dun<strong> sistema de xesti\u00f3n de informaci\u00f3n xeorreferenciada<\/strong> para o control da actividade agraria en Galicia no marco do proxecto PRIMARE-Inspecci\u00f3ns Intelixentes Avanzadas.<\/p>\n<p>[\/et_pb_text][et_pb_text _builder_version=&#8221;3.29.3&#8243; text_font=&#8221;gotham narrow book||||||||&#8221; text_text_color=&#8221;#e1e1e1&#8243; text_font_size=&#8221;18px&#8221; text_line_height=&#8221;28px&#8221; custom_margin=&#8221;|||0px|false|false&#8221; custom_margin_last_edited=&#8221;on|tablet&#8221; custom_padding=&#8221;|0px||1px|false|false&#8221; _i=&#8221;1&#8243; _address=&#8221;15.0.1.1&#8243;]<\/p>\n<p>O obxectivo das tres licitaci\u00f3ns realizadas pola AMTEGA no marco da Civil UAVs Initiative \u00e9 resolver un reto \u00fanico: a automatizaci\u00f3n da inspecci\u00f3n de axudas da Pol\u00edtica Agraria Com\u00fan (PAC).<\/p>\n<p>A primeira das soluci\u00f3ns permitir\u00e1 a xesti\u00f3n de informaci\u00f3n xeogr\u00e1fica, territorial e agroambiental xeorreferenciada necesaria para o control da actividade agraria, que integrar\u00e1 os datos capturados mediante sensores transportados por veh\u00edculos a\u00e9reos non tripulados ou outros dispositivos tecnol\u00f3xicos.<\/p>\n<p>Este sistema permitir\u00e1 obter imaxes das parcelas con calidade suficiente para o seu posterior tratamento, as\u00ed como datos relativos \u00e1 xesti\u00f3n dos cultivos como poden ser a altura do terreo, a altura do culto ou o grao de lentura.<\/p>\n<p>[\/et_pb_text][\/et_pb_column][\/et_pb_row][\/et_pb_section][et_pb_section fb_built=&#8221;1&#8243; _builder_version=&#8221;3.29.3&#8243; background_color=&#8221;#e1e1e1&#8243; fb_built=&#8221;1&#8243; _i=&#8221;16&#8243; _address=&#8221;16&#8243;][et_pb_row _builder_version=&#8221;3.29.3&#8243; custom_padding=&#8221;1px||0px|||&#8221; _i=&#8221;0&#8243; _address=&#8221;16.0&#8243;][et_pb_column type=&#8221;4_4&#8243; _builder_version=&#8221;3.29.3&#8243; _i=&#8221;0&#8243; _address=&#8221;16.0.0&#8243;][et_pb_text _builder_version=&#8221;3.29.3&#8243; text_font=&#8221;gotham narrow bold||||||||&#8221; text_text_color=&#8221;#504f51&#8243; text_font_size=&#8221;18px&#8221; text_line_height=&#8221;28px&#8221; text_orientation=&#8221;center&#8221; custom_padding=&#8221;||59px|||&#8221; _i=&#8221;0&#8243; _address=&#8221;16.0.0.0&#8243;][\/et_pb_text][\/et_pb_column][\/et_pb_row][et_pb_row column_structure=&#8221;1_2,1_2&#8243; module_class=&#8221;imblo_darkblue&#8221; _builder_version=&#8221;3.29.3&#8243; background_color=&#8221;#e1e1e1&#8243; min_height=&#8221;253px&#8221; custom_padding=&#8221;0px||0px||false|false&#8221; _i=&#8221;1&#8243; _address=&#8221;16.1&#8243;][et_pb_column type=&#8221;1_2&#8243; _builder_version=&#8221;3.29.3&#8243; _i=&#8221;0&#8243; _address=&#8221;16.1.0&#8243;][et_pb_blurb image=&#8221;https:\/\/www.civiluavsinitiative.com\/wp-content\/uploads\/2019\/11\/objeto-inteligente-vectorial-1-copia-16.png&#8221; icon_placement=&#8221;left&#8221; content_max_width=&#8221;740px&#8221; _builder_version=&#8221;3.29.3&#8243; body_font=&#8221;gotham narrow book||||||||&#8221; body_text_align=&#8221;left&#8221; body_text_color=&#8221;#504f51&#8243; body_line_height=&#8221;25px&#8221; background_layout=&#8221;dark&#8221; custom_padding=&#8221;0px|20px|0px||false|false&#8221; _i=&#8221;0&#8243; _address=&#8221;16.1.0.0&#8243;]<\/p>\n<p>Adxudicatario do contrato:<\/p>\n<p><span style=\"font-weight: 400;\">Gradiant, Proyestegal, Seresco e Ingenier\u00eda Insitu.<\/span><\/p>\n<p>[\/et_pb_blurb][et_pb_blurb image=&#8221;https:\/\/www.civiluavsinitiative.com\/wp-content\/uploads\/2019\/11\/objeto-inteligente-vectorial-1-copia-16.png&#8221; icon_placement=&#8221;left&#8221; content_max_width=&#8221;740px&#8221; _builder_version=&#8221;3.29.3&#8243; body_font=&#8221;gotham narrow book||||||||&#8221; body_text_align=&#8221;left&#8221; body_text_color=&#8221;#504f51&#8243; body_line_height=&#8221;25px&#8221; background_layout=&#8221;dark&#8221; custom_padding=&#8221;0px|20px|0px||false|false&#8221; _i=&#8221;1&#8243; _address=&#8221;16.1.0.1&#8243;]<span style=\"font-weight: 400;\">Organismos beneficiaro:<\/span><\/p>\n<p><span style=\"font-weight: 400;\">Conseller\u00eda do Medio Rural.<\/span><\/p>\n<p>&nbsp;<br \/>\n[\/et_pb_blurb][\/et_pb_column][et_pb_column type=&#8221;1_2&#8243; _builder_version=&#8221;3.29.3&#8243; _i=&#8221;1&#8243; _address=&#8221;16.1.1&#8243;][et_pb_blurb image=&#8221;https:\/\/www.civiluavsinitiative.com\/wp-content\/uploads\/2019\/11\/objeto-inteligente-vectorial-1-copia-16.png&#8221; icon_placement=&#8221;left&#8221; content_max_width=&#8221;740px&#8221; _builder_version=&#8221;3.29.3&#8243; body_font=&#8221;gotham narrow book||||||||&#8221; body_text_align=&#8221;left&#8221; body_text_color=&#8221;#504f51&#8243; body_line_height=&#8221;25px&#8221; background_layout=&#8221;dark&#8221; custom_padding=&#8221;0px|20px|0px||false|false&#8221; _i=&#8221;0&#8243; _address=&#8221;16.1.1.0&#8243;]<\/p>\n<p>Importe de adxudicaci\u00f3n:<\/p>\n<p><span style=\"font-weight: 400;\">1.216.983,47 + IVA.<\/span><\/p>\n<p>&nbsp;<\/p>\n<p>[\/et_pb_blurb][\/et_pb_column][\/et_pb_row][et_pb_row _builder_version=&#8221;3.29.3&#8243; custom_padding=&#8221;||0px|||&#8221; _i=&#8221;2&#8243; _address=&#8221;16.2&#8243;][et_pb_column type=&#8221;4_4&#8243; _builder_version=&#8221;3.29.3&#8243; _i=&#8221;0&#8243; _address=&#8221;16.2.0&#8243;][et_pb_text _builder_version=&#8221;3.29.3&#8243; text_font=&#8221;gotham bold||||||||&#8221; text_text_color=&#8221;#ffffff&#8221; text_font_size=&#8221;16px&#8221; header_font=&#8221;|700|||||||&#8221; header_text_color=&#8221;#ffffff&#8221; text_orientation=&#8221;center&#8221; _i=&#8221;0&#8243; _address=&#8221;16.2.0.0&#8243;]<\/p>\n<p><a id=\"muestra_mas\" href=\"https:\/\/www.contratosdegalicia.gal\/licitacion?OP=50&amp;N=191687&amp;lang=gl\" target=\"_blank\" rel=\"noopener noreferrer\">M\u00e1is informaci\u00f3n<\/a><\/p>\n<p>[\/et_pb_text][\/et_pb_column][\/et_pb_row][\/et_pb_section][et_pb_section fb_built=&#8221;1&#8243; _builder_version=&#8221;3.29.3&#8243; background_color=&#8221;#589bdb&#8221; custom_margin=&#8221;0px|0px|0px|0px|false|false&#8221; custom_padding=&#8221;0px|0px|100px|0px|false|false&#8221; fb_built=&#8221;1&#8243; _i=&#8221;17&#8243; _address=&#8221;17&#8243; top_divider_height__hover_enabled=&#8221;off|desktop&#8221;][et_pb_row column_structure=&#8221;1_2,1_2&#8243; make_equal=&#8221;on&#8221; _builder_version=&#8221;3.29.3&#8243; min_height=&#8221;359px&#8221; custom_margin=&#8221;|auto||auto|false|false&#8221; custom_padding=&#8221;50px||50px||false|false&#8221; _i=&#8221;0&#8243; _address=&#8221;17.0&#8243;][et_pb_column type=&#8221;1_2&#8243; _builder_version=&#8221;3.29.3&#8243; _i=&#8221;0&#8243; _address=&#8221;17.0.0&#8243;][et_pb_text _builder_version=&#8221;3.29.3&#8243; text_font=&#8221;lubalin bold||||||||&#8221; text_text_color=&#8221;#ffffff&#8221; text_font_size=&#8221;47px&#8221; background_image=&#8221;https:\/\/www.civiluavsinitiative.com\/wp-content\/uploads\/2019\/11\/objeto-inteligente-vectorial-1-copia-18-1.png&#8221; background_size=&#8221;initial&#8221; background_position=&#8221;top_left&#8221; min_height=&#8221;166px&#8221; custom_margin=&#8221;||6px|-53px|false|false&#8221; custom_padding=&#8221;80px||0px|85px|false|false&#8221; z_index=&#8221;2&#8243; _i=&#8221;0&#8243; _address=&#8221;17.0.0.0&#8243;]<\/p>\n<div class=\"numero_transparente\">9<\/div>\n<p>[\/et_pb_text][et_pb_image src=&#8221;https:\/\/www.civiluavsinitiative.com\/wp-content\/uploads\/2020\/06\/Noticia4-copia.jpg&#8221; alt=&#8221;Automatizaci\u00f3n de muestreos oceanogr\u00e1ficos mediante veh\u00edculos no tripulados. (MAR-2).&#8221; show_bottom_space=&#8221;off&#8221; module_class=&#8221;w-100-mob w-img-100-mob&#8221; _builder_version=&#8221;3.29.3&#8243; custom_margin=&#8221;-121px||||false|false&#8221; _i=&#8221;1&#8243; _address=&#8221;17.0.0.1&#8243;][\/et_pb_image][\/et_pb_column][et_pb_column type=&#8221;1_2&#8243; module_class=&#8221;ds-vertical-align&#8221; _builder_version=&#8221;3.29.3&#8243; _i=&#8221;1&#8243; _address=&#8221;17.0.1&#8243;][et_pb_text _builder_version=&#8221;3.29.3&#8243; text_font=&#8221;gotham bold||||||||&#8221; text_text_color=&#8221;#ffffff&#8221; text_font_size=&#8221;18px&#8221; text_line_height=&#8221;23px&#8221; custom_margin=&#8221;30px||19px|0px|false|false&#8221; custom_margin_tablet=&#8221;0px||||false|false&#8221; custom_margin_last_edited=&#8221;on|tablet&#8221; custom_padding=&#8221;|0px||0px|false|false&#8221; _i=&#8221;0&#8243; _address=&#8221;17.0.1.0&#8243;]<\/p>\n<p>Servizo de desenvolvemento e fase de demostraci\u00f3n dunha <strong>plataforma de procesado <\/strong>de informaci\u00f3n das parcelas agrarias galegas no marco do proxecto PRIMARE-Inspecci\u00f3ns Intelixentes Avanzadas.<\/p>\n<p>[\/et_pb_text][et_pb_text _builder_version=&#8221;3.29.3&#8243; text_font=&#8221;gotham narrow book||||||||&#8221; text_text_color=&#8221;#e1e1e1&#8243; text_font_size=&#8221;18px&#8221; text_line_height=&#8221;28px&#8221; custom_margin=&#8221;|||0px|false|false&#8221; custom_margin_last_edited=&#8221;on|tablet&#8221; custom_padding=&#8221;|0px|20px|1px|false|false&#8221; _i=&#8221;1&#8243; _address=&#8221;17.0.1.1&#8243;]<\/p>\n<p>O obxectivo das tres licitaci\u00f3ns xestionadas pola AMTEGA no marco da Civil UAVs Initiative \u00e9 resolver un reto \u00fanico: a automatizaci\u00f3n da inspecci\u00f3n de axudas da Pol\u00edtica Agraria Com\u00fan (PAC).<\/p>\n<p>Este proxecto est\u00e1 destinado a crear unha plataforma de procesado de informaci\u00f3n de parcelas agrarias, que permitir\u00e1 obter datos xeogr\u00e1ficos nos que identifican as parcelas, a s\u00faa morfolox\u00eda topogr\u00e1fica, os cultivos e outros datos obtidos a trav\u00e9s dos sensores embarcados en UAV\u00a0 e outros dispositivos.<\/p>\n<p>Toda esta informaci\u00f3n estar\u00e1 almacenada nunha plataforma con capacidade para explotalos de forma \u00fatil, tanto por parte da Administraci\u00f3n como dos axentes do sector primario. Con base nestes datos poderanse desenvolver diferentes aplicaci\u00f3ns orientadas a mellorar e optimizar a produci\u00f3n e a facer un seguimento dixital de parcelas e cultivos.<\/p>\n<p>[\/et_pb_text][\/et_pb_column][\/et_pb_row][\/et_pb_section][et_pb_section fb_built=&#8221;1&#8243; _builder_version=&#8221;3.29.3&#8243; background_color=&#8221;#4377ac&#8221; custom_margin=&#8221;||-1px|||&#8221; custom_margin_last_edited=&#8221;on|tablet&#8221; custom_padding=&#8221;70px||70px||false|false&#8221; fb_built=&#8221;1&#8243; _i=&#8221;18&#8243; _address=&#8221;18&#8243;][et_pb_row _builder_version=&#8221;3.29.3&#8243; custom_padding=&#8221;1px||0px|||&#8221; _i=&#8221;0&#8243; _address=&#8221;18.0&#8243;][et_pb_column type=&#8221;4_4&#8243; _builder_version=&#8221;3.29.3&#8243; _i=&#8221;0&#8243; _address=&#8221;18.0.0&#8243;][et_pb_text _builder_version=&#8221;3.29.3&#8243; text_font=&#8221;gotham narrow bold||||||||&#8221; text_text_color=&#8221;#ffffff&#8221; text_font_size=&#8221;18px&#8221; text_line_height=&#8221;28px&#8221; text_orientation=&#8221;center&#8221; custom_padding=&#8221;||59px|||&#8221; _i=&#8221;0&#8243; _address=&#8221;18.0.0.0&#8243;][\/et_pb_text][\/et_pb_column][\/et_pb_row][et_pb_row column_structure=&#8221;1_2,1_2&#8243; module_class=&#8221;imblo_darkblue&#8221; _builder_version=&#8221;3.29.3&#8243; min_height=&#8221;253px&#8221; custom_padding=&#8221;1px||0px|||&#8221; _i=&#8221;1&#8243; _address=&#8221;18.1&#8243;][et_pb_column type=&#8221;1_2&#8243; _builder_version=&#8221;3.29.3&#8243; _i=&#8221;0&#8243; _address=&#8221;18.1.0&#8243;][et_pb_blurb image=&#8221;https:\/\/www.civiluavsinitiative.com\/wp-content\/uploads\/2019\/11\/objeto-inteligente-vectorial-1-copia-18-1.png&#8221; icon_placement=&#8221;left&#8221; content_max_width=&#8221;740px&#8221; _builder_version=&#8221;3.29.3&#8243; body_font=&#8221;gotham narrow book||||||||&#8221; body_text_align=&#8221;left&#8221; body_line_height=&#8221;25px&#8221; background_layout=&#8221;dark&#8221; custom_padding=&#8221;0px|20px|0px||false|false&#8221; _i=&#8221;0&#8243; _address=&#8221;18.1.0.0&#8243;]<\/p>\n<p><span style=\"font-weight: 400;\">Adxudicatario do contrato:<\/span><\/p>\n<p><span style=\"font-weight: 400;\">Gradiant, Proyestegal e Seresco.<\/span><\/p>\n<p>&nbsp;<\/p>\n<p>[\/et_pb_blurb][et_pb_blurb image=&#8221;https:\/\/www.civiluavsinitiative.com\/wp-content\/uploads\/2019\/11\/objeto-inteligente-vectorial-1-copia-18-1.png&#8221; icon_placement=&#8221;left&#8221; content_max_width=&#8221;100%&#8221; _builder_version=&#8221;3.29.3&#8243; body_font=&#8221;gotham narrow book||||||||&#8221; background_layout=&#8221;dark&#8221; custom_padding=&#8221;|20px|||false|false&#8221; _i=&#8221;1&#8243; _address=&#8221;18.1.0.1&#8243;]<span style=\"font-weight: 400;\">Organismos beneficiaros:<\/span><\/p>\n<p><span style=\"font-weight: 400;\">Conseller\u00eda de Medio Rural.<\/span><\/p>\n<p>&nbsp;<br \/>\n[\/et_pb_blurb][\/et_pb_column][et_pb_column type=&#8221;1_2&#8243; _builder_version=&#8221;3.29.3&#8243; _i=&#8221;1&#8243; _address=&#8221;18.1.1&#8243;][et_pb_blurb image=&#8221;https:\/\/www.civiluavsinitiative.com\/wp-content\/uploads\/2019\/11\/objeto-inteligente-vectorial-1-copia-18-1.png&#8221; icon_placement=&#8221;left&#8221; content_max_width=&#8221;100%&#8221; _builder_version=&#8221;3.29.3&#8243; body_font=&#8221;gotham narrow book||||||||&#8221; background_layout=&#8221;dark&#8221; custom_padding=&#8221;|20px|||false|false&#8221; _i=&#8221;0&#8243; _address=&#8221;18.1.1.0&#8243;]<\/p>\n<p><span style=\"font-weight: 400;\">Importe da adxudicaci\u00f3n:<\/span><\/p>\n<p><span style=\"font-weight: 400;\">638.068,46 \u20ac + IVA<\/span><\/p>\n<p>[\/et_pb_blurb][\/et_pb_column][\/et_pb_row][et_pb_row _builder_version=&#8221;3.29.3&#8243; custom_padding=&#8221;||0px|||&#8221; _i=&#8221;2&#8243; _address=&#8221;18.2&#8243;][et_pb_column type=&#8221;4_4&#8243; _builder_version=&#8221;3.29.3&#8243; _i=&#8221;0&#8243; _address=&#8221;18.2.0&#8243;][et_pb_text _builder_version=&#8221;3.29.3&#8243; text_font=&#8221;gotham bold||||||||&#8221; text_text_color=&#8221;#ffffff&#8221; text_font_size=&#8221;16px&#8221; header_text_color=&#8221;#ffffff&#8221; text_orientation=&#8221;center&#8221; _i=&#8221;0&#8243; _address=&#8221;18.2.0.0&#8243;]<\/p>\n<p><a id=\"muestra_mas_blanco\" href=\"https:\/\/www.contratosdegalicia.gal\/licitacion?OP=50&amp;N=188985&amp;lang=gl\" target=\"_blank\" rel=\"noopener noreferrer\">M\u00e1is informaci\u00f3n<\/a><\/p>\n<p>[\/et_pb_text][\/et_pb_column][\/et_pb_row][\/et_pb_section][et_pb_section fb_built=&#8221;1&#8243; _builder_version=&#8221;3.29.3&#8243; background_color=&#8221;#589bdb&#8221; custom_margin=&#8221;0px|0px|0px|0px|false|false&#8221; custom_padding=&#8221;0px|0px|100px|0px|false|false&#8221; fb_built=&#8221;1&#8243; _i=&#8221;19&#8243; _address=&#8221;19&#8243; top_divider_height__hover_enabled=&#8221;off|desktop&#8221;][et_pb_row column_structure=&#8221;1_2,1_2&#8243; make_equal=&#8221;on&#8221; _builder_version=&#8221;3.29.3&#8243; min_height=&#8221;359px&#8221; custom_margin=&#8221;|auto||auto|false|false&#8221; custom_padding=&#8221;50px||50px||false|false&#8221; _i=&#8221;0&#8243; _address=&#8221;19.0&#8243;][et_pb_column type=&#8221;1_2&#8243; _builder_version=&#8221;3.29.3&#8243; _i=&#8221;0&#8243; _address=&#8221;19.0.0&#8243;][et_pb_text _builder_version=&#8221;3.29.3&#8243; text_font=&#8221;lubalin bold||||||||&#8221; text_text_color=&#8221;#ffffff&#8221; text_font_size=&#8221;47px&#8221; background_image=&#8221;https:\/\/www.civiluavsinitiative.com\/wp-content\/uploads\/2019\/11\/objeto-inteligente-vectorial-1-copia-18-1.png&#8221; background_size=&#8221;initial&#8221; background_position=&#8221;top_left&#8221; min_height=&#8221;166px&#8221; custom_margin=&#8221;||6px|-53px|false|false&#8221; custom_padding=&#8221;80px||0px|85px|false|false&#8221; z_index=&#8221;2&#8243; _i=&#8221;0&#8243; _address=&#8221;19.0.0.0&#8243;]<\/p>\n<div class=\"numero_transparente\">10<\/div>\n<p>[\/et_pb_text][et_pb_image src=&#8221;https:\/\/www.civiluavsinitiative.com\/wp-content\/uploads\/2020\/06\/dron-estandar-xullo.jpg&#8221; alt=&#8221;Automatizaci\u00f3n de muestreos oceanogr\u00e1ficos mediante veh\u00edculos no tripulados. (MAR-2).&#8221; show_bottom_space=&#8221;off&#8221; module_class=&#8221;w-100-mob w-img-100-mob&#8221; _builder_version=&#8221;3.29.3&#8243; custom_margin=&#8221;-121px||||false|false&#8221; _i=&#8221;1&#8243; _address=&#8221;19.0.0.1&#8243;][\/et_pb_image][\/et_pb_column][et_pb_column type=&#8221;1_2&#8243; module_class=&#8221;ds-vertical-align&#8221; _builder_version=&#8221;3.29.3&#8243; _i=&#8221;1&#8243; _address=&#8221;19.0.1&#8243;][et_pb_text _builder_version=&#8221;3.29.3&#8243; text_font=&#8221;gotham bold||||||||&#8221; text_text_color=&#8221;#ffffff&#8221; text_font_size=&#8221;18px&#8221; text_line_height=&#8221;23px&#8221; custom_margin=&#8221;30px||19px|0px|false|false&#8221; custom_margin_tablet=&#8221;0px||||false|false&#8221; custom_margin_last_edited=&#8221;on|tablet&#8221; custom_padding=&#8221;|0px||0px|false|false&#8221; _i=&#8221;0&#8243; _address=&#8221;19.0.1.0&#8243;]<\/p>\n<p>Servizo de desenvolvemento e fase de demostraci\u00f3n do <strong>sistema experto de control automatizado e intelixente<\/strong> da actividade agraria asociada \u00e1s axudas da Pol\u00edtica Agraria Com\u00fan (PAC) no marco do proxecto PRIMARE-Inspecci\u00f3ns Intelixentes Avanzadas.<\/p>\n<p>[\/et_pb_text][et_pb_text _builder_version=&#8221;3.29.3&#8243; text_font=&#8221;gotham narrow book||||||||&#8221; text_text_color=&#8221;#e1e1e1&#8243; text_font_size=&#8221;18px&#8221; text_line_height=&#8221;28px&#8221; custom_margin=&#8221;|||0px|false|false&#8221; custom_margin_last_edited=&#8221;on|tablet&#8221; custom_padding=&#8221;|0px|20px|1px|false|false&#8221; _i=&#8221;1&#8243; _address=&#8221;19.0.1.1&#8243;]<\/p>\n<p>O obxectivo das tres licitaci\u00f3ns xestionadas pola AMTEGA no marco da Civil UAVs Initiative, \u00e9 desenvolver soluci\u00f3ns tecnol\u00f3xicas innovadoras para resolver un reto \u00fanico: a automatizaci\u00f3n da inspecci\u00f3n de axudas da Pol\u00edtica Agraria Com\u00fan (PAC).<\/p>\n<p>De forma espec\u00edfica, esta terceira soluci\u00f3n c\u00e9ntrase no dese\u00f1o e implantaci\u00f3n dun sistema intelixente para automatizar os traballos sobre o terreo e a toma de decisi\u00f3ns asociadas \u00e1s axudas europeas en Galicia.<\/p>\n<p>Con base na informaci\u00f3n obtida coas soluci\u00f3ns anteriores, este sistema permitir\u00e1 axudar a determinar os tipos de parcelas e que os t\u00e9cnicos poidan tomar decisi\u00f3ns sen se trasladar sempre fisicamente \u00e1 parcela.<\/p>\n<p>&nbsp;<\/p>\n<p>[\/et_pb_text][\/et_pb_column][\/et_pb_row][\/et_pb_section][et_pb_section fb_built=&#8221;1&#8243; _builder_version=&#8221;3.29.3&#8243; background_color=&#8221;#4377ac&#8221; custom_margin=&#8221;||-1px|||&#8221; custom_margin_last_edited=&#8221;on|tablet&#8221; custom_padding=&#8221;70px||70px||false|false&#8221; fb_built=&#8221;1&#8243; _i=&#8221;20&#8243; _address=&#8221;20&#8243;][et_pb_row _builder_version=&#8221;3.29.3&#8243; custom_padding=&#8221;1px||0px|||&#8221; _i=&#8221;0&#8243; _address=&#8221;20.0&#8243;][et_pb_column type=&#8221;4_4&#8243; _builder_version=&#8221;3.29.3&#8243; _i=&#8221;0&#8243; _address=&#8221;20.0.0&#8243;][et_pb_text _builder_version=&#8221;3.29.3&#8243; text_font=&#8221;gotham narrow bold||||||||&#8221; text_text_color=&#8221;#ffffff&#8221; text_font_size=&#8221;18px&#8221; text_line_height=&#8221;28px&#8221; text_orientation=&#8221;center&#8221; custom_padding=&#8221;||59px|||&#8221; _i=&#8221;0&#8243; _address=&#8221;20.0.0.0&#8243;][\/et_pb_text][\/et_pb_column][\/et_pb_row][et_pb_row column_structure=&#8221;1_2,1_2&#8243; module_class=&#8221;imblo_darkblue&#8221; _builder_version=&#8221;3.29.3&#8243; min_height=&#8221;253px&#8221; custom_padding=&#8221;1px||0px|||&#8221; _i=&#8221;1&#8243; _address=&#8221;20.1&#8243;][et_pb_column type=&#8221;1_2&#8243; _builder_version=&#8221;3.29.3&#8243; _i=&#8221;0&#8243; _address=&#8221;20.1.0&#8243;][et_pb_blurb image=&#8221;https:\/\/www.civiluavsinitiative.com\/wp-content\/uploads\/2019\/11\/objeto-inteligente-vectorial-1-copia-18-1.png&#8221; icon_placement=&#8221;left&#8221; content_max_width=&#8221;740px&#8221; _builder_version=&#8221;3.29.3&#8243; body_font=&#8221;gotham narrow book||||||||&#8221; body_text_align=&#8221;left&#8221; body_line_height=&#8221;25px&#8221; background_layout=&#8221;dark&#8221; custom_padding=&#8221;0px|20px|0px||false|false&#8221; _i=&#8221;0&#8243; _address=&#8221;20.1.0.0&#8243;]<\/p>\n<p><span style=\"font-weight: 400;\">Adxudicatario do contrato:<\/span><\/p>\n<p><span style=\"font-weight: 400;\">Gradiant, Proyestegal e Seresco.<\/span><\/p>\n<p>&nbsp;<\/p>\n<p>[\/et_pb_blurb][et_pb_blurb image=&#8221;https:\/\/www.civiluavsinitiative.com\/wp-content\/uploads\/2019\/11\/objeto-inteligente-vectorial-1-copia-18-1.png&#8221; icon_placement=&#8221;left&#8221; content_max_width=&#8221;100%&#8221; _builder_version=&#8221;3.29.3&#8243; body_font=&#8221;gotham narrow book||||||||&#8221; background_layout=&#8221;dark&#8221; custom_padding=&#8221;|20px|||false|false&#8221; _i=&#8221;1&#8243; _address=&#8221;20.1.0.1&#8243;]<span style=\"font-weight: 400;\">Organismos beneficiaros:<\/span><\/p>\n<p><span style=\"font-weight: 400;\">Conseller\u00eda de Medio Rural.<\/span><\/p>\n<p>&nbsp;<br \/>\n[\/et_pb_blurb][\/et_pb_column][et_pb_column type=&#8221;1_2&#8243; _builder_version=&#8221;3.29.3&#8243; _i=&#8221;1&#8243; _address=&#8221;20.1.1&#8243;][et_pb_blurb image=&#8221;https:\/\/www.civiluavsinitiative.com\/wp-content\/uploads\/2019\/11\/objeto-inteligente-vectorial-1-copia-18-1.png&#8221; icon_placement=&#8221;left&#8221; content_max_width=&#8221;100%&#8221; _builder_version=&#8221;3.29.3&#8243; body_font=&#8221;gotham narrow book||||||||&#8221; background_layout=&#8221;dark&#8221; custom_padding=&#8221;|20px|||false|false&#8221; _i=&#8221;0&#8243; _address=&#8221;20.1.1.0&#8243;]<\/p>\n<p><span style=\"font-weight: 400;\">Importe de adxudicaci\u00f3n:<\/span><\/p>\n<p><span style=\"font-weight: 400;\">861.166,63 \u20ac + IVA<\/span><\/p>\n<p>[\/et_pb_blurb][\/et_pb_column][\/et_pb_row][et_pb_row _builder_version=&#8221;3.29.3&#8243; custom_padding=&#8221;||0px|||&#8221; _i=&#8221;2&#8243; _address=&#8221;20.2&#8243;][et_pb_column type=&#8221;4_4&#8243; _builder_version=&#8221;3.29.3&#8243; _i=&#8221;0&#8243; _address=&#8221;20.2.0&#8243;][et_pb_text _builder_version=&#8221;3.29.3&#8243; text_font=&#8221;gotham bold||||||||&#8221; text_text_color=&#8221;#ffffff&#8221; text_font_size=&#8221;16px&#8221; header_text_color=&#8221;#ffffff&#8221; text_orientation=&#8221;center&#8221; _i=&#8221;0&#8243; _address=&#8221;20.2.0.0&#8243;]<\/p>\n<p><a id=\"muestra_mas_blanco\" href=\"https:\/\/www.contratosdegalicia.gal\/licitacion?OP=50&amp;N=190454&amp;lang=gl\" target=\"_blank\" rel=\"noopener noreferrer\">M\u00e1is informaci\u00f3n<\/a><\/p>\n<p>[\/et_pb_text][\/et_pb_column][\/et_pb_row][\/et_pb_section]<\/p>\n","protected":false},"excerpt":{"rendered":"<p>Programa de Soluci\u00f3nsO programa de soluci\u00f3ns da Civil UAVs Initiative incl\u00fae diferentes proxectos que, mediante o uso de veh\u00edculos non tripulados, dan resposta a unha serie de retos tecnol\u00f3xicos identificados dende a Xunta de Galicia co obxectivo de mellorar a prestaci\u00f3n dos servizos p\u00fablicos e a calidade de vida dos cidad\u00e1ns. Integra dez licitaci\u00f3ns de [&hellip;]<\/p>\n","protected":false},"author":3,"featured_media":0,"parent":35339,"menu_order":0,"comment_status":"closed","ping_status":"closed","template":"","meta":{"_et_pb_use_builder":"on","_et_pb_old_content":"<p>[et_pb_section fb_built=\"1\" _builder_version=\"3.29.3\" custom_margin=\"0px|0px|0px|0px|false|false\" custom_padding=\"0px|0px|0px|0px|false|false\" fb_built=\"1\" _i=\"0\" _address=\"0\" top_divider_height__hover_enabled=\"off|desktop\"][et_pb_row column_structure=\"1_2,1_2\" make_equal=\"on\" module_class=\"z-index-0\" _builder_version=\"3.29.3\" min_height=\"359px\" custom_margin=\"1px|auto|-1px|auto||\" custom_padding=\"1px||100px|||\" _i=\"0\" _address=\"0.0\"][et_pb_column type=\"1_2\" _builder_version=\"3.29.3\" _i=\"0\" _address=\"0.0.0\"][et_pb_image src=\"https:\/\/www.civiluavsinitiative.com\/wp-content\/uploads\/2019\/11\/img-intro.jpg\" alt=\"El Programa de Soluciones de la Civil UAVs Initiative\" module_class=\"w-100-mob w-img-100-mob\" _builder_version=\"3.29.3\" _i=\"0\" _address=\"0.0.0.0\"][\/et_pb_image][\/et_pb_column][et_pb_column type=\"1_2\" module_class=\"ds-vertical-align\" _builder_version=\"3.29.3\" _i=\"1\" _address=\"0.0.1\"][et_pb_text _builder_version=\"3.29.3\" text_font=\"lubalin bold||||||||\" text_text_color=\"#5ea6e1\" text_font_size=\"22px\" text_letter_spacing=\"1.13px\" text_line_height=\"33.5px\" _i=\"0\" _address=\"0.0.1.0\"]<\/p><h1 class=\"inherit\">Programa de Soluciones<\/h1><p>[\/et_pb_text][et_pb_text _builder_version=\"3.29.3\" text_font=\"gotham narrow book||||||||\" text_font_size=\"18px\" text_line_height=\"27px\" custom_padding=\"|1px||||\" _i=\"1\" _address=\"0.0.1.1\"]<\/p><p>El programa de soluciones de la Civil UAVs Initiative incluye diferentes proyectos que, mediante el uso de veh\u00edculos no tripulados, dan respuesta a una serie de retos tecnol\u00f3gicos identificados desde la Xunta de Galicia con el objetivo de mejorar la prestaci\u00f3n de los servicios p\u00fablicos y la calidad de vida de los ciudadanos.<br \/>Integra diez licitaciones de Compra P\u00fablica de Tecnolog\u00eda Innovadora (CPTI) para desarrollar, en un plazo de dos a\u00f1os, productos y servicios que ya cuentan con cierto grado de madurez tecnol\u00f3gica.<\/p><p>[\/et_pb_text][\/et_pb_column][\/et_pb_row][\/et_pb_section][et_pb_section fb_built=\"1\" _builder_version=\"3.29.3\" background_color=\"#589bdb\" custom_margin=\"0px|0px|0px|0px|false|false\" custom_padding=\"0px|0px|0px|0px|false|false\" fb_built=\"1\" _i=\"1\" _address=\"1\" top_divider_height__hover_enabled=\"off|desktop\"][et_pb_row column_structure=\"1_2,1_2\" make_equal=\"on\" _builder_version=\"3.29.3\" min_height=\"359px\" custom_margin=\"1px|auto|-1px|auto||\" custom_padding=\"53px||50px|||\" _i=\"0\" _address=\"1.0\"][et_pb_column type=\"1_2\" _builder_version=\"3.29.3\" _i=\"0\" _address=\"1.0.0\"][et_pb_text _builder_version=\"3.29.3\" text_font=\"lubalin bold||||||||\" text_text_color=\"#ffffff\" text_font_size=\"47px\" background_image=\"https:\/\/www.civiluavsinitiative.com\/wp-content\/uploads\/2019\/11\/objeto-inteligente-vectorial-1-copia-18-1.png\" background_size=\"initial\" background_position=\"top_left\" min_height=\"166px\" custom_margin=\"||6px|-53px|false|false\" custom_padding=\"80px||0px|85px|false|false\" z_index=\"2\" _i=\"0\" _address=\"1.0.0.0\"]<\/p><div class=\"numero_transparente\">1<\/div><p>[\/et_pb_text][et_pb_image src=\"https:\/\/www.civiluavsinitiative.com\/wp-content\/uploads\/2019\/11\/i-stock-670075718.jpg\" alt=\"Gestor de conjunto de datos georreferenciados obtenidos por UAVs. (TIERRA-1) \" show_bottom_space=\"off\" module_class=\"w-100-mob w-img-100-mob\" _builder_version=\"3.29.3\" custom_margin=\"-121px||||false|false\" _i=\"1\" _address=\"1.0.0.1\"][\/et_pb_image][\/et_pb_column][et_pb_column type=\"1_2\" module_class=\"ds-vertical-align\" _builder_version=\"3.29.3\" _i=\"1\" _address=\"1.0.1\"][et_pb_text content_last_edited=\"on|tablet\" _builder_version=\"3.29.3\" text_font=\"gotham bold||||||||\" text_text_color=\"#ffffff\" text_font_size=\"18px\" text_line_height=\"23px\" custom_margin=\"60px||19px|0px|false|false\" custom_margin_tablet=\"30px|||0px|false|false\" custom_margin_last_edited=\"on|desktop\" custom_padding=\"|0px||0px|false|false\" _i=\"0\" _address=\"1.0.1.0\"]<\/p><p>Gestor de conjunto de datos georreferenciados obtenidos por UAVs (TIERRA-1)<\/p><p>[\/et_pb_text][et_pb_text _builder_version=\"3.29.3\" text_font=\"gotham narrow book||||||||\" text_text_color=\"#e1e1e1\" text_font_size=\"18px\" text_line_height=\"28px\" custom_margin=\"|||0px|false|false\" custom_margin_tablet=\"|||0px|false|false\" custom_margin_last_edited=\"on|tablet\" custom_padding=\"|0px||1px|false|false\" _i=\"1\" _address=\"1.0.1.1\"]<\/p><p>El objeto de este proyecto es el desarrollo de una plataforma que permita la integraci\u00f3n de todos los datos georreferenciados capturados, tanto los obtenidos a partir de sensores transportados por UAVs como los provenientes de otras fuentes, con el fin de que sean accesibles de forma sencilla por los distintos usuarios de aplicaciones de producci\u00f3n de informaci\u00f3n geogr\u00e1fica.<\/p><p>[\/et_pb_text][\/et_pb_column][\/et_pb_row][et_pb_row column_structure=\"1_3,1_3,1_3\" module_class=\"gen_bloques_blancos_fin\" _builder_version=\"3.29.3\" custom_padding=\"0px||60px||false|false\" _i=\"1\" _address=\"1.1\"][et_pb_column type=\"1_3\" _builder_version=\"3.29.3\" _i=\"0\" _address=\"1.1.0\"][et_pb_text _builder_version=\"3.29.3\" text_font=\"gotham narrow bold||||||||\" text_font_size=\"14px\" background_color=\"#ffffff\" custom_padding=\"40px|40px|40px|40px|false|false\" _i=\"0\" _address=\"1.1.0.0\"]<\/p><p>Gesti\u00f3n de un gran volumen de informaci\u00f3n georreferenciada (Geo Big Data) con diferentes formatos, caracter\u00edsticas y fechas.<\/p><p>\u00a0<\/p><p>[\/et_pb_text][\/et_pb_column][et_pb_column type=\"1_3\" _builder_version=\"3.29.3\" _i=\"1\" _address=\"1.1.1\"][et_pb_text _builder_version=\"3.29.3\" text_font=\"gotham narrow bold||||||||\" text_font_size=\"14px\" background_color=\"#ffffff\" custom_margin=\"||||false|false\" custom_padding=\"40px|40px|86px|40px|false|false\" _i=\"0\" _address=\"1.1.1.0\"]<\/p><p>Gesti\u00f3n de informaci\u00f3n del vuelo, condiciones atmosf\u00e9ricas, horario de ejecuci\u00f3n de los trabajos, planificaci\u00f3n de la misi\u00f3n, etc.<\/p><p>[\/et_pb_text][\/et_pb_column][et_pb_column type=\"1_3\" _builder_version=\"3.29.3\" _i=\"2\" _address=\"1.1.2\"][et_pb_text _builder_version=\"3.29.3\" text_font=\"gotham narrow bold||||||||\" text_font_size=\"14px\" background_color=\"#ffffff\" min_height=\"206px\" custom_margin=\"||||false|false\" custom_padding=\"40px|40px|86px|40px|false|false\" _i=\"0\" _address=\"1.1.2.0\"]Dise\u00f1o de metadatos y normalizaci\u00f3n de los procedimientos para la ejecuci\u00f3n de los vuelos, gesti\u00f3n de la informaci\u00f3n de calibraci\u00f3n de los sensores UAVs.[\/et_pb_text][\/et_pb_column][\/et_pb_row][\/et_pb_section][et_pb_section fb_built=\"1\" _builder_version=\"3.29.3\" background_color=\"#4377ac\" custom_margin=\"||-1px|||\" custom_margin_last_edited=\"on|tablet\" custom_padding=\"70px||70px||false|false\" fb_built=\"1\" _i=\"2\" _address=\"2\"][et_pb_row _builder_version=\"3.29.3\" custom_padding=\"1px||0px|||\" _i=\"0\" _address=\"2.0\"][et_pb_column type=\"4_4\" _builder_version=\"3.29.3\" _i=\"0\" _address=\"2.0.0\"][et_pb_text _builder_version=\"3.29.3\" text_font=\"gotham narrow bold||||||||\" text_text_color=\"#ffffff\" text_font_size=\"18px\" text_line_height=\"28px\" text_orientation=\"center\" custom_padding=\"||59px|||\" _i=\"0\" _address=\"2.0.0.0\"][\/et_pb_text][\/et_pb_column][\/et_pb_row][et_pb_row column_structure=\"1_2,1_2\" module_class=\"imblo_darkblue\" _builder_version=\"3.29.3\" min_height=\"253px\" custom_padding=\"1px|||||\" _i=\"1\" _address=\"2.1\"][et_pb_column type=\"1_2\" _builder_version=\"3.29.3\" _i=\"0\" _address=\"2.1.0\"][et_pb_blurb image=\"https:\/\/www.civiluavsinitiative.com\/wp-content\/uploads\/2019\/11\/objeto-inteligente-vectorial-1-copia-18-1.png\" icon_placement=\"left\" content_max_width=\"740px\" _builder_version=\"3.29.3\" body_font=\"gotham narrow book||||||||\" body_text_align=\"left\" body_line_height=\"25px\" background_layout=\"dark\" custom_padding=\"0px|20px|0px||false|false\" _i=\"0\" _address=\"2.1.0.0\"]<\/p><p>Adjudicatario del contrato:<\/p><p>U.T.E. Ingenier\u00eda Insitu S.L. \u2013 Cartogalicia S.L. - Soluciones y proyectos de informaci\u00f3n S.L. (Sixtema).<\/p><p>[\/et_pb_blurb][et_pb_blurb image=\"https:\/\/www.civiluavsinitiative.com\/wp-content\/uploads\/2019\/11\/objeto-inteligente-vectorial-1-copia-18-1.png\" icon_placement=\"left\" content_max_width=\"100%\" _builder_version=\"3.29.3\" body_font=\"gotham narrow book||||||||\" background_layout=\"dark\" _i=\"1\" _address=\"2.1.0.1\"]<\/p><p>Organismo responsable:<\/p><p>Instituto de Estudios del Territorio (IET)<\/p><p>[\/et_pb_blurb][\/et_pb_column][et_pb_column type=\"1_2\" _builder_version=\"3.29.3\" _i=\"1\" _address=\"2.1.1\"][et_pb_blurb image=\"https:\/\/www.civiluavsinitiative.com\/wp-content\/uploads\/2019\/11\/objeto-inteligente-vectorial-1-copia-18-1.png\" icon_placement=\"left\" content_max_width=\"100%\" _builder_version=\"3.29.3\" body_font=\"gotham narrow book||||||||\" background_layout=\"dark\" custom_padding=\"|20px|||false|false\" _i=\"0\" _address=\"2.1.1.0\"]<\/p><p>Importe de adjudicaci\u00f3n:<\/p><p>418.455 \u20ac.<\/p><p>[\/et_pb_blurb][et_pb_blurb image=\"https:\/\/www.civiluavsinitiative.com\/wp-content\/uploads\/2019\/11\/objeto-inteligente-vectorial-1-copia-18-1.png\" icon_placement=\"left\" content_max_width=\"100%\" _builder_version=\"3.29.3\" body_font=\"gotham narrow book||||||||\" background_layout=\"dark\" custom_padding=\"29px|20px|||false|false\" custom_padding_tablet=\"0px||||false|false\" custom_padding_last_edited=\"on|desktop\" _i=\"1\" _address=\"2.1.1.1\"]<\/p><p>Conseller\u00eda:<\/p><p>Conseller\u00eda de Medio Ambiente, Territorio y Vivienda.<\/p><p>[\/et_pb_blurb][\/et_pb_column][\/et_pb_row][et_pb_row _builder_version=\"3.29.3\" custom_padding=\"||0px|||\" _i=\"2\" _address=\"2.2\"][et_pb_column type=\"4_4\" _builder_version=\"3.29.3\" _i=\"0\" _address=\"2.2.0\"][et_pb_text _builder_version=\"3.29.3\" text_font=\"gotham bold||||||||\" text_text_color=\"#ffffff\" text_font_size=\"16px\" header_text_color=\"#ffffff\" text_orientation=\"center\" _i=\"0\" _address=\"2.2.0.0\"]<\/p><p><a id=\"muestra_mas_blanco\" href=\"https:\/\/www.contratosdegalicia.gal\/licitacion?OP=50&N=279165&lang=gl\" target=\"_blank\" rel=\"noopener noreferrer\">M\u00e1s informaci\u00f3n<\/a><\/p><p>[\/et_pb_text][\/et_pb_column][\/et_pb_row][\/et_pb_section][et_pb_section fb_built=\"1\" _builder_version=\"3.29.3\" custom_padding=\"70px||53px||false|false\" fb_built=\"1\" _i=\"3\" _address=\"3\"][et_pb_row column_structure=\"1_2,1_2\" make_equal=\"on\" _builder_version=\"3.29.3\" min_height=\"359px\" custom_margin=\"1px|auto|-1px|auto||\" custom_padding=\"0px||0px|||\" _i=\"0\" _address=\"3.0\"][et_pb_column type=\"1_2\" _builder_version=\"3.29.3\" _i=\"0\" _address=\"3.0.0\"][et_pb_text _builder_version=\"3.29.3\" text_font=\"lubalin bold||||||||\" text_text_color=\"#ffffff\" text_font_size=\"47px\" background_image=\"https:\/\/www.civiluavsinitiative.com\/wp-content\/uploads\/2019\/11\/objeto-inteligente-vectorial-1-copia-19.png\" background_size=\"initial\" background_position=\"top_left\" min_height=\"166px\" custom_margin=\"||6px|-53px|false|false\" custom_padding=\"80px||0px|85px|false|false\" z_index=\"2\" _i=\"0\" _address=\"3.0.0.0\"]<\/p><div class=\"numero_transparente_blue\">2<\/div><p>[\/et_pb_text][et_pb_image src=\"https:\/\/www.civiluavsinitiative.com\/wp-content\/uploads\/2019\/11\/stock-snap-wgv-7-y-34-ylq.jpg\" alt=\"Adquisici\u00f3n, mantenimiento y automatizaci\u00f3n de bases topogr\u00e1ficas y cartogr\u00e1ficas mediante medios a\u00e9reos no tripulados. (TIERRA-2) \" show_bottom_space=\"off\" module_class=\"w-100-mob w-img-100-mob\" _builder_version=\"3.29.3\" custom_margin=\"-121px||||false|false\" _i=\"1\" _address=\"3.0.0.1\"][\/et_pb_image][\/et_pb_column][et_pb_column type=\"1_2\" _builder_version=\"3.29.3\" _i=\"1\" _address=\"3.0.1\"][et_pb_text _builder_version=\"3.29.3\" text_font=\"gotham bold||||||||\" text_text_color=\"#504f51\" text_font_size=\"18px\" text_line_height=\"23px\" custom_margin=\"70px||19px|0px|false|false\" custom_margin_tablet=\"0px||||false|false\" custom_margin_last_edited=\"on|tablet\" custom_padding=\"|0px||0px|false|false\" _i=\"0\" _address=\"3.0.1.0\"]<\/p><p>Adquisici\u00f3n, mantenimiento y automatizaci\u00f3n de bases topogr\u00e1ficas y cartogr\u00e1ficas mediante medios a\u00e9reos no tripulados (TIERRA-2)<\/p><p>[\/et_pb_text][et_pb_text _builder_version=\"3.29.3\" text_font=\"gotham narrow book||||||||\" text_text_color=\"#504f51\" text_font_size=\"18px\" text_line_height=\"28px\" custom_margin=\"|||0px|false|false\" custom_margin_last_edited=\"on|tablet\" custom_padding=\"|0px||1px|false|false\" _i=\"1\" _address=\"3.0.1.1\"]<\/p><p>Se trata de una soluci\u00f3n tecnol\u00f3gica capaz de elaborar y mantener actualizados los planos y mapas de Galicia a partir de capturas de datos realizadas mediante veh\u00edculos no tripulados y otros veh\u00edculos a\u00e9reos n\u00e1uticos y terrestres.<\/p><p>La soluci\u00f3n desarrollada incluir\u00e1 funcionalidades mejoradas o novedosas sobre los sistemas empleados actualmente que permitan, entre otras cosas, la generalizaci\u00f3n cartogr\u00e1fica, la transformaci\u00f3n de formatos, la conversi\u00f3n a modelos de datos, la edici\u00f3n de nubes de puntos LiDAR, la obtenci\u00f3n de modelos digitales del terreno y almacenamiento en bases de datos.<\/p><p>[\/et_pb_text][\/et_pb_column][\/et_pb_row][\/et_pb_section][et_pb_section fb_built=\"1\" _builder_version=\"3.29.3\" background_color=\"#e1e1e1\" custom_margin=\"100px||-1px|||\" custom_padding=\"100px||70px|||\" fb_built=\"1\" _i=\"4\" _address=\"4\"][et_pb_row _builder_version=\"3.29.3\" custom_padding=\"1px||0px|||\" _i=\"0\" _address=\"4.0\"][et_pb_column type=\"4_4\" _builder_version=\"3.29.3\" _i=\"0\" _address=\"4.0.0\"][et_pb_text _builder_version=\"3.29.3\" text_font=\"gotham narrow bold||||||||\" text_text_color=\"#504f51\" text_font_size=\"18px\" text_line_height=\"28px\" text_orientation=\"center\" custom_padding=\"||59px|||\" _i=\"0\" _address=\"4.0.0.0\"][\/et_pb_text][\/et_pb_column][\/et_pb_row][et_pb_row column_structure=\"1_2,1_2\" module_class=\"imblo_darkblue\" _builder_version=\"3.29.3\" min_height=\"253px\" custom_padding=\"1px||0px|||\" _i=\"1\" _address=\"4.1\"][et_pb_column type=\"1_2\" _builder_version=\"3.29.3\" _i=\"0\" _address=\"4.1.0\"][et_pb_blurb image=\"https:\/\/www.civiluavsinitiative.com\/wp-content\/uploads\/2019\/11\/objeto-inteligente-vectorial-1-copia-16.png\" icon_placement=\"left\" content_max_width=\"740px\" _builder_version=\"3.29.3\" body_font=\"gotham narrow book||||||||\" body_text_align=\"left\" body_text_color=\"#504f51\" body_line_height=\"25px\" background_layout=\"dark\" custom_padding=\"0px|20px|0px||false|false\" _i=\"0\" _address=\"4.1.0.0\"]<\/p><p>Adjudicatario del contrato:<\/p><p>U.T.E. Ceres Gesti\u00f3n Sectorial, Services Research & Maping Consulting y Eptisa Tecnolog\u00eda de la informaci\u00f3n.<\/p><p>[\/et_pb_blurb][et_pb_blurb image=\"https:\/\/www.civiluavsinitiative.com\/wp-content\/uploads\/2019\/11\/objeto-inteligente-vectorial-1-copia-16.png\" icon_placement=\"left\" content_max_width=\"740px\" _builder_version=\"3.29.3\" body_font=\"gotham narrow book||||||||\" body_text_align=\"left\" body_text_color=\"#504f51\" body_line_height=\"25px\" background_layout=\"dark\" custom_padding=\"0px|20px|0px||false|false\" _i=\"1\" _address=\"4.1.0.1\"]<\/p><p>Organismo responsable:<\/p><p>Instituto de Estudios del Territorio (IET)<\/p><p>[\/et_pb_blurb][\/et_pb_column][et_pb_column type=\"1_2\" _builder_version=\"3.29.3\" _i=\"1\" _address=\"4.1.1\"][et_pb_blurb image=\"https:\/\/www.civiluavsinitiative.com\/wp-content\/uploads\/2019\/11\/objeto-inteligente-vectorial-1-copia-16.png\" icon_placement=\"left\" content_max_width=\"740px\" _builder_version=\"3.29.3\" body_font=\"gotham narrow book||||||||\" body_text_align=\"left\" body_text_color=\"#504f51\" body_line_height=\"25px\" background_layout=\"dark\" custom_padding=\"0px|20px|0px||false|false\" _i=\"0\" _address=\"4.1.1.0\"]<\/p><p>Importe de adjudicaci\u00f3n:<\/p><p>1.397.997 \u20ac<\/p><p>[\/et_pb_blurb][et_pb_blurb image=\"https:\/\/www.civiluavsinitiative.com\/wp-content\/uploads\/2019\/11\/objeto-inteligente-vectorial-1-copia-16.png\" icon_placement=\"left\" content_max_width=\"740px\" _builder_version=\"3.29.3\" body_font=\"gotham narrow book||||||||\" body_text_align=\"left\" body_text_color=\"#504f51\" body_line_height=\"25px\" background_layout=\"dark\" custom_padding=\"25px|20px|0px||false|false\" custom_padding_tablet=\"0px||||false|false\" custom_padding_last_edited=\"on|desktop\" _i=\"1\" _address=\"4.1.1.1\"]<\/p><p>Conseller\u00eda:<\/p><p>Conseller\u00eda de Medio Ambiente, Territorio y Vivienda.<\/p><p>[\/et_pb_blurb][\/et_pb_column][\/et_pb_row][et_pb_row _builder_version=\"3.29.3\" custom_padding=\"||0px|||\" _i=\"2\" _address=\"4.2\"][et_pb_column type=\"4_4\" _builder_version=\"3.29.3\" _i=\"0\" _address=\"4.2.0\"][et_pb_text _builder_version=\"3.29.3\" text_font=\"|700|||||||\" text_text_color=\"#589bdb\" text_font_size=\"16px\" header_text_color=\"#ffffff\" text_orientation=\"center\" _i=\"0\" _address=\"4.2.0.0\"]<\/p><p><a id=\"muestra_mas\" href=\"https:\/\/www.contratosdegalicia.gal\/licitacion?OP=50&N=194680&lang=gl\" target=\"_blank\" rel=\"noopener noreferrer\">M\u00e1s informaci\u00f3n<\/a><\/p><p>[\/et_pb_text][\/et_pb_column][\/et_pb_row][\/et_pb_section][et_pb_section fb_built=\"1\" _builder_version=\"3.29.3\" background_color=\"#589bdb\" min_height=\"521px\" custom_margin=\"0px|0px|0px|0px|false|false\" custom_padding=\"0px|0px|100px|0px|false|false\" fb_built=\"1\" _i=\"5\" _address=\"5\" top_divider_height__hover_enabled=\"off|desktop\"][et_pb_row column_structure=\"1_2,1_2\" make_equal=\"on\" _builder_version=\"3.29.3\" min_height=\"359px\" custom_margin=\"1px|auto|-1px|auto||\" custom_padding=\"53px||50px|||\" _i=\"0\" _address=\"5.0\"][et_pb_column type=\"1_2\" _builder_version=\"3.29.3\" _i=\"0\" _address=\"5.0.0\"][et_pb_text _builder_version=\"3.29.3\" text_font=\"lubalin bold||||||||\" text_text_color=\"#ffffff\" text_font_size=\"47px\" background_image=\"https:\/\/www.civiluavsinitiative.com\/wp-content\/uploads\/2019\/11\/objeto-inteligente-vectorial-1-copia-18-1.png\" background_size=\"initial\" background_position=\"top_left\" min_height=\"166px\" custom_margin=\"||6px|-53px|false|false\" custom_padding=\"80px||0px|85px|false|false\" z_index=\"2\" _i=\"0\" _address=\"5.0.0.0\"]<\/p><div class=\"numero_transparente\">3<\/div><p>[\/et_pb_text][et_pb_image src=\"https:\/\/www.civiluavsinitiative.com\/wp-content\/uploads\/2019\/11\/imagenes-cui-12-11-01-1.jpg\" alt=\"Seguimiento de las din\u00e1micas de ocupaci\u00f3n del suelo y ayuda a la planificaci\u00f3n territorial mediante el uso de veh\u00edculos a\u00e9reos no tripulados. (TIERRA-3)\" show_bottom_space=\"off\" module_class=\"w-100-mob w-img-100-mob\" _builder_version=\"3.29.3\" custom_margin=\"-121px||2px||false|false\" custom_padding=\"4px|||||\" _i=\"1\" _address=\"5.0.0.1\"][\/et_pb_image][\/et_pb_column][et_pb_column type=\"1_2\" module_class=\"ds-vertical-align\" _builder_version=\"3.29.3\" _i=\"1\" _address=\"5.0.1\"][et_pb_text _builder_version=\"3.29.3\" text_font=\"gotham bold||||||||\" text_text_color=\"#ffffff\" text_font_size=\"18px\" text_line_height=\"23px\" custom_margin=\"10px||19px|0px|false|false\" custom_margin_last_edited=\"on|tablet\" custom_padding=\"|0px||0px|false|false\" _i=\"0\" _address=\"5.0.1.0\"]<\/p><p>Seguimiento de las din\u00e1micas de ocupaci\u00f3n del suelo y ayuda a la planificaci\u00f3n territorial mediante el uso de veh\u00edculos a\u00e9reos no tripulados (TIERRA-3)<\/p><p>[\/et_pb_text][et_pb_text _builder_version=\"3.29.3\" text_font=\"gotham narrow book||||||||\" text_text_color=\"#e1e1e1\" text_font_size=\"18px\" text_line_height=\"28px\" custom_margin=\"|||0px|false|false\" custom_margin_last_edited=\"on|tablet\" custom_padding=\"|3.4%||1px|false|false\" _i=\"1\" _address=\"5.0.1.1\"]<\/p><p>El objeto de este proyecto es el dise\u00f1o y desarrollo de una soluci\u00f3n que permita la elaboraci\u00f3n de informaci\u00f3n sobre coberturas y usos del suelo, as\u00ed como un conjunto de herramientas de apoyo a la planificaci\u00f3n territorial a partir de los datos capturados por los sensores aerotransportados en UAVs.<\/p><p>Esta aplicaci\u00f3n debe poder integrar diferentes tipos de fuentes de datos y procesarlos para componer bases de datos de ocupaci\u00f3n del suelo, es decir, debe proveer a los t\u00e9cnicos que elaboran la cartograf\u00eda de un conjunto de aplicaciones que permita automatizar la captura de datos y el an\u00e1lisis de la informaci\u00f3n.<\/p><p>[\/et_pb_text][\/et_pb_column][\/et_pb_row][\/et_pb_section][et_pb_section fb_built=\"1\" _builder_version=\"3.29.3\" background_color=\"#4377ac\" custom_margin=\"||-1px|||\" custom_margin_last_edited=\"on|tablet\" custom_padding=\"70px||70px||false|false\" fb_built=\"1\" _i=\"6\" _address=\"6\"][et_pb_row _builder_version=\"3.29.3\" custom_padding=\"1px||0px|||\" _i=\"0\" _address=\"6.0\"][et_pb_column type=\"4_4\" _builder_version=\"3.29.3\" _i=\"0\" _address=\"6.0.0\"][et_pb_text _builder_version=\"3.29.3\" text_font=\"gotham narrow bold||||||||\" text_text_color=\"#ffffff\" text_font_size=\"18px\" text_line_height=\"28px\" text_orientation=\"center\" custom_padding=\"||59px|||\" _i=\"0\" _address=\"6.0.0.0\"][\/et_pb_text][\/et_pb_column][\/et_pb_row][et_pb_row column_structure=\"1_2,1_2\" module_class=\"imblo_darkblue\" _builder_version=\"3.29.3\" min_height=\"253px\" custom_padding=\"1px||0px|||\" _i=\"1\" _address=\"6.1\"][et_pb_column type=\"1_2\" _builder_version=\"3.29.3\" _i=\"0\" _address=\"6.1.0\"][et_pb_blurb image=\"https:\/\/www.civiluavsinitiative.com\/wp-content\/uploads\/2019\/11\/objeto-inteligente-vectorial-1-copia-18-1.png\" icon_placement=\"left\" content_max_width=\"740px\" _builder_version=\"3.29.3\" body_font=\"gotham narrow book||||||||\" body_text_align=\"left\" body_line_height=\"25px\" background_layout=\"dark\" custom_padding=\"0px|20px|0px||false|false\" _i=\"0\" _address=\"6.1.0.0\"]<\/p><p>Adjudicatario del contrato:<\/p><p>U.T.E. Aeromedia, Altia Consultores y Centro de Observaci\u00f3n y Teledetecci\u00f3n Espacial (Cotesa).<\/p><p>[\/et_pb_blurb][et_pb_blurb image=\"https:\/\/www.civiluavsinitiative.com\/wp-content\/uploads\/2019\/11\/objeto-inteligente-vectorial-1-copia-18-1.png\" icon_placement=\"left\" content_max_width=\"100%\" _builder_version=\"3.29.3\" body_font=\"gotham narrow book||||||||\" background_layout=\"dark\" custom_padding=\"|20px|||false|false\" _i=\"1\" _address=\"6.1.0.1\"]<\/p><p>Subcontratas:<\/p><p>Universidad de Santiago de Compostela (Citius) y Universidad de A Coru\u00f1a (Citic)<\/p><p>[\/et_pb_blurb][et_pb_blurb image=\"https:\/\/www.civiluavsinitiative.com\/wp-content\/uploads\/2019\/11\/objeto-inteligente-vectorial-1-copia-18-1.png\" icon_placement=\"left\" content_max_width=\"100%\" _builder_version=\"3.29.3\" body_font=\"gotham narrow book||||||||\" background_layout=\"dark\" _i=\"2\" _address=\"6.1.0.2\"]<\/p><p>Conseller\u00eda:<\/p><p>Conseller\u00eda de Medio Ambiente, Territorio y Vivienda.<\/p><p>[\/et_pb_blurb][\/et_pb_column][et_pb_column type=\"1_2\" _builder_version=\"3.29.3\" _i=\"1\" _address=\"6.1.1\"][et_pb_blurb image=\"https:\/\/www.civiluavsinitiative.com\/wp-content\/uploads\/2019\/11\/objeto-inteligente-vectorial-1-copia-18-1.png\" icon_placement=\"left\" content_max_width=\"100%\" _builder_version=\"3.29.3\" body_font=\"gotham narrow book||||||||\" background_layout=\"dark\" custom_padding=\"|20px|||false|false\" _i=\"0\" _address=\"6.1.1.0\"]<\/p><p>Importe de adjudicaci\u00f3n:<\/p><p>1.245.945 \u20ac<\/p><p>[\/et_pb_blurb][et_pb_blurb image=\"https:\/\/www.civiluavsinitiative.com\/wp-content\/uploads\/2019\/11\/objeto-inteligente-vectorial-1-copia-18-1.png\" icon_placement=\"left\" content_max_width=\"100%\" _builder_version=\"3.29.3\" body_font=\"gotham narrow book||||||||\" background_layout=\"dark\" custom_padding=\"4px|20px|||false|false\" custom_padding_tablet=\"0px||||false|false\" custom_padding_last_edited=\"on|desktop\" _i=\"1\" _address=\"6.1.1.1\"]<\/p><p>Organismo responsable:<\/p><p>Instituto de Estudios del Territorio (IET).<\/p><p>[\/et_pb_blurb][\/et_pb_column][\/et_pb_row][et_pb_row _builder_version=\"3.29.3\" custom_padding=\"||0px|||\" _i=\"2\" _address=\"6.2\"][et_pb_column type=\"4_4\" _builder_version=\"3.29.3\" _i=\"0\" _address=\"6.2.0\"][et_pb_text _builder_version=\"3.29.3\" text_font=\"gotham bold||||||||\" text_text_color=\"#ffffff\" text_font_size=\"16px\" header_text_color=\"#ffffff\" text_orientation=\"center\" _i=\"0\" _address=\"6.2.0.0\"]<\/p><p><a id=\"muestra_mas_blanco\" href=\"https:\/\/www.contratosdegalicia.gal\/licitacion?OP=50&N=194681&lang=gl\" target=\"_blank\" rel=\"noopener noreferrer\">M\u00e1s informaci\u00f3n<\/a><\/p><p>[\/et_pb_text][\/et_pb_column][\/et_pb_row][\/et_pb_section][et_pb_section fb_built=\"1\" _builder_version=\"3.29.3\" custom_padding=\"0px|||||\" fb_built=\"1\" _i=\"7\" _address=\"7\"][et_pb_row column_structure=\"1_2,1_2\" make_equal=\"on\" _builder_version=\"3.29.3\" min_height=\"359px\" custom_margin=\"1px|auto|-1px|auto||\" custom_padding=\"53px||50px|||\" _i=\"0\" _address=\"7.0\"][et_pb_column type=\"1_2\" _builder_version=\"3.29.3\" _i=\"0\" _address=\"7.0.0\"][et_pb_text _builder_version=\"3.29.3\" text_font=\"lubalin bold||||||||\" text_text_color=\"#ffffff\" text_font_size=\"47px\" background_image=\"https:\/\/www.civiluavsinitiative.com\/wp-content\/uploads\/2019\/11\/objeto-inteligente-vectorial-1-copia-19.png\" background_size=\"initial\" background_position=\"top_left\" min_height=\"166px\" custom_margin=\"||6px|-53px|false|false\" custom_padding=\"80px||0px|85px|false|false\" z_index=\"2\" _i=\"0\" _address=\"7.0.0.0\"]<\/p><div class=\"numero_transparente\">4<\/div><p>[\/et_pb_text][et_pb_image src=\"https:\/\/www.civiluavsinitiative.com\/wp-content\/uploads\/2019\/11\/imagenes-cui-12-18-44.jpg\" alt=\"Proyecto Tierra-4: Aplicativos de informaci\u00f3n geogr\u00e1fica para la gesti\u00f3n y control forestal (TIERRA-4).\" show_bottom_space=\"off\" module_class=\"w-100-mob w-img-100-mob\" _builder_version=\"3.29.3\" custom_margin=\"-121px||||false|false\" _i=\"1\" _address=\"7.0.0.1\"][\/et_pb_image][\/et_pb_column][et_pb_column type=\"1_2\" module_class=\"ds-vertical-align\" _builder_version=\"3.29.3\" _i=\"1\" _address=\"7.0.1\"][et_pb_text _builder_version=\"3.29.3\" text_font=\"gotham bold||||||||\" text_text_color=\"#504f51\" text_font_size=\"18px\" text_line_height=\"23px\" custom_margin=\"20px||19px|0px|false|false\" custom_margin_last_edited=\"on|tablet\" custom_padding=\"|0px||0px|false|false\" _i=\"0\" _address=\"7.0.1.0\"]<\/p><p>Soluciones para la gesti\u00f3n y control forestal mediante el uso de UAVs (TIERRA-4)<\/p><p>[\/et_pb_text][et_pb_text _builder_version=\"3.29.3\" text_font=\"gotham narrow book||||||||\" text_text_color=\"#504f51\" text_font_size=\"18px\" text_line_height=\"28px\" custom_margin=\"|||0px|false|false\" custom_margin_last_edited=\"on|tablet\" custom_padding=\"|0px||1px|false|false\" _i=\"1\" _address=\"7.0.1.1\"]<\/p><p>El dise\u00f1o, desarrollo y puesta en marcha de una soluci\u00f3n para la generaci\u00f3n de informaci\u00f3n georreferenciada sobre la masa forestal, la situaci\u00f3n fitosanitaria de los bosques y el uso y caracter\u00edsticas del suelo forestal a partir de datos capturados por sensores aerotransportados en UAVS as\u00ed como por otros veh\u00edculos, a\u00e9reos y terrestres, es el objeto de este proyecto.<\/p><p>[\/et_pb_text][\/et_pb_column][\/et_pb_row][et_pb_row column_structure=\"1_3,1_3,1_3\" make_equal=\"on\" module_class=\"gen_bloques_blancos_ini\" _builder_version=\"3.29.3\" custom_padding=\"0px||0px|||\" _i=\"1\" _address=\"7.1\"][et_pb_column type=\"1_3\" _builder_version=\"3.29.3\" _i=\"0\" _address=\"7.1.0\"][et_pb_text _builder_version=\"3.29.3\" text_font=\"gotham narrow bold||||||||\" text_font_size=\"14px\" background_color=\"#e1e1e1\" custom_padding=\"40px|59px|40px|59px|false|true\" _i=\"0\" _address=\"7.1.0.0\"]<\/p><p>Captura y tratamiento (transformaci\u00f3n, edici\u00f3n, an\u00e1lisis) de datos para el inventario forestal de montes por especie.<\/p><p>\u00a0<\/p><p>[\/et_pb_text][\/et_pb_column][et_pb_column type=\"1_3\" _builder_version=\"3.29.3\" _i=\"1\" _address=\"7.1.1\"][et_pb_text _builder_version=\"3.29.3\" text_font=\"gotham narrow bold||||||||\" text_font_size=\"14px\" background_color=\"#e1e1e1\" custom_padding=\"40px|58px|40px|58px|false|true\" _i=\"0\" _address=\"7.1.1.0\"]<\/p><p>Inspecci\u00f3n y control desde el aire de a las franjas de seguridad anti-incendios, en particular en las zonas de seguridad alrededor de los n\u00facleos urbanos.<\/p><p>[\/et_pb_text][\/et_pb_column][et_pb_column type=\"1_3\" _builder_version=\"3.29.3\" _i=\"2\" _address=\"7.1.2\"][et_pb_text _builder_version=\"3.29.3\" text_font=\"gotham narrow bold||||||||\" text_font_size=\"14px\" background_color=\"#e1e1e1\" custom_padding=\"40px|60px|20px|60px|false|true\" _i=\"0\" _address=\"7.1.2.0\"]<\/p><p>Conocer la situaci\u00f3n fitosanitaria de los bosques gallegos y poder actuar mediante el uso de UAVs sobre las tres plagas que m\u00e1s preocupan al sector forestal gallego: procesionaria, nematodo del pino y defoliador de eucalipto.<\/p><p>[\/et_pb_text][\/et_pb_column][\/et_pb_row][\/et_pb_section][et_pb_section fb_built=\"1\" _builder_version=\"3.29.3\" background_color=\"#e1e1e1\" custom_margin=\"1px||100px|||\" custom_padding=\"100px||0px|||\" fb_built=\"1\" _i=\"8\" _address=\"8\"][et_pb_row _builder_version=\"3.29.3\" custom_padding=\"1px||0px|||\" _i=\"0\" _address=\"8.0\"][et_pb_column type=\"4_4\" _builder_version=\"3.29.3\" _i=\"0\" _address=\"8.0.0\"][et_pb_text _builder_version=\"3.29.3\" text_font=\"gotham narrow bold||||||||\" text_text_color=\"#504f51\" text_font_size=\"18px\" text_line_height=\"28px\" text_orientation=\"center\" custom_padding=\"||59px|||\" _i=\"0\" _address=\"8.0.0.0\"][\/et_pb_text][\/et_pb_column][\/et_pb_row][et_pb_row column_structure=\"1_2,1_2\" module_class=\"imblo_darkblue\" _builder_version=\"3.29.3\" min_height=\"253px\" custom_padding=\"0px||0px||false|false\" _i=\"1\" _address=\"8.1\"][et_pb_column type=\"1_2\" _builder_version=\"3.29.3\" _i=\"0\" _address=\"8.1.0\"][et_pb_blurb image=\"https:\/\/www.civiluavsinitiative.com\/wp-content\/uploads\/2019\/11\/objeto-inteligente-vectorial-1-copia-16.png\" icon_placement=\"left\" content_max_width=\"740px\" _builder_version=\"3.29.3\" body_font=\"gotham narrow book||||||||\" body_text_align=\"left\" body_text_color=\"#504f51\" body_line_height=\"25px\" background_layout=\"dark\" custom_padding=\"0px|20px|0px||false|false\" _i=\"0\" _address=\"8.1.0.0\"]<\/p><p>Adjudicatario del contrato:<\/p><p>U.T.E. Centro Tecnol\u00f3gico, Forestal y de la Madera (CETEMAS), Centro de Observaci\u00f3n y Teledetecci\u00f3n Espacial (COTESA), 3edata y Universidad de Santiago de Compostela -Multiespectral.<\/p><p>[\/et_pb_blurb][et_pb_blurb image=\"https:\/\/www.civiluavsinitiative.com\/wp-content\/uploads\/2019\/11\/objeto-inteligente-vectorial-1-copia-16.png\" icon_placement=\"left\" content_max_width=\"740px\" _builder_version=\"3.29.3\" body_font=\"gotham narrow book||||||||\" body_text_align=\"left\" body_text_color=\"#504f51\" body_line_height=\"25px\" background_layout=\"dark\" custom_padding=\"0px|20px|0px||false|false\" _i=\"1\" _address=\"8.1.0.1\"]<\/p><p>Organismo responsable:<\/p><p>Direcci\u00f3n General de Defensa del Monte y Direcci\u00f3n General de Planificaci\u00f3n y Ordenaci\u00f3n Forestal.<\/p><p>[\/et_pb_blurb][\/et_pb_column][et_pb_column type=\"1_2\" _builder_version=\"3.29.3\" _i=\"1\" _address=\"8.1.1\"][et_pb_blurb image=\"https:\/\/www.civiluavsinitiative.com\/wp-content\/uploads\/2019\/11\/objeto-inteligente-vectorial-1-copia-16.png\" icon_placement=\"left\" content_max_width=\"740px\" _builder_version=\"3.29.3\" body_font=\"gotham narrow book||||||||\" body_text_align=\"left\" body_text_color=\"#504f51\" body_line_height=\"25px\" background_layout=\"dark\" custom_padding=\"0px|20px|0px||false|false\" _i=\"0\" _address=\"8.1.1.0\"]<\/p><p>Importe de adjudicaci\u00f3n:<\/p><p>1.092.095 \u20ac<\/p><p>[\/et_pb_blurb][et_pb_blurb image=\"https:\/\/www.civiluavsinitiative.com\/wp-content\/uploads\/2019\/11\/objeto-inteligente-vectorial-1-copia-16.png\" icon_placement=\"left\" content_max_width=\"740px\" _builder_version=\"3.29.3\" body_font=\"gotham narrow book||||||||\" body_text_align=\"left\" body_text_color=\"#504f51\" body_line_height=\"25px\" background_layout=\"dark\" custom_padding=\"50px|20px|0px||false|false\" custom_padding_tablet=\"0px||||false|false\" custom_padding_last_edited=\"on|desktop\" _i=\"1\" _address=\"8.1.1.1\"]<\/p><p>Conseller\u00eda:<\/p><p>Conseller\u00eda del Medio Rural.<\/p><p>[\/et_pb_blurb][\/et_pb_column][\/et_pb_row][et_pb_row _builder_version=\"3.29.3\" custom_padding=\"||0px|||\" _i=\"2\" _address=\"8.2\"][et_pb_column type=\"4_4\" _builder_version=\"3.29.3\" _i=\"0\" _address=\"8.2.0\"][et_pb_text _builder_version=\"3.29.3\" text_font=\"|700|||||||\" text_text_color=\"#ffffff\" text_font_size=\"16px\" header_font=\"|600|||||||\" header_text_color=\"#ffffff\" text_orientation=\"center\" _i=\"0\" _address=\"8.2.0.0\"]<\/p><p><a id=\"muestra_mas\" href=\"https:\/\/www.contratosdegalicia.gal\/licitacion?OP=50&N=279165&lang=gl\" target=\"_blank\" rel=\"noopener noreferrer\">M\u00e1s informaci\u00f3n<\/a><\/p><p>[\/et_pb_text][\/et_pb_column][\/et_pb_row][et_pb_row _builder_version=\"3.29.3\" custom_padding=\"||0px|||\" _i=\"3\" _address=\"8.3\"][et_pb_column type=\"4_4\" _builder_version=\"3.29.3\" _i=\"0\" _address=\"8.3.0\"][\/et_pb_column][\/et_pb_row][\/et_pb_section][et_pb_section fb_built=\"1\" _builder_version=\"3.29.3\" custom_padding=\"0px|||||\" fb_built=\"1\" _i=\"9\" _address=\"9\"][et_pb_row column_structure=\"1_2,1_2\" make_equal=\"on\" _builder_version=\"3.29.3\" min_height=\"359px\" custom_margin=\"1px|auto|-1px|auto||\" custom_padding=\"53px||50px|||\" _i=\"0\" _address=\"9.0\"][et_pb_column type=\"1_2\" _builder_version=\"3.29.3\" _i=\"0\" _address=\"9.0.0\"][et_pb_text _builder_version=\"3.29.3\" text_font=\"lubalin bold||||||||\" text_text_color=\"#ffffff\" text_font_size=\"47px\" background_image=\"https:\/\/www.civiluavsinitiative.com\/wp-content\/uploads\/2019\/11\/objeto-inteligente-vectorial-1-copia-19.png\" background_size=\"initial\" background_position=\"top_left\" min_height=\"166px\" custom_margin=\"||6px|-53px|false|false\" custom_padding=\"80px||0px|85px|false|false\" z_index=\"2\" _i=\"0\" _address=\"9.0.0.0\"]<\/p><div class=\"numero_transparente\">5<\/div><p>[\/et_pb_text][et_pb_image src=\"https:\/\/www.civiluavsinitiative.com\/wp-content\/uploads\/2019\/11\/imagenes-cui-12-18-06.jpg\" alt=\"Refuerzo de la seguridad mar\u00edtima de la flota pesquera gallega y de las actividades de seguimiento de su actividad mediante el uso de veh\u00edculos a\u00e9reos y marinos no tripulados. (MAR-1).\" show_bottom_space=\"off\" module_class=\"w-100-mob w-img-100-mob\" _builder_version=\"3.29.3\" custom_margin=\"-121px||||false|false\" _i=\"1\" _address=\"9.0.0.1\"][\/et_pb_image][\/et_pb_column][et_pb_column type=\"1_2\" module_class=\"ds-vertical-align\" _builder_version=\"3.29.3\" _i=\"1\" _address=\"9.0.1\"][et_pb_text _builder_version=\"3.29.3\" text_font=\"gotham bold||||||||\" text_text_color=\"#504f51\" text_font_size=\"18px\" text_line_height=\"23px\" custom_margin=\"20px||19px|0px|false|false\" custom_margin_tablet=\"|||0px|false|false\" custom_margin_last_edited=\"on|tablet\" custom_padding=\"|0px||0px|false|false\" _i=\"0\" _address=\"9.0.1.0\"]<\/p><p>Refuerzo de la seguridad mar\u00edtima de la flota pesquera gallega y de las actividades de seguimiento de su actividad mediante el uso de veh\u00edculos a\u00e9reos y marinos no tripulados (MAR-1)<\/p><p>[\/et_pb_text][et_pb_text _builder_version=\"3.29.3\" text_font=\"gotham narrow book||||||||\" text_text_color=\"#504f51\" text_font_size=\"18px\" text_line_height=\"28px\" custom_margin=\"|||0px|false|false\" custom_margin_tablet=\"|||0px|false|false\" custom_margin_last_edited=\"on|tablet\" custom_padding=\"|0px||1px|false|false\" _i=\"1\" _address=\"9.0.1.1\"]<\/p><p>El objeto de este proyecto es el dise\u00f1o, desarrollo y puesta en operaci\u00f3n de una soluci\u00f3n que permita dotar a los organismos de la Administraci\u00f3n gallega de un servicio mejorado que d\u00e9 respuesta, de manera conjunta, a las necesidades de seguridad de la flota y control de la actividad pesquera de Galicia.<\/p><p>[\/et_pb_text][\/et_pb_column][\/et_pb_row][et_pb_row column_structure=\"1_3,1_3,1_3\" make_equal=\"on\" module_class=\"gen_bloques_blancos_ini\" _builder_version=\"3.29.3\" custom_padding=\"0px||0px|||\" _i=\"1\" _address=\"9.1\"][et_pb_column type=\"1_3\" _builder_version=\"3.29.3\" _i=\"0\" _address=\"9.1.0\"][et_pb_text _builder_version=\"3.29.3\" text_font=\"gotham narrow bold||||||||\" text_font_size=\"14px\" background_color=\"#e1e1e1\" custom_padding=\"40px|40px|40px|40px|false|false\" _i=\"0\" _address=\"9.1.0.0\"]<\/p><p>Mejora de la seguridad de la flota mediante un sistema de monitorizaci\u00f3n continua.<\/p><p>[\/et_pb_text][et_pb_text _builder_version=\"3.29.3\" text_font=\"gotham narrow bold||||||||\" text_font_size=\"14px\" background_color=\"#e1e1e1\" custom_padding=\"40px|40px|40px|40px|false|false\" _i=\"1\" _address=\"9.1.0.1\"]<\/p><p>Un sistema de apoyo a la toma de decisiones.<\/p><p>[\/et_pb_text][\/et_pb_column][et_pb_column type=\"1_3\" _builder_version=\"3.29.3\" _i=\"1\" _address=\"9.1.1\"][et_pb_text _builder_version=\"3.29.3\" text_font=\"gotham narrow bold||||||||\" text_font_size=\"14px\" background_color=\"#e1e1e1\" custom_padding=\"40px|40px|40px|40px|false|false\" _i=\"0\" _address=\"9.1.1.0\"]<\/p><p>Una plataforma de integraci\u00f3n y registro de la informaci\u00f3n aportada por el equipo a bordo.<\/p><p>[\/et_pb_text][et_pb_text _builder_version=\"3.29.3\" text_font=\"gotham narrow bold||||||||\" text_font_size=\"14px\" background_color=\"#e1e1e1\" custom_padding=\"40px|40px|40px|40px|false|false\" _i=\"1\" _address=\"9.1.1.1\"]<\/p><p>Un sistema de UAV y\/o USV concebido como un despliegue de veh\u00edculos de alerta temprana.<\/p><p>[\/et_pb_text][\/et_pb_column][et_pb_column type=\"1_3\" _builder_version=\"3.29.3\" _i=\"2\" _address=\"9.1.2\"][et_pb_text _builder_version=\"3.29.3\" text_font=\"gotham narrow bold||||||||\" text_font_size=\"14px\" background_color=\"#e1e1e1\" custom_padding=\"40px|27px|40px|40px|false|false\" _i=\"0\" _address=\"9.1.2.0\"]<\/p><p>Un sistema de procesado y generaci\u00f3n de alertas.<\/p><p>[\/et_pb_text][\/et_pb_column][\/et_pb_row][et_pb_row column_structure=\"1_3,1_3,1_3\" module_class=\"hide_this_row mostrar_mas_gen gen_bloques_blancos_ini\" _builder_version=\"3.29.3\" custom_padding=\"24px||0px|||\" _i=\"2\" _address=\"9.2\"][et_pb_column type=\"1_3\" _builder_version=\"3.29.3\" _i=\"0\" _address=\"9.2.0\"][et_pb_text _builder_version=\"3.29.3\" text_font=\"gotham narrow bold||||||||\" text_font_size=\"14px\" background_color=\"#e1e1e1\" custom_padding=\"40px|40px|40px|40px|false|false\" _i=\"0\" _address=\"9.2.0.0\"]<\/p><p><span style=\"font-weight: 400;\">Un sistema de apoyo a la toma de decisiones.<\/span><\/p><p>[\/et_pb_text][\/et_pb_column][et_pb_column type=\"1_3\" _builder_version=\"3.29.3\" _i=\"1\" _address=\"9.2.1\"][et_pb_text _builder_version=\"3.29.3\" text_font=\"gotham narrow bold||||||||\" text_font_size=\"14px\" background_color=\"#e1e1e1\" custom_padding=\"40px|40px|40px|40px|false|false\" _i=\"0\" _address=\"9.2.1.0\"]<\/p><p><span style=\"font-weight: 400;\">Un sistema de UAV y\/o USV concebido como un despliegue de veh\u00edculos de alerta temprana.\u00a0<\/span><\/p><p>[\/et_pb_text][\/et_pb_column][et_pb_column type=\"1_3\" _builder_version=\"3.29.3\" _i=\"2\" _address=\"9.2.2\"][\/et_pb_column][\/et_pb_row][et_pb_row _builder_version=\"3.29.3\" custom_padding=\"||0px|||\" _i=\"3\" _address=\"9.3\"][et_pb_column type=\"4_4\" _builder_version=\"3.29.3\" _i=\"0\" _address=\"9.3.0\"][\/et_pb_column][\/et_pb_row][\/et_pb_section][et_pb_section fb_built=\"1\" _builder_version=\"3.29.3\" background_color=\"#e1e1e1\" custom_margin=\"-2px||-2px||true|\" custom_margin_last_edited=\"on|tablet\" custom_padding=\"70px||70px||false|false\" fb_built=\"1\" _i=\"10\" _address=\"10\"][et_pb_row _builder_version=\"3.29.3\" custom_padding=\"1px||0px|||\" _i=\"0\" _address=\"10.0\"][et_pb_column type=\"4_4\" _builder_version=\"3.29.3\" _i=\"0\" _address=\"10.0.0\"][et_pb_text _builder_version=\"3.29.3\" text_font=\"gotham narrow bold||||||||\" text_text_color=\"#504f51\" text_font_size=\"18px\" text_line_height=\"28px\" text_orientation=\"center\" custom_padding=\"||59px|||\" _i=\"0\" _address=\"10.0.0.0\"][\/et_pb_text][\/et_pb_column][\/et_pb_row][et_pb_row column_structure=\"1_2,1_2\" module_class=\"imblo_darkblue\" _builder_version=\"3.29.3\" min_height=\"253px\" custom_padding=\"0px||0px||false|false\" _i=\"1\" _address=\"10.1\"][et_pb_column type=\"1_2\" _builder_version=\"3.29.3\" _i=\"0\" _address=\"10.1.0\"][et_pb_blurb image=\"https:\/\/www.civiluavsinitiative.com\/wp-content\/uploads\/2019\/11\/objeto-inteligente-vectorial-1-copia-16.png\" icon_placement=\"left\" content_max_width=\"740px\" _builder_version=\"3.29.3\" body_font=\"gotham narrow book||||||||\" body_text_align=\"left\" body_text_color=\"#504f51\" body_line_height=\"25px\" background_layout=\"dark\" custom_padding=\"0px|20px|0px||false|false\" _i=\"0\" _address=\"10.1.0.0\"]<\/p><p>Adjudicatario del contrato:<\/p><p>U.T.E. Imatia Innovaci\u00f3n, Cartogalicia e Industrias Ferri.<\/p><p>[\/et_pb_blurb][et_pb_blurb image=\"https:\/\/www.civiluavsinitiative.com\/wp-content\/uploads\/2019\/11\/objeto-inteligente-vectorial-1-copia-16.png\" icon_placement=\"left\" content_max_width=\"740px\" _builder_version=\"3.29.3\" body_font=\"gotham narrow book||||||||\" body_text_align=\"left\" body_text_color=\"#504f51\" body_line_height=\"25px\" background_layout=\"dark\" custom_padding=\"0px|20px|0px||false|false\" _i=\"1\" _address=\"10.1.0.1\"]<\/p><p>Subcontratas:<\/p><p>Scio Soft, Fundaci\u00f3n Instituto Tecnol\u00f3gico de Galicia (ITG) Fiber Laminates y Arteixo Telecom.<\/p><p>[\/et_pb_blurb][et_pb_blurb image=\"https:\/\/www.civiluavsinitiative.com\/wp-content\/uploads\/2019\/11\/objeto-inteligente-vectorial-1-copia-16.png\" icon_placement=\"left\" content_max_width=\"740px\" _builder_version=\"3.29.3\" body_font=\"gotham narrow book||||||||\" body_text_align=\"left\" body_text_color=\"#504f51\" body_line_height=\"25px\" background_layout=\"dark\" custom_padding=\"0px|20px|0px||false|false\" _i=\"2\" _address=\"10.1.0.2\"]<\/p><p>Conseller\u00eda:<\/p><p>Conseller\u00eda del Mar.<\/p><p>[\/et_pb_blurb][\/et_pb_column][et_pb_column type=\"1_2\" _builder_version=\"3.29.3\" _i=\"1\" _address=\"10.1.1\"][et_pb_blurb image=\"https:\/\/www.civiluavsinitiative.com\/wp-content\/uploads\/2019\/11\/objeto-inteligente-vectorial-1-copia-16.png\" icon_placement=\"left\" content_max_width=\"740px\" _builder_version=\"3.29.3\" body_font=\"gotham narrow book||||||||\" body_text_align=\"left\" body_text_color=\"#504f51\" body_line_height=\"25px\" background_layout=\"dark\" custom_padding=\"0px|20px|0px||false|false\" _i=\"0\" _address=\"10.1.1.0\"]<\/p><p>Importe de adjudicaci\u00f3n:<\/p><p>1.486.337 \u20ac<\/p><p>[\/et_pb_blurb][et_pb_blurb image=\"https:\/\/www.civiluavsinitiative.com\/wp-content\/uploads\/2019\/11\/objeto-inteligente-vectorial-1-copia-16.png\" icon_placement=\"left\" content_max_width=\"740px\" _builder_version=\"3.29.3\" body_font=\"gotham narrow book||||||||\" body_text_align=\"left\" body_text_color=\"#504f51\" body_line_height=\"25px\" background_layout=\"dark\" custom_padding=\"0px|20px|0px||false|false\" _i=\"1\" _address=\"10.1.1.1\"]<\/p><p>Organismos responsables:<\/p><p>Direcci\u00f3n General de Pesca, Acuicultura e Innovaci\u00f3n Tecnol\u00f3gica, Centro Tecnol\u00f3gico del Mar (CETMAR) y Subdirecci\u00f3n General de Guardacostas de Galicia.<\/p><p>[\/et_pb_blurb][\/et_pb_column][\/et_pb_row][et_pb_row _builder_version=\"3.29.3\" custom_padding=\"||0px|||\" _i=\"2\" _address=\"10.2\"][et_pb_column type=\"4_4\" _builder_version=\"3.29.3\" _i=\"0\" _address=\"10.2.0\"][et_pb_text _builder_version=\"3.29.3\" text_font=\"|700|||||||\" text_text_color=\"#589bdb\" text_font_size=\"16px\" text_orientation=\"center\" _i=\"0\" _address=\"10.2.0.0\"]<\/p><p><a id=\"muestra_mas\" href=\"https:\/\/www.contratosdegalicia.gal\/licitacion?OP=50&N=194434&lang=gl\" target=\"_blank\" rel=\"noopener noreferrer\">M\u00e1s informaci\u00f3n<\/a><\/p><p>[\/et_pb_text][\/et_pb_column][\/et_pb_row][\/et_pb_section][et_pb_section fb_built=\"1\" _builder_version=\"3.29.3\" background_color=\"#589bdb\" custom_margin=\"0px|0px|0px|0px|false|false\" custom_padding=\"0px|0px|100px|0px|false|false\" fb_built=\"1\" _i=\"11\" _address=\"11\" top_divider_height__hover_enabled=\"off|desktop\"][et_pb_row column_structure=\"1_2,1_2\" make_equal=\"on\" _builder_version=\"3.29.3\" min_height=\"359px\" custom_margin=\"1px|auto|-1px|auto||\" custom_padding=\"53px||50px|||\" _i=\"0\" _address=\"11.0\"][et_pb_column type=\"1_2\" _builder_version=\"3.29.3\" _i=\"0\" _address=\"11.0.0\"][et_pb_text _builder_version=\"3.29.3\" text_font=\"lubalin bold||||||||\" text_text_color=\"#ffffff\" text_font_size=\"47px\" background_image=\"https:\/\/www.civiluavsinitiative.com\/wp-content\/uploads\/2019\/11\/objeto-inteligente-vectorial-1-copia-18-1.png\" background_size=\"initial\" background_position=\"top_left\" min_height=\"166px\" custom_margin=\"||6px|-53px|false|false\" custom_padding=\"80px||0px|85px|false|false\" z_index=\"2\" _i=\"0\" _address=\"11.0.0.0\"]<\/p><div class=\"numero_transparente\">6<\/div><p>[\/et_pb_text][et_pb_image src=\"https:\/\/www.civiluavsinitiative.com\/wp-content\/uploads\/2019\/11\/imagenes-cui-12-08-54.jpg\" alt=\"Automatizaci\u00f3n de muestreos oceanogr\u00e1ficos mediante veh\u00edculos no tripulados. (MAR-2).\" show_bottom_space=\"off\" module_class=\"w-100-mob w-img-100-mob\" _builder_version=\"3.29.3\" custom_margin=\"-121px||||false|false\" _i=\"1\" _address=\"11.0.0.1\"][\/et_pb_image][\/et_pb_column][et_pb_column type=\"1_2\" module_class=\"ds-vertical-align\" _builder_version=\"3.29.3\" _i=\"1\" _address=\"11.0.1\"][et_pb_text _builder_version=\"3.29.3\" text_font=\"gotham bold||||||||\" text_text_color=\"#ffffff\" text_font_size=\"18px\" text_line_height=\"23px\" custom_margin=\"30px||19px|0px|false|false\" custom_margin_tablet=\"0px||||false|false\" custom_margin_last_edited=\"on|tablet\" custom_padding=\"|0px||0px|false|false\" _i=\"0\" _address=\"11.0.1.0\"]<\/p><p>Servicio de automatizaci\u00f3n de muestreos oceanogr\u00e1ficos mediante veh\u00edculos no tripulados (MAR-2)<\/p><p>[\/et_pb_text][et_pb_text _builder_version=\"3.29.3\" text_font=\"gotham narrow book||||||||\" text_text_color=\"#e1e1e1\" text_font_size=\"18px\" text_line_height=\"28px\" custom_margin=\"|||0px|false|false\" custom_margin_last_edited=\"on|tablet\" custom_padding=\"|0px||1px|false|false\" _i=\"1\" _address=\"11.0.1.1\"]<\/p><p>El dise\u00f1o, desarrollo y puesta en marcha de una soluci\u00f3n tecnol\u00f3gica que permita dotar a los organismos de la Administraci\u00f3n gallega responsables del control de las distintas masas de agua de un servicio mejorado de muestreo y recogida de datos basado en las nuevas tecnolog\u00edas y en el uso de veh\u00edculos aut\u00f3nomos a\u00e9reos y acu\u00e1ticos es el objetivo de este proyecto.<\/p><p>La monitorizaci\u00f3n y control permanente de las condiciones y calidad de las aguas es de especial relevancia y afecta a entornos econ\u00f3micos fundamentales para la econom\u00eda gallega: pesca, marisqueo y acuicultura, salud p\u00fablica y turismo (calidad de las aguas para el ba\u00f1o, gesti\u00f3n de la proliferaci\u00f3n de cianobacterias en los embalses), medioambiente (vertidos), entre otros; siendo especialmente necesario para las aguas mar\u00edtimas, debido a la important\u00edsima actividad socioecon\u00f3mica que implica en nuestra comunidad.<br \/>Este proyecto cuenta con la implicaci\u00f3n de cuatro departamentos de la Xunta de Galicia y constituye un ejemplo de coordinaci\u00f3n interdepartamental en beneficio de la ciudadan\u00eda.<\/p><p>[\/et_pb_text][\/et_pb_column][\/et_pb_row][et_pb_row column_structure=\"1_3,1_3,1_3\" module_class=\"gen_bloques_blancos_fin\" _builder_version=\"3.29.3\" custom_padding=\"0px||0px|||\" _i=\"1\" _address=\"11.1\"][et_pb_column type=\"1_3\" _builder_version=\"3.29.3\" _i=\"0\" _address=\"11.1.0\"][et_pb_text _builder_version=\"3.29.3\" text_font=\"gotham narrow bold||||||||\" text_font_size=\"14px\" background_color=\"#ffffff\" custom_padding=\"40px|40px|40px|40px|false|false\" _i=\"0\" _address=\"11.1.0.0\"]<\/p><p><b>M\u00e1s econ\u00f3mico<\/b> (permitir\u00e1 un abaratamiento significativo de los costes de los actuales programas de control y monitorizaci\u00f3n de la calidad de las aguas).<\/p><p>[\/et_pb_text][\/et_pb_column][et_pb_column type=\"1_3\" _builder_version=\"3.29.3\" _i=\"1\" _address=\"11.1.1\"][et_pb_text _builder_version=\"3.29.3\" text_font=\"gotham narrow bold||||||||\" text_font_size=\"14px\" background_color=\"#ffffff\" custom_padding=\"40px|40px|40px|40px|false|false\" _i=\"0\" _address=\"11.1.1.0\"]<\/p><p><b>M\u00e1s intensivo<\/b><span style=\"font-weight: 400;\"> (posibilita una mayor periodicidad en la recogida de datos).<\/span><\/p><p>[\/et_pb_text][\/et_pb_column][et_pb_column type=\"1_3\" _builder_version=\"3.29.3\" _i=\"2\" _address=\"11.1.2\"][et_pb_text _builder_version=\"3.29.3\" text_font=\"gotham narrow bold||||||||\" text_font_size=\"14px\" background_color=\"#ffffff\" custom_padding=\"40px|40px|40px|40px|false|false\" _i=\"0\" _address=\"11.1.2.0\"]<\/p><p><b>M\u00e1s eficaz<\/b><span style=\"font-weight: 400;\"> (capacidad para operar en condiciones meteorol\u00f3gicas adversas).<\/span><\/p><p>[\/et_pb_text][\/et_pb_column][\/et_pb_row][\/et_pb_section][et_pb_section fb_built=\"1\" _builder_version=\"3.29.3\" background_color=\"#4377ac\" custom_margin=\"||-1px|||\" custom_margin_last_edited=\"on|tablet\" custom_padding=\"70px||70px||false|false\" fb_built=\"1\" _i=\"12\" _address=\"12\"][et_pb_row _builder_version=\"3.29.3\" custom_padding=\"1px||0px|||\" _i=\"0\" _address=\"12.0\"][et_pb_column type=\"4_4\" _builder_version=\"3.29.3\" _i=\"0\" _address=\"12.0.0\"][et_pb_text _builder_version=\"3.29.3\" text_font=\"gotham narrow bold||||||||\" text_text_color=\"#ffffff\" text_font_size=\"18px\" text_line_height=\"28px\" text_orientation=\"center\" custom_padding=\"||59px|||\" _i=\"0\" _address=\"12.0.0.0\"][\/et_pb_text][\/et_pb_column][\/et_pb_row][et_pb_row column_structure=\"1_2,1_2\" module_class=\"imblo_darkblue\" _builder_version=\"3.29.3\" min_height=\"253px\" custom_padding=\"1px||0px|||\" _i=\"1\" _address=\"12.1\"][et_pb_column type=\"1_2\" _builder_version=\"3.29.3\" _i=\"0\" _address=\"12.1.0\"][et_pb_blurb image=\"https:\/\/www.civiluavsinitiative.com\/wp-content\/uploads\/2019\/11\/objeto-inteligente-vectorial-1-copia-18-1.png\" icon_placement=\"left\" content_max_width=\"740px\" _builder_version=\"3.29.3\" body_font=\"gotham narrow book||||||||\" body_text_align=\"left\" body_line_height=\"25px\" background_layout=\"dark\" custom_padding=\"0px|20px|0px||false|false\" _i=\"0\" _address=\"12.1.0.0\"]<\/p><p><span style=\"font-weight: 400;\">Adjudicatario del contrato:<\/span><\/p><p><span style=\"font-weight: 400;\">U.T.E. Indra, Adantia y Sixtema, Soluciones y Proyectos de Informaci\u00f3n.<\/span><\/p><p>[\/et_pb_blurb][et_pb_blurb image=\"https:\/\/www.civiluavsinitiative.com\/wp-content\/uploads\/2019\/11\/objeto-inteligente-vectorial-1-copia-18-1.png\" icon_placement=\"left\" content_max_width=\"100%\" _builder_version=\"3.29.3\" body_font=\"gotham narrow book||||||||\" background_layout=\"dark\" custom_padding=\"|20px|||false|false\" _i=\"1\" _address=\"12.1.0.1\"]<\/p><p><span style=\"font-weight: 400;\">Subcontratas:<\/span><\/p><p><span style=\"font-weight: 400;\">Investigaci\u00f3n y Proyectos Medio Ambiente (IPROMA), Seadrone\/Acubens y Aimen Centro Tecnol\u00f3gico.<\/span><\/p><p>[\/et_pb_blurb][et_pb_blurb image=\"https:\/\/www.civiluavsinitiative.com\/wp-content\/uploads\/2019\/11\/objeto-inteligente-vectorial-1-copia-18-1.png\" icon_placement=\"left\" content_max_width=\"100%\" _builder_version=\"3.29.3\" body_font=\"gotham narrow book||||||||\" background_layout=\"dark\" _i=\"2\" _address=\"12.1.0.2\"]<\/p><p><span style=\"font-weight: 400;\">Conseller\u00edas:<\/span><\/p><p><span style=\"font-weight: 400;\">Conseller\u00eda de Medio Ambiente, Territorio y Vivienda, Conseller\u00eda de Infraestructuras y Movilidad y Conseller\u00eda del Mar.<\/span><\/p><p>\u00a0<\/p><p>[\/et_pb_blurb][\/et_pb_column][et_pb_column type=\"1_2\" _builder_version=\"3.29.3\" _i=\"1\" _address=\"12.1.1\"][et_pb_blurb image=\"https:\/\/www.civiluavsinitiative.com\/wp-content\/uploads\/2019\/11\/objeto-inteligente-vectorial-1-copia-18-1.png\" icon_placement=\"left\" content_max_width=\"100%\" _builder_version=\"3.29.3\" body_font=\"gotham narrow book||||||||\" background_layout=\"dark\" custom_padding=\"|20px|||false|false\" _i=\"0\" _address=\"12.1.1.0\"]<\/p><p><span style=\"font-weight: 400;\">Importe de adjudicaci\u00f3n:<\/span><\/p><p><span style=\"font-weight: 400;\">2.450.000 \u20ac<\/span><\/p><p>[\/et_pb_blurb][et_pb_blurb image=\"https:\/\/www.civiluavsinitiative.com\/wp-content\/uploads\/2019\/11\/objeto-inteligente-vectorial-1-copia-18-1.png\" icon_placement=\"left\" content_max_width=\"100%\" _builder_version=\"3.29.3\" body_font=\"gotham narrow book||||||||\" background_layout=\"dark\" custom_padding=\"|20px|||false|false\" _i=\"1\" _address=\"12.1.1.1\"]<\/p><p><span style=\"font-weight: 400;\">Organismos responsables:<\/span><\/p><p><span style=\"font-weight: 400;\">Instituto Tecnol\u00f3gico para el Control del Medio Marino (INTECMAR),\u00a0 Augas de Galicia y la Direcci\u00f3n General de Calidad Ambiental y Cambio Clim\u00e1tico.<\/span><\/p><p>[\/et_pb_blurb][\/et_pb_column][\/et_pb_row][et_pb_row _builder_version=\"3.29.3\" custom_padding=\"||0px|||\" _i=\"2\" _address=\"12.2\"][et_pb_column type=\"4_4\" _builder_version=\"3.29.3\" _i=\"0\" _address=\"12.2.0\"][et_pb_text _builder_version=\"3.29.3\" text_font=\"gotham bold||||||||\" text_text_color=\"#ffffff\" text_font_size=\"16px\" header_text_color=\"#ffffff\" text_orientation=\"center\" _i=\"0\" _address=\"12.2.0.0\"]<\/p><p><a id=\"muestra_mas_blanco\" href=\"https:\/\/www.contratosdegalicia.gal\/licitacion?OP=50&N=194435&lang=gl\" target=\"_blank\" rel=\"noopener noreferrer\">M\u00e1s informaci\u00f3n<\/a><\/p><p>[\/et_pb_text][\/et_pb_column][\/et_pb_row][\/et_pb_section][et_pb_section fb_built=\"1\" _builder_version=\"3.29.3\" background_color=\"#589bdb\" custom_margin=\"0px|0px|0px|0px|false|false\" custom_padding=\"0px|0px|100px|0px|false|false\" fb_built=\"1\" _i=\"13\" _address=\"13\" top_divider_height__hover_enabled=\"off|desktop\"][et_pb_row column_structure=\"1_2,1_2\" make_equal=\"on\" _builder_version=\"3.29.3\" min_height=\"359px\" custom_margin=\"1px|auto|-1px|auto||\" custom_padding=\"53px||50px|||\" _i=\"0\" _address=\"13.0\"][et_pb_column type=\"1_2\" _builder_version=\"3.29.3\" _i=\"0\" _address=\"13.0.0\"][et_pb_text _builder_version=\"3.29.3\" text_font=\"lubalin bold||||||||\" text_text_color=\"#ffffff\" text_font_size=\"47px\" background_image=\"https:\/\/www.civiluavsinitiative.com\/wp-content\/uploads\/2019\/11\/objeto-inteligente-vectorial-1-copia-18-1.png\" background_size=\"initial\" background_position=\"top_left\" min_height=\"166px\" custom_margin=\"||6px|-53px|false|false\" custom_padding=\"80px||0px|85px|false|false\" z_index=\"2\" _i=\"0\" _address=\"13.0.0.0\"]<\/p><div class=\"numero_transparente\">7<\/div><p>[\/et_pb_text][et_pb_image src=\"https:\/\/www.civiluavsinitiative.com\/wp-content\/uploads\/2020\/03\/jakobsweg-747482_1280.jpg\" alt=\"Otras licitaciones (AMTEGA)\" show_bottom_space=\"off\" module_class=\"w-100-mob w-img-100-mob\" _builder_version=\"3.29.3\" custom_margin=\"-121px||||false|false\" _i=\"1\" _address=\"13.0.0.1\"][\/et_pb_image][\/et_pb_column][et_pb_column type=\"1_2\" module_class=\"ds-vertical-align\" _builder_version=\"3.29.3\" _i=\"1\" _address=\"13.0.1\"][et_pb_text _builder_version=\"3.29.3\" text_font=\"gotham bold||||||||\" text_text_color=\"#ffffff\" text_font_size=\"18px\" text_line_height=\"23px\" custom_margin=\"20px||19px|0px|false|false\" custom_margin_last_edited=\"on|tablet\" custom_padding=\"|0px||0px|false|false\" _i=\"0\" _address=\"13.0.1.0\"]<\/p><p><b>Servicio de cardioprotecci\u00f3n en un tramo del Camino de Santiago mediante veh\u00edculos a\u00e9reos no tripulados interconectados con el 061<\/b><\/p><p>[\/et_pb_text][et_pb_text _builder_version=\"3.29.3\" text_font=\"gotham narrow book||||||||\" text_text_color=\"#e1e1e1\" text_font_size=\"18px\" text_line_height=\"28px\" custom_margin=\"|||0px|false|false\" custom_margin_last_edited=\"on|tablet\" custom_padding=\"|0px||1px|false|false\" _i=\"1\" _address=\"13.0.1.1\"]<\/p><p><span style=\"font-weight: 400;\">Este proyecto contempla la creaci\u00f3n de un servicio integral de cardioprotecci\u00f3n en un tramo del Camino de Santiago mediante veh\u00edculos a\u00e9reos no tripulados (UAVs) interconectados con el 061.<\/span><\/p><p><span style=\"font-weight: 400;\">La necesidad de esta soluci\u00f3n deriva de la responsabilidad encomendada a los servicios sanitarios de la Xunta de Galicia de asistir cualquier tipo de emergencia sanitaria que suceda en la comunidad. El empleo de veh\u00edculos no tripulados permitir\u00e1 una respuesta r\u00e1pida, en lugares de dif\u00edcil acceso, ante una patolog\u00eda tiempo-dependiente de car\u00e1cter muy frecuente, como es el caso de una parada cardiorrespiratoria (PCR).<\/span><\/p><p><span style=\"font-weight: 400;\">Esta iniciativa convierte a Galicia en pionera a nivel nacional y europeo, con un sistema que permitir\u00e1 mejorar los tiempos de asistencia a los peregrinos que sufran una parada cardiorrespiratoria.<\/span><\/p><p>[\/et_pb_text][\/et_pb_column][\/et_pb_row][et_pb_row column_structure=\"1_3,1_3,1_3\" module_class=\"gen_bloques_blancos_fin\" _builder_version=\"3.29.3\" custom_padding=\"0px||0px|||\" _i=\"1\" _address=\"13.1\"][et_pb_column type=\"1_3\" _builder_version=\"3.29.3\" _i=\"0\" _address=\"13.1.0\"][et_pb_text _builder_version=\"3.29.3\" text_font=\"gotham narrow bold||||||||\" text_font_size=\"14px\" background_color=\"#ffffff\" custom_padding=\"40px|40px|40px|40px|false|false\" _i=\"0\" _address=\"13.1.0.0\"]<\/p><p><span style=\"font-weight: 400;\">Se desarrollar\u00e1 un sistema integrado con la Central del 061 que, en llamadas al servicio con sospechas de parada cardiorrespiratoria, facilitar\u00e1 asistencia sanitaria urgente mediante el env\u00edo precoz de un electrocardi\u00f3grafo y un desfibrilador, utilizando UAVs.<\/span><\/p><p>\u00a0<\/p><p>[\/et_pb_text][\/et_pb_column][et_pb_column type=\"1_3\" _builder_version=\"3.29.3\" _i=\"1\" _address=\"13.1.1\"][et_pb_text _builder_version=\"3.29.3\" text_font=\"gotham narrow bold||||||||\" text_font_size=\"14px\" background_color=\"#ffffff\" custom_padding=\"40px|40px|71px|40px|false|false\" _i=\"0\" _address=\"13.1.1.0\"]<\/p><p><span style=\"font-weight: 400;\">Los desfibriladores son de uso f\u00e1cil y la persona que acompa\u00f1e al paciente ser\u00e1 guiada en todo momento por un m\u00e9dico o ATS-auxiliar de enfermer\u00eda desde la Central de Coordinaci\u00f3n del 061.<\/span><\/p><p>[\/et_pb_text][\/et_pb_column][et_pb_column type=\"1_3\" _builder_version=\"3.29.3\" _i=\"2\" _address=\"13.1.2\"][et_pb_text _builder_version=\"3.29.3\" text_font=\"gotham narrow bold||||||||\" text_font_size=\"14px\" background_color=\"#ffffff\" custom_padding=\"40px|40px|47px|40px|false|false\" _i=\"0\" _address=\"13.1.2.0\"]<\/p><p><span style=\"font-weight: 400;\">Esta asistencia inicial se complementar\u00e1 con la intervenci\u00f3n protocolizada habitual en este tipo de patolog\u00edas.<\/span><\/p><p>\u00a0<\/p><p>[\/et_pb_text][\/et_pb_column][\/et_pb_row][\/et_pb_section][et_pb_section fb_built=\"1\" _builder_version=\"3.29.3\" background_color=\"#e1e1e1\" fb_built=\"1\" _i=\"14\" _address=\"14\"][et_pb_row _builder_version=\"3.29.3\" custom_padding=\"1px||0px|||\" _i=\"0\" _address=\"14.0\"][et_pb_column type=\"4_4\" _builder_version=\"3.29.3\" _i=\"0\" _address=\"14.0.0\"][et_pb_text _builder_version=\"3.29.3\" text_font=\"gotham narrow bold||||||||\" text_text_color=\"#504f51\" text_font_size=\"18px\" text_line_height=\"28px\" text_orientation=\"center\" custom_padding=\"||59px|||\" _i=\"0\" _address=\"14.0.0.0\"][\/et_pb_text][\/et_pb_column][\/et_pb_row][et_pb_row column_structure=\"1_2,1_2\" module_class=\"imblo_darkblue\" _builder_version=\"3.29.3\" background_color=\"#e1e1e1\" min_height=\"253px\" custom_padding=\"0px||0px||false|false\" _i=\"1\" _address=\"14.1\"][et_pb_column type=\"1_2\" _builder_version=\"3.29.3\" _i=\"0\" _address=\"14.1.0\"][et_pb_blurb image=\"https:\/\/www.civiluavsinitiative.com\/wp-content\/uploads\/2019\/11\/objeto-inteligente-vectorial-1-copia-16.png\" icon_placement=\"left\" content_max_width=\"740px\" _builder_version=\"3.29.3\" body_font=\"gotham narrow book||||||||\" body_text_align=\"left\" body_text_color=\"#504f51\" body_line_height=\"25px\" background_layout=\"dark\" custom_padding=\"0px|20px|0px||false|false\" _i=\"0\" _address=\"14.1.0.0\"]<\/p><p>Adjudicatario del contrato:<\/p><p>Babcock Mission Critical Services Fleet Management.<\/p><p>[\/et_pb_blurb][et_pb_blurb image=\"https:\/\/www.civiluavsinitiative.com\/wp-content\/uploads\/2019\/11\/objeto-inteligente-vectorial-1-copia-16.png\" icon_placement=\"left\" content_max_width=\"740px\" _builder_version=\"3.29.3\" body_font=\"gotham narrow book||||||||\" body_text_align=\"left\" body_text_color=\"#504f51\" body_line_height=\"25px\" background_layout=\"dark\" custom_padding=\"0px|20px|0px||false|false\" _i=\"1\" _address=\"14.1.0.1\"]<\/p><p>Subcontratas:<\/p><p><span style=\"font-weight: 400;\">Universidad de Santiago de Compostela (Citius), Coremain, Fundaci\u00f3n Centro Tecnol\u00f3gico de Telecomunicaciones de Galicia (Gradiant), Innovatec, Soldatec y Veoline.<\/span><\/p><p>\u00a0<\/p><p>[\/et_pb_blurb][et_pb_blurb image=\"https:\/\/www.civiluavsinitiative.com\/wp-content\/uploads\/2019\/11\/objeto-inteligente-vectorial-1-copia-16.png\" icon_placement=\"left\" content_max_width=\"740px\" _builder_version=\"3.29.3\" body_font=\"gotham narrow book||||||||\" body_text_align=\"left\" body_text_color=\"#504f51\" body_line_height=\"25px\" background_layout=\"dark\" custom_padding=\"0px|20px|0px||false|false\" _i=\"2\" _address=\"14.1.0.2\"]<\/p><p><span style=\"font-weight: 400;\">Conseller\u00edas:<\/span><\/p><p><span style=\"font-weight: 400;\">Conseller\u00eda de Sanidad y Conseller\u00eda de Cultura y Turismo.<\/span><\/p><p>[\/et_pb_blurb][\/et_pb_column][et_pb_column type=\"1_2\" _builder_version=\"3.29.3\" _i=\"1\" _address=\"14.1.1\"][et_pb_blurb image=\"https:\/\/www.civiluavsinitiative.com\/wp-content\/uploads\/2019\/11\/objeto-inteligente-vectorial-1-copia-16.png\" icon_placement=\"left\" content_max_width=\"740px\" _builder_version=\"3.29.3\" body_font=\"gotham narrow book||||||||\" body_text_align=\"left\" body_text_color=\"#504f51\" body_line_height=\"25px\" background_layout=\"dark\" custom_padding=\"0px|20px|0px||false|false\" _i=\"0\" _address=\"14.1.1.0\"]<\/p><p>Importe de adjudicaci\u00f3n:<\/p><p>922.155,52 \u20ac<\/p><p>[\/et_pb_blurb][et_pb_blurb image=\"https:\/\/www.civiluavsinitiative.com\/wp-content\/uploads\/2019\/11\/objeto-inteligente-vectorial-1-copia-16.png\" icon_placement=\"left\" content_max_width=\"740px\" _builder_version=\"3.29.3\" body_font=\"gotham narrow book||||||||\" body_text_align=\"left\" body_text_color=\"#504f51\" body_line_height=\"25px\" background_layout=\"dark\" custom_padding=\"0px|20px|0px||false|false\" _i=\"1\" _address=\"14.1.1.1\"]<\/p><p><span style=\"font-weight: 400;\">Organismos responsables:<\/span><\/p><p><span style=\"font-weight: 400;\">Direcci\u00f3n de Asistencia Sanitaria del Servizo Galego de Sa\u00fade (SERGAS) y 061 Galicia.<\/span><\/p><p>[\/et_pb_blurb][\/et_pb_column][\/et_pb_row][et_pb_row _builder_version=\"3.29.3\" custom_padding=\"||0px|||\" _i=\"2\" _address=\"14.2\"][et_pb_column type=\"4_4\" _builder_version=\"3.29.3\" _i=\"0\" _address=\"14.2.0\"][et_pb_text _builder_version=\"3.29.3\" text_font=\"|700|||||||\" text_text_color=\"#ffffff\" text_font_size=\"16px\" header_text_color=\"#ffffff\" text_orientation=\"center\" _i=\"0\" _address=\"14.2.0.0\"]<\/p><p><a id=\"muestra_mas\" href=\"https:\/\/www.contratosdegalicia.gal\/licitacion?OP=50&N=585954&lang=gl\" target=\"_blank\" rel=\"noopener noreferrer\">M\u00e1s informaci\u00f3n<\/a><\/p><p>[\/et_pb_text][\/et_pb_column][\/et_pb_row][\/et_pb_section][et_pb_section fb_built=\"1\" _builder_version=\"3.29.3\" background_color=\"#589bdb\" custom_margin=\"0px|0px|0px|0px|false|false\" custom_padding=\"0px|0px|100px|0px|false|false\" fb_built=\"1\" _i=\"15\" _address=\"15\" top_divider_height__hover_enabled=\"off|desktop\"][et_pb_row column_structure=\"1_2,1_2\" make_equal=\"on\" _builder_version=\"3.29.3\" min_height=\"359px\" custom_margin=\"1px|auto|-1px|auto||\" custom_padding=\"53px||50px|||\" _i=\"0\" _address=\"15.0\"][et_pb_column type=\"1_2\" _builder_version=\"3.29.3\" _i=\"0\" _address=\"15.0.0\"][et_pb_text _builder_version=\"3.29.3\" text_font=\"lubalin bold||||||||\" text_text_color=\"#ffffff\" text_font_size=\"47px\" background_image=\"https:\/\/www.civiluavsinitiative.com\/wp-content\/uploads\/2019\/11\/objeto-inteligente-vectorial-1-copia-18-1.png\" background_size=\"initial\" background_position=\"top_left\" min_height=\"166px\" custom_margin=\"||6px|-53px|false|false\" custom_padding=\"80px||0px|85px|false|false\" z_index=\"2\" _i=\"0\" _address=\"15.0.0.0\"]<\/p><div class=\"numero_transparente\">8<\/div><p>[\/et_pb_text][et_pb_image src=\"https:\/\/www.civiluavsinitiative.com\/wp-content\/uploads\/2020\/06\/Noticia4.jpg\" alt=\"Otras licitaciones (AMTEGA)\" show_bottom_space=\"off\" module_class=\"w-100-mob w-img-100-mob\" _builder_version=\"3.29.3\" custom_margin=\"-121px||||false|false\" hover_enabled=\"0\" _i=\"1\" _address=\"15.0.0.1\"][\/et_pb_image][\/et_pb_column][et_pb_column type=\"1_2\" module_class=\"ds-vertical-align\" _builder_version=\"3.29.3\" _i=\"1\" _address=\"15.0.1\"][et_pb_text _builder_version=\"3.29.3\" text_font=\"gotham bold||||||||\" text_text_color=\"#ffffff\" text_font_size=\"18px\" text_line_height=\"23px\" custom_margin=\"20px||19px|0px|false|false\" custom_margin_last_edited=\"on|tablet\" custom_padding=\"|0px||0px|false|false\" _i=\"0\" _address=\"15.0.1.0\"]<\/p><p><span style=\"font-weight: 400;\">Servicio de desarrollo y fase demostraci\u00f3n de\u00a0 un <\/span><b>sistema de gesti\u00f3n de informaci\u00f3n georreferenciada<\/b><span style=\"font-weight: 400;\"> para el control de la actividad agraria en Galicia en el marco del proyecto PRIMARE-Inspecciones Inteligentes Avanzadas.<\/span><\/p><p>[\/et_pb_text][et_pb_text _builder_version=\"3.29.3\" text_font=\"gotham narrow book||||||||\" text_text_color=\"#e1e1e1\" text_font_size=\"18px\" text_line_height=\"28px\" custom_margin=\"|||0px|false|false\" custom_margin_last_edited=\"on|tablet\" custom_padding=\"|0px||1px|false|false\" hover_enabled=\"0\" _i=\"1\" _address=\"15.0.1.1\"]<\/p><p><span style=\"font-weight: 400;\">El objetivo de las tres licitaciones realizadas por la AMTEGA en el marco de la Civil UAVs Initiative es resolver un reto \u00fanico: la automatizaci\u00f3n de la inspecci\u00f3n de ayudas de la Pol\u00edtica Agraria Com\u00fan (PAC).<\/span><\/p><p><span style=\"font-weight: 400;\">La primera de las soluciones permitir\u00e1 la gesti\u00f3n de informaci\u00f3n geogr\u00e1fica, territorial y agroambiental georreferenciada necesaria para el control de la actividad agraria, que integrar\u00e1 los datos capturados mediante sensores transportados por veh\u00edculos a\u00e9reos no tripulados u otros dispositivos tecnol\u00f3gicos.<\/span><\/p><p><span style=\"font-weight: 400;\">Este sistema permitir\u00e1 obtener im\u00e1genes de las parcelas con calidad suficiente para su posterior tratamiento, as\u00ed como datos relativos a la gesti\u00f3n de los cultivos como pueden ser la altura del terreno, la altura del culto o el grado de humedad.<\/span><\/p><p>\u00a0<\/p><p>[\/et_pb_text][\/et_pb_column][\/et_pb_row][\/et_pb_section][et_pb_section fb_built=\"1\" _builder_version=\"3.29.3\" background_color=\"#e1e1e1\" fb_built=\"1\" _i=\"16\" _address=\"16\"][et_pb_row _builder_version=\"3.29.3\" custom_padding=\"1px||0px|||\" _i=\"0\" _address=\"16.0\"][et_pb_column type=\"4_4\" _builder_version=\"3.29.3\" _i=\"0\" _address=\"16.0.0\"][et_pb_text _builder_version=\"3.29.3\" text_font=\"gotham narrow bold||||||||\" text_text_color=\"#504f51\" text_font_size=\"18px\" text_line_height=\"28px\" text_orientation=\"center\" custom_padding=\"||59px|||\" _i=\"0\" _address=\"16.0.0.0\"][\/et_pb_text][\/et_pb_column][\/et_pb_row][et_pb_row column_structure=\"1_2,1_2\" module_class=\"imblo_darkblue\" _builder_version=\"3.29.3\" background_color=\"#e1e1e1\" min_height=\"253px\" custom_padding=\"0px||0px||false|false\" _i=\"1\" _address=\"16.1\"][et_pb_column type=\"1_2\" _builder_version=\"3.29.3\" _i=\"0\" _address=\"16.1.0\"][et_pb_blurb image=\"https:\/\/www.civiluavsinitiative.com\/wp-content\/uploads\/2019\/11\/objeto-inteligente-vectorial-1-copia-16.png\" icon_placement=\"left\" content_max_width=\"740px\" _builder_version=\"3.29.3\" body_font=\"gotham narrow book||||||||\" body_text_align=\"left\" body_text_color=\"#504f51\" body_line_height=\"25px\" background_layout=\"dark\" custom_padding=\"0px|20px|0px||false|false\" _i=\"0\" _address=\"16.1.0.0\"]<\/p><p>Adjudicatario del contrato:<\/p><p><span style=\"font-weight: 400;\">Gradiant, Proyestegal, Seresco e Ingenier\u00eda Insitu.<\/span><\/p><p>[\/et_pb_blurb][et_pb_blurb image=\"https:\/\/www.civiluavsinitiative.com\/wp-content\/uploads\/2019\/11\/objeto-inteligente-vectorial-1-copia-16.png\" icon_placement=\"left\" content_max_width=\"740px\" _builder_version=\"3.29.3\" body_font=\"gotham narrow book||||||||\" body_text_align=\"left\" body_text_color=\"#504f51\" body_line_height=\"25px\" background_layout=\"dark\" custom_padding=\"0px|20px|0px||false|false\" _i=\"1\" _address=\"16.1.0.1\"]<\/p><p><span style=\"font-weight: 400;\">Organismos beneficiaro:<\/span><\/p><p><span style=\"font-weight: 400;\">Conseller\u00eda do Medio Rural.<\/span><\/p><p>\u00a0<\/p><p>[\/et_pb_blurb][\/et_pb_column][et_pb_column type=\"1_2\" _builder_version=\"3.29.3\" _i=\"1\" _address=\"16.1.1\"][et_pb_blurb image=\"https:\/\/www.civiluavsinitiative.com\/wp-content\/uploads\/2019\/11\/objeto-inteligente-vectorial-1-copia-16.png\" icon_placement=\"left\" content_max_width=\"740px\" _builder_version=\"3.29.3\" body_font=\"gotham narrow book||||||||\" body_text_align=\"left\" body_text_color=\"#504f51\" body_line_height=\"25px\" background_layout=\"dark\" custom_padding=\"0px|20px|0px||false|false\" _i=\"0\" _address=\"16.1.1.0\"]<\/p><p>Importe de adjudicaci\u00f3n:<\/p><p><span style=\"font-weight: 400;\">1.216.983,47 + IVA.<\/span><\/p><p>\u00a0<\/p><p>[\/et_pb_blurb][\/et_pb_column][\/et_pb_row][et_pb_row _builder_version=\"3.29.3\" custom_padding=\"||0px|||\" _i=\"2\" _address=\"16.2\"][et_pb_column type=\"4_4\" _builder_version=\"3.29.3\" _i=\"0\" _address=\"16.2.0\"][et_pb_text _builder_version=\"3.29.3\" text_font=\"gotham bold||||||||\" text_text_color=\"#ffffff\" text_font_size=\"16px\" header_font=\"|700|||||||\" header_text_color=\"#ffffff\" text_orientation=\"center\" _i=\"0\" _address=\"16.2.0.0\"]<\/p><p><a id=\"muestra_mas\" href=\"https:\/\/www.contratosdegalicia.gal\/licitacion?OP=50&N=191687&lang=gl\" target=\"_blank\" rel=\"noopener noreferrer\">M\u00e1s informaci\u00f3n<\/a><\/p><p>[\/et_pb_text][\/et_pb_column][\/et_pb_row][\/et_pb_section][et_pb_section fb_built=\"1\" _builder_version=\"3.29.3\" background_color=\"#589bdb\" custom_margin=\"0px|0px|0px|0px|false|false\" custom_padding=\"0px|0px|100px|0px|false|false\" fb_built=\"1\" _i=\"17\" _address=\"17\" top_divider_height__hover_enabled=\"off|desktop\"][et_pb_row column_structure=\"1_2,1_2\" make_equal=\"on\" _builder_version=\"3.29.3\" min_height=\"359px\" custom_margin=\"|auto||auto|false|false\" custom_padding=\"50px||50px||false|false\" _i=\"0\" _address=\"17.0\"][et_pb_column type=\"1_2\" _builder_version=\"3.29.3\" _i=\"0\" _address=\"17.0.0\"][et_pb_text _builder_version=\"3.29.3\" text_font=\"lubalin bold||||||||\" text_text_color=\"#ffffff\" text_font_size=\"47px\" background_image=\"https:\/\/www.civiluavsinitiative.com\/wp-content\/uploads\/2019\/11\/objeto-inteligente-vectorial-1-copia-18-1.png\" background_size=\"initial\" background_position=\"top_left\" min_height=\"166px\" custom_margin=\"||6px|-53px|false|false\" custom_padding=\"80px||0px|85px|false|false\" z_index=\"2\" _i=\"0\" _address=\"17.0.0.0\"]<\/p><div class=\"numero_transparente\">9<\/div><p>[\/et_pb_text][et_pb_image src=\"https:\/\/www.civiluavsinitiative.com\/wp-content\/uploads\/2020\/06\/Noticia4-copia.jpg\" alt=\"Automatizaci\u00f3n de muestreos oceanogr\u00e1ficos mediante veh\u00edculos no tripulados. (MAR-2).\" show_bottom_space=\"off\" module_class=\"w-100-mob w-img-100-mob\" _builder_version=\"3.29.3\" custom_margin=\"-121px||||false|false\" hover_enabled=\"0\" _i=\"1\" _address=\"17.0.0.1\"][\/et_pb_image][\/et_pb_column][et_pb_column type=\"1_2\" module_class=\"ds-vertical-align\" _builder_version=\"3.29.3\" _i=\"1\" _address=\"17.0.1\"][et_pb_text _builder_version=\"3.29.3\" text_font=\"gotham bold||||||||\" text_text_color=\"#ffffff\" text_font_size=\"18px\" text_line_height=\"23px\" custom_margin=\"30px||19px|0px|false|false\" custom_margin_tablet=\"0px||||false|false\" custom_margin_last_edited=\"on|tablet\" custom_padding=\"|0px||0px|false|false\" _i=\"0\" _address=\"17.0.1.0\"]<\/p><p><span style=\"font-weight: 400;\">Servicio de desarrollo y fase de demostraci\u00f3n del <\/span><b>sistema experto de control automatizado e inteligente<\/b><span style=\"font-weight: 400;\"> de la actividad agraria asociada a las ayudas de la Pol\u00edtica Agraria Com\u00fan (PAC) en el marco del proyecto PRIMARE-Inspecciones Inteligentes Avanzadas.<\/span><\/p><p>[\/et_pb_text][et_pb_text _builder_version=\"3.29.3\" text_font=\"gotham narrow book||||||||\" text_text_color=\"#e1e1e1\" text_font_size=\"18px\" text_line_height=\"28px\" custom_margin=\"|||0px|false|false\" custom_margin_last_edited=\"on|tablet\" custom_padding=\"|0px|20px|1px|false|false\" _i=\"1\" _address=\"17.0.1.1\"]<\/p><p><span style=\"font-weight: 400;\">El objetivo de las tres licitaciones gestionadas por la AMTEGA en el marco de la Civil UAVs Initiative es resolver un reto \u00fanico: la automatizaci\u00f3n de la inspecci\u00f3n de ayudas de la Pol\u00edtica Agraria Com\u00fan (PAC).<\/span><\/p><p><span style=\"font-weight: 400;\">De forma espec\u00edfica, esta tercera soluci\u00f3n se centra en el dise\u00f1o e implementaci\u00f3n de un sistema inteligente para automatizar los trabajos sobre el terreno y la toma de decisiones asociadas a las ayudas europeas en Galicia.\u00a0<\/span><\/p><p><span style=\"font-weight: 400;\">En base a la informaci\u00f3n obtenida con las soluciones anteriores, este sistema permitir\u00e1 ayudar a determinar los tipos de parcelas y que los t\u00e9cnicos puedan tomar decisiones sin trasladarse siempre f\u00edsicamente a la parcela.<\/span><\/p><p>[\/et_pb_text][\/et_pb_column][\/et_pb_row][\/et_pb_section][et_pb_section fb_built=\"1\" _builder_version=\"3.29.3\" background_color=\"#4377ac\" custom_margin=\"||-1px|||\" custom_margin_last_edited=\"on|tablet\" custom_padding=\"70px||70px||false|false\" fb_built=\"1\" _i=\"18\" _address=\"18\"][et_pb_row _builder_version=\"3.29.3\" custom_padding=\"1px||0px|||\" _i=\"0\" _address=\"18.0\"][et_pb_column type=\"4_4\" _builder_version=\"3.29.3\" _i=\"0\" _address=\"18.0.0\"][et_pb_text _builder_version=\"3.29.3\" text_font=\"gotham narrow bold||||||||\" text_text_color=\"#ffffff\" text_font_size=\"18px\" text_line_height=\"28px\" text_orientation=\"center\" custom_padding=\"||59px|||\" _i=\"0\" _address=\"18.0.0.0\"][\/et_pb_text][\/et_pb_column][\/et_pb_row][et_pb_row column_structure=\"1_2,1_2\" module_class=\"imblo_darkblue\" _builder_version=\"3.29.3\" min_height=\"253px\" custom_padding=\"1px||0px|||\" _i=\"1\" _address=\"18.1\"][et_pb_column type=\"1_2\" _builder_version=\"3.29.3\" _i=\"0\" _address=\"18.1.0\"][et_pb_blurb image=\"https:\/\/www.civiluavsinitiative.com\/wp-content\/uploads\/2019\/11\/objeto-inteligente-vectorial-1-copia-18-1.png\" icon_placement=\"left\" content_max_width=\"740px\" _builder_version=\"3.29.3\" body_font=\"gotham narrow book||||||||\" body_text_align=\"left\" body_line_height=\"25px\" background_layout=\"dark\" custom_padding=\"0px|20px|0px||false|false\" _i=\"0\" _address=\"18.1.0.0\"]<\/p><p><span style=\"font-weight: 400;\">Adjudicatario del contrato:<\/span><\/p><p><span style=\"font-weight: 400;\">Gradiant, Proyestegal y Seresco.<\/span><\/p><p>\u00a0<\/p><p>[\/et_pb_blurb][et_pb_blurb image=\"https:\/\/www.civiluavsinitiative.com\/wp-content\/uploads\/2019\/11\/objeto-inteligente-vectorial-1-copia-18-1.png\" icon_placement=\"left\" content_max_width=\"100%\" _builder_version=\"3.29.3\" body_font=\"gotham narrow book||||||||\" background_layout=\"dark\" custom_padding=\"|20px|||false|false\" _i=\"1\" _address=\"18.1.0.1\"]<\/p><p><span style=\"font-weight: 400;\">Organismos beneficiaros:<\/span><\/p><p><span style=\"font-weight: 400;\">Conseller\u00eda de Medio Rural.<\/span><\/p><p>\u00a0<\/p><p>[\/et_pb_blurb][\/et_pb_column][et_pb_column type=\"1_2\" _builder_version=\"3.29.3\" _i=\"1\" _address=\"18.1.1\"][et_pb_blurb image=\"https:\/\/www.civiluavsinitiative.com\/wp-content\/uploads\/2019\/11\/objeto-inteligente-vectorial-1-copia-18-1.png\" icon_placement=\"left\" content_max_width=\"100%\" _builder_version=\"3.29.3\" body_font=\"gotham narrow book||||||||\" background_layout=\"dark\" custom_padding=\"|20px|||false|false\" _i=\"0\" _address=\"18.1.1.0\"]<\/p><p><span style=\"font-weight: 400;\">Importe de adjudicaci\u00f3n:<\/span><\/p><p><span style=\"font-weight: 400;\">638.068,46 \u20ac + IVA<\/span><\/p><p>[\/et_pb_blurb][\/et_pb_column][\/et_pb_row][et_pb_row _builder_version=\"3.29.3\" custom_padding=\"||0px|||\" _i=\"2\" _address=\"18.2\"][et_pb_column type=\"4_4\" _builder_version=\"3.29.3\" _i=\"0\" _address=\"18.2.0\"][et_pb_text _builder_version=\"3.29.3\" text_font=\"gotham bold||||||||\" text_text_color=\"#ffffff\" text_font_size=\"16px\" header_text_color=\"#ffffff\" text_orientation=\"center\" _i=\"0\" _address=\"18.2.0.0\"]<\/p><p><a id=\"muestra_mas_blanco\" href=\"https:\/\/www.contratosdegalicia.gal\/licitacion?OP=50&N=188985&lang=gl\" target=\"_blank\" rel=\"noopener noreferrer\">M\u00e1s informaci\u00f3n<\/a><\/p><p>[\/et_pb_text][\/et_pb_column][\/et_pb_row][\/et_pb_section][et_pb_section fb_built=\"1\" _builder_version=\"3.29.3\" background_color=\"#589bdb\" custom_margin=\"0px|0px|0px|0px|false|false\" custom_padding=\"0px|0px|100px|0px|false|false\" fb_built=\"1\" _i=\"19\" _address=\"19\" top_divider_height__hover_enabled=\"off|desktop\"][et_pb_row column_structure=\"1_2,1_2\" make_equal=\"on\" _builder_version=\"3.29.3\" min_height=\"359px\" custom_margin=\"|auto||auto|false|false\" custom_padding=\"50px||50px||false|false\" _i=\"0\" _address=\"19.0\"][et_pb_column type=\"1_2\" _builder_version=\"3.29.3\" _i=\"0\" _address=\"19.0.0\"][et_pb_text _builder_version=\"3.29.3\" text_font=\"lubalin bold||||||||\" text_text_color=\"#ffffff\" text_font_size=\"47px\" background_image=\"https:\/\/www.civiluavsinitiative.com\/wp-content\/uploads\/2019\/11\/objeto-inteligente-vectorial-1-copia-18-1.png\" background_size=\"initial\" background_position=\"top_left\" min_height=\"166px\" custom_margin=\"||6px|-53px|false|false\" custom_padding=\"80px||0px|85px|false|false\" z_index=\"2\" _i=\"0\" _address=\"19.0.0.0\"]<\/p><div class=\"numero_transparente\">10<\/div><p>[\/et_pb_text][et_pb_image src=\"https:\/\/www.civiluavsinitiative.com\/wp-content\/uploads\/2020\/06\/dron-estandar-xullo.jpg\" alt=\"Automatizaci\u00f3n de muestreos oceanogr\u00e1ficos mediante veh\u00edculos no tripulados. (MAR-2).\" show_bottom_space=\"off\" module_class=\"w-100-mob w-img-100-mob\" _builder_version=\"3.29.3\" custom_margin=\"-121px||||false|false\" _i=\"1\" _address=\"19.0.0.1\"][\/et_pb_image][\/et_pb_column][et_pb_column type=\"1_2\" module_class=\"ds-vertical-align\" _builder_version=\"3.29.3\" _i=\"1\" _address=\"19.0.1\"][et_pb_text _builder_version=\"3.29.3\" text_font=\"gotham bold||||||||\" text_text_color=\"#ffffff\" text_font_size=\"18px\" text_line_height=\"23px\" custom_margin=\"30px||19px|0px|false|false\" custom_margin_tablet=\"0px||||false|false\" custom_margin_last_edited=\"on|tablet\" custom_padding=\"|0px||0px|false|false\" _i=\"0\" _address=\"19.0.1.0\"]<\/p><p><span style=\"font-weight: 400;\">Servicio de desarrollo y fase de demostraci\u00f3n de una <\/span><b>plataforma de procesado<\/b><span style=\"font-weight: 400;\"> de informaci\u00f3n de las parcelas agrarias gallegas en el marco del proyecto PRIMARE-Inspecciones Inteligentes Avanzadas.<\/span><\/p><p>[\/et_pb_text][et_pb_text _builder_version=\"3.29.3\" text_font=\"gotham narrow book||||||||\" text_text_color=\"#e1e1e1\" text_font_size=\"18px\" text_line_height=\"28px\" custom_margin=\"|||0px|false|false\" custom_margin_last_edited=\"on|tablet\" custom_padding=\"|0px|20px|1px|false|false\" _i=\"1\" _address=\"19.0.1.1\"]<\/p><p><span style=\"font-weight: 400;\">El objetivo de las tres licitaciones gestionadas por la AMTEGA en el marco de la Civil UAVs Initiative es resolver un reto \u00fanico: la automatizaci\u00f3n de la inspecci\u00f3n de ayudas de la Pol\u00edtica Agraria Com\u00fan (PAC).<\/span><\/p><p>Este proyecto est\u00e1 destinado a crear una plataforma de procesado de informaci\u00f3n de parcelas agrarias, que permitir\u00e1 obtener datos geogr\u00e1ficos en los que identifican las parcelas, su morfolog\u00eda topogr\u00e1fica, los cultivos y otros datos obtenidos a trav\u00e9s de los sensores embarcados en UAVs y otros dispositivos.<\/p><p>Toda esta informaci\u00f3n estar\u00e1 almacenada en una plataforma\u00a0 con capacidad para explotarlos de forma \u00fatil, tanto por parte de la Administraci\u00f3n como de los agentes del sector primario. En base a estos datos se podr\u00e1n desarrollar diferentes aplicaciones orientadas a mejorar y optimizar la producci\u00f3n y a hacer un seguimiento digital de parcelas y cultivos.<\/p><p>[\/et_pb_text][\/et_pb_column][\/et_pb_row][\/et_pb_section][et_pb_section fb_built=\"1\" _builder_version=\"3.29.3\" background_color=\"#4377ac\" custom_margin=\"||-1px|||\" custom_margin_last_edited=\"on|tablet\" custom_padding=\"70px||70px||false|false\" fb_built=\"1\" _i=\"20\" _address=\"20\"][et_pb_row _builder_version=\"3.29.3\" custom_padding=\"1px||0px|||\" _i=\"0\" _address=\"20.0\"][et_pb_column type=\"4_4\" _builder_version=\"3.29.3\" _i=\"0\" _address=\"20.0.0\"][et_pb_text _builder_version=\"3.29.3\" text_font=\"gotham narrow bold||||||||\" text_text_color=\"#ffffff\" text_font_size=\"18px\" text_line_height=\"28px\" text_orientation=\"center\" custom_padding=\"||59px|||\" _i=\"0\" _address=\"20.0.0.0\"][\/et_pb_text][\/et_pb_column][\/et_pb_row][et_pb_row column_structure=\"1_2,1_2\" module_class=\"imblo_darkblue\" _builder_version=\"3.29.3\" min_height=\"253px\" custom_padding=\"1px||0px|||\" _i=\"1\" _address=\"20.1\"][et_pb_column type=\"1_2\" _builder_version=\"3.29.3\" _i=\"0\" _address=\"20.1.0\"][et_pb_blurb image=\"https:\/\/www.civiluavsinitiative.com\/wp-content\/uploads\/2019\/11\/objeto-inteligente-vectorial-1-copia-18-1.png\" icon_placement=\"left\" content_max_width=\"740px\" _builder_version=\"3.29.3\" body_font=\"gotham narrow book||||||||\" body_text_align=\"left\" body_line_height=\"25px\" background_layout=\"dark\" custom_padding=\"0px|20px|0px||false|false\" _i=\"0\" _address=\"20.1.0.0\"]<\/p><p><span style=\"font-weight: 400;\">Adjudicatario del contrato:<\/span><\/p><p><span style=\"font-weight: 400;\">Gradiant, Proyestegal y Seresco.<\/span><\/p><p>\u00a0<\/p><p>[\/et_pb_blurb][et_pb_blurb image=\"https:\/\/www.civiluavsinitiative.com\/wp-content\/uploads\/2019\/11\/objeto-inteligente-vectorial-1-copia-18-1.png\" icon_placement=\"left\" content_max_width=\"100%\" _builder_version=\"3.29.3\" body_font=\"gotham narrow book||||||||\" background_layout=\"dark\" custom_padding=\"|20px|||false|false\" _i=\"1\" _address=\"20.1.0.1\"]<\/p><p><span style=\"font-weight: 400;\">Organismos beneficiaros:<\/span><\/p><p><span style=\"font-weight: 400;\">Conseller\u00eda de Medio Rural.<\/span><\/p><p>\u00a0<\/p><p>[\/et_pb_blurb][\/et_pb_column][et_pb_column type=\"1_2\" _builder_version=\"3.29.3\" _i=\"1\" _address=\"20.1.1\"][et_pb_blurb image=\"https:\/\/www.civiluavsinitiative.com\/wp-content\/uploads\/2019\/11\/objeto-inteligente-vectorial-1-copia-18-1.png\" icon_placement=\"left\" content_max_width=\"100%\" _builder_version=\"3.29.3\" body_font=\"gotham narrow book||||||||\" background_layout=\"dark\" custom_padding=\"|20px|||false|false\" _i=\"0\" _address=\"20.1.1.0\"]<\/p><p><span style=\"font-weight: 400;\">Importe de adjudicaci\u00f3n:<\/span><\/p><p><span style=\"font-weight: 400;\">861.166,63 \u20ac + IVA<\/span><\/p><p>[\/et_pb_blurb][\/et_pb_column][\/et_pb_row][et_pb_row _builder_version=\"3.29.3\" custom_padding=\"||0px|||\" _i=\"2\" _address=\"20.2\"][et_pb_column type=\"4_4\" _builder_version=\"3.29.3\" _i=\"0\" _address=\"20.2.0\"][et_pb_text _builder_version=\"3.29.3\" text_font=\"gotham bold||||||||\" text_text_color=\"#ffffff\" text_font_size=\"16px\" header_text_color=\"#ffffff\" text_orientation=\"center\" _i=\"0\" _address=\"20.2.0.0\"]<\/p><p><a id=\"muestra_mas_blanco\" href=\"https:\/\/www.contratosdegalicia.gal\/licitacion?OP=50&N=190454&lang=gl\" target=\"_blank\" rel=\"noopener noreferrer\">M\u00e1s informaci\u00f3n<\/a><\/p><p>[\/et_pb_text][\/et_pb_column][\/et_pb_row][\/et_pb_section]<\/p>","_et_gb_content_width":""},"acf":[],"yoast_head":"<!-- This site is optimized with the Yoast SEO plugin v20.9 - https:\/\/yoast.com\/wordpress\/plugins\/seo\/ -->\n<title>Civil UAVs Initiative<\/title>\n<meta name=\"description\" content=\"Civil UAVs Initiative, favorece y fomenta el emprendimiento innovador, con el fin de atraer y retener en Galicia talento en el sector aeroespacial.\" \/>\n<meta name=\"robots\" content=\"index, follow, max-snippet:-1, max-image-preview:large, max-video-preview:-1\" \/>\n<link rel=\"canonical\" href=\"https:\/\/www.civiluavsinitiative.com\/programas\/programa-soluciones\/\" \/>\n<meta property=\"og:locale\" content=\"gl_ES\" \/>\n<meta property=\"og:type\" content=\"article\" \/>\n<meta property=\"og:title\" content=\"Civil UAVs Initiative\" \/>\n<meta property=\"og:description\" content=\"Civil UAVs Initiative, favorece y fomenta el emprendimiento innovador, con el fin de atraer y retener en Galicia talento en el sector aeroespacial.\" \/>\n<meta property=\"og:url\" content=\"https:\/\/www.civiluavsinitiative.com\/programas\/programa-soluciones\/\" \/>\n<meta property=\"og:site_name\" content=\"Civil UAVs Initiative\" \/>\n<meta property=\"article:modified_time\" content=\"2021-10-18T07:58:22+00:00\" \/>\n<meta name=\"twitter:card\" content=\"summary_large_image\" \/>\n<meta name=\"twitter:label1\" content=\"Tempo de lectura\" \/>\n\t<meta name=\"twitter:data1\" content=\"52 minutos\" \/>\n<script type=\"application\/ld+json\" class=\"yoast-schema-graph\">{\"@context\":\"https:\/\/schema.org\",\"@graph\":[{\"@type\":\"WebPage\",\"@id\":\"https:\/\/www.civiluavsinitiative.com\/programas\/programa-soluciones\/\",\"url\":\"https:\/\/www.civiluavsinitiative.com\/programas\/programa-soluciones\/\",\"name\":\"Civil UAVs Initiative\",\"isPartOf\":{\"@id\":\"https:\/\/www.civiluavsinitiative.com\/#website\"},\"datePublished\":\"2020-11-30T12:10:27+00:00\",\"dateModified\":\"2021-10-18T07:58:22+00:00\",\"description\":\"Civil UAVs Initiative, favorece y fomenta el emprendimiento innovador, con el fin de atraer y retener en Galicia talento en el sector aeroespacial.\",\"breadcrumb\":{\"@id\":\"https:\/\/www.civiluavsinitiative.com\/programas\/programa-soluciones\/#breadcrumb\"},\"inLanguage\":\"gl-ES\",\"potentialAction\":[{\"@type\":\"ReadAction\",\"target\":[\"https:\/\/www.civiluavsinitiative.com\/programas\/programa-soluciones\/\"]}]},{\"@type\":\"BreadcrumbList\",\"@id\":\"https:\/\/www.civiluavsinitiative.com\/programas\/programa-soluciones\/#breadcrumb\",\"itemListElement\":[{\"@type\":\"ListItem\",\"position\":1,\"name\":\"Home\",\"item\":\"https:\/\/www.civiluavsinitiative.com\/gl\/\"},{\"@type\":\"ListItem\",\"position\":2,\"name\":\"Programas\",\"item\":\"https:\/\/www.civiluavsinitiative.com\/programas\/\"},{\"@type\":\"ListItem\",\"position\":3,\"name\":\"Programa de Soluci\u00f3ns\"}]},{\"@type\":\"WebSite\",\"@id\":\"https:\/\/www.civiluavsinitiative.com\/#website\",\"url\":\"https:\/\/www.civiluavsinitiative.com\/\",\"name\":\"Civil UAVs Initiative\",\"description\":\"Civil UAVs Initiative, favorece y fomenta el emprendimiento innovador, con el fin de atraer y retener en Galicia talento en el sector aeroespacial.\",\"potentialAction\":[{\"@type\":\"SearchAction\",\"target\":{\"@type\":\"EntryPoint\",\"urlTemplate\":\"https:\/\/www.civiluavsinitiative.com\/?s={search_term_string}\"},\"query-input\":\"required name=search_term_string\"}],\"inLanguage\":\"gl-ES\"}]}<\/script>\n<!-- \/ Yoast SEO plugin. -->","yoast_head_json":{"title":"Civil UAVs Initiative","description":"Civil UAVs Initiative, favorece y fomenta el emprendimiento innovador, con el fin de atraer y retener en Galicia talento en el sector aeroespacial.","robots":{"index":"index","follow":"follow","max-snippet":"max-snippet:-1","max-image-preview":"max-image-preview:large","max-video-preview":"max-video-preview:-1"},"canonical":"https:\/\/www.civiluavsinitiative.com\/programas\/programa-soluciones\/","og_locale":"gl_ES","og_type":"article","og_title":"Civil UAVs Initiative","og_description":"Civil UAVs Initiative, favorece y fomenta el emprendimiento innovador, con el fin de atraer y retener en Galicia talento en el sector aeroespacial.","og_url":"https:\/\/www.civiluavsinitiative.com\/programas\/programa-soluciones\/","og_site_name":"Civil UAVs Initiative","article_modified_time":"2021-10-18T07:58:22+00:00","twitter_card":"summary_large_image","twitter_misc":{"Tempo de lectura":"52 minutos"},"schema":{"@context":"https:\/\/schema.org","@graph":[{"@type":"WebPage","@id":"https:\/\/www.civiluavsinitiative.com\/programas\/programa-soluciones\/","url":"https:\/\/www.civiluavsinitiative.com\/programas\/programa-soluciones\/","name":"Civil UAVs Initiative","isPartOf":{"@id":"https:\/\/www.civiluavsinitiative.com\/#website"},"datePublished":"2020-11-30T12:10:27+00:00","dateModified":"2021-10-18T07:58:22+00:00","description":"Civil UAVs Initiative, favorece y fomenta el emprendimiento innovador, con el fin de atraer y retener en Galicia talento en el sector aeroespacial.","breadcrumb":{"@id":"https:\/\/www.civiluavsinitiative.com\/programas\/programa-soluciones\/#breadcrumb"},"inLanguage":"gl-ES","potentialAction":[{"@type":"ReadAction","target":["https:\/\/www.civiluavsinitiative.com\/programas\/programa-soluciones\/"]}]},{"@type":"BreadcrumbList","@id":"https:\/\/www.civiluavsinitiative.com\/programas\/programa-soluciones\/#breadcrumb","itemListElement":[{"@type":"ListItem","position":1,"name":"Home","item":"https:\/\/www.civiluavsinitiative.com\/gl\/"},{"@type":"ListItem","position":2,"name":"Programas","item":"https:\/\/www.civiluavsinitiative.com\/programas\/"},{"@type":"ListItem","position":3,"name":"Programa de Soluci\u00f3ns"}]},{"@type":"WebSite","@id":"https:\/\/www.civiluavsinitiative.com\/#website","url":"https:\/\/www.civiluavsinitiative.com\/","name":"Civil UAVs Initiative","description":"Civil UAVs Initiative, favorece y fomenta el emprendimiento innovador, con el fin de atraer y retener en Galicia talento en el sector aeroespacial.","potentialAction":[{"@type":"SearchAction","target":{"@type":"EntryPoint","urlTemplate":"https:\/\/www.civiluavsinitiative.com\/?s={search_term_string}"},"query-input":"required name=search_term_string"}],"inLanguage":"gl-ES"}]}},"_links":{"self":[{"href":"https:\/\/www.civiluavsinitiative.com\/gl\/wp-json\/wp\/v2\/pages\/35354"}],"collection":[{"href":"https:\/\/www.civiluavsinitiative.com\/gl\/wp-json\/wp\/v2\/pages"}],"about":[{"href":"https:\/\/www.civiluavsinitiative.com\/gl\/wp-json\/wp\/v2\/types\/page"}],"author":[{"embeddable":true,"href":"https:\/\/www.civiluavsinitiative.com\/gl\/wp-json\/wp\/v2\/users\/3"}],"replies":[{"embeddable":true,"href":"https:\/\/www.civiluavsinitiative.com\/gl\/wp-json\/wp\/v2\/comments?post=35354"}],"version-history":[{"count":15,"href":"https:\/\/www.civiluavsinitiative.com\/gl\/wp-json\/wp\/v2\/pages\/35354\/revisions"}],"predecessor-version":[{"id":39547,"href":"https:\/\/www.civiluavsinitiative.com\/gl\/wp-json\/wp\/v2\/pages\/35354\/revisions\/39547"}],"up":[{"embeddable":true,"href":"https:\/\/www.civiluavsinitiative.com\/gl\/wp-json\/wp\/v2\/pages\/35339"}],"wp:attachment":[{"href":"https:\/\/www.civiluavsinitiative.com\/gl\/wp-json\/wp\/v2\/media?parent=35354"}],"curies":[{"name":"wp","href":"https:\/\/api.w.org\/{rel}","templated":true}]}}