{"id":35286,"date":"2020-11-30T12:39:46","date_gmt":"2020-11-30T11:39:46","guid":{"rendered":"https:\/\/www.civiluavsinitiative.com\/?page_id=35286"},"modified":"2020-12-14T12:11:33","modified_gmt":"2020-12-14T11:11:33","slug":"actores-de-la-civil-uavs-initiative","status":"publish","type":"page","link":"https:\/\/www.civiluavsinitiative.com\/gl\/la-iniciativa\/actores-de-la-civil-uavs-initiative\/","title":{"rendered":"Actores da Civil UAVs Initiative"},"content":{"rendered":"<p>[et_pb_section fb_built=&#8221;1&#8243; _builder_version=&#8221;3.29.3&#8243; custom_padding=&#8221;2px||50px|||&#8221; fb_built=&#8221;1&#8243; _i=&#8221;0&#8243; _address=&#8221;0&#8243;][et_pb_row _builder_version=&#8221;3.29.3&#8243; custom_padding=&#8221;4px||6px|||&#8221; _i=&#8221;0&#8243; _address=&#8221;0.0&#8243;][et_pb_column type=&#8221;4_4&#8243; _builder_version=&#8221;3.29.3&#8243; _i=&#8221;0&#8243; _address=&#8221;0.0.0&#8243;][et_pb_text _builder_version=&#8221;3.29.3&#8243; text_font=&#8221;lubalin bold||||||||&#8221; text_text_color=&#8221;#589bdb&#8221; text_font_size=&#8221;30px&#8221; text_line_height=&#8221;30px&#8221; text_font_size_phone=&#8221;25px&#8221; text_font_size_last_edited=&#8221;on|desktop&#8221; _i=&#8221;0&#8243; _address=&#8221;0.0.0.0&#8243;]<\/p>\n<h1 class=\"inherit\">Actores da Civil UAVs Initiative<\/h1>\n<p>[\/et_pb_text][\/et_pb_column][\/et_pb_row][\/et_pb_section][et_pb_section fb_built=&#8221;1&#8243; _builder_version=&#8221;3.29.3&#8243; custom_padding=&#8221;1px||4px|||&#8221; fb_built=&#8221;1&#8243; _i=&#8221;1&#8243; _address=&#8221;1&#8243;][et_pb_row column_structure=&#8221;1_3,1_3,1_3&#8243; _builder_version=&#8221;3.29.3&#8243; _i=&#8221;0&#8243; _address=&#8221;1.0&#8243;][et_pb_column type=&#8221;1_3&#8243; _builder_version=&#8221;3.29.3&#8243; _i=&#8221;0&#8243; _address=&#8221;1.0.0&#8243;][et_pb_text _builder_version=&#8221;3.29.3&#8243; background_enable_image=&#8221;off&#8221; _i=&#8221;0&#8243; _address=&#8221;1.0.0.0&#8243;]<\/p>\n<div class=\"img-caja\">\n<p><img decoding=\"async\" loading=\"lazy\" class=\"alignnone wp-image-34744 size-medium\" src=\"https:\/\/www.civiluavsinitiative.com\/wp-content\/uploads\/2020\/06\/Xutna2-300x200.jpg\" alt=\"\" width=\"300\" height=\"200\" srcset=\"https:\/\/www.civiluavsinitiative.com\/wp-content\/uploads\/2020\/06\/Xutna2-300x200.jpg 300w, https:\/\/www.civiluavsinitiative.com\/wp-content\/uploads\/2020\/06\/Xutna2.jpg 450w\" sizes=\"(max-width: 300px) 100vw, 300px\" \/><\/p>\n<div class=\"img-caja\">\n<div class=\"titulo-caja-transp\">Xunta de Galicia<\/div>\n<\/div>\n<div class=\"info-caja\">\n<p>A Xunta de Galicia, coa implicaci\u00f3n de todas as conseller\u00edas, \u00e9 o promotor e xestor da Civil UAVs Initiative, as\u00ed como primeiro cliente e validador da tecnolox\u00eda desenvolvida.<\/p>\n<p>Todas as conseller\u00edas da Xunta de Galicia\u00a0 participan como usuarias e codese\u00f1adoras das tecnolox\u00edas e soluci\u00f3ns que se desenvolven a trav\u00e9s dos diferentes contratos de Compra P\u00fablica de Innovaci\u00f3n (CPI).<\/p>\n<p>A Axencia Galega de Innovaci\u00f3n (GAIN) \u00e9 o departamento xestor da iniciativa e o IGAPE \u00e9 organismo cofinanciador de varios dos programas da Civil UAVs Initiative.<\/p>\n<\/div>\n<\/div>\n<p>[\/et_pb_text][\/et_pb_column][et_pb_column type=&#8221;1_3&#8243; _builder_version=&#8221;3.29.3&#8243; _i=&#8221;1&#8243; _address=&#8221;1.0.1&#8243;][et_pb_text _builder_version=&#8221;3.29.3&#8243; _i=&#8221;0&#8243; _address=&#8221;1.0.1.0&#8243;]<\/p>\n<div class=\"img-caja\">\n<p><img decoding=\"async\" loading=\"lazy\" class=\"alignnone wp-image-34738 size-medium\" src=\"https:\/\/www.civiluavsinitiative.com\/wp-content\/uploads\/2020\/06\/INTA-300x203.jpg\" alt=\"\" width=\"300\" height=\"203\" srcset=\"https:\/\/www.civiluavsinitiative.com\/wp-content\/uploads\/2020\/06\/INTA-300x203.jpg 300w, https:\/\/www.civiluavsinitiative.com\/wp-content\/uploads\/2020\/06\/INTA.jpg 450w\" sizes=\"(max-width: 300px) 100vw, 300px\" \/><\/p>\n<div class=\"titulo-caja-transp\">Instituto Nacional de T\u00e9cnica Aeroespacial (INTA), Ministerio de Defensa<\/div>\n<\/div>\n<div class=\"info-caja\">\n<p>O INTA, Organismo P\u00fablico de Investigaci\u00f3n (OPI) \u00a0especializado na investigaci\u00f3n e o desenvolvemento tecnol\u00f3xico nos \u00e1mbitos da aeron\u00e1utica, o espazo, a hidrodin\u00e1mica, a seguridade e a defensa, e integrado no Ministerio de Defensa, participa como impulsor da Civil UAVs Initiative.<\/p>\n<p>En colaboraci\u00f3n coa Xunta de Galicia, o INTA xestiona o Centro de Investigaci\u00f3n Aerotransportada de Rozas (CIAR), \u00e9 organismo cofinanciador do programa de infraestruturas e act\u00faa como o seu \u00f3rgano de contrataci\u00f3n.<\/p>\n<\/div>\n<p>[\/et_pb_text][\/et_pb_column][et_pb_column type=&#8221;1_3&#8243; _builder_version=&#8221;3.29.3&#8243; _i=&#8221;2&#8243; _address=&#8221;1.0.2&#8243;][et_pb_text _builder_version=&#8221;3.29.3&#8243; _i=&#8221;0&#8243; _address=&#8221;1.0.2.0&#8243;]<\/p>\n<div class=\"img-caja\">\n<p><img decoding=\"async\" loading=\"lazy\" class=\"alignnone wp-image-34726 size-medium\" src=\"https:\/\/www.civiluavsinitiative.com\/wp-content\/uploads\/2020\/06\/CDTI-300x200.jpg\" alt=\"\" width=\"300\" height=\"200\" srcset=\"https:\/\/www.civiluavsinitiative.com\/wp-content\/uploads\/2020\/06\/CDTI-300x200.jpg 300w, https:\/\/www.civiluavsinitiative.com\/wp-content\/uploads\/2020\/06\/CDTI.jpg 450w\" sizes=\"(max-width: 300px) 100vw, 300px\" \/><\/p>\n<div class=\"titulo-caja-transp\">Ministerio de Ciencia e Innovaci\u00f3n<\/div>\n<\/div>\n<div class=\"info-caja\">\n<p>O Ministerio de Ciencia e Innovaci\u00f3n \u00e9 o principal financiador dos programas de Infraestruturas e de Soluci\u00f3ns . Tam\u00e9n o Centro para o Desenvolvemento Tecnol\u00f3xico e Industrial (CDTI), integrado neste ministerio, colabora e financia a Civil UAVs Initiative.<\/p>\n<\/div>\n<p>[\/et_pb_text][\/et_pb_column][\/et_pb_row][\/et_pb_section][et_pb_section fb_built=&#8221;1&#8243; _builder_version=&#8221;3.29.3&#8243; background_color=&#8221;#589bdb&#8221; min_height=&#8221;584px&#8221; custom_margin=&#8221;50px|||||&#8221; custom_padding=&#8221;1px|||||&#8221; fb_built=&#8221;1&#8243; _i=&#8221;2&#8243; _address=&#8221;2&#8243;][et_pb_row column_structure=&#8221;1_3,1_3,1_3&#8243; _builder_version=&#8221;3.29.3&#8243; _i=&#8221;0&#8243; _address=&#8221;2.0&#8243;][et_pb_column type=&#8221;1_3&#8243; _builder_version=&#8221;3.29.3&#8243; _i=&#8221;0&#8243; _address=&#8221;2.0.0&#8243;][et_pb_text _builder_version=&#8221;3.29.3&#8243; _i=&#8221;0&#8243; _address=&#8221;2.0.0.0&#8243;]<\/p>\n<div class=\"img-caja\">\n<p><img decoding=\"async\" loading=\"lazy\" class=\"alignnone wp-image-34732 size-medium\" src=\"https:\/\/www.civiluavsinitiative.com\/wp-content\/uploads\/2020\/06\/ENAIRE-300x199.jpg\" alt=\"\" width=\"300\" height=\"199\" srcset=\"https:\/\/www.civiluavsinitiative.com\/wp-content\/uploads\/2020\/06\/ENAIRE-300x199.jpg 300w, https:\/\/www.civiluavsinitiative.com\/wp-content\/uploads\/2020\/06\/ENAIRE.jpg 450w\" sizes=\"(max-width: 300px) 100vw, 300px\" \/><\/p>\n<div class=\"titulo-caja-transp\">Ministerio de Fomento &#8211; ENAIRE<\/div>\n<\/div>\n<div class=\"info-caja texto-blanco\">\n<p>A empresa p\u00fablica ENAIRE, principal provedor de servizos de navegaci\u00f3n a\u00e9rea e de informaci\u00f3n aeron\u00e1utica en Espa\u00f1a, integrada no Ministerio de Fomento, participa como socio no programa conxunto Xunta-Boeing Research and Technology Europe \u201cGalician Skyway\u201d.<\/p>\n<\/div>\n<p>[\/et_pb_text][\/et_pb_column][et_pb_column type=&#8221;1_3&#8243; _builder_version=&#8221;3.29.3&#8243; _i=&#8221;1&#8243; _address=&#8221;2.0.1&#8243;][et_pb_text _builder_version=&#8221;3.29.3&#8243; _i=&#8221;0&#8243; _address=&#8221;2.0.1.0&#8243;]<\/p>\n<div class=\"img-caja\">\n<p><img decoding=\"async\" loading=\"lazy\" class=\"alignnone wp-image-34735 size-medium\" src=\"https:\/\/www.civiluavsinitiative.com\/wp-content\/uploads\/2020\/06\/Indra-Babcock-300x200.jpg\" alt=\"\" width=\"300\" height=\"200\" srcset=\"https:\/\/www.civiluavsinitiative.com\/wp-content\/uploads\/2020\/06\/Indra-Babcock-300x200.jpg 300w, https:\/\/www.civiluavsinitiative.com\/wp-content\/uploads\/2020\/06\/Indra-Babcock.jpg 450w\" sizes=\"(max-width: 300px) 100vw, 300px\" \/><\/p>\n<div class=\"titulo-caja-transp\">Socios privados tecnol\u00f3gicos e industriais<\/div>\n<\/div>\n<div class=\"info-caja texto-blanco\"><span style=\"font-weight: 400;\"><\/span><\/div>\n<div class=\"info-caja texto-blanco\">\n<p><strong>Indra<\/strong>, multinacional espa\u00f1ola l\u00edder no sector aeroespacial; <strong>Babcock Mission Critical Services<\/strong>, multinacional brit\u00e1nica; e <strong>Boeing Research and Technology Europe<\/strong>, divisi\u00f3n da multinacional norteamericana l\u00edder no sector aeroespacial, son socios tecnol\u00f3xicos e industriais da <strong>Xunta<\/strong> <strong>de Galicia <\/strong>na Civil UAVs Initiative, concret\u00e1ndose a s\u00faa participaci\u00f3n no desenvolvemento dun programa conxunto de I+D por cada compa\u00f1\u00eda.<\/p>\n<p>As tres multinacionais despregaron en Galicia todo o seu potencial estrat\u00e9xico en alianza con pequenas e medianas empresas locais, centros tecnol\u00f3xicos e de investigaci\u00f3n e universidades galegas.<\/p>\n<\/div>\n<p>[\/et_pb_text][\/et_pb_column][et_pb_column type=&#8221;1_3&#8243; _builder_version=&#8221;3.29.3&#8243; _i=&#8221;2&#8243; _address=&#8221;2.0.2&#8243;][et_pb_text _builder_version=&#8221;3.29.3&#8243; _i=&#8221;0&#8243; _address=&#8221;2.0.2.0&#8243;]<\/p>\n<div class=\"img-caja\">\n<p><img decoding=\"async\" loading=\"lazy\" class=\"alignnone wp-image-34723 size-medium\" src=\"https:\/\/www.civiluavsinitiative.com\/wp-content\/uploads\/2020\/06\/20190430GainChicago-EMPRESAS-300x202.jpg\" alt=\"\" width=\"300\" height=\"200\" \/><\/p>\n<div class=\"titulo-caja-transp\">Pemes de alta tecnolox\u00eda, Universidades e Centros de co\u00f1ecemento<\/div>\n<\/div>\n<div class=\"info-caja texto-blanco\"><span style=\"font-weight: 400;\"><\/span><\/div>\n<div class=\"info-caja texto-blanco\">\n<p>Ademais das Administraci\u00f3ns e das empresas que desempe\u00f1an o papel de tractoras, \u00a0a iniciativa conta coa implicaci\u00f3n de centros de co\u00f1ecemento e empresas que rete\u00f1en o talento da rexi\u00f3n. Entre eles, as tres universidades galegas e nove centros tecnol\u00f3xicos e de investigaci\u00f3n.<\/p>\n<\/div>\n<p>[\/et_pb_text][\/et_pb_column][\/et_pb_row][\/et_pb_section][et_pb_section fb_built=&#8221;1&#8243; _builder_version=&#8221;3.29.3&#8243; background_color=&#8221;rgba(145,153,158,0.15)&#8221; custom_margin=&#8221;0px||0px||false|false&#8221; custom_padding=&#8221;0px||0px||false|false&#8221; fb_built=&#8221;1&#8243; _i=&#8221;3&#8243; _address=&#8221;3&#8243;][et_pb_row _builder_version=&#8221;3.29.3&#8243; _i=&#8221;0&#8243; _address=&#8221;3.0&#8243;][et_pb_column type=&#8221;4_4&#8243; _builder_version=&#8221;3.29.3&#8243; _i=&#8221;0&#8243; _address=&#8221;3.0.0&#8243;][et_pb_text _builder_version=&#8221;3.29.3&#8243; text_font=&#8221;Gotham Bold||||||||&#8221; text_text_color=&#8221;rgba(0,146,217,0.7)&#8221; text_font_size=&#8221;0.9rem&#8221; link_font=&#8221;||||on|||#0092d9|&#8221; text_orientation=&#8221;right&#8221; _i=&#8221;0&#8243; _address=&#8221;3.0.0.0&#8243;]<\/p>\n<p>Participaci\u00f3n individualizada por axente nos diferentes programas. <a style=\"text-underline-position: under;\" href=\"\/wp-content\/uploads\/2020\/06\/Agentes-por-tipolog\u00eda-de-entidad_v2-Bloque-5.pdf\" target=\"_blank\" rel=\"noopener noreferrer\">(Descargar)<\/a><\/p>\n<p>[\/et_pb_text][et_pb_text _builder_version=&#8221;3.29.3&#8243; text_font=&#8221;Gotham Bold||||||||&#8221; text_text_color=&#8221;rgba(0,146,217,0.7)&#8221; text_font_size=&#8221;0.9rem&#8221; link_font=&#8221;||||on|||#0092d9|&#8221; text_orientation=&#8221;right&#8221; _i=&#8221;1&#8243; _address=&#8221;3.0.0.1&#8243;]<\/p>\n<p>Porcentaxe de participaci\u00f3n por tipo de entidade na Civil UAVs Initiative. <a style=\"text-underline-position: under;\" href=\"\/wp-content\/uploads\/2020\/06\/Actores-Civil-UAVs-Initiative_2-Bloque-5.pdf\" target=\"_blank\" rel=\"noopener noreferrer\">(Descargar)<\/a><\/p>\n<p>[\/et_pb_text][\/et_pb_column][\/et_pb_row][\/et_pb_section][et_pb_section fb_built=&#8221;1&#8243; _builder_version=&#8221;3.29.3&#8243; fb_built=&#8221;1&#8243; _i=&#8221;4&#8243; _address=&#8221;4&#8243;][et_pb_row column_structure=&#8221;1_4,1_4,1_4,1_4&#8243; make_equal=&#8221;on&#8221; module_class=&#8221;custom_row&#8221; _builder_version=&#8221;3.29.3&#8243; custom_padding=&#8221;||40px|||&#8221; _i=&#8221;0&#8243; _address=&#8221;4.0&#8243;][et_pb_column type=&#8221;1_4&#8243; module_class=&#8221;ds-vertical-align&#8221; _builder_version=&#8221;3.29.3&#8243; _i=&#8221;0&#8243; _address=&#8221;4.0.0&#8243;][et_pb_image src=&#8221;https:\/\/www.civiluavsinitiative.com\/wp-content\/uploads\/2020\/01\/logotipo-de-la-xunta-de-galicia-svg.png&#8221; alt=&#8221;Xunta de Galicia &#8221; module_class=&#8221;ds-vertical-align&#8221; _builder_version=&#8221;3.29.3&#8243; _i=&#8221;0&#8243; _address=&#8221;4.0.0.0&#8243;][\/et_pb_image][\/et_pb_column][et_pb_column type=&#8221;1_4&#8243; module_class=&#8221;ds-vertical-align&#8221; _builder_version=&#8221;3.29.3&#8243; _i=&#8221;1&#8243; _address=&#8221;4.0.1&#8243;][et_pb_image src=&#8221;https:\/\/www.civiluavsinitiative.com\/wp-content\/uploads\/2020\/01\/logotipo-del-ministerio-de-ciencia-e-innovacio-n.png&#8221; alt=&#8221;Gobierno de Espa\u00f1a &#8211; Ministerio de ciencia e innovaci\u00f3n&#8221; module_class=&#8221;ds-vertical-align&#8221; _builder_version=&#8221;3.29.3&#8243; _i=&#8221;0&#8243; _address=&#8221;4.0.1.0&#8243;][\/et_pb_image][\/et_pb_column][et_pb_column type=&#8221;1_4&#8243; module_class=&#8221;ds-vertical-align&#8221; _builder_version=&#8221;3.29.3&#8243; _i=&#8221;2&#8243; _address=&#8221;4.0.2&#8243;][et_pb_image src=&#8221;https:\/\/www.civiluavsinitiative.com\/wp-content\/uploads\/2020\/01\/82.png&#8221; alt=&#8221;Instituto Nacional de t\u00e9cnica aeroespacial&#8221; module_class=&#8221;ds-vertical-align&#8221; _builder_version=&#8221;3.29.3&#8243; _i=&#8221;0&#8243; _address=&#8221;4.0.2.0&#8243;][\/et_pb_image][\/et_pb_column][et_pb_column type=&#8221;1_4&#8243; module_class=&#8221;ds-vertical-align&#8221; _builder_version=&#8221;3.29.3&#8243; _i=&#8221;3&#8243; _address=&#8221;4.0.3&#8243;][et_pb_image src=&#8221;https:\/\/www.civiluavsinitiative.com\/wp-content\/uploads\/2020\/01\/logotipo-del-ministerio-de-fomento.png&#8221; alt=&#8221;Gobierno de Espa\u00f1a &#8211; Ministerio de Fomento&#8221; module_class=&#8221;ds-vertical-align&#8221; _builder_version=&#8221;3.29.3&#8243; _i=&#8221;0&#8243; _address=&#8221;4.0.3.0&#8243;][\/et_pb_image][\/et_pb_column][\/et_pb_row][et_pb_row column_structure=&#8221;1_6,1_6,1_6,1_6,1_6,1_6&#8243; make_equal=&#8221;on&#8221; module_class=&#8221;custom_row&#8221; _builder_version=&#8221;3.29.3&#8243; custom_padding=&#8221;0px|||||&#8221; _i=&#8221;1&#8243; _address=&#8221;4.1&#8243;][et_pb_column type=&#8221;1_6&#8243; module_class=&#8221;ds-vertical-align&#8221; _builder_version=&#8221;3.29.3&#8243; _i=&#8221;0&#8243; _address=&#8221;4.1.0&#8243;][et_pb_image src=&#8221;https:\/\/www.civiluavsinitiative.com\/wp-content\/uploads\/2020\/01\/1280-px-logotipo-del-ministerio-de-economi-a-y-empresa-svg-copia.png&#8221; alt=&#8221;Gobierno de Espa\u00f1a &#8211; Ministerio de econom\u00eda y empresa&#8221; _builder_version=&#8221;3.29.3&#8243; _i=&#8221;0&#8243; _address=&#8221;4.1.0.0&#8243;][\/et_pb_image][\/et_pb_column][et_pb_column type=&#8221;1_6&#8243; module_class=&#8221;ds-vertical-align&#8221; _builder_version=&#8221;3.29.3&#8243; _i=&#8221;1&#8243; _address=&#8221;4.1.1&#8243;][et_pb_image src=&#8221;https:\/\/www.civiluavsinitiative.com\/wp-content\/uploads\/2020\/01\/logofeder-copia.png&#8221; alt=&#8221;Fondo europeo de desarrollo regional&#8221; align=&#8221;center&#8221; _builder_version=&#8221;3.29.3&#8243; custom_margin=&#8221;||||false|false&#8221; custom_margin_phone=&#8221;||||false|false&#8221; custom_margin_last_edited=&#8221;on|phone&#8221; _i=&#8221;0&#8243; _address=&#8221;4.1.1.0&#8243;][\/et_pb_image][\/et_pb_column][et_pb_column type=&#8221;1_6&#8243; module_class=&#8221;ds-vertical-align&#8221; _builder_version=&#8221;3.29.3&#8243; _i=&#8221;2&#8243; _address=&#8221;4.1.2&#8243;][et_pb_image src=&#8221;https:\/\/www.civiluavsinitiative.com\/wp-content\/uploads\/2020\/01\/objeto-inteligente-vectorial-copia.png&#8221; alt=&#8221;Xacobeo 2021&#8243; _builder_version=&#8221;3.29.3&#8243; _i=&#8221;0&#8243; _address=&#8221;4.1.2.0&#8243;][\/et_pb_image][\/et_pb_column][et_pb_column type=&#8221;1_6&#8243; module_class=&#8221;ds-vertical-align&#8221; _builder_version=&#8221;3.29.3&#8243; _i=&#8221;3&#8243; _address=&#8221;4.1.3&#8243;][et_pb_image src=&#8221;https:\/\/www.civiluavsinitiative.com\/wp-content\/uploads\/2020\/01\/objeto-inteligente-vectorial-copia-1.png&#8221; alt=&#8221;Indra&#8221; _builder_version=&#8221;3.29.3&#8243; _i=&#8221;0&#8243; _address=&#8221;4.1.3.0&#8243;][\/et_pb_image][\/et_pb_column][et_pb_column type=&#8221;1_6&#8243; module_class=&#8221;ds-vertical-align&#8221; _builder_version=&#8221;3.29.3&#8243; _i=&#8221;4&#8243; _address=&#8221;4.1.4&#8243;][et_pb_image src=&#8221;https:\/\/www.civiluavsinitiative.com\/wp-content\/uploads\/2020\/01\/boeing-logo-copia.png&#8221; alt=&#8221;Boeing&#8221; _builder_version=&#8221;3.29.3&#8243; _i=&#8221;0&#8243; _address=&#8221;4.1.4.0&#8243;][\/et_pb_image][\/et_pb_column][et_pb_column type=&#8221;1_6&#8243; module_class=&#8221;ds-vertical-align&#8221; _builder_version=&#8221;3.29.3&#8243; _i=&#8221;5&#8243; _address=&#8221;4.1.5&#8243;][et_pb_image src=&#8221;https:\/\/www.civiluavsinitiative.com\/wp-content\/uploads\/2020\/01\/objeto-inteligente-vectorial-copia-2.png&#8221; alt=&#8221;babcock&#8221; _builder_version=&#8221;3.29.3&#8243; _i=&#8221;0&#8243; _address=&#8221;4.1.5.0&#8243;][\/et_pb_image][\/et_pb_column][\/et_pb_row][\/et_pb_section]<\/p>\n","protected":false},"excerpt":{"rendered":"<p>Actores da Civil UAVs Initiative Xunta de Galicia A Xunta de Galicia, coa implicaci\u00f3n de todas as conseller\u00edas, \u00e9 o promotor e xestor da Civil UAVs Initiative, as\u00ed como primeiro cliente e validador da tecnolox\u00eda desenvolvida. Todas as conseller\u00edas da Xunta de Galicia\u00a0 participan como usuarias e codese\u00f1adoras das tecnolox\u00edas e soluci\u00f3ns que se desenvolven [&hellip;]<\/p>\n","protected":false},"author":3,"featured_media":0,"parent":35303,"menu_order":0,"comment_status":"closed","ping_status":"closed","template":"","meta":{"_et_pb_use_builder":"on","_et_pb_old_content":"<p>[et_pb_section fb_built=\"1\" _builder_version=\"3.29.3\" custom_padding=\"2px||50px|||\" fb_built=\"1\" _i=\"0\" _address=\"0\"][et_pb_row _builder_version=\"3.29.3\" custom_padding=\"4px||6px|||\" _i=\"0\" _address=\"0.0\"][et_pb_column type=\"4_4\" _builder_version=\"3.29.3\" _i=\"0\" _address=\"0.0.0\"][et_pb_text _builder_version=\"3.29.3\" text_font=\"lubalin bold||||||||\" text_text_color=\"#589bdb\" text_font_size=\"30px\" text_line_height=\"30px\" text_font_size_phone=\"25px\" text_font_size_last_edited=\"on|desktop\" _i=\"0\" _address=\"0.0.0.0\"]<\/p><h1 class=\"inherit\">Actores de la Civil UAVs Initiative<\/h1><p>[\/et_pb_text][\/et_pb_column][\/et_pb_row][\/et_pb_section][et_pb_section fb_built=\"1\" _builder_version=\"3.29.3\" custom_padding=\"1px||4px|||\" fb_built=\"1\" _i=\"1\" _address=\"1\"][et_pb_row column_structure=\"1_3,1_3,1_3\" _builder_version=\"3.29.3\" _i=\"0\" _address=\"1.0\"][et_pb_column type=\"1_3\" _builder_version=\"3.29.3\" _i=\"0\" _address=\"1.0.0\"][et_pb_text _builder_version=\"3.29.3\" background_enable_image=\"off\" hover_enabled=\"0\" _i=\"0\" _address=\"1.0.0.0\"]<\/p><div class=\"img-caja\"><p><img class=\"alignnone wp-image-34744 size-medium\" src=\"https:\/\/www.civiluavsinitiative.com\/wp-content\/uploads\/2020\/06\/Xutna2-300x200.jpg\" alt=\"\" width=\"300\" height=\"200\" \/><\/p><div class=\"img-caja\"><div class=\"titulo-caja-transp\">Xunta de Galicia<\/div><\/div><div class=\"info-caja\"><p>La Xunta de Galicia, con la implicaci\u00f3n de todas las Conseller\u00edas, es el promotor y gestor de la Civil UAVs Initiative, as\u00ed como primer cliente y validador de la tecnolog\u00eda desarrollada.<\/p><p>Todas las Conseller\u00edas de la Xunta de Galicia\u00a0 participan como usuarias y codise\u00f1adoras de las tecnolog\u00edas y soluciones que se desarrollan a trav\u00e9s de los diferentes contratos de Compra P\u00fablica de Innovaci\u00f3n (CPI).<\/p><p>La Axencia Galega de Innovaci\u00f3n (GAIN) es el departamento gestor de la iniciativa y el IGAPE es organismo cofinanciador de varios de los programas de la Civil UAVs Initiative.<\/p><\/div><\/div><p>[\/et_pb_text][\/et_pb_column][et_pb_column type=\"1_3\" _builder_version=\"3.29.3\" _i=\"1\" _address=\"1.0.1\"][et_pb_text _builder_version=\"3.29.3\" hover_enabled=\"0\" _i=\"0\" _address=\"1.0.1.0\"]<\/p><div class=\"img-caja\"><p><img class=\"alignnone wp-image-34738 size-medium\" src=\"https:\/\/www.civiluavsinitiative.com\/wp-content\/uploads\/2020\/06\/INTA-300x203.jpg\" alt=\"\" width=\"300\" height=\"203\" \/><\/p><div class=\"titulo-caja-transp\">Instituto Nacional de T\u00e9cnica Aeroespacial (INTA), Ministerio de Defensa<\/div><\/div><div class=\"info-caja\"><p><span style=\"font-weight: 400;\">El INTA, Organismo P\u00fablico de Investigaci\u00f3n (OPI) especializado en la investigaci\u00f3n y el desarrollo tecnol\u00f3gico en los \u00e1mbitos de la aeron\u00e1utica, el espacio, la hidrodin\u00e1mica, la seguridad y la defensa, e integrado en el Ministerio de Defensa, participa como impulsor de la Civil UAVs Initiative.<\/span><\/p><p><span style=\"font-weight: 400;\">En colaboraci\u00f3n con la Xunta de Galicia, el INTA gestiona el Centro de Investigaci\u00f3n Aerotransportada de Rozas (CIAR), es organismo cofinanciador del programa de Infraestructuras y act\u00faa como \u00f3rgano de contrataci\u00f3n del mismo.<\/span><\/p><\/div><p>[\/et_pb_text][\/et_pb_column][et_pb_column type=\"1_3\" _builder_version=\"3.29.3\" _i=\"2\" _address=\"1.0.2\"][et_pb_text _builder_version=\"3.29.3\" _i=\"0\" _address=\"1.0.2.0\"]<\/p><div class=\"img-caja\"><p><img class=\"alignnone wp-image-34726 size-medium\" src=\"https:\/\/www.civiluavsinitiative.com\/wp-content\/uploads\/2020\/06\/CDTI-300x200.jpg\" alt=\"\" width=\"300\" height=\"200\" \/><\/p><div class=\"titulo-caja-transp\">Ministerio de Ciencia e Innovaci\u00f3n<\/div><\/div><div class=\"info-caja\"><span style=\"font-weight: 400;\">El Ministerio de Ciencia e Innovaci\u00f3n es el principal financiador de los programas de Infraestructuras y de Soluciones. Tambi\u00e9n el Centro para el Desarrollo Tecnol\u00f3gico e Industrial (CDTI), integrado en este Ministerio, colabora y financia la Civil UAVs Initiative.<\/span><\/div><p>[\/et_pb_text][\/et_pb_column][\/et_pb_row][\/et_pb_section][et_pb_section fb_built=\"1\" _builder_version=\"3.29.3\" background_color=\"#589bdb\" min_height=\"584px\" custom_margin=\"50px|||||\" custom_padding=\"1px|||||\" fb_built=\"1\" _i=\"2\" _address=\"2\"][et_pb_row column_structure=\"1_3,1_3,1_3\" _builder_version=\"3.29.3\" _i=\"0\" _address=\"2.0\"][et_pb_column type=\"1_3\" _builder_version=\"3.29.3\" _i=\"0\" _address=\"2.0.0\"][et_pb_text _builder_version=\"3.29.3\" hover_enabled=\"0\" _i=\"0\" _address=\"2.0.0.0\"]<\/p><div class=\"img-caja\"><p><img class=\"alignnone wp-image-34732 size-medium\" src=\"https:\/\/www.civiluavsinitiative.com\/wp-content\/uploads\/2020\/06\/ENAIRE-300x199.jpg\" alt=\"\" width=\"300\" height=\"199\" \/><\/p><div class=\"titulo-caja-transp\">Ministerio de Fomento - ENAIRE<\/div><\/div><div class=\"info-caja texto-blanco\">La empresa p\u00fablica ENAIRE, principal proveedor de servicios de navegaci\u00f3n a\u00e9rea y de informaci\u00f3n aeron\u00e1utica en Espa\u00f1a, integrada en el Ministerio de Fomento, participa como socio en el programa conjunto Xunta- Boeing Research and Technology Europe \u201cGalician Skyway\u201d.<\/div><p>[\/et_pb_text][\/et_pb_column][et_pb_column type=\"1_3\" _builder_version=\"3.29.3\" _i=\"1\" _address=\"2.0.1\"][et_pb_text _builder_version=\"3.29.3\" _i=\"0\" _address=\"2.0.1.0\"]<\/p><div class=\"img-caja\"><p><img class=\"alignnone wp-image-34735 size-medium\" src=\"https:\/\/www.civiluavsinitiative.com\/wp-content\/uploads\/2020\/06\/Indra-Babcock-300x200.jpg\" alt=\"\" width=\"300\" height=\"200\" \/><\/p><div class=\"titulo-caja-transp\">Socios privados tecnol\u00f3gicos e industriales<\/div><\/div><div class=\"info-caja texto-blanco\"><strong>Indra<\/strong>, multinacional espa\u00f1ola l\u00edder en el sector aeroespacial; <strong>Babcock Mission Critical Services<\/strong>, multinacional brit\u00e1nica; y <strong>Boeing Research and Technology Europe<\/strong>, divisi\u00f3n de la multinacional norteamericana l\u00edder en el sector aeroespacial, son socios tecnol\u00f3gicos e industriales de la <strong>Xunta de Galicia<\/strong> en la Civil UAVs Initiative, concret\u00e1ndose su participaci\u00f3n en el desarrollo de un programa conjunto de I+D por cada compa\u00f1\u00eda.<\/div><div class=\"info-caja texto-blanco\"><span style=\"font-weight: 400;\">Las tres multinacionales han desplegado en Galicia todo su potencial estrat\u00e9gico en alianza con peque\u00f1as y medianas empresas locales, centros tecnol\u00f3gicos y de investigaci\u00f3n y universidades gallegas.<\/span><\/div><p>[\/et_pb_text][\/et_pb_column][et_pb_column type=\"1_3\" _builder_version=\"3.29.3\" _i=\"2\" _address=\"2.0.2\"][et_pb_text _builder_version=\"3.29.3\" link_option_url_new_window=\"on\" _i=\"0\" _address=\"2.0.2.0\"]<\/p><div class=\"img-caja\"><p><img class=\"alignnone wp-image-34723 size-medium\" src=\"https:\/\/www.civiluavsinitiative.com\/wp-content\/uploads\/2020\/06\/20190430GainChicago-EMPRESAS-300x202.jpg\" alt=\"\" width=\"300\" height=\"202\" \/><\/p><div class=\"titulo-caja-transp\">Pymes de alta tecnolog\u00eda, Universidades y Centros de conocimiento<\/div><\/div><div class=\"info-caja texto-blanco\">M\u00e1s de 50 agentes est\u00e1n participando en los diferentes proyectos de I+D y creando soluciones para la prestaci\u00f3n de unos servicios p\u00fablicos m\u00e1s innovadores y eficientes.<\/div><div class=\"info-caja texto-blanco\"><span style=\"font-weight: 400;\">Adem\u00e1s de las Administraciones y de las empresas que desempe\u00f1an el papel de tractoras, la iniciativa cuenta con la implicaci\u00f3n de centros de conocimiento y empresas que retienen el talento de la regi\u00f3n. Entre ellos, las tres Universidades gallegas y nueve centros tecnol\u00f3gicos y de investigaci\u00f3n.<\/span><\/div><p>[\/et_pb_text][\/et_pb_column][\/et_pb_row][\/et_pb_section][et_pb_section fb_built=\"1\" _builder_version=\"3.29.3\" background_color=\"rgba(145,153,158,0.15)\" custom_margin=\"0px||0px||false|false\" custom_padding=\"0px||0px||false|false\" fb_built=\"1\" _i=\"3\" _address=\"3\"][et_pb_row _builder_version=\"3.29.3\" _i=\"0\" _address=\"3.0\"][et_pb_column type=\"4_4\" _builder_version=\"3.29.3\" _i=\"0\" _address=\"3.0.0\"][et_pb_text _builder_version=\"3.29.3\" text_font=\"Gotham Bold||||||||\" text_text_color=\"rgba(0,146,217,0.7)\" text_font_size=\"0.9rem\" link_font=\"||||on|||#0092d9|\" text_orientation=\"right\" _i=\"0\" _address=\"3.0.0.0\"]<\/p><p>Participaci\u00f3n individualizada por agente en los diferentes programas. <a style=\"text-underline-position: under;\" href=\"\/wp-content\/uploads\/2020\/06\/Agentes-por-tipolog\u00eda-de-entidad_v2-Bloque-5.pdf\" target=\"_blank\" rel=\"noopener noreferrer\">(Descargar)<\/a><\/p><p>[\/et_pb_text][et_pb_text _builder_version=\"3.29.3\" text_font=\"Gotham Bold||||||||\" text_text_color=\"rgba(0,146,217,0.7)\" text_font_size=\"0.9rem\" link_font=\"||||on|||#0092d9|\" text_orientation=\"right\" _i=\"1\" _address=\"3.0.0.1\"]<\/p><p>Porcentaje de participaci\u00f3n por tipo de entidad en la Civil UAVs Initiative. <a style=\"text-underline-position: under;\" href=\"\/wp-content\/uploads\/2020\/06\/Actores-Civil-UAVs-Initiative_2-Bloque-5.pdf\" target=\"_blank\" rel=\"noopener noreferrer\">(Descargar)<\/a><\/p><p>[\/et_pb_text][\/et_pb_column][\/et_pb_row][\/et_pb_section][et_pb_section fb_built=\"1\" _builder_version=\"3.29.3\" fb_built=\"1\" _i=\"4\" _address=\"4\"][et_pb_row column_structure=\"1_4,1_4,1_4,1_4\" make_equal=\"on\" module_class=\"custom_row\" _builder_version=\"3.29.3\" custom_padding=\"||40px|||\" _i=\"0\" _address=\"4.0\"][et_pb_column type=\"1_4\" module_class=\"ds-vertical-align\" _builder_version=\"3.29.3\" _i=\"0\" _address=\"4.0.0\"][et_pb_image src=\"https:\/\/www.civiluavsinitiative.com\/wp-content\/uploads\/2020\/01\/logotipo-de-la-xunta-de-galicia-svg.png\" alt=\"Xunta de Galicia \" module_class=\"ds-vertical-align\" _builder_version=\"3.29.3\" _i=\"0\" _address=\"4.0.0.0\"][\/et_pb_image][\/et_pb_column][et_pb_column type=\"1_4\" module_class=\"ds-vertical-align\" _builder_version=\"3.29.3\" _i=\"1\" _address=\"4.0.1\"][et_pb_image src=\"https:\/\/www.civiluavsinitiative.com\/wp-content\/uploads\/2020\/01\/logotipo-del-ministerio-de-ciencia-e-innovacio-n.png\" alt=\"Gobierno de Espa\u00f1a - Ministerio de ciencia e innovaci\u00f3n\" module_class=\"ds-vertical-align\" _builder_version=\"3.29.3\" _i=\"0\" _address=\"4.0.1.0\"][\/et_pb_image][\/et_pb_column][et_pb_column type=\"1_4\" module_class=\"ds-vertical-align\" _builder_version=\"3.29.3\" _i=\"2\" _address=\"4.0.2\"][et_pb_image src=\"https:\/\/www.civiluavsinitiative.com\/wp-content\/uploads\/2020\/01\/82.png\" alt=\"Instituto Nacional de t\u00e9cnica aeroespacial\" module_class=\"ds-vertical-align\" _builder_version=\"3.29.3\" _i=\"0\" _address=\"4.0.2.0\"][\/et_pb_image][\/et_pb_column][et_pb_column type=\"1_4\" module_class=\"ds-vertical-align\" _builder_version=\"3.29.3\" _i=\"3\" _address=\"4.0.3\"][et_pb_image src=\"https:\/\/www.civiluavsinitiative.com\/wp-content\/uploads\/2020\/01\/logotipo-del-ministerio-de-fomento.png\" alt=\"Gobierno de Espa\u00f1a - Ministerio de Fomento\" module_class=\"ds-vertical-align\" _builder_version=\"3.29.3\" _i=\"0\" _address=\"4.0.3.0\"][\/et_pb_image][\/et_pb_column][\/et_pb_row][et_pb_row column_structure=\"1_6,1_6,1_6,1_6,1_6,1_6\" make_equal=\"on\" module_class=\"custom_row\" _builder_version=\"3.29.3\" custom_padding=\"0px|||||\" _i=\"1\" _address=\"4.1\"][et_pb_column type=\"1_6\" module_class=\"ds-vertical-align\" _builder_version=\"3.29.3\" _i=\"0\" _address=\"4.1.0\"][et_pb_image src=\"https:\/\/www.civiluavsinitiative.com\/wp-content\/uploads\/2020\/01\/1280-px-logotipo-del-ministerio-de-economi-a-y-empresa-svg-copia.png\" alt=\"Gobierno de Espa\u00f1a - Ministerio de econom\u00eda y empresa\" _builder_version=\"3.29.3\" _i=\"0\" _address=\"4.1.0.0\"][\/et_pb_image][\/et_pb_column][et_pb_column type=\"1_6\" module_class=\"ds-vertical-align\" _builder_version=\"3.29.3\" _i=\"1\" _address=\"4.1.1\"][et_pb_image src=\"https:\/\/www.civiluavsinitiative.com\/wp-content\/uploads\/2020\/01\/logofeder-copia.png\" alt=\"Fondo europeo de desarrollo regional\" align=\"center\" _builder_version=\"3.29.3\" custom_margin=\"||||false|false\" custom_margin_phone=\"||||false|false\" custom_margin_last_edited=\"on|phone\" _i=\"0\" _address=\"4.1.1.0\"][\/et_pb_image][\/et_pb_column][et_pb_column type=\"1_6\" module_class=\"ds-vertical-align\" _builder_version=\"3.29.3\" _i=\"2\" _address=\"4.1.2\"][et_pb_image src=\"https:\/\/www.civiluavsinitiative.com\/wp-content\/uploads\/2020\/01\/objeto-inteligente-vectorial-copia.png\" alt=\"Xacobeo 2021\" _builder_version=\"3.29.3\" _i=\"0\" _address=\"4.1.2.0\"][\/et_pb_image][\/et_pb_column][et_pb_column type=\"1_6\" module_class=\"ds-vertical-align\" _builder_version=\"3.29.3\" _i=\"3\" _address=\"4.1.3\"][et_pb_image src=\"https:\/\/www.civiluavsinitiative.com\/wp-content\/uploads\/2020\/01\/objeto-inteligente-vectorial-copia-1.png\" alt=\"Indra\" _builder_version=\"3.29.3\" _i=\"0\" _address=\"4.1.3.0\"][\/et_pb_image][\/et_pb_column][et_pb_column type=\"1_6\" module_class=\"ds-vertical-align\" _builder_version=\"3.29.3\" _i=\"4\" _address=\"4.1.4\"][et_pb_image src=\"https:\/\/www.civiluavsinitiative.com\/wp-content\/uploads\/2020\/01\/boeing-logo-copia.png\" alt=\"Boeing\" _builder_version=\"3.29.3\" _i=\"0\" _address=\"4.1.4.0\"][\/et_pb_image][\/et_pb_column][et_pb_column type=\"1_6\" module_class=\"ds-vertical-align\" _builder_version=\"3.29.3\" _i=\"5\" _address=\"4.1.5\"][et_pb_image src=\"https:\/\/www.civiluavsinitiative.com\/wp-content\/uploads\/2020\/01\/objeto-inteligente-vectorial-copia-2.png\" alt=\"babcock\" _builder_version=\"3.29.3\" _i=\"0\" _address=\"4.1.5.0\"][\/et_pb_image][\/et_pb_column][\/et_pb_row][\/et_pb_section]<\/p><p style=\"text-align: center;\">\u00a0<\/p>","_et_gb_content_width":""},"acf":[],"yoast_head":"<!-- This site is optimized with the Yoast SEO plugin v20.9 - https:\/\/yoast.com\/wordpress\/plugins\/seo\/ -->\n<title>Civil UAVs Initiative<\/title>\n<meta name=\"description\" content=\"Civil UAVs Initiative, favorece y fomenta el emprendimiento innovador, con el fin de atraer y retener en Galicia talento en el sector aeroespacial.\" \/>\n<meta name=\"robots\" content=\"index, follow, max-snippet:-1, max-image-preview:large, max-video-preview:-1\" \/>\n<link rel=\"canonical\" href=\"https:\/\/www.civiluavsinitiative.com\/la-iniciativa\/actores-de-civil-uavs-initiative\/\" \/>\n<meta property=\"og:locale\" content=\"gl_ES\" \/>\n<meta property=\"og:type\" content=\"article\" \/>\n<meta property=\"og:title\" content=\"Civil UAVs Initiative\" \/>\n<meta property=\"og:description\" content=\"Civil UAVs Initiative, favorece y fomenta el emprendimiento innovador, con el fin de atraer y retener en Galicia talento en el sector aeroespacial.\" \/>\n<meta property=\"og:url\" content=\"https:\/\/www.civiluavsinitiative.com\/la-iniciativa\/actores-de-civil-uavs-initiative\/\" \/>\n<meta property=\"og:site_name\" content=\"Civil UAVs Initiative\" \/>\n<meta property=\"article:modified_time\" content=\"2020-12-14T11:11:33+00:00\" \/>\n<meta property=\"og:image\" content=\"https:\/\/www.civiluavsinitiative.com\/wp-content\/uploads\/2020\/06\/Xutna2-300x200.jpg\" \/>\n<meta name=\"twitter:card\" content=\"summary_large_image\" \/>\n<meta name=\"twitter:label1\" content=\"Tempo de lectura\" \/>\n\t<meta name=\"twitter:data1\" content=\"7 minutos\" \/>\n<script type=\"application\/ld+json\" class=\"yoast-schema-graph\">{\"@context\":\"https:\/\/schema.org\",\"@graph\":[{\"@type\":\"WebPage\",\"@id\":\"https:\/\/www.civiluavsinitiative.com\/la-iniciativa\/actores-de-civil-uavs-initiative\/\",\"url\":\"https:\/\/www.civiluavsinitiative.com\/la-iniciativa\/actores-de-civil-uavs-initiative\/\",\"name\":\"Civil UAVs Initiative\",\"isPartOf\":{\"@id\":\"https:\/\/www.civiluavsinitiative.com\/#website\"},\"datePublished\":\"2020-11-30T11:39:46+00:00\",\"dateModified\":\"2020-12-14T11:11:33+00:00\",\"description\":\"Civil UAVs Initiative, favorece y fomenta el emprendimiento innovador, con el fin de atraer y retener en Galicia talento en el sector aeroespacial.\",\"breadcrumb\":{\"@id\":\"https:\/\/www.civiluavsinitiative.com\/la-iniciativa\/actores-de-civil-uavs-initiative\/#breadcrumb\"},\"inLanguage\":\"gl-ES\",\"potentialAction\":[{\"@type\":\"ReadAction\",\"target\":[\"https:\/\/www.civiluavsinitiative.com\/la-iniciativa\/actores-de-civil-uavs-initiative\/\"]}]},{\"@type\":\"BreadcrumbList\",\"@id\":\"https:\/\/www.civiluavsinitiative.com\/la-iniciativa\/actores-de-civil-uavs-initiative\/#breadcrumb\",\"itemListElement\":[{\"@type\":\"ListItem\",\"position\":1,\"name\":\"Home\",\"item\":\"https:\/\/www.civiluavsinitiative.com\/gl\/\"},{\"@type\":\"ListItem\",\"position\":2,\"name\":\"La iniciativa\",\"item\":\"https:\/\/www.civiluavsinitiative.com\/la-iniciativa\/\"},{\"@type\":\"ListItem\",\"position\":3,\"name\":\"Actores da Civil UAVs Initiative\"}]},{\"@type\":\"WebSite\",\"@id\":\"https:\/\/www.civiluavsinitiative.com\/#website\",\"url\":\"https:\/\/www.civiluavsinitiative.com\/\",\"name\":\"Civil UAVs Initiative\",\"description\":\"Civil UAVs Initiative, favorece y fomenta el emprendimiento innovador, con el fin de atraer y retener en Galicia talento en el sector aeroespacial.\",\"potentialAction\":[{\"@type\":\"SearchAction\",\"target\":{\"@type\":\"EntryPoint\",\"urlTemplate\":\"https:\/\/www.civiluavsinitiative.com\/?s={search_term_string}\"},\"query-input\":\"required name=search_term_string\"}],\"inLanguage\":\"gl-ES\"}]}<\/script>\n<!-- \/ Yoast SEO plugin. -->","yoast_head_json":{"title":"Civil UAVs Initiative","description":"Civil UAVs Initiative, favorece y fomenta el emprendimiento innovador, con el fin de atraer y retener en Galicia talento en el sector aeroespacial.","robots":{"index":"index","follow":"follow","max-snippet":"max-snippet:-1","max-image-preview":"max-image-preview:large","max-video-preview":"max-video-preview:-1"},"canonical":"https:\/\/www.civiluavsinitiative.com\/la-iniciativa\/actores-de-civil-uavs-initiative\/","og_locale":"gl_ES","og_type":"article","og_title":"Civil UAVs Initiative","og_description":"Civil UAVs Initiative, favorece y fomenta el emprendimiento innovador, con el fin de atraer y retener en Galicia talento en el sector aeroespacial.","og_url":"https:\/\/www.civiluavsinitiative.com\/la-iniciativa\/actores-de-civil-uavs-initiative\/","og_site_name":"Civil UAVs Initiative","article_modified_time":"2020-12-14T11:11:33+00:00","og_image":[{"url":"https:\/\/www.civiluavsinitiative.com\/wp-content\/uploads\/2020\/06\/Xutna2-300x200.jpg"}],"twitter_card":"summary_large_image","twitter_misc":{"Tempo de lectura":"7 minutos"},"schema":{"@context":"https:\/\/schema.org","@graph":[{"@type":"WebPage","@id":"https:\/\/www.civiluavsinitiative.com\/la-iniciativa\/actores-de-civil-uavs-initiative\/","url":"https:\/\/www.civiluavsinitiative.com\/la-iniciativa\/actores-de-civil-uavs-initiative\/","name":"Civil UAVs Initiative","isPartOf":{"@id":"https:\/\/www.civiluavsinitiative.com\/#website"},"datePublished":"2020-11-30T11:39:46+00:00","dateModified":"2020-12-14T11:11:33+00:00","description":"Civil UAVs Initiative, favorece y fomenta el emprendimiento innovador, con el fin de atraer y retener en Galicia talento en el sector aeroespacial.","breadcrumb":{"@id":"https:\/\/www.civiluavsinitiative.com\/la-iniciativa\/actores-de-civil-uavs-initiative\/#breadcrumb"},"inLanguage":"gl-ES","potentialAction":[{"@type":"ReadAction","target":["https:\/\/www.civiluavsinitiative.com\/la-iniciativa\/actores-de-civil-uavs-initiative\/"]}]},{"@type":"BreadcrumbList","@id":"https:\/\/www.civiluavsinitiative.com\/la-iniciativa\/actores-de-civil-uavs-initiative\/#breadcrumb","itemListElement":[{"@type":"ListItem","position":1,"name":"Home","item":"https:\/\/www.civiluavsinitiative.com\/gl\/"},{"@type":"ListItem","position":2,"name":"La iniciativa","item":"https:\/\/www.civiluavsinitiative.com\/la-iniciativa\/"},{"@type":"ListItem","position":3,"name":"Actores da Civil UAVs Initiative"}]},{"@type":"WebSite","@id":"https:\/\/www.civiluavsinitiative.com\/#website","url":"https:\/\/www.civiluavsinitiative.com\/","name":"Civil UAVs Initiative","description":"Civil UAVs Initiative, favorece y fomenta el emprendimiento innovador, con el fin de atraer y retener en Galicia talento en el sector aeroespacial.","potentialAction":[{"@type":"SearchAction","target":{"@type":"EntryPoint","urlTemplate":"https:\/\/www.civiluavsinitiative.com\/?s={search_term_string}"},"query-input":"required name=search_term_string"}],"inLanguage":"gl-ES"}]}},"_links":{"self":[{"href":"https:\/\/www.civiluavsinitiative.com\/gl\/wp-json\/wp\/v2\/pages\/35286"}],"collection":[{"href":"https:\/\/www.civiluavsinitiative.com\/gl\/wp-json\/wp\/v2\/pages"}],"about":[{"href":"https:\/\/www.civiluavsinitiative.com\/gl\/wp-json\/wp\/v2\/types\/page"}],"author":[{"embeddable":true,"href":"https:\/\/www.civiluavsinitiative.com\/gl\/wp-json\/wp\/v2\/users\/3"}],"replies":[{"embeddable":true,"href":"https:\/\/www.civiluavsinitiative.com\/gl\/wp-json\/wp\/v2\/comments?post=35286"}],"version-history":[{"count":9,"href":"https:\/\/www.civiluavsinitiative.com\/gl\/wp-json\/wp\/v2\/pages\/35286\/revisions"}],"predecessor-version":[{"id":35768,"href":"https:\/\/www.civiluavsinitiative.com\/gl\/wp-json\/wp\/v2\/pages\/35286\/revisions\/35768"}],"up":[{"embeddable":true,"href":"https:\/\/www.civiluavsinitiative.com\/gl\/wp-json\/wp\/v2\/pages\/35303"}],"wp:attachment":[{"href":"https:\/\/www.civiluavsinitiative.com\/gl\/wp-json\/wp\/v2\/media?parent=35286"}],"curies":[{"name":"wp","href":"https:\/\/api.w.org\/{rel}","templated":true}]}}