{"id":35344,"date":"2020-11-30T13:07:16","date_gmt":"2020-11-30T12:07:16","guid":{"rendered":"https:\/\/www.civiluavsinitiative.com\/?page_id=35344"},"modified":"2021-03-16T13:17:41","modified_gmt":"2021-03-16T12:17:41","slug":"infrastructures-program","status":"publish","type":"page","link":"https:\/\/www.civiluavsinitiative.com\/en\/programmes\/infrastructures-program\/","title":{"rendered":"Infrastructures Program"},"content":{"rendered":"<p>[et_pb_section fb_built=&#8221;1&#8243; _builder_version=&#8221;3.29.3&#8243; custom_padding=&#8221;0px||100px|||&#8221; fb_built=&#8221;1&#8243; _i=&#8221;0&#8243; _address=&#8221;0&#8243;][et_pb_row module_class=&#8221;z-index-0&#8243; _builder_version=&#8221;3.29.3&#8243; custom_padding=&#8221;||21px|||&#8221; _i=&#8221;0&#8243; _address=&#8221;0.0&#8243;][et_pb_column type=&#8221;4_4&#8243; _builder_version=&#8221;3.29.3&#8243; _i=&#8221;0&#8243; _address=&#8221;0.0.0&#8243;][et_pb_text _builder_version=&#8221;3.29.3&#8243; text_font=&#8221;lubalin bold||||||||&#8221; text_text_color=&#8221;#589bdb&#8221; text_font_size=&#8221;22.5px&#8221; text_letter_spacing=&#8221;1.13px&#8221; text_line_height=&#8221;33.5px&#8221; text_orientation=&#8221;center&#8221; _i=&#8221;0&#8243; _address=&#8221;0.0.0.0&#8243;]<\/p>\n<h1 class=\"inherit\">Infraestructure Program\u00a0<\/h1>\n<p>[\/et_pb_text][\/et_pb_column][\/et_pb_row][et_pb_row module_class=&#8221;z-index-0&#8243; _builder_version=&#8221;3.29.3&#8243; custom_padding=&#8221;0px||97px|||&#8221; _i=&#8221;1&#8243; _address=&#8221;0.1&#8243;][et_pb_column type=&#8221;4_4&#8243; _builder_version=&#8221;3.29.3&#8243; _i=&#8221;0&#8243; _address=&#8221;0.1.0&#8243;][et_pb_text _builder_version=&#8221;3.29.3&#8243; text_font=&#8221;gotham narrow bold||||||||&#8221; text_font_size=&#8221;18px&#8221; text_line_height=&#8221;27px&#8221; text_orientation=&#8221;center&#8221; custom_padding=&#8221;|17%||17%|false|false&#8221; custom_padding_tablet=&#8221;|0%||0%|false|false&#8221; custom_padding_last_edited=&#8221;on|desktop&#8221; _i=&#8221;0&#8243; _address=&#8221;0.1.0.0&#8243;]<\/p>\n<p>The Galician Aerospace Center has unique infrastructures that make it an unbeatable option for carrying out certified testing with unmanned vehicles.<\/p>\n<p>This program consists of a number of actions aimed at creating the infrastructures needed for the development of the aerospace sector in Galicia and provides for a total investment of \u20ac\u00a013.5\u00a0M until December 2020, of which 100\u00a0% has already been implemented.<\/p>\n<p>[\/et_pb_text][\/et_pb_column][\/et_pb_row][et_pb_row column_structure=&#8221;2_5,3_5&#8243; make_equal=&#8221;on&#8221; module_class=&#8221;z-index-0&#8243; _builder_version=&#8221;3.29.3&#8243; module_alignment=&#8221;center&#8221; custom_padding=&#8221;3px|||||&#8221; _i=&#8221;2&#8243; _address=&#8221;0.2&#8243;][et_pb_column type=&#8221;2_5&#8243; _builder_version=&#8221;3.29.3&#8243; custom_padding=&#8221;0px||||false|false&#8221; _i=&#8221;0&#8243; _address=&#8221;0.2.0&#8243;][et_pb_image src=&#8221;https:\/\/www.civiluavsinitiative.com\/wp-content\/uploads\/2020\/03\/Infraestructuras-2.jpg&#8221; alt=&#8221;Aer\u00f3dromo de Rozas&#8221; module_class=&#8221;w-100-mob w-img-100-mob&#8221; _builder_version=&#8221;3.29.3&#8243; custom_margin=&#8221;|-2px||||&#8221; custom_padding=&#8221;|10px||||&#8221; _i=&#8221;0&#8243; _address=&#8221;0.2.0.0&#8243;][\/et_pb_image][\/et_pb_column][et_pb_column type=&#8221;3_5&#8243; module_class=&#8221;ds-vertical-align&#8221; _builder_version=&#8221;3.29.3&#8243; custom_padding=&#8221;||||false|false&#8221; _i=&#8221;1&#8243; _address=&#8221;0.2.1&#8243;][et_pb_text _builder_version=&#8221;3.29.3&#8243; text_font=&#8221;gotham medium||||||||&#8221; text_font_size=&#8221;20px&#8221; text_line_height=&#8221;30px&#8221; custom_margin=&#8221;-3px||29px|||&#8221; _i=&#8221;0&#8243; _address=&#8221;0.2.1.0&#8243;]<\/p>\n<p><strong>The Joint Rozas Aeronautics Research Centre (<em>CIAR<\/em>)<\/strong><\/p>\n<p>[\/et_pb_text][et_pb_text _builder_version=&#8221;3.29.3&#8243; text_font=&#8221;gotham narrow book||||||||&#8221; text_font_size=&#8221;18px&#8221; text_line_height=&#8221;27px&#8221; _i=&#8221;1&#8243; _address=&#8221;0.2.1.1&#8243;]<\/p>\n<p>The Joint INTA-Xunta de Galicia Rozas Aeronautics Research Center (CIAR), located at the airfield, has state-of-the-art equipment that makes it one of the reference centres in Europe in the field of unmanned vehicles.<\/p>\n<p>[\/et_pb_text][\/et_pb_column][\/et_pb_row][et_pb_row column_structure=&#8221;3_5,2_5&#8243; make_equal=&#8221;on&#8221; module_class=&#8221;custom_row&#8221; _builder_version=&#8221;3.29.3&#8243; custom_padding=&#8221;0px|||||&#8221; _i=&#8221;3&#8243; _address=&#8221;0.3&#8243;][et_pb_column type=&#8221;3_5&#8243; module_class=&#8221;ds-vertical-align second-on-mobile&#8221; _builder_version=&#8221;3.29.3&#8243; _i=&#8221;0&#8243; _address=&#8221;0.3.0&#8243;][et_pb_text _builder_version=&#8221;3.29.3&#8243; text_font=&#8221;gotham medium||||||||&#8221; text_font_size=&#8221;20px&#8221; text_line_height=&#8221;30px&#8221; _i=&#8221;0&#8243; _address=&#8221;0.3.0.0&#8243;]<\/p>\n<p><strong>The Rozas Technological and Industrial Park<\/strong><\/p>\n<p>[\/et_pb_text][et_pb_text _builder_version=&#8221;3.29.3&#8243; text_font=&#8221;gotham narrow book||||||||&#8221; text_font_size=&#8221;19px&#8221; text_line_height=&#8221;27px&#8221; _i=&#8221;1&#8243; _address=&#8221;0.3.0.1&#8243;]<\/p>\n<p>\u00a0A technological and industrial park has been created in the area around Rozas, to provide companies with land near the airfield, in order to strengthen the business fabric of the sector.<\/p>\n<p>[\/et_pb_text][\/et_pb_column][et_pb_column type=&#8221;2_5&#8243; module_class=&#8221;first-on-mobile&#8221; _builder_version=&#8221;3.29.3&#8243; _i=&#8221;1&#8243; _address=&#8221;0.3.1&#8243;][et_pb_image src=&#8221;https:\/\/www.civiluavsinitiative.com\/wp-content\/uploads\/2020\/06\/img-20200226-wa0009_422-832204_20200525000708.jpg&#8221; alt=&#8221;La creaci\u00f3n del Centro Mixto de Investigaci\u00f3n Aerotransportada INTA-XUNTA, situado en el aer\u00f3dromo&#8221; module_class=&#8221;w-100-mob w-img-100-mob&#8221; _builder_version=&#8221;3.29.3&#8243; custom_margin=&#8221;|-2px||||&#8221; _i=&#8221;0&#8243; _address=&#8221;0.3.1.0&#8243;][\/et_pb_image][\/et_pb_column][\/et_pb_row][et_pb_row column_structure=&#8221;2_5,3_5&#8243; make_equal=&#8221;on&#8221; _builder_version=&#8221;3.29.3&#8243; module_alignment=&#8221;center&#8221; custom_padding=&#8221;3px|||||&#8221; _i=&#8221;4&#8243; _address=&#8221;0.4&#8243;][et_pb_column type=&#8221;2_5&#8243; _builder_version=&#8221;3.29.3&#8243; custom_padding=&#8221;0px||||false|false&#8221; _i=&#8221;0&#8243; _address=&#8221;0.4.0&#8243;][et_pb_image src=&#8221;https:\/\/www.civiluavsinitiative.com\/wp-content\/uploads\/2019\/11\/img-3.jpg&#8221; alt=&#8221;La creaci\u00f3n del parque tecnol\u00f3gico e industrial en Rozas para dotar a las empresas de suelo cercano al aer\u00f3dromo.&#8221; module_class=&#8221;w-100-mob w-img-100-mob&#8221; _builder_version=&#8221;3.29.3&#8243; custom_margin=&#8221;|-2px||||&#8221; custom_padding=&#8221;|10px||||&#8221; _i=&#8221;0&#8243; _address=&#8221;0.4.0.0&#8243;][\/et_pb_image][\/et_pb_column][et_pb_column type=&#8221;3_5&#8243; module_class=&#8221;ds-vertical-align&#8221; _builder_version=&#8221;3.29.3&#8243; custom_padding=&#8221;||||false|false&#8221; _i=&#8221;1&#8243; _address=&#8221;0.4.1&#8243;][et_pb_text _builder_version=&#8221;3.29.3&#8243; text_font=&#8221;gotham medium||||||||&#8221; text_font_size=&#8221;20px&#8221; text_line_height=&#8221;30px&#8221; custom_margin=&#8221;-3px||29px|||&#8221; _i=&#8221;0&#8243; _address=&#8221;0.4.1.0&#8243;]<\/p>\n<p><strong>Entrepreneurship Centre<\/strong><\/p>\n<p>[\/et_pb_text][et_pb_text _builder_version=&#8221;3.29.3&#8243; text_font=&#8221;gotham narrow book||||||||&#8221; text_font_size=&#8221;18px&#8221; text_line_height=&#8221;27px&#8221; _i=&#8221;1&#8243; _address=&#8221;0.4.1.1&#8243;]<\/p>\n<p>The Xunta de Galicia plans to create an Entrepreneurship Center in Lugo dedicated entirely to the aerospace sector that will host the Business Factory Aero.<\/p>\n<p>The Entrepreneurship Centre will occupy an area of 1690\u00a0m\u00b2 of an emblematic building in the city, the old hospital of Lugo, located in the Northwest block of the complex. The budget to refurbish the facilities is about \u20ac\u00a03\u00a0M.<\/p>\n<p>This Center will also be a \u2018think tank\u2019 or centre for reflection on the civil use of UAVs, and will integrate different scientific disciplines, international advisers, etc.<\/p>\n<p>[\/et_pb_text][\/et_pb_column][\/et_pb_row][et_pb_row _builder_version=&#8221;3.29.3&#8243; _i=&#8221;5&#8243; _address=&#8221;0.5&#8243;][et_pb_column type=&#8221;4_4&#8243; _builder_version=&#8221;3.29.3&#8243; _i=&#8221;0&#8243; _address=&#8221;0.5.0&#8243;][et_pb_text _builder_version=&#8221;3.29.3&#8243; _i=&#8221;0&#8243; _address=&#8221;0.5.0.0&#8243;]<\/p>\n<p style=\"text-align: center;\"><a href=\"https:\/\/www.civiluavsinitiative.com\/en\/la-iniciativa\/infraestructuras-del-polo-aeroespacial-de-galicia\/?preview_id=35315&amp;preview_nonce=fcd3fcdd41&amp;_thumbnail_id=-1&amp;preview=true\"><strong>MORE INFORMATION AT:<\/strong><\/a><\/p>\n<p>[\/et_pb_text][\/et_pb_column][\/et_pb_row][\/et_pb_section]<\/p>\n","protected":false},"excerpt":{"rendered":"<p>Infraestructure Program\u00a0The Galician Aerospace Center has unique infrastructures that make it an unbeatable option for carrying out certified testing with unmanned vehicles. This program consists of a number of actions aimed at creating the infrastructures needed for the development of the aerospace sector in Galicia and provides for a total investment of \u20ac\u00a013.5\u00a0M until December [&hellip;]<\/p>\n","protected":false},"author":3,"featured_media":0,"parent":35340,"menu_order":0,"comment_status":"closed","ping_status":"closed","template":"","meta":{"_et_pb_use_builder":"on","_et_pb_old_content":"<p>[et_pb_section fb_built=\"1\" _builder_version=\"3.29.3\" custom_padding=\"0px||100px|||\" fb_built=\"1\" _i=\"0\" _address=\"0\"][et_pb_row module_class=\"z-index-0\" _builder_version=\"3.29.3\" custom_padding=\"||21px|||\" _i=\"0\" _address=\"0.0\"][et_pb_column type=\"4_4\" _builder_version=\"3.29.3\" _i=\"0\" _address=\"0.0.0\"][et_pb_text _builder_version=\"3.29.3\" text_font=\"lubalin bold||||||||\" text_text_color=\"#589bdb\" text_font_size=\"22.5px\" text_letter_spacing=\"1.13px\" text_line_height=\"33.5px\" text_orientation=\"center\" _i=\"0\" _address=\"0.0.0.0\"]<\/p><h1 class=\"inherit\">Programa de Infraestructuras<\/h1><p>[\/et_pb_text][\/et_pb_column][\/et_pb_row][et_pb_row module_class=\"z-index-0\" _builder_version=\"3.29.3\" custom_padding=\"0px||97px|||\" _i=\"1\" _address=\"0.1\"][et_pb_column type=\"4_4\" _builder_version=\"3.29.3\" _i=\"0\" _address=\"0.1.0\"][et_pb_text _builder_version=\"3.29.3\" text_font=\"gotham narrow bold||||||||\" text_font_size=\"18px\" text_line_height=\"27px\" text_orientation=\"center\" custom_padding=\"|17%||17%|false|false\" custom_padding_tablet=\"|0%||0%|false|false\" custom_padding_last_edited=\"on|desktop\" _i=\"0\" _address=\"0.1.0.0\"]<\/p><p>El Polo Aeroespacial de Galicia cuenta con unas infraestructuras que lo hacen \u00fanico y lo convierten en una opci\u00f3n inmejorable para la realizaci\u00f3n de ensayos certificados con veh\u00edculos no tripulados.<br \/>Este programa consta de varias actuaciones dirigidas a crear en Galicia las infraestructuras necesarias para el desarrollo del sector aeroespacial y contempla una inversi\u00f3n total de 13,5 M\u20ac hasta diciembre de 2020, de los cuales ya se ha ejecutado el 100 %.<\/p><p>[\/et_pb_text][\/et_pb_column][\/et_pb_row][et_pb_row column_structure=\"2_5,3_5\" make_equal=\"on\" module_class=\"z-index-0\" _builder_version=\"3.29.3\" module_alignment=\"center\" custom_padding=\"3px|||||\" _i=\"2\" _address=\"0.2\"][et_pb_column type=\"2_5\" _builder_version=\"3.29.3\" custom_padding=\"0px||||false|false\" _i=\"0\" _address=\"0.2.0\"][et_pb_image src=\"https:\/\/www.civiluavsinitiative.com\/wp-content\/uploads\/2020\/03\/Infraestructuras-2.jpg\" alt=\"Aer\u00f3dromo de Rozas\" module_class=\"w-100-mob w-img-100-mob\" _builder_version=\"3.29.3\" custom_margin=\"|-2px||||\" custom_padding=\"|10px||||\" _i=\"0\" _address=\"0.2.0.0\"][\/et_pb_image][\/et_pb_column][et_pb_column type=\"3_5\" module_class=\"ds-vertical-align\" _builder_version=\"3.29.3\" custom_padding=\"||||false|false\" _i=\"1\" _address=\"0.2.1\"][et_pb_text _builder_version=\"3.29.3\" text_font=\"gotham medium||||||||\" text_font_size=\"20px\" text_line_height=\"30px\" custom_margin=\"-3px||29px|||\" _i=\"0\" _address=\"0.2.1.0\"]Centro Mixto de Investigaci\u00f3n Aerotransportada de Rozas (CIAR)[\/et_pb_text][et_pb_text _builder_version=\"3.29.3\" text_font=\"gotham narrow book||||||||\" text_font_size=\"18px\" text_line_height=\"27px\" _i=\"1\" _address=\"0.2.1.1\"]<\/p><p>El Centro Mixto INTA-Xunta de Galicia de Investigaci\u00f3n Aerotransportada de Rozas (CIAR), situado en el aer\u00f3dromo, cuenta con un avanzado equipamiento que hace de \u00e9l uno de los centros de referencia a nivel europeo en el \u00e1mbito de los veh\u00edculos no tripulados.<\/p><p>[\/et_pb_text][\/et_pb_column][\/et_pb_row][et_pb_row column_structure=\"3_5,2_5\" make_equal=\"on\" module_class=\"custom_row\" _builder_version=\"3.29.3\" custom_padding=\"0px|||||\" _i=\"3\" _address=\"0.3\"][et_pb_column type=\"3_5\" module_class=\"ds-vertical-align second-on-mobile\" _builder_version=\"3.29.3\" _i=\"0\" _address=\"0.3.0\"][et_pb_text _builder_version=\"3.29.3\" text_font=\"gotham medium||||||||\" text_font_size=\"20px\" text_line_height=\"30px\" _i=\"0\" _address=\"0.3.0.0\"]Parque Tecnol\u00f3gico e Industrial de Rozas[\/et_pb_text][et_pb_text _builder_version=\"3.29.3\" text_font=\"gotham narrow book||||||||\" text_font_size=\"19px\" text_line_height=\"27px\" _i=\"1\" _address=\"0.3.0.1\"]<\/p><p>En el entorno de Rozas se ha creado un parque tecnol\u00f3gico e industrial para dotar a las empresas de suelo cercano al aer\u00f3dromo y fortalecer el tejido empresarial del sector.<\/p><p>[\/et_pb_text][\/et_pb_column][et_pb_column type=\"2_5\" module_class=\"first-on-mobile\" _builder_version=\"3.29.3\" _i=\"1\" _address=\"0.3.1\"][et_pb_image src=\"https:\/\/www.civiluavsinitiative.com\/wp-content\/uploads\/2020\/06\/img-20200226-wa0009_422-832204_20200525000708.jpg\" alt=\"La creaci\u00f3n del Centro Mixto de Investigaci\u00f3n Aerotransportada INTA-XUNTA, situado en el aer\u00f3dromo\" module_class=\"w-100-mob w-img-100-mob\" _builder_version=\"3.29.3\" custom_margin=\"|-2px||||\" hover_enabled=\"0\" _i=\"0\" _address=\"0.3.1.0\"][\/et_pb_image][\/et_pb_column][\/et_pb_row][et_pb_row column_structure=\"2_5,3_5\" make_equal=\"on\" _builder_version=\"3.29.3\" module_alignment=\"center\" custom_padding=\"3px|||||\" _i=\"4\" _address=\"0.4\"][et_pb_column type=\"2_5\" _builder_version=\"3.29.3\" custom_padding=\"0px||||false|false\" _i=\"0\" _address=\"0.4.0\"][et_pb_image src=\"https:\/\/www.civiluavsinitiative.com\/wp-content\/uploads\/2019\/11\/img-3.jpg\" alt=\"La creaci\u00f3n del parque tecnol\u00f3gico e industrial en Rozas para dotar a las empresas de suelo cercano al aer\u00f3dromo.\" module_class=\"w-100-mob w-img-100-mob\" _builder_version=\"3.29.3\" custom_margin=\"|-2px||||\" custom_padding=\"|10px||||\" _i=\"0\" _address=\"0.4.0.0\"][\/et_pb_image][\/et_pb_column][et_pb_column type=\"3_5\" module_class=\"ds-vertical-align\" _builder_version=\"3.29.3\" custom_padding=\"||||false|false\" _i=\"1\" _address=\"0.4.1\"][et_pb_text _builder_version=\"3.29.3\" text_font=\"gotham medium||||||||\" text_font_size=\"20px\" text_line_height=\"30px\" custom_margin=\"-3px||29px|||\" _i=\"0\" _address=\"0.4.1.0\"]Centro de Emprendimiento[\/et_pb_text][et_pb_text _builder_version=\"3.29.3\" text_font=\"gotham narrow book||||||||\" text_font_size=\"18px\" text_line_height=\"27px\" _i=\"1\" _address=\"0.4.1.1\"]<\/p><p>La Xunta de Galicia tiene previsto crear un Centro de Emprendimiento en Lugo dedicado \u00edntegramente al sector aeroespacial que acoger\u00e1 la Business Factory Aero.<\/p><p>[\/et_pb_text][\/et_pb_column][\/et_pb_row][et_pb_row _builder_version=\"3.29.3\" _i=\"5\" _address=\"0.5\"][et_pb_column type=\"4_4\" _builder_version=\"3.29.3\" _i=\"0\" _address=\"0.5.0\"][et_pb_text _builder_version=\"3.29.3\" _i=\"0\" _address=\"0.5.0.0\"]<\/p><p style=\"text-align: center;\"><a href=\"\/la-iniciativa\/infraestructuras-del-polo-aeroespacial-de-galicia\/\"><strong>MAS INFORMACI\u00d3N<\/strong><\/a><\/p><p>[\/et_pb_text][\/et_pb_column][\/et_pb_row][\/et_pb_section]<\/p>","_et_gb_content_width":""},"acf":[],"yoast_head":"<!-- This site is optimized with the Yoast SEO plugin v20.9 - https:\/\/yoast.com\/wordpress\/plugins\/seo\/ -->\n<title>Civil UAVs Initiative<\/title>\n<meta name=\"description\" content=\"Civil UAVs Initiative, favorece y fomenta el emprendimiento innovador, con el fin de atraer y retener en Galicia talento en el sector aeroespacial.\" \/>\n<meta name=\"robots\" content=\"index, follow, max-snippet:-1, max-image-preview:large, max-video-preview:-1\" \/>\n<link rel=\"canonical\" href=\"https:\/\/www.civiluavsinitiative.com\/programas\/programa-de-infraestructuras\/\" \/>\n<meta property=\"og:locale\" content=\"en_US\" \/>\n<meta property=\"og:type\" content=\"article\" \/>\n<meta property=\"og:title\" content=\"Civil UAVs Initiative\" \/>\n<meta property=\"og:description\" content=\"Civil UAVs Initiative, favorece y fomenta el emprendimiento innovador, con el fin de atraer y retener en Galicia talento en el sector aeroespacial.\" \/>\n<meta property=\"og:url\" content=\"https:\/\/www.civiluavsinitiative.com\/programas\/programa-de-infraestructuras\/\" \/>\n<meta property=\"og:site_name\" content=\"Civil UAVs Initiative\" \/>\n<meta property=\"article:modified_time\" content=\"2021-03-16T12:17:41+00:00\" \/>\n<meta name=\"twitter:card\" content=\"summary_large_image\" \/>\n<meta name=\"twitter:label1\" content=\"Est. reading time\" \/>\n\t<meta name=\"twitter:data1\" content=\"4 minutes\" \/>\n<script type=\"application\/ld+json\" class=\"yoast-schema-graph\">{\"@context\":\"https:\/\/schema.org\",\"@graph\":[{\"@type\":\"WebPage\",\"@id\":\"https:\/\/www.civiluavsinitiative.com\/programas\/programa-de-infraestructuras\/\",\"url\":\"https:\/\/www.civiluavsinitiative.com\/programas\/programa-de-infraestructuras\/\",\"name\":\"Civil UAVs Initiative\",\"isPartOf\":{\"@id\":\"https:\/\/www.civiluavsinitiative.com\/#website\"},\"datePublished\":\"2020-11-30T12:07:16+00:00\",\"dateModified\":\"2021-03-16T12:17:41+00:00\",\"description\":\"Civil UAVs Initiative, favorece y fomenta el emprendimiento innovador, con el fin de atraer y retener en Galicia talento en el sector aeroespacial.\",\"breadcrumb\":{\"@id\":\"https:\/\/www.civiluavsinitiative.com\/programas\/programa-de-infraestructuras\/#breadcrumb\"},\"inLanguage\":\"en-US\",\"potentialAction\":[{\"@type\":\"ReadAction\",\"target\":[\"https:\/\/www.civiluavsinitiative.com\/programas\/programa-de-infraestructuras\/\"]}]},{\"@type\":\"BreadcrumbList\",\"@id\":\"https:\/\/www.civiluavsinitiative.com\/programas\/programa-de-infraestructuras\/#breadcrumb\",\"itemListElement\":[{\"@type\":\"ListItem\",\"position\":1,\"name\":\"Home\",\"item\":\"https:\/\/www.civiluavsinitiative.com\/en\/\"},{\"@type\":\"ListItem\",\"position\":2,\"name\":\"Programmes\",\"item\":\"https:\/\/www.civiluavsinitiative.com\/programas\/\"},{\"@type\":\"ListItem\",\"position\":3,\"name\":\"Infrastructures Program\"}]},{\"@type\":\"WebSite\",\"@id\":\"https:\/\/www.civiluavsinitiative.com\/#website\",\"url\":\"https:\/\/www.civiluavsinitiative.com\/\",\"name\":\"Civil UAVs Initiative\",\"description\":\"Civil UAVs Initiative, favorece y fomenta el emprendimiento innovador, con el fin de atraer y retener en Galicia talento en el sector aeroespacial.\",\"potentialAction\":[{\"@type\":\"SearchAction\",\"target\":{\"@type\":\"EntryPoint\",\"urlTemplate\":\"https:\/\/www.civiluavsinitiative.com\/?s={search_term_string}\"},\"query-input\":\"required name=search_term_string\"}],\"inLanguage\":\"en-US\"}]}<\/script>\n<!-- \/ Yoast SEO plugin. -->","yoast_head_json":{"title":"Civil UAVs Initiative","description":"Civil UAVs Initiative, favorece y fomenta el emprendimiento innovador, con el fin de atraer y retener en Galicia talento en el sector aeroespacial.","robots":{"index":"index","follow":"follow","max-snippet":"max-snippet:-1","max-image-preview":"max-image-preview:large","max-video-preview":"max-video-preview:-1"},"canonical":"https:\/\/www.civiluavsinitiative.com\/programas\/programa-de-infraestructuras\/","og_locale":"en_US","og_type":"article","og_title":"Civil UAVs Initiative","og_description":"Civil UAVs Initiative, favorece y fomenta el emprendimiento innovador, con el fin de atraer y retener en Galicia talento en el sector aeroespacial.","og_url":"https:\/\/www.civiluavsinitiative.com\/programas\/programa-de-infraestructuras\/","og_site_name":"Civil UAVs Initiative","article_modified_time":"2021-03-16T12:17:41+00:00","twitter_card":"summary_large_image","twitter_misc":{"Est. reading time":"4 minutes"},"schema":{"@context":"https:\/\/schema.org","@graph":[{"@type":"WebPage","@id":"https:\/\/www.civiluavsinitiative.com\/programas\/programa-de-infraestructuras\/","url":"https:\/\/www.civiluavsinitiative.com\/programas\/programa-de-infraestructuras\/","name":"Civil UAVs Initiative","isPartOf":{"@id":"https:\/\/www.civiluavsinitiative.com\/#website"},"datePublished":"2020-11-30T12:07:16+00:00","dateModified":"2021-03-16T12:17:41+00:00","description":"Civil UAVs Initiative, favorece y fomenta el emprendimiento innovador, con el fin de atraer y retener en Galicia talento en el sector aeroespacial.","breadcrumb":{"@id":"https:\/\/www.civiluavsinitiative.com\/programas\/programa-de-infraestructuras\/#breadcrumb"},"inLanguage":"en-US","potentialAction":[{"@type":"ReadAction","target":["https:\/\/www.civiluavsinitiative.com\/programas\/programa-de-infraestructuras\/"]}]},{"@type":"BreadcrumbList","@id":"https:\/\/www.civiluavsinitiative.com\/programas\/programa-de-infraestructuras\/#breadcrumb","itemListElement":[{"@type":"ListItem","position":1,"name":"Home","item":"https:\/\/www.civiluavsinitiative.com\/en\/"},{"@type":"ListItem","position":2,"name":"Programmes","item":"https:\/\/www.civiluavsinitiative.com\/programas\/"},{"@type":"ListItem","position":3,"name":"Infrastructures Program"}]},{"@type":"WebSite","@id":"https:\/\/www.civiluavsinitiative.com\/#website","url":"https:\/\/www.civiluavsinitiative.com\/","name":"Civil UAVs Initiative","description":"Civil UAVs Initiative, favorece y fomenta el emprendimiento innovador, con el fin de atraer y retener en Galicia talento en el sector aeroespacial.","potentialAction":[{"@type":"SearchAction","target":{"@type":"EntryPoint","urlTemplate":"https:\/\/www.civiluavsinitiative.com\/?s={search_term_string}"},"query-input":"required name=search_term_string"}],"inLanguage":"en-US"}]}},"_links":{"self":[{"href":"https:\/\/www.civiluavsinitiative.com\/en\/wp-json\/wp\/v2\/pages\/35344"}],"collection":[{"href":"https:\/\/www.civiluavsinitiative.com\/en\/wp-json\/wp\/v2\/pages"}],"about":[{"href":"https:\/\/www.civiluavsinitiative.com\/en\/wp-json\/wp\/v2\/types\/page"}],"author":[{"embeddable":true,"href":"https:\/\/www.civiluavsinitiative.com\/en\/wp-json\/wp\/v2\/users\/3"}],"replies":[{"embeddable":true,"href":"https:\/\/www.civiluavsinitiative.com\/en\/wp-json\/wp\/v2\/comments?post=35344"}],"version-history":[{"count":8,"href":"https:\/\/www.civiluavsinitiative.com\/en\/wp-json\/wp\/v2\/pages\/35344\/revisions"}],"predecessor-version":[{"id":36972,"href":"https:\/\/www.civiluavsinitiative.com\/en\/wp-json\/wp\/v2\/pages\/35344\/revisions\/36972"}],"up":[{"embeddable":true,"href":"https:\/\/www.civiluavsinitiative.com\/en\/wp-json\/wp\/v2\/pages\/35340"}],"wp:attachment":[{"href":"https:\/\/www.civiluavsinitiative.com\/en\/wp-json\/wp\/v2\/media?parent=35344"}],"curies":[{"name":"wp","href":"https:\/\/api.w.org\/{rel}","templated":true}]}}