{"id":35325,"date":"2020-11-30T13:03:42","date_gmt":"2020-11-30T12:03:42","guid":{"rendered":"https:\/\/www.civiluavsinitiative.com\/?page_id=35325"},"modified":"2023-01-02T09:40:45","modified_gmt":"2023-01-02T08:40:45","slug":"presentation","status":"publish","type":"page","link":"https:\/\/www.civiluavsinitiative.com\/en\/initiative\/presentation\/","title":{"rendered":"Presentation"},"content":{"rendered":"<p>[et_pb_section fb_built=&#8221;1&#8243; _builder_version=&#8221;4.16&#8243; custom_margin=&#8221;0px||||false|false&#8221; custom_padding=&#8221;0px||3px||false|false&#8221; global_colors_info=&#8221;{}&#8221;][et_pb_row column_structure=&#8221;1_2,1_2&#8243; module_class=&#8221;z-index-0&#8243; _builder_version=&#8221;4.16&#8243; custom_padding=&#8221;0px|0px|100px|||&#8221; global_colors_info=&#8221;{}&#8221;][et_pb_column type=&#8221;1_2&#8243; _builder_version=&#8221;4.16&#8243; global_colors_info=&#8221;{}&#8221;][et_pb_text _builder_version=&#8221;4.16&#8243; text_font=&#8221;lubalin bold||||||||&#8221; text_text_color=&#8221;#5ea6e1&#8243; text_font_size=&#8221;43px&#8221; text_letter_spacing=&#8221;2.8px&#8221; text_line_height=&#8221;60px&#8221; header_font=&#8221;gotham narrow bookotf||||||||&#8221; custom_margin=&#8221;||6px|||&#8221; custom_padding=&#8221;0px||0px|||&#8221; text_text_color_tablet=&#8221;&#8221; text_text_color_phone=&#8221;&#8221; text_text_color_last_edited=&#8221;on|phone&#8221; global_colors_info=&#8221;{}&#8221;]<\/p>\n<h1 style=\"margin-top: 9.05pt;\"><strong><span lang=\"EN-US\" style=\"color: #00afef;\">The<span style=\"letter-spacing: -.2pt;\"> <\/span>Civil<span style=\"letter-spacing: .1pt;\"> <\/span>UAVs<span style=\"letter-spacing: -.15pt;\"> <\/span>Initiative<\/span><\/strong><span lang=\"EN-US\"><o:p><\/o:p><\/span><\/h1>\n<p>[\/et_pb_text][et_pb_text _builder_version=&#8221;4.16&#8243; text_font=&#8221;gotham medium||||||||&#8221; text_font_size=&#8221;18px&#8221; text_line_height=&#8221;30px&#8221; custom_padding=&#8221;30px|4px||||&#8221; global_colors_info=&#8221;{}&#8221;]<\/p>\n<p><span>The Civil UAVs Initiative is a strategic initiative led by the Xunta de Galicia where the aim is to promote innovative solutions based on Unmanned Aerial Vehicles (UAVs) to improve provision of public services and to create a technological innovation centre in this segment of the aerospace sector.<\/span><\/p>\n<p>[\/et_pb_text][et_pb_text _builder_version=&#8221;4.16&#8243; custom_margin=&#8221;|-14px|0px|||&#8221; custom_padding=&#8221;|0px|17px|||&#8221; global_colors_info=&#8221;{}&#8221;]<\/p>\n<p>In 2015, the Xunta de Galicia, with support from the Government of Spain and the National Institute of Aerospace Technology (INTA), decided to boost the aerospace sector through the development of UAVs for civil use.\u00a0<\/p>\n<p><span>The intention is to mobilise \u20ac\u00a0164 million from 2016 to 2020, from public and private sectors, to develop different programmes oriented towards strengthening Galicia&#8217;s position in the aerospace sector.<\/span><\/p>\n<p>[\/et_pb_text][\/et_pb_column][et_pb_column type=&#8221;1_2&#8243; _builder_version=&#8221;4.16&#8243; global_colors_info=&#8221;{}&#8221;][et_pb_image src=&#8221;https:\/\/www.civiluavsinitiative.com\/wp-content\/uploads\/2019\/10\/presentacionimgg1.jpg&#8221; alt=&#8221;La Civil UAVs Initiative&#8221; module_class=&#8221;w-100-mob w-img-100-mob z-index-0&#8243; _builder_version=&#8221;4.16&#8243; custom_margin=&#8221;0px|0px|-7px|0px|false|false&#8221; custom_padding=&#8221;0px|0px|0px|0px|false|false&#8221; global_colors_info=&#8221;{}&#8221;][\/et_pb_image][\/et_pb_column][\/et_pb_row][\/et_pb_section][et_pb_section fb_built=&#8221;1&#8243; _builder_version=&#8221;4.16&#8243; background_color=&#8221;#d1d1d1&#8243; width=&#8221;100%&#8221; custom_margin=&#8221;-2px|||||&#8221; custom_padding=&#8221;2px||61px|||&#8221; saved_tabs=&#8221;all&#8221; global_colors_info=&#8221;{}&#8221;][et_pb_row column_structure=&#8221;1_4,1_4,1_4,1_4&#8243; _builder_version=&#8221;4.16&#8243; custom_margin=&#8221;-2px|auto||auto||&#8221; custom_padding=&#8221;50px|||||&#8221; global_colors_info=&#8221;{}&#8221;][et_pb_column type=&#8221;1_4&#8243; _builder_version=&#8221;4.16&#8243; global_colors_info=&#8221;{}&#8221;][et_pb_image src=&#8221;https:\/\/www.civiluavsinitiative.com\/wp-content\/uploads\/2020\/06\/164.png&#8221; alt=&#8221;50 agentes participan en la Iniciativa (empresas tractoras, pymes, universidades y centros de conocimiento).&#8221; _builder_version=&#8221;4.19.4&#8243; width=&#8221;205px&#8221; height=&#8221;205px&#8221; custom_margin=&#8221;||25px||false|false&#8221; hover_enabled=&#8221;0&#8243; global_colors_info=&#8221;{}&#8221; title_text=&#8221;164&#8243; sticky_enabled=&#8221;0&#8243;][\/et_pb_image][et_pb_text _builder_version=&#8221;4.16&#8243; text_font=&#8221;gotham narrow book||||||||&#8221; text_line_height=&#8221;27px&#8221; custom_padding=&#8221;|||41px||&#8221; global_colors_info=&#8221;{}&#8221;]<\/p>\n<p style=\"text-align: left;\">public-private<\/p>\n<p>[\/et_pb_text][\/et_pb_column][et_pb_column type=&#8221;1_4&#8243; _builder_version=&#8221;4.16&#8243; global_colors_info=&#8221;{}&#8221;][et_pb_image src=&#8221;https:\/\/www.civiluavsinitiative.com\/wp-content\/uploads\/2020\/06\/50.png&#8221; alt=&#8221;3 multinacionales l\u00edderes en el sector aeroespacial desarrollan proyectos de I+D con la Xunta de Galicia para dar respuesta a todos los retos de futuro que plantea el uso de UAVs en el \u00e1mbito civil.&#8221; _builder_version=&#8221;4.19.4&#8243; width=&#8221;205px&#8221; height=&#8221;205px&#8221; custom_margin=&#8221;||25px||false|false&#8221; hover_enabled=&#8221;0&#8243; global_colors_info=&#8221;{}&#8221; title_text=&#8221;50&#8243; sticky_enabled=&#8221;0&#8243;][\/et_pb_image][et_pb_text _builder_version=&#8221;4.16&#8243; text_font=&#8221;gotham narrow book||||||||&#8221; text_line_height=&#8221;27px&#8221; custom_margin=&#8221;-2px|||||&#8221; custom_padding=&#8221;|||40px||&#8221; global_colors_info=&#8221;{}&#8221;]<\/p>\n<p><span>Universities, knowledge centres, &#8216;driver&#8217; enterprises and SMEs<\/span><\/p>\n<p>[\/et_pb_text][\/et_pb_column][et_pb_column type=&#8221;1_4&#8243; _builder_version=&#8221;4.16&#8243; global_colors_info=&#8221;{}&#8221;][et_pb_image src=&#8221;https:\/\/www.civiluavsinitiative.com\/wp-content\/uploads\/2020\/06\/Icono-proyectos.png&#8221; alt=&#8221;40 empresas desarrollan proyectos de soluciones que dan respuesta a retos complejos de la gesti\u00f3n p\u00fablica, a los que puede responderse con el uso de UAVs y de las tecnolog\u00edas asociadas a los mismos.&#8221; _builder_version=&#8221;4.19.4&#8243; width=&#8221;205px&#8221; height=&#8221;205px&#8221; custom_margin=&#8221;||25px||false|false&#8221; hover_enabled=&#8221;0&#8243; global_colors_info=&#8221;{}&#8221; title_text=&#8221;Icono proyectos&#8221; sticky_enabled=&#8221;0&#8243;][\/et_pb_image][et_pb_text _builder_version=&#8221;4.16&#8243; text_font=&#8221;gotham narrow book||||||||&#8221; text_line_height=&#8221;27px&#8221; custom_padding=&#8221;|||40px||&#8221; global_colors_info=&#8221;{}&#8221;]<\/p>\n<p style=\"text-align: left;\">Ongoing R&amp;D&amp;I Projects<\/p>\n<p>[\/et_pb_text][\/et_pb_column][et_pb_column type=&#8221;1_4&#8243; _builder_version=&#8221;4.16&#8243; global_colors_info=&#8221;{}&#8221;][et_pb_image src=&#8221;https:\/\/www.civiluavsinitiative.com\/wp-content\/uploads\/2020\/06\/400.png&#8221; alt=&#8221;3 universidades colaboran en la iniciativa&#8221; _builder_version=&#8221;4.19.4&#8243; width=&#8221;205px&#8221; height=&#8221;205px&#8221; custom_margin=&#8221;||25px||false|false&#8221; hover_enabled=&#8221;0&#8243; global_colors_info=&#8221;{}&#8221; title_text=&#8221;400&#8243; sticky_enabled=&#8221;0&#8243;][\/et_pb_image][et_pb_text _builder_version=&#8221;4.16&#8243; text_font=&#8221;gotham narrow book||||||||&#8221; text_line_height=&#8221;27px&#8221; custom_padding=&#8221;|||40px||&#8221; global_colors_info=&#8221;{}&#8221;]<\/p>\n<p style=\"text-align: left;\">High-Skilled employment<\/p>\n<p>[\/et_pb_text][\/et_pb_column][\/et_pb_row][\/et_pb_section][et_pb_section fb_built=&#8221;1&#8243; module_class=&#8221;cta_azul&#8221; _builder_version=&#8221;4.16&#8243; background_color=&#8221;#589bdb&#8221; custom_padding=&#8221;3px||0px|||&#8221; global_colors_info=&#8221;{}&#8221;][et_pb_row _builder_version=&#8221;4.16&#8243; min_height=&#8221;9px&#8221; custom_margin=&#8221;0px|auto|0px|auto|false|false&#8221; custom_padding=&#8221;45px||20px||false|false&#8221; global_colors_info=&#8221;{}&#8221;][et_pb_column type=&#8221;4_4&#8243; _builder_version=&#8221;4.16&#8243; global_colors_info=&#8221;{}&#8221;][et_pb_text _builder_version=&#8221;4.16&#8243; text_font=&#8221;gotham medium||||||||&#8221; text_text_color=&#8221;rgba(255,255,255,0.7)&#8221; text_orientation=&#8221;right&#8221; custom_margin=&#8221;||1px|||&#8221; global_colors_info=&#8221;{}&#8221;]<\/p>\n<p><strong>The Civil UAVs Initiative<\/strong> (<a href=\"https:\/\/www.civiluavsinitiative.com\/wp-content\/uploads\/2020\/06\/La-Civil-UAVs-Initiative-bloque-2.pdf\">Download<\/a>)<\/p>\n<p>[\/et_pb_text][et_pb_text _builder_version=&#8221;4.16&#8243; text_font=&#8221;gotham bold||||||||&#8221; text_text_color=&#8221;#ffffff&#8221; text_orientation=&#8221;right&#8221; min_height=&#8221;20px&#8221; custom_margin=&#8221;-1px||1px|||&#8221; custom_padding=&#8221;0px||0px|||&#8221; global_colors_info=&#8221;{}&#8221;]<\/p>\n<p><strong>The Civil UAVs Initiative Projects <\/strong> (<a href=\"https:\/\/www.civiluavsinitiative.com\/wp-content\/uploads\/2020\/12\/Proyectos-bloque-2-EN.pdf\">Download<\/a>)<\/p>\n<p>[\/et_pb_text][\/et_pb_column][\/et_pb_row][\/et_pb_section][et_pb_section fb_built=&#8221;1&#8243; _builder_version=&#8221;4.16&#8243; custom_margin=&#8221;||0px||false|false&#8221; custom_padding=&#8221;100px||0px||false|false&#8221; global_colors_info=&#8221;{}&#8221;][et_pb_row _builder_version=&#8221;4.16&#8243; custom_padding=&#8221;2px||50px|||&#8221; global_colors_info=&#8221;{}&#8221;][et_pb_column type=&#8221;4_4&#8243; _builder_version=&#8221;4.16&#8243; global_colors_info=&#8221;{}&#8221;][et_pb_text _builder_version=&#8221;4.16&#8243; text_font=&#8221;lubalin bold||||||||&#8221; text_text_color=&#8221;#589bdb&#8221; text_font_size=&#8221;25px&#8221; text_line_height=&#8221;28px&#8221; text_orientation=&#8221;center&#8221; global_colors_info=&#8221;{}&#8221;]<\/p>\n<h1><span lang=\"EN-US\" style=\"color: #00afef;\">Main objectives<\/span><span lang=\"EN-US\"><o:p><\/o:p><\/span><\/h1>\n<p>[\/et_pb_text][et_pb_text _builder_version=&#8221;4.16&#8243; text_font=&#8221;gotham medium||||||||&#8221; text_text_color=&#8221;#5a5a5c&#8221; text_font_size=&#8221;18px&#8221; text_line_height=&#8221;30px&#8221; text_orientation=&#8221;center&#8221; custom_padding=&#8221;|6%||6%|false|false&#8221; custom_padding_tablet=&#8221;|0%||0%|false|false&#8221; custom_padding_phone=&#8221;&#8221; custom_padding_last_edited=&#8221;on|desktop&#8221; global_colors_info=&#8221;{}&#8221;][\/et_pb_text][\/et_pb_column][\/et_pb_row][et_pb_row column_structure=&#8221;1_2,1_2&#8243; use_custom_gutter=&#8221;on&#8221; gutter_width=&#8221;1&#8243; module_class=&#8221;vertical_tabs&#8221; _builder_version=&#8221;4.16&#8243; width=&#8221;100%&#8221; max_width=&#8221;100%&#8221; custom_margin=&#8221;0px|0px|0px|0px|false|false&#8221; custom_padding=&#8221;0px|0px|0px|0px|false|false&#8221; global_colors_info=&#8221;{}&#8221;][et_pb_column type=&#8221;1_2&#8243; _builder_version=&#8221;4.16&#8243; custom_padding=&#8221;0px|0px|0px|0px|false|false&#8221; global_colors_info=&#8221;{}&#8221;][et_pb_image src=&#8221;https:\/\/www.civiluavsinitiative.com\/wp-content\/uploads\/2019\/10\/i-stock-830508658.jpg&#8221; alt=&#8221;La Civil UAVs Initiative (CUI) es la Iniciativa Estrat\u00e9gica de la Xunta para convertir a Galicia en un Polo Aeroespacial en Europa.&#8221; force_fullwidth=&#8221;on&#8221; _builder_version=&#8221;4.16&#8243; custom_margin=&#8221;|-2px||0px|false|false&#8221; custom_padding=&#8221;|0px||0px|false|false&#8221; global_colors_info=&#8221;{}&#8221;][\/et_pb_image][\/et_pb_column][et_pb_column type=&#8221;1_2&#8243; _builder_version=&#8221;4.16&#8243; global_colors_info=&#8221;{}&#8221;][et_pb_tabs active_tab_background_color=&#8221;#1a2036&#8243; inactive_tab_background_color=&#8221;#589bdb&#8221; active_tab_text_color=&#8221;#ffffff&#8221; _builder_version=&#8221;4.16&#8243; tab_text_color=&#8221;#ffffff&#8221; tab_font=&#8221;gotham book|600|||||||&#8221; tab_font_size=&#8221;15px&#8221; tab_line_height=&#8221;40px&#8221; background_color=&#8221;rgba(0,0,0,0)&#8221; z_index=&#8221;0&#8243; width=&#8221;100%&#8221; custom_margin=&#8221;0px||0px||false|false&#8221; custom_padding=&#8221;0px||0px||false|false&#8221; global_colors_info=&#8221;{}&#8221;][et_pb_tab title=&#8221;ENHANCE&#8221; _builder_version=&#8221;4.16&#8243; global_colors_info=&#8221;{}&#8221;]<\/p>\n<p>the provision of public services through innovative solutions that use UAVs to improve water quality, increase fishing fleet safety, forestry control &amp; management, territorial planning &amp; management, automation of cartographic &amp; topographic information, and improvement of health assistance in remote places, among others.<\/p>\n<p>[\/et_pb_tab][et_pb_tab title=&#8221;POSITION&#8221; _builder_version=&#8221;4.16&#8243; global_colors_info=&#8221;{}&#8221;]<\/p>\n<p>Galicia as the reference aerospace technological innovation centre in Spain and Europe.<\/p>\n<p>[\/et_pb_tab][et_pb_tab title=&#8221;PROMOTE&#8221; _builder_version=&#8221;4.16&#8243; global_colors_info=&#8221;{}&#8221;]<\/p>\n<p>strategic R&amp;D&amp;I lines for knowledge centres and enterprises in an avant-garde and high technological intensity sector with great future potential.<\/p>\n<p>[\/et_pb_tab][et_pb_tab title=&#8221;BECOME&#8221; _builder_version=&#8221;4.16&#8243; global_colors_info=&#8221;{}&#8221;]<\/p>\n<p>a centre for generation, attraction and retention of talent and knowledge.<\/p>\n<p>[\/et_pb_tab][et_pb_tab title=&#8221;SUPPORT&#8221; _builder_version=&#8221;4.16&#8243; global_colors_info=&#8221;{}&#8221;]<\/p>\n<p>innovative SMEs and high-skilled employment in the UAV segment.<\/p>\n<p>[\/et_pb_tab][et_pb_tab title=&#8221;PROMOTE AND BOOST&#8221; _builder_version=&#8221;4.16&#8243; global_colors_info=&#8221;{}&#8221;]<\/p>\n<p>marketing and internationalisation of the products and solutions developed within the Civil UAVs Initiative.<\/p>\n<p>[\/et_pb_tab][\/et_pb_tabs][\/et_pb_column][\/et_pb_row][\/et_pb_section][et_pb_section fb_built=&#8221;1&#8243; disabled_on=&#8221;on|on|on&#8221; module_class=&#8221;seccion-estrategias&#8221; _builder_version=&#8221;4.16&#8243; background_color=&#8221;#d1d1d1&#8243; min_height=&#8221;226px&#8221; custom_margin=&#8221;||-3px|||&#8221; custom_padding=&#8221;0px||0px|||&#8221; disabled=&#8221;on&#8221; global_colors_info=&#8221;{}&#8221;][et_pb_row _builder_version=&#8221;4.16&#8243; custom_margin=&#8221;|auto|-2px|auto||&#8221; custom_padding=&#8221;100px||0px|||&#8221; global_colors_info=&#8221;{}&#8221;][et_pb_column type=&#8221;4_4&#8243; _builder_version=&#8221;4.16&#8243; global_colors_info=&#8221;{}&#8221;][et_pb_text _builder_version=&#8221;4.16&#8243; text_font=&#8221;lubalin bold||||||||&#8221; text_text_color=&#8221;#589bdb&#8221; text_font_size=&#8221;25px&#8221; text_line_height=&#8221;26.1px&#8221; text_orientation=&#8221;center&#8221; custom_padding=&#8221;0px||6px|||&#8221; global_colors_info=&#8221;{}&#8221;]Iniciativa estrat\u00e9gica[\/et_pb_text][et_pb_text _builder_version=&#8221;4.16&#8243; text_font=&#8221;gotham medium||||||||&#8221; text_text_color=&#8221;#5a5a5c&#8221; text_font_size=&#8221;18px&#8221; text_line_height=&#8221;30px&#8221; text_orientation=&#8221;center&#8221; custom_margin=&#8221;||-16px|||&#8221; custom_padding=&#8221;|20%||20%|false|false&#8221; custom_padding_tablet=&#8221;|0%||0%|false|false&#8221; custom_padding_phone=&#8221;&#8221; custom_padding_last_edited=&#8221;on|desktop&#8221; global_colors_info=&#8221;{}&#8221;]La Civil UAVs Initiative no es una pol\u00edtica, no es un programa ni es un proyecto.<br \/>\n[\/et_pb_text][\/et_pb_column][\/et_pb_row][et_pb_row column_structure=&#8221;1_3,1_3,1_3&#8243; _builder_version=&#8221;4.16&#8243; custom_margin=&#8221;50px|auto|0px|auto|false|false&#8221; custom_margin_tablet=&#8221;&#8221; custom_margin_phone=&#8221;&#8221; custom_margin_last_edited=&#8221;on|tablet&#8221; custom_padding=&#8221;||3px|||&#8221; global_colors_info=&#8221;{}&#8221;][et_pb_column type=&#8221;1_3&#8243; _builder_version=&#8221;4.16&#8243; global_colors_info=&#8221;{}&#8221;][et_pb_text module_class=&#8221;image_text_1block&#8221; _builder_version=&#8221;4.16&#8243; global_colors_info=&#8221;{}&#8221;]<\/p>\n<div class=\"img-estrate\"><img decoding=\"async\" class=\"wp-image-28965 alignnone size-full\" style=\"float: left;\" src=\"https:\/\/www.civiluavsinitiative.com\/wp-content\/uploads\/2020\/01\/1.png\" alt=\"Es desarrollada por el Gobierno de Galicia en su conjunto, participando todas las Conseller\u00edas.\" \/><\/div>\n<div class=\"info-estrate\">Ha sido desarrollada por el Gobierno de Galicia en su conjunto, participando todas las Conseller\u00edas.<\/div>\n<p>[\/et_pb_text][\/et_pb_column][et_pb_column type=&#8221;1_3&#8243; _builder_version=&#8221;4.16&#8243; global_colors_info=&#8221;{}&#8221;][et_pb_text module_class=&#8221;image_text_1block&#8221; _builder_version=&#8221;4.16&#8243; global_colors_info=&#8221;{}&#8221;]<\/p>\n<div class=\"img-estrate\"><img decoding=\"async\" class=\"wp-image-28965 alignnone size-full\" style=\"float: left;\" src=\"https:\/\/www.civiluavsinitiative.com\/wp-content\/uploads\/2020\/01\/2.png\" alt=\"Contribuye al desarrollo del conjunto de las pol\u00edticas impulsadas por el Gobierno de Galicia, a trav\u00e9s del empleo de los UAVs en la mejora de los servicios vinculados a dichas pol\u00edticas.\" \/><\/div>\n<div class=\"info-estrate\">Contribuye al desarrollo del conjunto de las pol\u00edticas impulsadas por el Gobierno de Galicia, a trav\u00e9s del empleo de los UAVs en la mejora de los servicios vinculados a dichas pol\u00edticas.<\/div>\n<p>[\/et_pb_text][\/et_pb_column][et_pb_column type=&#8221;1_3&#8243; _builder_version=&#8221;4.16&#8243; global_colors_info=&#8221;{}&#8221;][et_pb_text module_class=&#8221;image_text_1block&#8221; _builder_version=&#8221;4.16&#8243; custom_padding=&#8221;0px|||||&#8221; global_colors_info=&#8221;{}&#8221;]<\/p>\n<div class=\"img-estrate\"><img decoding=\"async\" class=\"wp-image-28965 alignnone size-full\" style=\"float: left;\" src=\"https:\/\/www.civiluavsinitiative.com\/wp-content\/uploads\/2020\/01\/3.png\" alt=\"Est\u00e1 liderada al m\u00e1ximo nivel, por el Presidente de la Xunta.\" \/><\/div>\n<div class=\"info-estrate\">Est\u00e1 liderada al m\u00e1ximo nivel por el Presidente de la Xunta.<\/div>\n<p>[\/et_pb_text][\/et_pb_column][\/et_pb_row][et_pb_row column_structure=&#8221;1_3,1_3,1_3&#8243; _builder_version=&#8221;4.16&#8243; custom_margin_tablet=&#8221;-15px||||false|false&#8221; custom_margin_phone=&#8221;-15px||||false|false&#8221; custom_margin_last_edited=&#8221;on|tablet&#8221; custom_padding=&#8221;50px||99px|||&#8221; global_colors_info=&#8221;{}&#8221;][et_pb_column type=&#8221;1_3&#8243; _builder_version=&#8221;4.16&#8243; global_colors_info=&#8221;{}&#8221;][et_pb_text module_class=&#8221;image_text_1block&#8221; _builder_version=&#8221;4.16&#8243; global_colors_info=&#8221;{}&#8221;]<\/p>\n<div class=\"img-estrate\"><img decoding=\"async\" class=\"wp-image-28965 alignnone size-full\" style=\"float: left;\" src=\"https:\/\/www.civiluavsinitiative.com\/wp-content\/uploads\/2020\/01\/4.png\" alt=\"Es gestionada por una entidad (GAIN), pero ejecutada por muchas entidades (GAIN, INTA, AMTEGA,\u2026) y empresas privadas (INDRA, BABCOCK, BOEING, etc.).\" \/><\/div>\n<div class=\"info-estrate\">Es gestionada por una entidad (GAIN), pero ejecutada por muchas entidades (GAIN, INTA, AMTEGA\u2026) y empresas privadas (BOEING, INDRA, BABCOCK, etc.).<\/div>\n<p>[\/et_pb_text][\/et_pb_column][et_pb_column type=&#8221;1_3&#8243; _builder_version=&#8221;4.16&#8243; global_colors_info=&#8221;{}&#8221;][et_pb_text module_class=&#8221;image_text_1block&#8221; _builder_version=&#8221;4.16&#8243; global_colors_info=&#8221;{}&#8221;]<\/p>\n<div class=\"img-estrate\"><img decoding=\"async\" loading=\"lazy\" width=\"125\" height=\"125\" class=\"wp-image-28965 alignnone size-full\" style=\"float: left;\" src=\"https:\/\/www.civiluavsinitiative.com\/wp-content\/uploads\/2019\/11\/5.png\" alt=\"Su ejecuci\u00f3n contempla m\u00faltiples pol\u00edticas, instrumentos, programas y proyectos.\" \/><\/div>\n<div class=\"info-estrate\">Su ejecuci\u00f3n contempla m\u00faltiples pol\u00edticas, instrumentos, programas y proyectos.<\/div>\n<p>[\/et_pb_text][\/et_pb_column][et_pb_column type=&#8221;1_3&#8243; _builder_version=&#8221;4.16&#8243; global_colors_info=&#8221;{}&#8221;][\/et_pb_column][\/et_pb_row][\/et_pb_section][et_pb_section fb_built=&#8221;1&#8243; disabled_on=&#8221;on|on|on&#8221; _builder_version=&#8221;4.16&#8243; custom_padding=&#8221;11px||100px|||&#8221; disabled=&#8221;on&#8221; global_colors_info=&#8221;{}&#8221;][et_pb_row column_structure=&#8221;2_5,3_5&#8243; make_equal=&#8221;on&#8221; module_class=&#8221;custom_row&#8221; _builder_version=&#8221;4.16&#8243; module_alignment=&#8221;center&#8221; custom_margin=&#8221;99px|auto||auto||&#8221; custom_padding=&#8221;3px|||||&#8221; global_colors_info=&#8221;{}&#8221;][et_pb_column type=&#8221;2_5&#8243; _builder_version=&#8221;4.16&#8243; custom_padding=&#8221;0px||||false|false&#8221; global_colors_info=&#8221;{}&#8221;][et_pb_image src=&#8221;https:\/\/www.civiluavsinitiative.com\/wp-content\/uploads\/2020\/03\/FOTOS-CIAR-nuevas-con-radar.jpg&#8221; alt=&#8221;Polo Aerospacial de Galicia&#8221; module_class=&#8221;w-100-mob w-img-100-mob&#8221; _builder_version=&#8221;4.16&#8243; custom_margin=&#8221;|-2px||||&#8221; custom_padding=&#8221;|10px||||&#8221; global_colors_info=&#8221;{}&#8221;][\/et_pb_image][\/et_pb_column][et_pb_column type=&#8221;3_5&#8243; module_class=&#8221;ds-vertical-align&#8221; _builder_version=&#8221;4.16&#8243; custom_padding=&#8221;||||false|false&#8221; global_colors_info=&#8221;{}&#8221;][et_pb_text _builder_version=&#8221;4.16&#8243; text_font=&#8221;gotham medium||||||||&#8221; text_font_size=&#8221;20px&#8221; text_line_height=&#8221;30px&#8221; custom_margin=&#8221;-3px||29px|||&#8221; global_colors_info=&#8221;{}&#8221;]Polo Aeroespacial de Galicia<br \/>\n[\/et_pb_text][et_pb_text _builder_version=&#8221;4.16&#8243; text_font=&#8221;gotham narrow book||||||||&#8221; text_line_height=&#8221;27px&#8221; global_colors_info=&#8221;{}&#8221;]Pol\u00edtica de innovaci\u00f3n e industrial dirigida a la creaci\u00f3n y desarrollo de la industria aeroespacial en Galicia. La Civil UAVs Initiative desarrolla esta pol\u00edtica mediante una Iniciativa que supera la propia pol\u00edtica aeroespacial, involucrando a todas las instituciones de la Xunta. El \u00e1rea de influencia del Polo Aeroespacial es Galicia.<br \/>\n[\/et_pb_text][\/et_pb_column][\/et_pb_row][et_pb_row column_structure=&#8221;3_5,2_5&#8243; make_equal=&#8221;on&#8221; module_class=&#8221;custom_row&#8221; _builder_version=&#8221;4.16&#8243; custom_padding=&#8221;0px|||||&#8221; global_colors_info=&#8221;{}&#8221;][et_pb_column type=&#8221;3_5&#8243; module_class=&#8221;ds-vertical-align second-on-mobile&#8221; _builder_version=&#8221;4.16&#8243; global_colors_info=&#8221;{}&#8221;][et_pb_text _builder_version=&#8221;4.16&#8243; text_font=&#8221;gotham medium||||||||&#8221; text_font_size=&#8221;20px&#8221; text_line_height=&#8221;30px&#8221; global_colors_info=&#8221;{}&#8221;]Aer\u00f3dromo de Rozas[\/et_pb_text][et_pb_text _builder_version=&#8221;4.16&#8243; text_font=&#8221;gotham narrow book||||||||&#8221; text_line_height=&#8221;27px&#8221; global_colors_info=&#8221;{}&#8221;]Infraestructura propia de la Civil UAVs Initiative, consistente en la adaptaci\u00f3n y dedicaci\u00f3n de un aer\u00f3dromo ya existente para su uso por veh\u00edculos no tripulados.<br \/>\n[\/et_pb_text][\/et_pb_column][et_pb_column type=&#8221;2_5&#8243; module_class=&#8221;first-on-mobile&#8221; _builder_version=&#8221;4.16&#8243; global_colors_info=&#8221;{}&#8221;][et_pb_image src=&#8221;https:\/\/www.civiluavsinitiative.com\/wp-content\/uploads\/2019\/11\/aerodromo-rozas.jpg&#8221; alt=&#8221;Aer\u00f3dromo de Rozas&#8221; module_class=&#8221;w-100-mob w-img-100-mob&#8221; _builder_version=&#8221;4.16&#8243; custom_margin=&#8221;|-2px||||&#8221; global_colors_info=&#8221;{}&#8221;][\/et_pb_image][\/et_pb_column][\/et_pb_row][et_pb_row column_structure=&#8221;2_5,3_5&#8243; make_equal=&#8221;on&#8221; _builder_version=&#8221;4.16&#8243; module_alignment=&#8221;center&#8221; custom_padding=&#8221;3px|||||&#8221; global_colors_info=&#8221;{}&#8221;][et_pb_column type=&#8221;2_5&#8243; _builder_version=&#8221;4.16&#8243; custom_padding=&#8221;0px||||false|false&#8221; global_colors_info=&#8221;{}&#8221;][et_pb_image src=&#8221;https:\/\/www.civiluavsinitiative.com\/wp-content\/uploads\/2019\/11\/parque-tecnologico.jpg&#8221; alt=&#8221;Parque Tecnol\u00f3gico e Industrial de Rozas&#8221; module_class=&#8221;w-100-mob w-img-100-mob&#8221; _builder_version=&#8221;4.16&#8243; custom_margin=&#8221;|-2px||||&#8221; custom_padding=&#8221;|10px||||&#8221; global_colors_info=&#8221;{}&#8221;][\/et_pb_image][\/et_pb_column][et_pb_column type=&#8221;3_5&#8243; module_class=&#8221;ds-vertical-align&#8221; _builder_version=&#8221;4.16&#8243; custom_padding=&#8221;||||false|false&#8221; global_colors_info=&#8221;{}&#8221;][et_pb_text _builder_version=&#8221;4.16&#8243; text_font=&#8221;gotham medium||||||||&#8221; text_font_size=&#8221;20px&#8221; text_line_height=&#8221;30px&#8221; custom_margin=&#8221;-3px||29px|||&#8221; global_colors_info=&#8221;{}&#8221;]Parque Tecnol\u00f3gico e Industrial de Rozas[\/et_pb_text][et_pb_text _builder_version=&#8221;4.16&#8243; text_font=&#8221;gotham narrow book||||||||&#8221; text_line_height=&#8221;27px&#8221; global_colors_info=&#8221;{}&#8221;]Infraestructura del Polo Aeroespacial integrada dentro de la Civil UAVs Initiative, dado que su primer desarrollo est\u00e1 vinculado a los UAVs, pero que aspira a convertirse en algo m\u00e1s que una infraestructura de la Iniciativa. Es decir, en el parque se podr\u00e1 instalar cualquier empresa del sector aeroespacial, participe o no en la Civil UAVs Initiative.<br \/>\n[\/et_pb_text][\/et_pb_column][\/et_pb_row][et_pb_row column_structure=&#8221;3_5,2_5&#8243; make_equal=&#8221;on&#8221; module_class=&#8221;custom_row&#8221; _builder_version=&#8221;4.16&#8243; custom_padding=&#8221;0px||4px|||&#8221; global_colors_info=&#8221;{}&#8221;][et_pb_column type=&#8221;3_5&#8243; module_class=&#8221;ds-vertical-align second-on-mobile&#8221; _builder_version=&#8221;4.16&#8243; global_colors_info=&#8221;{}&#8221;][et_pb_text _builder_version=&#8221;4.16&#8243; text_font=&#8221;gotham medium||||||||&#8221; text_font_size=&#8221;20px&#8221; text_line_height=&#8221;30px&#8221; global_colors_info=&#8221;{}&#8221;]Centro Mixto de Investigaci\u00f3n Aerotransportada de Rozas (CIAR)<br \/>\n[\/et_pb_text][et_pb_text _builder_version=&#8221;4.16&#8243; text_font=&#8221;gotham narrow book||||||||&#8221; text_line_height=&#8221;27px&#8221; global_colors_info=&#8221;{}&#8221;]Infraestructura del Polo Aeroespacial de Galicia. El CIAR es el responsable del desarrollo del aer\u00f3dromo, tanto en su vertiente de infraestructura cient\u00edfica y tecnol\u00f3gica como de investigaci\u00f3n aeroespacial, y dota a las empresas de un amplio y moderno equipamiento cient\u00edfico, as\u00ed como de una torre de control, sala de control de misiones y centro de simulaci\u00f3n que hacen de Rozas una infraestructura \u00fanica en Europa para la realizaci\u00f3n de ensayos.<br \/>\n[\/et_pb_text][\/et_pb_column][et_pb_column type=&#8221;2_5&#8243; module_class=&#8221;first-on-mobile&#8221; _builder_version=&#8221;4.16&#8243; global_colors_info=&#8221;{}&#8221;][et_pb_image src=&#8221;https:\/\/www.civiluavsinitiative.com\/wp-content\/uploads\/2020\/03\/FOTOS-CIAR-nuevas2-copia.jpg&#8221; alt=&#8221;Centro Mixto de Investigaci\u00f3n Aerotransportada (CIAR)&#8221; module_class=&#8221;w-100-mob w-img-100-mob&#8221; _builder_version=&#8221;4.16&#8243; custom_margin=&#8221;|-2px||||&#8221; global_colors_info=&#8221;{}&#8221;][\/et_pb_image][\/et_pb_column][\/et_pb_row][\/et_pb_section][et_pb_section fb_built=&#8221;1&#8243; _builder_version=&#8221;4.16&#8243; background_color=&#8221;#ffffff&#8221; custom_padding=&#8221;100px|||||&#8221; global_colors_info=&#8221;{}&#8221;][et_pb_row disabled_on=&#8221;on|on|on&#8221; _builder_version=&#8221;4.16&#8243; custom_padding=&#8221;0px||0px|||&#8221; disabled=&#8221;on&#8221; global_colors_info=&#8221;{}&#8221;][et_pb_column type=&#8221;4_4&#8243; _builder_version=&#8221;4.16&#8243; global_colors_info=&#8221;{}&#8221;][et_pb_text _builder_version=&#8221;4.16&#8243; text_font=&#8221;||||||||&#8221; text_text_color=&#8221;#589bdb&#8221; text_font_size=&#8221;18px&#8221; global_colors_info=&#8221;{}&#8221;]Programas[\/et_pb_text][\/et_pb_column][\/et_pb_row][et_pb_row _builder_version=&#8221;4.16&#8243; global_colors_info=&#8221;{}&#8221;][et_pb_column type=&#8221;4_4&#8243; _builder_version=&#8221;4.16&#8243; global_colors_info=&#8221;{}&#8221;][et_pb_text _builder_version=&#8221;4.16&#8243; custom_margin=&#8221;-3px|||||&#8221; global_colors_info=&#8221;{}&#8221;]<div class=\"programa_general\">\n<div class=\"slick-programa\">\n\t<div class=\"slide-content\">\n    \t\t\t<a href=\"\" >\n        <div class=\"programathumb\">\n          <img width=\"449\" height=\"297\" src=\"https:\/\/www.civiluavsinitiative.com\/wp-content\/uploads\/2019\/11\/i-stock-670075718-1.jpg\" class=\"attachment-post-thumbnail size-post-thumbnail wp-post-image\" alt=\"\" decoding=\"async\" loading=\"lazy\" srcset=\"https:\/\/www.civiluavsinitiative.com\/wp-content\/uploads\/2019\/11\/i-stock-670075718-1.jpg 449w, https:\/\/www.civiluavsinitiative.com\/wp-content\/uploads\/2019\/11\/i-stock-670075718-1-300x198.jpg 300w\" sizes=\"(max-width: 449px) 100vw, 449px\" \/>          <div class=\"programatitle\">R&#038;D PROGRAMME<\/div>\n        <\/div>\n      <\/a>\n\t\t\t<div class=\"programacontent\">Partnership agreements between the Xunta and large companies for the joint development of R&D programmes that allow for the creation of products, technologies and solutions within the aerospace sector based on pre-commercial public procurement models.<\/div>\n    <\/div>\n\t<div class=\"slide-content\">\n    \t\t\t<a href=\"\" >\n        <div class=\"programathumb\">\n          <img width=\"449\" height=\"297\" src=\"https:\/\/www.civiluavsinitiative.com\/wp-content\/uploads\/2019\/11\/i-stock-945023334.jpg\" class=\"attachment-post-thumbnail size-post-thumbnail wp-post-image\" alt=\"\" decoding=\"async\" loading=\"lazy\" srcset=\"https:\/\/www.civiluavsinitiative.com\/wp-content\/uploads\/2019\/11\/i-stock-945023334.jpg 449w, https:\/\/www.civiluavsinitiative.com\/wp-content\/uploads\/2019\/11\/i-stock-945023334-300x198.jpg 300w\" sizes=\"(max-width: 449px) 100vw, 449px\" \/>          <div class=\"programatitle\">SCIENTIFIC PROGRAMME<\/div>\n        <\/div>\n      <\/a>\n\t\t\t<div class=\"programacontent\">Promotion of the aerospace science in Galicia by means of an aerial platform research project (Future Research and Trial Aircraft - FENIX).<\/div>\n    <\/div>\n\t<div class=\"slide-content\">\n    \t\t\t<a href=\"\" >\n        <div class=\"programathumb\">\n          <img width=\"449\" height=\"297\" src=\"https:\/\/www.civiluavsinitiative.com\/wp-content\/uploads\/2019\/11\/img-2-2.jpg\" class=\"attachment-post-thumbnail size-post-thumbnail wp-post-image\" alt=\"\" decoding=\"async\" loading=\"lazy\" srcset=\"https:\/\/www.civiluavsinitiative.com\/wp-content\/uploads\/2019\/11\/img-2-2.jpg 449w, https:\/\/www.civiluavsinitiative.com\/wp-content\/uploads\/2019\/11\/img-2-2-300x198.jpg 300w\" sizes=\"(max-width: 449px) 100vw, 449px\" \/>          <div class=\"programatitle\">OTHER R&#038;D SUPPORTING INSTRUMENTS<\/div>\n        <\/div>\n      <\/a>\n\t\t\t<div class=\"programacontent\">Additional financial benefits granted by GAIN (Xunta) allocated to aerospace R&D projects.<\/div>\n    <\/div>\n\t<div class=\"slide-content\">\n    \t\t\t<a href=\"\" >\n        <div class=\"programathumb\">\n          <img width=\"3872\" height=\"2592\" src=\"https:\/\/www.civiluavsinitiative.com\/wp-content\/uploads\/2019\/11\/Foto-Mar2.jpg\" class=\"attachment-post-thumbnail size-post-thumbnail wp-post-image\" alt=\"\" decoding=\"async\" loading=\"lazy\" srcset=\"https:\/\/www.civiluavsinitiative.com\/wp-content\/uploads\/2019\/11\/Foto-Mar2.jpg 3872w, https:\/\/www.civiluavsinitiative.com\/wp-content\/uploads\/2019\/11\/Foto-Mar2-1280x857.jpg 1280w, https:\/\/www.civiluavsinitiative.com\/wp-content\/uploads\/2019\/11\/Foto-Mar2-980x656.jpg 980w, https:\/\/www.civiluavsinitiative.com\/wp-content\/uploads\/2019\/11\/Foto-Mar2-480x321.jpg 480w\" sizes=\"(min-width: 0px) and (max-width: 480px) 480px, (min-width: 481px) and (max-width: 980px) 980px, (min-width: 981px) and (max-width: 1280px) 1280px, (min-width: 1281px) 3872px, 100vw\" \/>          <div class=\"programatitle\">SOLUTIONS PROGRAMME<\/div>\n        <\/div>\n      <\/a>\n\t\t\t<div class=\"programacontent\">Contracting comprehensive services based on innovative technology through innovation public procurement tenders (or association for innovation). These innovative solutions must be operational for the Xunta in a two-year period, thus giving response to a wide array of public needs related...<\/div>\n    <\/div>\n\t<div class=\"slide-content\">\n    \t\t\t<a href=\"\" >\n        <div class=\"programathumb\">\n          <img width=\"3872\" height=\"2592\" src=\"https:\/\/www.civiluavsinitiative.com\/wp-content\/uploads\/2019\/11\/Foto-CIAR.jpg\" class=\"attachment-post-thumbnail size-post-thumbnail wp-post-image\" alt=\"\" decoding=\"async\" loading=\"lazy\" srcset=\"https:\/\/www.civiluavsinitiative.com\/wp-content\/uploads\/2019\/11\/Foto-CIAR.jpg 3872w, https:\/\/www.civiluavsinitiative.com\/wp-content\/uploads\/2019\/11\/Foto-CIAR-1280x857.jpg 1280w, https:\/\/www.civiluavsinitiative.com\/wp-content\/uploads\/2019\/11\/Foto-CIAR-980x656.jpg 980w, https:\/\/www.civiluavsinitiative.com\/wp-content\/uploads\/2019\/11\/Foto-CIAR-480x321.jpg 480w\" sizes=\"(min-width: 0px) and (max-width: 480px) 480px, (min-width: 481px) and (max-width: 980px) 980px, (min-width: 981px) and (max-width: 1280px) 1280px, (min-width: 1281px) 3872px, 100vw\" \/>          <div class=\"programatitle\">INFRASTRUCTURE PROGRAMME<\/div>\n        <\/div>\n      <\/a>\n\t\t\t<div class=\"programacontent\">Actions aimed at creating the needed infrastructures in Galicia for the public and private development of the aerospace sector:<\/div>\n    <\/div>\n\t<div class=\"slide-content\">\n    \t\t\t<a href=\"\" >\n        <div class=\"programathumb\">\n          <img width=\"960\" height=\"670\" src=\"https:\/\/www.civiluavsinitiative.com\/wp-content\/uploads\/2020\/01\/BFAERo-ganadores.jpg\" class=\"attachment-post-thumbnail size-post-thumbnail wp-post-image\" alt=\"\" decoding=\"async\" loading=\"lazy\" srcset=\"https:\/\/www.civiluavsinitiative.com\/wp-content\/uploads\/2020\/01\/BFAERo-ganadores.jpg 960w, https:\/\/www.civiluavsinitiative.com\/wp-content\/uploads\/2020\/01\/BFAERo-ganadores-480x335.jpg 480w\" sizes=\"(min-width: 0px) and (max-width: 480px) 480px, (min-width: 481px) 960px, 100vw\" \/>          <div class=\"programatitle\">ENTREPRENEURSHIP AND TALENT ATTRACTION PROGRAMME<\/div>\n        <\/div>\n      <\/a>\n\t\t\t<div class=\"programacontent\">Promotion of the attraction, creation and development of small and medium-sized enterprises within the aerospace sector in Galicia.<\/div>\n    <\/div>\n<\/div>\n<\/div>\n<script>\n  jQuery(document).ready(function () {\n    jQuery('.slick-programa').slick({\n\t\t\tarrows: true,\n      slidesPerRow: 3,\n      dots: false,\n      slidesToShow: 1,\n      touchThreshold: 500,\n      infinite: false,\n\t\t\tresponsive: [\n        {\n          breakpoint: 769,\n          settings: {\n            slidesPerRow: 2,\n            slidesToShow: 1,\n          }\n        },\n        {\n          breakpoint: 440,\n          settings: {\n            slidesPerRow: 1,\n            slidesToShow: 1,\n          }\n        }\n      ]\n    });\n  });\n<\/script>[\/et_pb_text][\/et_pb_column][\/et_pb_row][\/et_pb_section]<\/p>\n","protected":false},"excerpt":{"rendered":"<p>[et_pb_section fb_built=&#8221;1&#8243; _builder_version=&#8221;4.16&#8243; custom_margin=&#8221;0px||||false|false&#8221; custom_padding=&#8221;0px||3px||false|false&#8221; global_colors_info=&#8221;{}&#8221;][et_pb_row column_structure=&#8221;1_2,1_2&#8243; module_class=&#8221;z-index-0&#8243; _builder_version=&#8221;4.16&#8243; custom_padding=&#8221;0px|0px|100px|||&#8221; global_colors_info=&#8221;{}&#8221;][et_pb_column type=&#8221;1_2&#8243; _builder_version=&#8221;4.16&#8243; global_colors_info=&#8221;{}&#8221;][et_pb_text _builder_version=&#8221;4.16&#8243; text_font=&#8221;lubalin bold||||||||&#8221; text_text_color=&#8221;#5ea6e1&#8243; text_font_size=&#8221;43px&#8221; text_letter_spacing=&#8221;2.8px&#8221; text_line_height=&#8221;60px&#8221; header_font=&#8221;gotham narrow bookotf||||||||&#8221; custom_margin=&#8221;||6px|||&#8221; custom_padding=&#8221;0px||0px|||&#8221; text_text_color_tablet=&#8221;&#8221; text_text_color_phone=&#8221;&#8221; text_text_color_last_edited=&#8221;on|phone&#8221; global_colors_info=&#8221;{}&#8221;] The Civil UAVs Initiative [\/et_pb_text][et_pb_text _builder_version=&#8221;4.16&#8243; text_font=&#8221;gotham medium||||||||&#8221; text_font_size=&#8221;18px&#8221; text_line_height=&#8221;30px&#8221; custom_padding=&#8221;30px|4px||||&#8221; global_colors_info=&#8221;{}&#8221;] The Civil UAVs Initiative is a strategic initiative led by the Xunta de [&hellip;]<\/p>\n","protected":false},"author":3,"featured_media":0,"parent":35307,"menu_order":0,"comment_status":"closed","ping_status":"closed","template":"","meta":{"_et_pb_use_builder":"on","_et_pb_old_content":"<p>[et_pb_section fb_built=\"1\" _builder_version=\"3.29.3\" custom_margin=\"0px||||false|false\" custom_padding=\"0px||3px||false|false\" fb_built=\"1\" _i=\"0\" _address=\"0\"][et_pb_row column_structure=\"1_2,1_2\" module_class=\"z-index-0\" _builder_version=\"3.29.3\" custom_padding=\"0px|0px|100px|||\" _i=\"0\" _address=\"0.0\"][et_pb_column type=\"1_2\" _builder_version=\"3.29.3\" _i=\"0\" _address=\"0.0.0\"][et_pb_text _builder_version=\"3.29.3\" text_font=\"lubalin bold||||||||\" text_text_color=\"#5ea6e1\" text_font_size=\"43px\" text_letter_spacing=\"2.8px\" text_line_height=\"60px\" header_font=\"gotham narrow bookotf||||||||\" custom_margin=\"||6px|||\" custom_padding=\"0px||0px|||\" text_text_color_last_edited=\"on|phone\" _i=\"0\" _address=\"0.0.0.0\"]<\/p><h1 class=\"inherit\">La Civil UAVs Initiative<\/h1><p>[\/et_pb_text][et_pb_text _builder_version=\"3.29.3\" text_font=\"gotham medium||||||||\" text_font_size=\"18px\" text_line_height=\"30px\" custom_padding=\"30px|4px||||\" _i=\"1\" _address=\"0.0.0.1\"]<span style=\"font-weight: 400;\">La Civil UAVs Initiative es una iniciativa estrat\u00e9gica liderada por la Xunta de Galicia que tiene como finalidad promover soluciones innovadoras basadas en veh\u00edculos a\u00e9reos no tripulados (UAVs) para mejorar la prestaci\u00f3n de los servicios p\u00fablicos y crear un polo de innovaci\u00f3n tecnol\u00f3gica en este segmento del sector aeroespacial.<\/span><br \/>[\/et_pb_text][et_pb_text _builder_version=\"3.29.3\" custom_margin=\"|-14px|0px|||\" custom_padding=\"|0px|17px|||\" _i=\"2\" _address=\"0.0.0.2\"]<span style=\"font-weight: 400;\">En el a\u00f1o 2015, la Xunta de Galicia, apoyada por el Gobierno de Espa\u00f1a y por el Instituto Nacional de T\u00e9cnica Aeroespacial (INTA), decidi\u00f3 impulsar el sector aeroespacial al trav\u00e9s del desarrollo de los UAVs para el \u00e1mbito civil.<\/span><\/p><p><span style=\"font-weight: 400;\">Entre 2016 y 2020 est\u00e1 previsto movilizar 164 millones de euros entre el sector p\u00fablico y privado para el desarrollo de diversos programas, todos orientados a fortalecer la posici\u00f3n de Galicia en el sector aeroespacial.<\/span><br \/>[\/et_pb_text][\/et_pb_column][et_pb_column type=\"1_2\" _builder_version=\"3.29.3\" _i=\"1\" _address=\"0.0.1\"][et_pb_image src=\"https:\/\/www.civiluavsinitiative.com\/wp-content\/uploads\/2019\/10\/presentacionimgg1.jpg\" alt=\"La Civil UAVs Initiative\" module_class=\"w-100-mob w-img-100-mob z-index-0\" _builder_version=\"3.29.3\" custom_margin=\"0px|0px|-7px|0px|false|false\" custom_padding=\"0px|0px|0px|0px|false|false\" _i=\"0\" _address=\"0.0.1.0\"][\/et_pb_image][\/et_pb_column][\/et_pb_row][\/et_pb_section][et_pb_section fb_built=\"1\" _builder_version=\"3.29.3\" background_color=\"#d1d1d1\" width=\"100%\" custom_margin=\"-2px|||||\" custom_padding=\"2px||61px|||\" saved_tabs=\"all\" fb_built=\"1\" _i=\"1\" _address=\"1\"][et_pb_row column_structure=\"1_4,1_4,1_4,1_4\" _builder_version=\"3.29.3\" custom_margin=\"-2px|auto||auto||\" custom_padding=\"50px|||||\" _i=\"0\" _address=\"1.0\"][et_pb_column type=\"1_4\" _builder_version=\"3.29.3\" _i=\"0\" _address=\"1.0.0\"][et_pb_image src=\"https:\/\/www.civiluavsinitiative.com\/wp-content\/uploads\/2020\/06\/164.png\" alt=\"50 agentes participan en la Iniciativa (empresas tractoras, pymes, universidades y centros de conocimiento).\" _builder_version=\"3.29.3\" custom_margin=\"||25px||false|false\" _i=\"0\" _address=\"1.0.0.0\"][\/et_pb_image][et_pb_text _builder_version=\"3.29.3\" text_font=\"gotham narrow book||||||||\" text_line_height=\"27px\" custom_padding=\"|||41px||\" _i=\"1\" _address=\"1.0.0.1\"]<\/p><p style=\"text-align: left;\">p\u00fablico-privada<\/p><p>[\/et_pb_text][\/et_pb_column][et_pb_column type=\"1_4\" _builder_version=\"3.29.3\" _i=\"1\" _address=\"1.0.1\"][et_pb_image src=\"https:\/\/www.civiluavsinitiative.com\/wp-content\/uploads\/2020\/06\/50.png\" alt=\"3 multinacionales l\u00edderes en el sector aeroespacial desarrollan proyectos de I+D con la Xunta de Galicia para dar respuesta a todos los retos de futuro que plantea el uso de UAVs en el \u00e1mbito civil.\" _builder_version=\"3.29.3\" custom_margin=\"||25px||false|false\" _i=\"0\" _address=\"1.0.1.0\"][\/et_pb_image][et_pb_text _builder_version=\"3.29.3\" text_font=\"gotham narrow book||||||||\" text_line_height=\"27px\" custom_margin=\"-2px|||||\" custom_padding=\"|||40px||\" _i=\"1\" _address=\"1.0.1.1\"]<\/p><p style=\"text-align: left;\">Universidades, centros de conocimiento, empresas tractoras y pymes.<\/p><p>[\/et_pb_text][\/et_pb_column][et_pb_column type=\"1_4\" _builder_version=\"3.29.3\" _i=\"2\" _address=\"1.0.2\"][et_pb_image src=\"https:\/\/www.civiluavsinitiative.com\/wp-content\/uploads\/2020\/06\/Icono-proyectos.png\" alt=\"40 empresas desarrollan proyectos de soluciones que dan respuesta a retos complejos de la gesti\u00f3n p\u00fablica, a los que puede responderse con el uso de UAVs y de las tecnolog\u00edas asociadas a los mismos.\" _builder_version=\"3.29.3\" custom_margin=\"||25px||false|false\" _i=\"0\" _address=\"1.0.2.0\"][\/et_pb_image][et_pb_text _builder_version=\"3.29.3\" text_font=\"gotham narrow book||||||||\" text_line_height=\"27px\" custom_padding=\"|||40px||\" hover_enabled=\"0\" _i=\"1\" _address=\"1.0.2.1\"]<\/p><p style=\"text-align: left;\">de I+D+i en desarrollo<\/p><p>[\/et_pb_text][\/et_pb_column][et_pb_column type=\"1_4\" _builder_version=\"3.29.3\" _i=\"3\" _address=\"1.0.3\"][et_pb_image src=\"https:\/\/www.civiluavsinitiative.com\/wp-content\/uploads\/2020\/06\/400.png\" alt=\"3 universidades colaboran en la iniciativa\" _builder_version=\"3.29.3\" custom_margin=\"||25px||false|false\" _i=\"0\" _address=\"1.0.3.0\"][\/et_pb_image][et_pb_text _builder_version=\"3.29.3\" text_font=\"gotham narrow book||||||||\" text_line_height=\"27px\" custom_padding=\"|||40px||\" _i=\"1\" _address=\"1.0.3.1\"]<\/p><p style=\"text-align: left;\">de alta cualificaci\u00f3n<\/p><p>[\/et_pb_text][\/et_pb_column][\/et_pb_row][\/et_pb_section][et_pb_section fb_built=\"1\" module_class=\"cta_azul\" _builder_version=\"3.29.3\" background_color=\"#589bdb\" custom_padding=\"3px||0px|||\" fb_built=\"1\" _i=\"2\" _address=\"2\"][et_pb_row _builder_version=\"3.29.3\" min_height=\"9px\" custom_margin=\"0px|auto|0px|auto|false|false\" custom_padding=\"45px||20px||false|false\" _i=\"0\" _address=\"2.0\"][et_pb_column type=\"4_4\" _builder_version=\"3.29.3\" _i=\"0\" _address=\"2.0.0\"][et_pb_text _builder_version=\"3.29.3\" text_font=\"gotham medium||||||||\" text_text_color=\"rgba(255,255,255,0.7)\" text_orientation=\"right\" custom_margin=\"||1px|||\" _i=\"0\" _address=\"2.0.0.0\"]La Civil UAVs Initiative (<a href=\"https:\/\/www.civiluavsinitiative.com\/wp-content\/uploads\/2020\/06\/La-Civil-UAVs-Initiative-bloque-2.pdf\">Descargar<\/a>)<br \/>[\/et_pb_text][et_pb_text _builder_version=\"3.29.3\" text_font=\"gotham bold||||||||\" text_text_color=\"#ffffff\" text_orientation=\"right\" min_height=\"20px\" custom_margin=\"-1px||1px|||\" custom_padding=\"0px||0px|||\" _i=\"1\" _address=\"2.0.0.1\"]Proyectos de la Civil UAVs Initiative (<a href=\"https:\/\/www.civiluavsinitiative.com\/wp-content\/uploads\/2020\/06\/Proyectos-bloque-2-2.pdf\">Descargar<\/a>)<br \/>[\/et_pb_text][\/et_pb_column][\/et_pb_row][\/et_pb_section][et_pb_section fb_built=\"1\" _builder_version=\"3.29.3\" custom_margin=\"||0px||false|false\" custom_padding=\"100px||0px||false|false\" fb_built=\"1\" _i=\"3\" _address=\"3\"][et_pb_row _builder_version=\"3.29.3\" custom_padding=\"2px||50px|||\" _i=\"0\" _address=\"3.0\"][et_pb_column type=\"4_4\" _builder_version=\"3.29.3\" _i=\"0\" _address=\"3.0.0\"][et_pb_text _builder_version=\"3.29.3\" text_font=\"lubalin bold||||||||\" text_text_color=\"#589bdb\" text_font_size=\"25px\" text_line_height=\"28px\" text_orientation=\"center\" _i=\"0\" _address=\"3.0.0.0\"]Objetivos principales [\/et_pb_text][et_pb_text _builder_version=\"3.29.3\" text_font=\"gotham medium||||||||\" text_text_color=\"#5a5a5c\" text_font_size=\"18px\" text_line_height=\"30px\" text_orientation=\"center\" custom_padding=\"|6%||6%|false|false\" custom_padding_tablet=\"|0%||0%|false|false\" custom_padding_last_edited=\"on|desktop\" _i=\"1\" _address=\"3.0.0.1\"]La Civil UAVs Initiative es la iniciativa estrat\u00e9gica de la Xunta para convertir a Galicia en un Polo Aeroespacial de referencia en Europa. Sus objetivos principales son:<br \/>[\/et_pb_text][\/et_pb_column][\/et_pb_row][et_pb_row column_structure=\"1_2,1_2\" use_custom_gutter=\"on\" gutter_width=\"1\" module_class=\"vertical_tabs\" _builder_version=\"3.29.3\" width=\"100%\" max_width=\"100%\" custom_margin=\"0px|0px|0px|0px|false|false\" custom_padding=\"0px|0px|0px|0px|false|false\" _i=\"1\" _address=\"3.1\"][et_pb_column type=\"1_2\" _builder_version=\"3.29.3\" custom_padding=\"0px|0px|0px|0px|false|false\" _i=\"0\" _address=\"3.1.0\"][et_pb_image src=\"https:\/\/www.civiluavsinitiative.com\/wp-content\/uploads\/2019\/10\/i-stock-830508658.jpg\" alt=\"La Civil UAVs Initiative (CUI) es la Iniciativa Estrat\u00e9gica de la Xunta para convertir a Galicia en un Polo Aeroespacial en Europa.\" force_fullwidth=\"on\" _builder_version=\"3.29.3\" custom_margin=\"|-2px||0px|false|false\" custom_padding=\"|0px||0px|false|false\" _i=\"0\" _address=\"3.1.0.0\"][\/et_pb_image][\/et_pb_column][et_pb_column type=\"1_2\" _builder_version=\"3.29.3\" _i=\"1\" _address=\"3.1.1\"][et_pb_tabs active_tab_background_color=\"#1a2036\" inactive_tab_background_color=\"#589bdb\" active_tab_text_color=\"#ffffff\" _builder_version=\"3.29.3\" tab_text_color=\"#ffffff\" tab_font=\"gotham book|600|||||||\" tab_font_size=\"15px\" tab_line_height=\"40px\" background_color=\"rgba(0,0,0,0)\" width=\"100%\" custom_margin=\"0px||0px||false|false\" custom_padding=\"0px||0px||false|false\" z_index=\"0\" _i=\"0\" _address=\"3.1.1.0\"][et_pb_tab title=\"MEJORAR\" _builder_version=\"3.29.3\" _i=\"0\" _address=\"3.1.1.0.0\"]<span style=\"font-weight: 400;\">la prestaci\u00f3n de servicios p\u00fablicos mediante soluciones innovadoras que empleen UAVs, con aplicaciones en la mejora de la calidad de las aguas, la mejora de la seguridad de la flota pesquera, la gesti\u00f3n y control forestal, la gesti\u00f3n y planificaci\u00f3n del territorio, la automatizaci\u00f3n de bases topogr\u00e1ficas y cartogr\u00e1ficas o la mejora de la asistencia sanitaria en lugares poco accesibles, entre otras.<\/span><br \/>[\/et_pb_tab][et_pb_tab title=\"POSICIONAR\" _builder_version=\"3.29.3\" _i=\"1\" _address=\"3.1.1.0.1\"]<span style=\"font-weight: 400;\">Galicia como polo de innovaci\u00f3n tecnol\u00f3gico de referencia en el \u00e1mbito aeroespacial en Espa\u00f1a y en Europa.<\/span><br \/>[\/et_pb_tab][et_pb_tab title=\"PROMOVER\" _builder_version=\"3.29.3\" _i=\"2\" _address=\"3.1.1.0.2\"]<span style=\"font-weight: 400;\">l\u00edneas estrat\u00e9gicas de I+D+i para centros de conocimiento y empresas en un sector de vanguardia y de\u00a0 intensidad tecnol\u00f3gica alta, con un gran potencial de futuro.<\/span><br \/>[\/et_pb_tab][et_pb_tab title=\"CONSTITUIRSE\" _builder_version=\"3.29.3\" _i=\"3\" _address=\"3.1.1.0.3\"]<span style=\"font-weight: 400;\">como un polo de generaci\u00f3n, atracci\u00f3n y retenci\u00f3n de talento y conocimiento.<\/span>.<br \/>[\/et_pb_tab][et_pb_tab title=\"APOYAR\" _builder_version=\"3.29.3\" _i=\"4\" _address=\"3.1.1.0.4\"]<span style=\"font-weight: 400;\">a las pymes innovadoras y el empleo cualificado en torno al segmento de los UAVs.<\/span><br \/>[\/et_pb_tab][et_pb_tab title=\"PROMOVER E IMPULSAR\" _builder_version=\"3.29.3\" _i=\"5\" _address=\"3.1.1.0.5\"]<span style=\"font-weight: 400;\">la comercializaci\u00f3n e internacionalizaci\u00f3n de los productos y soluciones desarrollados en el marco de la Civil UAVs Initiative.<\/span><br \/>[\/et_pb_tab][\/et_pb_tabs][\/et_pb_column][\/et_pb_row][\/et_pb_section][et_pb_section fb_built=\"1\" disabled_on=\"on|on|on\" module_class=\"seccion-estrategias\" _builder_version=\"3.29.3\" background_color=\"#d1d1d1\" min_height=\"226px\" custom_margin=\"||-3px|||\" custom_padding=\"0px||0px|||\" disabled=\"on\" fb_built=\"1\" _i=\"4\" _address=\"4\"][et_pb_row _builder_version=\"3.29.3\" custom_margin=\"|auto|-2px|auto||\" custom_padding=\"100px||0px|||\" _i=\"0\" _address=\"4.0\"][et_pb_column type=\"4_4\" _builder_version=\"3.29.3\" _i=\"0\" _address=\"4.0.0\"][et_pb_text _builder_version=\"3.29.3\" text_font=\"lubalin bold||||||||\" text_text_color=\"#589bdb\" text_font_size=\"25px\" text_line_height=\"26.1px\" text_orientation=\"center\" custom_padding=\"0px||6px|||\" _i=\"0\" _address=\"4.0.0.0\"]Iniciativa estrat\u00e9gica[\/et_pb_text][et_pb_text _builder_version=\"3.29.3\" text_font=\"gotham medium||||||||\" text_text_color=\"#5a5a5c\" text_font_size=\"18px\" text_line_height=\"30px\" text_orientation=\"center\" custom_margin=\"||-16px|||\" custom_padding=\"|20%||20%|false|false\" custom_padding_tablet=\"|0%||0%|false|false\" custom_padding_last_edited=\"on|desktop\" _i=\"1\" _address=\"4.0.0.1\"]La Civil UAVs Initiative no es una pol\u00edtica, no es un programa ni es un proyecto.<br \/>[\/et_pb_text][\/et_pb_column][\/et_pb_row][et_pb_row column_structure=\"1_3,1_3,1_3\" _builder_version=\"3.29.3\" custom_margin=\"50px|auto|0px|auto|false|false\" custom_margin_last_edited=\"on|tablet\" custom_padding=\"||3px|||\" _i=\"1\" _address=\"4.1\"][et_pb_column type=\"1_3\" _builder_version=\"3.29.3\" _i=\"0\" _address=\"4.1.0\"][et_pb_text module_class=\"image_text_1block\" _builder_version=\"3.29.3\" _i=\"0\" _address=\"4.1.0.0\"]<\/p><div class=\"img-estrate\"><img class=\"wp-image-28965 alignnone size-full\" style=\"float: left;\" src=\"https:\/\/www.civiluavsinitiative.com\/wp-content\/uploads\/2020\/01\/1.png\" alt=\"Es desarrollada por el Gobierno de Galicia en su conjunto, participando todas las Conseller\u00edas.\" \/><\/div><div class=\"info-estrate\">Ha sido desarrollada por el Gobierno de Galicia en su conjunto, participando todas las Conseller\u00edas.<\/div><p>[\/et_pb_text][\/et_pb_column][et_pb_column type=\"1_3\" _builder_version=\"3.29.3\" _i=\"1\" _address=\"4.1.1\"][et_pb_text module_class=\"image_text_1block\" _builder_version=\"3.29.3\" _i=\"0\" _address=\"4.1.1.0\"]<\/p><div class=\"img-estrate\"><img class=\"wp-image-28965 alignnone size-full\" style=\"float: left;\" src=\"https:\/\/www.civiluavsinitiative.com\/wp-content\/uploads\/2020\/01\/2.png\" alt=\"Contribuye al desarrollo del conjunto de las pol\u00edticas impulsadas por el Gobierno de Galicia, a trav\u00e9s del empleo de los UAVs en la mejora de los servicios vinculados a dichas pol\u00edticas.\" \/><\/div><div class=\"info-estrate\">Contribuye al desarrollo del conjunto de las pol\u00edticas impulsadas por el Gobierno de Galicia, a trav\u00e9s del empleo de los UAVs en la mejora de los servicios vinculados a dichas pol\u00edticas.<\/div><p>[\/et_pb_text][\/et_pb_column][et_pb_column type=\"1_3\" _builder_version=\"3.29.3\" _i=\"2\" _address=\"4.1.2\"][et_pb_text module_class=\"image_text_1block\" _builder_version=\"3.29.3\" custom_padding=\"0px|||||\" _i=\"0\" _address=\"4.1.2.0\"]<\/p><div class=\"img-estrate\"><img class=\"wp-image-28965 alignnone size-full\" style=\"float: left;\" src=\"https:\/\/www.civiluavsinitiative.com\/wp-content\/uploads\/2020\/01\/3.png\" alt=\"Est\u00e1 liderada al m\u00e1ximo nivel, por el Presidente de la Xunta.\" \/><\/div><div class=\"info-estrate\">Est\u00e1 liderada al m\u00e1ximo nivel por el Presidente de la Xunta.<\/div><p>[\/et_pb_text][\/et_pb_column][\/et_pb_row][et_pb_row column_structure=\"1_3,1_3,1_3\" _builder_version=\"3.29.3\" custom_margin_tablet=\"-15px||||false|false\" custom_margin_phone=\"-15px||||false|false\" custom_margin_last_edited=\"on|tablet\" custom_padding=\"50px||99px|||\" _i=\"2\" _address=\"4.2\"][et_pb_column type=\"1_3\" _builder_version=\"3.29.3\" _i=\"0\" _address=\"4.2.0\"][et_pb_text module_class=\"image_text_1block\" _builder_version=\"3.29.3\" _i=\"0\" _address=\"4.2.0.0\"]<\/p><div class=\"img-estrate\"><img class=\"wp-image-28965 alignnone size-full\" style=\"float: left;\" src=\"https:\/\/www.civiluavsinitiative.com\/wp-content\/uploads\/2020\/01\/4.png\" alt=\"Es gestionada por una entidad (GAIN), pero ejecutada por muchas entidades (GAIN, INTA, AMTEGA,\u2026) y empresas privadas (INDRA, BABCOCK, BOEING, etc.).\" \/><\/div><div class=\"info-estrate\">Es gestionada por una entidad (GAIN), pero ejecutada por muchas entidades (GAIN, INTA, AMTEGA\u2026) y empresas privadas (BOEING, INDRA, BABCOCK, etc.).<\/div><p>[\/et_pb_text][\/et_pb_column][et_pb_column type=\"1_3\" _builder_version=\"3.29.3\" _i=\"1\" _address=\"4.2.1\"][et_pb_text module_class=\"image_text_1block\" _builder_version=\"3.29.3\" _i=\"0\" _address=\"4.2.1.0\"]<\/p><div class=\"img-estrate\"><img class=\"wp-image-28965 alignnone size-full\" style=\"float: left;\" src=\"https:\/\/www.civiluavsinitiative.com\/wp-content\/uploads\/2019\/11\/5.png\" alt=\"Su ejecuci\u00f3n contempla m\u00faltiples pol\u00edticas, instrumentos, programas y proyectos.\" \/><\/div><div class=\"info-estrate\">Su ejecuci\u00f3n contempla m\u00faltiples pol\u00edticas, instrumentos, programas y proyectos.<\/div><p>[\/et_pb_text][\/et_pb_column][et_pb_column type=\"1_3\" _builder_version=\"3.29.3\" _i=\"2\" _address=\"4.2.2\"][\/et_pb_column][\/et_pb_row][\/et_pb_section][et_pb_section fb_built=\"1\" disabled_on=\"on|on|on\" _builder_version=\"3.29.3\" custom_padding=\"11px||100px|||\" disabled=\"on\" fb_built=\"1\" _i=\"5\" _address=\"5\"][et_pb_row column_structure=\"2_5,3_5\" make_equal=\"on\" module_class=\"custom_row\" _builder_version=\"3.29.3\" module_alignment=\"center\" custom_margin=\"99px|auto||auto||\" custom_padding=\"3px|||||\" _i=\"0\" _address=\"5.0\"][et_pb_column type=\"2_5\" _builder_version=\"3.29.3\" custom_padding=\"0px||||false|false\" _i=\"0\" _address=\"5.0.0\"][et_pb_image src=\"https:\/\/www.civiluavsinitiative.com\/wp-content\/uploads\/2020\/03\/FOTOS-CIAR-nuevas-con-radar.jpg\" alt=\"Polo Aerospacial de Galicia\" module_class=\"w-100-mob w-img-100-mob\" _builder_version=\"3.29.3\" custom_margin=\"|-2px||||\" custom_padding=\"|10px||||\" _i=\"0\" _address=\"5.0.0.0\"][\/et_pb_image][\/et_pb_column][et_pb_column type=\"3_5\" module_class=\"ds-vertical-align\" _builder_version=\"3.29.3\" custom_padding=\"||||false|false\" _i=\"1\" _address=\"5.0.1\"][et_pb_text _builder_version=\"3.29.3\" text_font=\"gotham medium||||||||\" text_font_size=\"20px\" text_line_height=\"30px\" custom_margin=\"-3px||29px|||\" _i=\"0\" _address=\"5.0.1.0\"]Polo Aeroespacial de Galicia<br \/>[\/et_pb_text][et_pb_text _builder_version=\"3.29.3\" text_font=\"gotham narrow book||||||||\" text_line_height=\"27px\" _i=\"1\" _address=\"5.0.1.1\"]Pol\u00edtica de innovaci\u00f3n e industrial dirigida a la creaci\u00f3n y desarrollo de la industria aeroespacial en Galicia. La Civil UAVs Initiative desarrolla esta pol\u00edtica mediante una Iniciativa que supera la propia pol\u00edtica aeroespacial, involucrando a todas las instituciones de la Xunta. El \u00e1rea de influencia del Polo Aeroespacial es Galicia.<br \/>[\/et_pb_text][\/et_pb_column][\/et_pb_row][et_pb_row column_structure=\"3_5,2_5\" make_equal=\"on\" module_class=\"custom_row\" _builder_version=\"3.29.3\" custom_padding=\"0px|||||\" _i=\"1\" _address=\"5.1\"][et_pb_column type=\"3_5\" module_class=\"ds-vertical-align second-on-mobile\" _builder_version=\"3.29.3\" _i=\"0\" _address=\"5.1.0\"][et_pb_text _builder_version=\"3.29.3\" text_font=\"gotham medium||||||||\" text_font_size=\"20px\" text_line_height=\"30px\" _i=\"0\" _address=\"5.1.0.0\"]Aer\u00f3dromo de Rozas[\/et_pb_text][et_pb_text _builder_version=\"3.29.3\" text_font=\"gotham narrow book||||||||\" text_line_height=\"27px\" _i=\"1\" _address=\"5.1.0.1\"]Infraestructura propia de la Civil UAVs Initiative, consistente en la adaptaci\u00f3n y dedicaci\u00f3n de un aer\u00f3dromo ya existente para su uso por veh\u00edculos no tripulados.<br \/>[\/et_pb_text][\/et_pb_column][et_pb_column type=\"2_5\" module_class=\"first-on-mobile\" _builder_version=\"3.29.3\" _i=\"1\" _address=\"5.1.1\"][et_pb_image src=\"https:\/\/www.civiluavsinitiative.com\/wp-content\/uploads\/2019\/11\/aerodromo-rozas.jpg\" alt=\"Aer\u00f3dromo de Rozas\" module_class=\"w-100-mob w-img-100-mob\" _builder_version=\"3.29.3\" custom_margin=\"|-2px||||\" _i=\"0\" _address=\"5.1.1.0\"][\/et_pb_image][\/et_pb_column][\/et_pb_row][et_pb_row column_structure=\"2_5,3_5\" make_equal=\"on\" _builder_version=\"3.29.3\" module_alignment=\"center\" custom_padding=\"3px|||||\" _i=\"2\" _address=\"5.2\"][et_pb_column type=\"2_5\" _builder_version=\"3.29.3\" custom_padding=\"0px||||false|false\" _i=\"0\" _address=\"5.2.0\"][et_pb_image src=\"https:\/\/www.civiluavsinitiative.com\/wp-content\/uploads\/2019\/11\/parque-tecnologico.jpg\" alt=\"Parque Tecnol\u00f3gico e Industrial de Rozas\" module_class=\"w-100-mob w-img-100-mob\" _builder_version=\"3.29.3\" custom_margin=\"|-2px||||\" custom_padding=\"|10px||||\" _i=\"0\" _address=\"5.2.0.0\"][\/et_pb_image][\/et_pb_column][et_pb_column type=\"3_5\" module_class=\"ds-vertical-align\" _builder_version=\"3.29.3\" custom_padding=\"||||false|false\" _i=\"1\" _address=\"5.2.1\"][et_pb_text _builder_version=\"3.29.3\" text_font=\"gotham medium||||||||\" text_font_size=\"20px\" text_line_height=\"30px\" custom_margin=\"-3px||29px|||\" _i=\"0\" _address=\"5.2.1.0\"]Parque Tecnol\u00f3gico e Industrial de Rozas[\/et_pb_text][et_pb_text _builder_version=\"3.29.3\" text_font=\"gotham narrow book||||||||\" text_line_height=\"27px\" _i=\"1\" _address=\"5.2.1.1\"]Infraestructura del Polo Aeroespacial integrada dentro de la Civil UAVs Initiative, dado que su primer desarrollo est\u00e1 vinculado a los UAVs, pero que aspira a convertirse en algo m\u00e1s que una infraestructura de la Iniciativa. Es decir, en el parque se podr\u00e1 instalar cualquier empresa del sector aeroespacial, participe o no en la Civil UAVs Initiative.<br \/>[\/et_pb_text][\/et_pb_column][\/et_pb_row][et_pb_row column_structure=\"3_5,2_5\" make_equal=\"on\" module_class=\"custom_row\" _builder_version=\"3.29.3\" custom_padding=\"0px||4px|||\" _i=\"3\" _address=\"5.3\"][et_pb_column type=\"3_5\" module_class=\"ds-vertical-align second-on-mobile\" _builder_version=\"3.29.3\" _i=\"0\" _address=\"5.3.0\"][et_pb_text _builder_version=\"3.29.3\" text_font=\"gotham medium||||||||\" text_font_size=\"20px\" text_line_height=\"30px\" _i=\"0\" _address=\"5.3.0.0\"]Centro Mixto de Investigaci\u00f3n Aerotransportada de Rozas (CIAR)<br \/>[\/et_pb_text][et_pb_text _builder_version=\"3.29.3\" text_font=\"gotham narrow book||||||||\" text_line_height=\"27px\" _i=\"1\" _address=\"5.3.0.1\"]Infraestructura del Polo Aeroespacial de Galicia. El CIAR es el responsable del desarrollo del aer\u00f3dromo, tanto en su vertiente de infraestructura cient\u00edfica y tecnol\u00f3gica como de investigaci\u00f3n aeroespacial, y dota a las empresas de un amplio y moderno equipamiento cient\u00edfico, as\u00ed como de una torre de control, sala de control de misiones y centro de simulaci\u00f3n que hacen de Rozas una infraestructura \u00fanica en Europa para la realizaci\u00f3n de ensayos.<br \/>[\/et_pb_text][\/et_pb_column][et_pb_column type=\"2_5\" module_class=\"first-on-mobile\" _builder_version=\"3.29.3\" _i=\"1\" _address=\"5.3.1\"][et_pb_image src=\"https:\/\/www.civiluavsinitiative.com\/wp-content\/uploads\/2020\/03\/FOTOS-CIAR-nuevas2-copia.jpg\" alt=\"Centro Mixto de Investigaci\u00f3n Aerotransportada (CIAR)\" module_class=\"w-100-mob w-img-100-mob\" _builder_version=\"3.29.3\" custom_margin=\"|-2px||||\" _i=\"0\" _address=\"5.3.1.0\"][\/et_pb_image][\/et_pb_column][\/et_pb_row][\/et_pb_section][et_pb_section fb_built=\"1\" _builder_version=\"3.29.3\" background_color=\"#ffffff\" custom_padding=\"100px|||||\" fb_built=\"1\" _i=\"6\" _address=\"6\"][et_pb_row disabled_on=\"on|on|on\" _builder_version=\"3.29.3\" custom_padding=\"0px||0px|||\" disabled=\"on\" _i=\"0\" _address=\"6.0\"][et_pb_column type=\"4_4\" _builder_version=\"3.29.3\" _i=\"0\" _address=\"6.0.0\"][et_pb_text _builder_version=\"3.29.3\" text_font=\"||||||||\" text_text_color=\"#589bdb\" text_font_size=\"18px\" _i=\"0\" _address=\"6.0.0.0\"]Programas[\/et_pb_text][\/et_pb_column][\/et_pb_row][et_pb_row _builder_version=\"3.29.3\" _i=\"1\" _address=\"6.1\"][et_pb_column type=\"4_4\" _builder_version=\"3.29.3\" _i=\"0\" _address=\"6.1.0\"][et_pb_text _builder_version=\"3.29.3\" custom_margin=\"-3px|||||\" _i=\"0\" _address=\"6.1.0.0\"][programas][\/et_pb_text][\/et_pb_column][\/et_pb_row][\/et_pb_section]<\/p>","_et_gb_content_width":""},"acf":[],"yoast_head":"<!-- This site is optimized with the Yoast SEO plugin v20.9 - https:\/\/yoast.com\/wordpress\/plugins\/seo\/ -->\n<title>Civil UAVs Initiative<\/title>\n<meta name=\"description\" content=\"Civil UAVs Initiative, favorece y fomenta el emprendimiento innovador, con el fin de atraer y retener en Galicia talento en el sector aeroespacial.\" \/>\n<meta name=\"robots\" content=\"index, follow, max-snippet:-1, max-image-preview:large, max-video-preview:-1\" \/>\n<link rel=\"canonical\" href=\"https:\/\/www.civiluavsinitiative.com\/la-iniciativa\/presentacion\/\" \/>\n<meta property=\"og:locale\" content=\"en_US\" \/>\n<meta property=\"og:type\" content=\"article\" \/>\n<meta property=\"og:title\" content=\"Civil UAVs Initiative\" \/>\n<meta property=\"og:description\" content=\"Civil UAVs Initiative, favorece y fomenta el emprendimiento innovador, con el fin de atraer y retener en Galicia talento en el sector aeroespacial.\" \/>\n<meta property=\"og:url\" content=\"https:\/\/www.civiluavsinitiative.com\/la-iniciativa\/presentacion\/\" \/>\n<meta property=\"og:site_name\" content=\"Civil UAVs Initiative\" \/>\n<meta property=\"article:modified_time\" content=\"2023-01-02T08:40:45+00:00\" \/>\n<meta property=\"og:image\" content=\"https:\/\/www.civiluavsinitiative.com\/wp-content\/uploads\/2020\/01\/1.png\" \/>\n<meta name=\"twitter:card\" content=\"summary_large_image\" \/>\n<meta name=\"twitter:label1\" content=\"Est. reading time\" \/>\n\t<meta name=\"twitter:data1\" content=\"7 minutes\" \/>\n<script type=\"application\/ld+json\" class=\"yoast-schema-graph\">{\"@context\":\"https:\/\/schema.org\",\"@graph\":[{\"@type\":\"WebPage\",\"@id\":\"https:\/\/www.civiluavsinitiative.com\/la-iniciativa\/presentacion\/\",\"url\":\"https:\/\/www.civiluavsinitiative.com\/la-iniciativa\/presentacion\/\",\"name\":\"Civil UAVs Initiative\",\"isPartOf\":{\"@id\":\"https:\/\/www.civiluavsinitiative.com\/#website\"},\"datePublished\":\"2020-11-30T12:03:42+00:00\",\"dateModified\":\"2023-01-02T08:40:45+00:00\",\"description\":\"Civil UAVs Initiative, favorece y fomenta el emprendimiento innovador, con el fin de atraer y retener en Galicia talento en el sector aeroespacial.\",\"breadcrumb\":{\"@id\":\"https:\/\/www.civiluavsinitiative.com\/la-iniciativa\/presentacion\/#breadcrumb\"},\"inLanguage\":\"en-US\",\"potentialAction\":[{\"@type\":\"ReadAction\",\"target\":[\"https:\/\/www.civiluavsinitiative.com\/la-iniciativa\/presentacion\/\"]}]},{\"@type\":\"BreadcrumbList\",\"@id\":\"https:\/\/www.civiluavsinitiative.com\/la-iniciativa\/presentacion\/#breadcrumb\",\"itemListElement\":[{\"@type\":\"ListItem\",\"position\":1,\"name\":\"Home\",\"item\":\"https:\/\/www.civiluavsinitiative.com\/en\/\"},{\"@type\":\"ListItem\",\"position\":2,\"name\":\"Initiative\",\"item\":\"https:\/\/www.civiluavsinitiative.com\/la-iniciativa\/\"},{\"@type\":\"ListItem\",\"position\":3,\"name\":\"Presentation\"}]},{\"@type\":\"WebSite\",\"@id\":\"https:\/\/www.civiluavsinitiative.com\/#website\",\"url\":\"https:\/\/www.civiluavsinitiative.com\/\",\"name\":\"Civil UAVs Initiative\",\"description\":\"Civil UAVs Initiative, favorece y fomenta el emprendimiento innovador, con el fin de atraer y retener en Galicia talento en el sector aeroespacial.\",\"potentialAction\":[{\"@type\":\"SearchAction\",\"target\":{\"@type\":\"EntryPoint\",\"urlTemplate\":\"https:\/\/www.civiluavsinitiative.com\/?s={search_term_string}\"},\"query-input\":\"required name=search_term_string\"}],\"inLanguage\":\"en-US\"}]}<\/script>\n<!-- \/ Yoast SEO plugin. -->","yoast_head_json":{"title":"Civil UAVs Initiative","description":"Civil UAVs Initiative, favorece y fomenta el emprendimiento innovador, con el fin de atraer y retener en Galicia talento en el sector aeroespacial.","robots":{"index":"index","follow":"follow","max-snippet":"max-snippet:-1","max-image-preview":"max-image-preview:large","max-video-preview":"max-video-preview:-1"},"canonical":"https:\/\/www.civiluavsinitiative.com\/la-iniciativa\/presentacion\/","og_locale":"en_US","og_type":"article","og_title":"Civil UAVs Initiative","og_description":"Civil UAVs Initiative, favorece y fomenta el emprendimiento innovador, con el fin de atraer y retener en Galicia talento en el sector aeroespacial.","og_url":"https:\/\/www.civiluavsinitiative.com\/la-iniciativa\/presentacion\/","og_site_name":"Civil UAVs Initiative","article_modified_time":"2023-01-02T08:40:45+00:00","og_image":[{"url":"https:\/\/www.civiluavsinitiative.com\/wp-content\/uploads\/2020\/01\/1.png"}],"twitter_card":"summary_large_image","twitter_misc":{"Est. reading time":"7 minutes"},"schema":{"@context":"https:\/\/schema.org","@graph":[{"@type":"WebPage","@id":"https:\/\/www.civiluavsinitiative.com\/la-iniciativa\/presentacion\/","url":"https:\/\/www.civiluavsinitiative.com\/la-iniciativa\/presentacion\/","name":"Civil UAVs Initiative","isPartOf":{"@id":"https:\/\/www.civiluavsinitiative.com\/#website"},"datePublished":"2020-11-30T12:03:42+00:00","dateModified":"2023-01-02T08:40:45+00:00","description":"Civil UAVs Initiative, favorece y fomenta el emprendimiento innovador, con el fin de atraer y retener en Galicia talento en el sector aeroespacial.","breadcrumb":{"@id":"https:\/\/www.civiluavsinitiative.com\/la-iniciativa\/presentacion\/#breadcrumb"},"inLanguage":"en-US","potentialAction":[{"@type":"ReadAction","target":["https:\/\/www.civiluavsinitiative.com\/la-iniciativa\/presentacion\/"]}]},{"@type":"BreadcrumbList","@id":"https:\/\/www.civiluavsinitiative.com\/la-iniciativa\/presentacion\/#breadcrumb","itemListElement":[{"@type":"ListItem","position":1,"name":"Home","item":"https:\/\/www.civiluavsinitiative.com\/en\/"},{"@type":"ListItem","position":2,"name":"Initiative","item":"https:\/\/www.civiluavsinitiative.com\/la-iniciativa\/"},{"@type":"ListItem","position":3,"name":"Presentation"}]},{"@type":"WebSite","@id":"https:\/\/www.civiluavsinitiative.com\/#website","url":"https:\/\/www.civiluavsinitiative.com\/","name":"Civil UAVs Initiative","description":"Civil UAVs Initiative, favorece y fomenta el emprendimiento innovador, con el fin de atraer y retener en Galicia talento en el sector aeroespacial.","potentialAction":[{"@type":"SearchAction","target":{"@type":"EntryPoint","urlTemplate":"https:\/\/www.civiluavsinitiative.com\/?s={search_term_string}"},"query-input":"required name=search_term_string"}],"inLanguage":"en-US"}]}},"_links":{"self":[{"href":"https:\/\/www.civiluavsinitiative.com\/en\/wp-json\/wp\/v2\/pages\/35325"}],"collection":[{"href":"https:\/\/www.civiluavsinitiative.com\/en\/wp-json\/wp\/v2\/pages"}],"about":[{"href":"https:\/\/www.civiluavsinitiative.com\/en\/wp-json\/wp\/v2\/types\/page"}],"author":[{"embeddable":true,"href":"https:\/\/www.civiluavsinitiative.com\/en\/wp-json\/wp\/v2\/users\/3"}],"replies":[{"embeddable":true,"href":"https:\/\/www.civiluavsinitiative.com\/en\/wp-json\/wp\/v2\/comments?post=35325"}],"version-history":[{"count":18,"href":"https:\/\/www.civiluavsinitiative.com\/en\/wp-json\/wp\/v2\/pages\/35325\/revisions"}],"predecessor-version":[{"id":40696,"href":"https:\/\/www.civiluavsinitiative.com\/en\/wp-json\/wp\/v2\/pages\/35325\/revisions\/40696"}],"up":[{"embeddable":true,"href":"https:\/\/www.civiluavsinitiative.com\/en\/wp-json\/wp\/v2\/pages\/35307"}],"wp:attachment":[{"href":"https:\/\/www.civiluavsinitiative.com\/en\/wp-json\/wp\/v2\/media?parent=35325"}],"curies":[{"name":"wp","href":"https:\/\/api.w.org\/{rel}","templated":true}]}}